{"id":16844,"date":"2021-11-16T12:07:06","date_gmt":"2021-11-16T12:07:06","guid":{"rendered":"https:\/\/insia-upm.es\/?page_id=16844"},"modified":"2025-04-24T10:33:24","modified_gmt":"2025-04-24T10:33:24","slug":"lineas-de-investigacion-2","status":"publish","type":"page","link":"https:\/\/insia-upm.es\/en\/lineas-de-investigacion-2\/","title":{"rendered":"PUBLICATIONS"},"content":{"rendered":"[et_pb_section fb_built=\u00bb1&#8243; fullwidth=\u00bbon\u00bb module_id=\u00bblineasinvestigacion\u00bb _builder_version=\u00bb4.16&#8243; custom_padding=\u00bb|||\u00bb global_colors_info=\u00bb{}\u00bb][et_pb_fullwidth_header text_orientation=\u00bbcenter\u00bb module_class=\u00bbdct-header-title\u00bb _builder_version=\u00bb4.16&#8243; title_font=\u00bb||||||||\u00bb content_font=\u00bb||||||||\u00bb content_text_align=\u00bbcenter\u00bb background_color=\u00bbrgba(0,0,0,0.45)\u00bb background_image=\u00bbhttps:\/\/insia-upm.es\/wp-content\/uploads\/2021\/12\/Publications3.jpg\u00bb background_blend=\u00bboverlay\u00bb global_colors_info=\u00bb{}\u00bb button_one_text_size__hover_enabled=\u00bboff\u00bb button_two_text_size__hover_enabled=\u00bboff\u00bb button_one_text_color__hover_enabled=\u00bboff\u00bb button_two_text_color__hover_enabled=\u00bboff\u00bb button_one_border_width__hover_enabled=\u00bboff\u00bb button_two_border_width__hover_enabled=\u00bboff\u00bb button_one_border_color__hover_enabled=\u00bboff\u00bb button_two_border_color__hover_enabled=\u00bboff\u00bb button_one_border_radius__hover_enabled=\u00bboff\u00bb button_two_border_radius__hover_enabled=\u00bboff\u00bb button_one_letter_spacing__hover_enabled=\u00bboff\u00bb button_two_letter_spacing__hover_enabled=\u00bboff\u00bb button_one_bg_color__hover_enabled=\u00bboff\u00bb button_two_bg_color__hover_enabled=\u00bboff\u00bb]\n<h1>PUBLICACION<span>es<\/span><\/h1>\n[\/et_pb_fullwidth_header][\/et_pb_section][et_pb_section fb_built=\u00bb1&#8243; _builder_version=\u00bb4.16&#8243; background_blend=\u00bboverlay\u00bb custom_padding=\u00bb11px|0px|0px|0px|false|false\u00bb top_divider_flip=\u00bbvertical\u00bb bottom_divider_height=\u00bb41px\u00bb animation_direction=\u00bbbottom\u00bb global_colors_info=\u00bb{}\u00bb][et_pb_row _builder_version=\u00bb4.16&#8243; global_colors_info=\u00bb{}\u00bb][et_pb_column type=\u00bb4_4&#8243; _builder_version=\u00bb4.16&#8243; custom_padding=\u00bb|||\u00bb global_colors_info=\u00bb{}\u00bb custom_padding__hover=\u00bb|||\u00bb][et_pb_text _builder_version=\u00bb4.16&#8243; text_font=\u00bb||||||||\u00bb header_font=\u00bb||||||||\u00bb header_text_align=\u00bbcenter\u00bb text_orientation=\u00bbcenter\u00bb custom_margin=\u00bb|||\u00bb global_colors_info=\u00bb{}\u00bb]\n<div class=\"section-title title-block title-style-1 text-left\">\n<p><span class=\"top-title\"><\/span><\/p>\n<p><span style=\"color: #666666; font-family: Poppins, Arial, sans-serif; font-size: 35px; font-weight: bold;\">PUBLICACIONES<\/span><\/p>\n<p><span class=\"bottom-title\"><\/span><\/p>\n<\/div>\n[\/et_pb_text][\/et_pb_column][\/et_pb_row][et_pb_row _builder_version=\u00bb4.16&#8243; _module_preset=\u00bbdefault\u00bb background_color=\u00bb#f5f5f5&#8243; custom_padding=\u00bb||2px|||\u00bb border_radii=\u00bbon|5px|5px|5px|5px\u00bb border_color_all=\u00bb#0081AF\u00bb global_colors_info=\u00bb{}\u00bb][et_pb_column type=\u00bb4_4&#8243; _builder_version=\u00bb4.16&#8243; _module_preset=\u00bbdefault\u00bb global_colors_info=\u00bb{}\u00bb][et_pb_code admin_label=\u00bbC\u00f3digo\u00bb _builder_version=\u00bb4.16&#8243; _module_preset=\u00bbdefault\u00bb text_orientation=\u00bbcenter\u00bb global_colors_info=\u00bb{}\u00bb]<h3 class=\"collapseomatic \" id=\"id69f2c01c0e7c7\"  tabindex=\"0\" title=\"Tesis\"    >Tesis<\/h3><div id=\"target-id69f2c01c0e7c7\" class=\"collapseomatic_content \"><pee>  <!-- &#091;et_pb_line_break_holder&#093; -->\n<table id=\"tablepress-2\" class=\"tablepress tablepress-id-2\">\n<thead>\n<tr class=\"row-1\">\n\t<th class=\"column-1\">T\u00edtulo<\/th><th class=\"column-2\">Autor<\/th><th class=\"column-3\">Tutor<\/th><th class=\"column-4\">A\u00f1o<\/th>\n<\/tr>\n<\/thead>\n<tbody class=\"row-striping row-hover\">\n<tr class=\"row-2\">\n\t<td class=\"column-1\">Evaluation of n-butanol as blending component in unmodified heavy-duty diesel engine<\/td><td class=\"column-2\">Tipanluisa Sarchi, Luis Eduardo<\/td><td class=\"column-3\">Fonseca Gonz\u00e1lez, Natalia Elizabeth<\/td><td class=\"column-4\">2022<\/td>\n<\/tr>\n<tr class=\"row-3\">\n\t<td class=\"column-1\">M\u00e9todos estad\u00edsticos para la identificaci\u00f3n de patrones de comportamiento de los conductores y la asignaci\u00f3n de la responsabilidad aplicada al m\u00e9todo de exposici\u00f3n cuasi-inducida<\/td><td class=\"column-2\">Sanjurjo de No, Mar\u00eda Almudena<\/td><td class=\"column-3\">Arenas Ram\u00edrez, Blanca del Valle; Mira McWilliams, Jos\u00e9 Manuel<\/td><td class=\"column-4\">2021<\/td>\n<\/tr>\n<tr class=\"row-4\">\n\t<td class=\"column-1\">Understanding the effects of traffic congestion on emissions from urban buses. An integrated approach incorporating real-world emissions, naturalistic driving profiles, and city traffic sensor data<\/td><td class=\"column-2\">Rosero,Fredy<\/td><td class=\"column-3\">Natalia Fonseca; Jos\u00e9 Mar\u00eda L\u00f3pez<\/td><td class=\"column-4\">2021<\/td>\n<\/tr>\n<tr class=\"row-5\">\n\t<td class=\"column-1\">NO? emissions from passenger cars under real driving conditions<\/td><td class=\"column-2\">Mera Rosero, Zamir Andr\u00e9s<\/td><td class=\"column-3\">L\u00f3pez Mart\u00ednez, Jos\u00e9 Mar\u00eda; Fonseca Gonz\u00e1lez, Natalia Elizabeth<\/td><td class=\"column-4\">2020<\/td>\n<\/tr>\n<tr class=\"row-6\">\n\t<td class=\"column-1\">Reconstrucci\u00f3n del entorno del veh\u00edculo para guiado aut\u00f3nomo en escenarios complejos = Reconstruction of the vehicle environment for autonomous guidance incomplex scenarios<\/td><td class=\"column-2\">Clavijo Jim\u00e9nez,Miguel<\/td><td class=\"column-3\">Jim\u00e9nez Alonso, Felipe;  Serradilla Garc\u00eda, Francisco J. <\/td><td class=\"column-4\">2020<\/td>\n<\/tr>\n<tr class=\"row-7\">\n\t<td class=\"column-1\">Reconstrucci\u00f3n del entorno del veh\u00edculo para guiado aut\u00f3nomo en escenarios complejos = Reconstruction of the vehicle environment for autonomous guidance incomplex scenarios<\/td><td class=\"column-2\">Clavijo Jim\u00e9nez,Miguel<\/td><td class=\"column-3\">Jim\u00e9nez Alonso, Felipe;  Serradilla Garc\u00eda, Francisco J. <\/td><td class=\"column-4\">2020<\/td>\n<\/tr>\n<tr class=\"row-8\">\n\t<td class=\"column-1\">GESTI\u00d3N ENERG\u00c9TICA PARA FLOTAS DE VEH\u00cdCULOS EL\u00c9CTRICOS E H\u00cdBRIDOS CON PILA DE COMBUSTIBLE<\/td><td class=\"column-2\">Grijalva Campana,Edwing<\/td><td class=\"column-3\">Jos\u00e9 M\u00aa L\u00f3pez.<\/td><td class=\"column-4\">2019<\/td>\n<\/tr>\n<tr class=\"row-9\">\n\t<td class=\"column-1\">Modelado de Comportamiento de Conductores con T\u00e9cnicas de Inteligencia Computacional<\/td><td class=\"column-2\">D\u00edaz \u00c1lvarez, Alberto<\/td><td class=\"column-3\">Serradilla Garc\u00eda, Francisco; Jim\u00e9nez Alonso, Felipe<\/td><td class=\"column-4\">2018<\/td>\n<\/tr>\n<tr class=\"row-10\">\n\t<td class=\"column-1\">Estrategias para la Conducci\u00f3n Aut\u00f3noma Cooperativa.<\/td><td class=\"column-2\">Talavera Mu\u00f1oz, Edgar<\/td><td class=\"column-3\">Naranjo Hern\u00e1ndez, Jos\u00e9 Eugenio<\/td><td class=\"column-4\">2018<\/td>\n<\/tr>\n<tr class=\"row-11\">\n\t<td class=\"column-1\">'THEORETICAL AND EXPERIMENTAL STUDY OF THE FATIGUE BEHAVIOUR OF LARGE PASSENGER TRANSPORT VEHICLES UNDER DYNAMIC OPERATING LOADS'<\/td><td class=\"column-2\">P\u00e9rez Fern\u00e1ndez,Jes\u00fas<\/td><td class=\"column-3\">Enrique Alcal\u00e1 Fazio<\/td><td class=\"column-4\">2017<\/td>\n<\/tr>\n<tr class=\"row-12\">\n\t<td class=\"column-1\">An\u00e1lisis energ\u00e9tico de un sistema de almacenamiento de electricidad en bater\u00eda mediante energ\u00edas renovables con caracter\u00edstica de modularidad e intercambiabilidad en veh\u00edculos el\u00e9ctricos.<\/td><td class=\"column-2\">T\u00e9bar Mart\u00ednez,Enrique Miguel<\/td><td class=\"column-3\">Jose Maria Lopez Martinez<\/td><td class=\"column-4\">2017<\/td>\n<\/tr>\n<tr class=\"row-13\">\n\t<td class=\"column-1\">Desarrollo de nuevas barreras deformables para ensayo de veh\u00edculos en distintas configuraciones de choque<\/td><td class=\"column-2\">Abell\u00e1n L\u00f3pez,David<\/td><td class=\"column-3\">Luis Mart\u00ednez; Dr. Miguel S\u00e1nchez Lozano <\/td><td class=\"column-4\">2017<\/td>\n<\/tr>\n<tr class=\"row-14\">\n\t<td class=\"column-1\">Estudio te\u00f3rico-experimental para la mejora de la resistencia estructural de autocares  basado en el dise\u00f1o de uniones y asientos<\/td><td class=\"column-2\">Vicente Corral,Teresa<\/td><td class=\"column-3\">Francisco Aparicio<\/td><td class=\"column-4\">2016<\/td>\n<\/tr>\n<tr class=\"row-15\">\n\t<td class=\"column-1\">Evaluaci\u00f3n te\u00f3rico experimental de la influencia de espumas de relleno met\u00e1licas como elementos de absorci\u00f3n de energ\u00eda en perfiles tubulares de peque\u00f1o espesor. Su aplicaci\u00f3n a veh\u00edculos para el transporte colectivo de personas.<\/td><td class=\"column-2\">Cazzola,Gustavo<\/td><td class=\"column-3\">Enrique Alcal\u00e1<\/td><td class=\"column-4\">2016<\/td>\n<\/tr>\n<tr class=\"row-16\">\n\t<td class=\"column-1\">PARAMETRICAL STUDY OF PEDESTRIAN ACCIDENTS USING MULTIVARIATE MODELS<\/td><td class=\"column-2\">Badea Romero,Alexandro<\/td><td class=\"column-3\">Javier P\u00e1ez<\/td><td class=\"column-4\">2016<\/td>\n<\/tr>\n<tr class=\"row-17\">\n\t<td class=\"column-1\">Contributions to Topological Formulations for the Dynamic Simulation of Vehicles<\/td><td class=\"column-2\">YUN,PAN<\/td><td class=\"column-3\">Javier Garc\u00eda de Jal\u00f3n<\/td><td class=\"column-4\">2016<\/td>\n<\/tr>\n<tr class=\"row-18\">\n\t<td class=\"column-1\">El comportamiento geomec\u00e1nico deformacional de los residuos urbanos : aplicaci\u00f3n a  un caso real<\/td><td class=\"column-2\">Gomes Bastos, Edinalva<\/td><td class=\"column-3\">Sope\u00f1a Ma\u00f1as, Luis<\/td><td class=\"column-4\">2016<\/td>\n<\/tr>\n<tr class=\"row-19\">\n\t<td class=\"column-1\">Sistema de comunicaciones V2X para veh\u00edculos inteligentes como soporte para sistemas cooperativos<\/td><td class=\"column-2\">Anaya Catal\u00e1n,Jos\u00e9 Javier<\/td><td class=\"column-3\">Eugenio Naranjo, Jos\u00e9<\/td><td class=\"column-4\">2016<\/td>\n<\/tr>\n<tr class=\"row-20\">\n\t<td class=\"column-1\">Measurement of Tyre-Road Contact Forces through the Strains Measured in the Rim and Harmonic Elimination Techniques<\/td><td class=\"column-2\">Gutierrez L\u00f3pez,Mar\u00eda Dolores<\/td><td class=\"column-3\">Javier Garc\u00eda de Jal\u00f3n<\/td><td class=\"column-4\">2015<\/td>\n<\/tr>\n<tr class=\"row-21\">\n\t<td class=\"column-1\">Simulaci\u00f3n eficiente de mecanismos flexibles mediante formulaciones topol\u00f3gicas<\/td><td class=\"column-2\">Funes Mart\u00ednez,FRancisco Javier<\/td><td class=\"column-3\">Javier Garc\u00eda de Jal\u00f3n<\/td><td class=\"column-4\">2015<\/td>\n<\/tr>\n<tr class=\"row-22\">\n\t<td class=\"column-1\">Optimizaci\u00f3n del consumo de combustible de un veh\u00edculo dependiendo de las condiciones de la carretera<\/td><td class=\"column-2\">Cabrera Montiel,Wilmar<\/td><td class=\"column-3\">Felipe Jim\u00e9nez<\/td><td class=\"column-4\">2015<\/td>\n<\/tr>\n<tr class=\"row-23\">\n\t<td class=\"column-1\">Numerical And Statistical Methodologies For The Characterization Of Welded Tubular Junctions With Applications In Finite Element<\/td><td class=\"column-2\">Badea Romero,Francisco<\/td><td class=\"column-3\">Enrique Alcal\u00e1<\/td><td class=\"column-4\">2014<\/td>\n<\/tr>\n<tr class=\"row-24\">\n\t<td class=\"column-1\">Metodolog\u00eda para la asignaci\u00f3n de veh\u00edculos de una flota a rutas preestablecidas. Directores: Felipe Jim\u00e9nez y Jos\u00e9 Mar\u00eda L\u00f3pez<\/td><td class=\"column-2\">Rom\u00e1n,Alfonso<\/td><td class=\"column-3\">Felipe Jim\u00e9nez<\/td><td class=\"column-4\">2014<\/td>\n<\/tr>\n<tr class=\"row-25\">\n\t<td class=\"column-1\">Modelos Estad\u00edsticos Din\u00e1micos para An\u00e1lisis de Evoluci\u00f3n de Tasas de Accidentes: Metodolog\u00eda y Herramientas Computacionales<\/td><td class=\"column-2\">Dadashova,Bahar<\/td><td class=\"column-3\">Blanca Arenas<\/td><td class=\"column-4\">2014<\/td>\n<\/tr>\n<tr class=\"row-26\">\n\t<td class=\"column-1\">SIMULACI\u00d3N EN TIEMPO REAL DE VEH\u00cdCULOS INDUSTRIALES COMO MODELOS MULTICUERPO DE GRAN COMPLEJIDAD<\/td><td class=\"column-2\">Hidalgo,Andr\u00e9s<\/td><td class=\"column-3\">Javier Garc\u00eda de Jal\u00f3n<\/td><td class=\"column-4\">2013<\/td>\n<\/tr>\n<tr class=\"row-27\">\n\t<td class=\"column-1\">ESTUDIO TE\u00d3RICO EXPERIMENTAL DE LA ESTABILIDAD LATERAL EN VEH\u00cdCULOS CISTERNA. METODOLOG\u00cdA PARA LA DETERMINACI\u00d3N DEL UMBRAL DE VUELCO<\/td><td class=\"column-2\">Mart\u00edn L\u00f3pez,Angel Luis<\/td><td class=\"column-3\">Francisco Aparicio<\/td><td class=\"column-4\">2013<\/td>\n<\/tr>\n<tr class=\"row-28\">\n\t<td class=\"column-1\">Dynamic response optimization of vehicles through efficient multibody formulations and automatic differentiation techniques<\/td><td class=\"column-2\">Callejo Goena,Alfonso<\/td><td class=\"column-3\">Javier Garc\u00eda de Jal\u00f3n<\/td><td class=\"column-4\">2013<\/td>\n<\/tr>\n<tr class=\"row-29\">\n\t<td class=\"column-1\">Analysis of the key parameters in pedestrian safety assessment for the european vehicle fleet using multibody and finite element mathematical models.<\/td><td class=\"column-2\">Guerra Casanova,Luis Jes\u00fas<\/td><td class=\"column-3\">Luis Mart\u00ednez<\/td><td class=\"column-4\">2012<\/td>\n<\/tr>\n<tr class=\"row-30\">\n\t<td class=\"column-1\">EVALUATION OF THE EFFECTIVENESS OF SAFETY-BASED INCENTIVES IN PUBLIC PRIVATE PARTNERSHIPS. EVIDENCES FROM THE CASE OF SPAIN.<\/td><td class=\"column-2\">Rangel Guilherme Chistiano,Thais<\/td><td class=\"column-3\">Blanca Arenas<\/td><td class=\"column-4\">2011<\/td>\n<\/tr>\n<tr class=\"row-31\">\n\t<td class=\"column-1\">Desarrollo y aplicaci\u00f3n de modelos de an\u00e1lisis de la contribuci\u00f3n de la evoluci\u00f3n tecnol\u00f3gica de los veh\u00edculos a la seguridad vial<\/td><td class=\"column-2\">G\u00f3mez M\u00e9ndez,Alvaro<\/td><td class=\"column-3\">Francisco Aparicio<\/td><td class=\"column-4\">2010<\/td>\n<\/tr>\n<tr class=\"row-32\">\n\t<td class=\"column-1\">Desarrollo de una metodolog\u00eda para la evaluaci\u00f3n y gesti\u00f3n de la seguridad en empresas de transporte de pasajeros por carretera<\/td><td class=\"column-2\">Colodr\u00f3n Sesemann,Yago<\/td><td class=\"column-3\">Francisco Aparicio<\/td><td class=\"column-4\">2009<\/td>\n<\/tr>\n<tr class=\"row-33\">\n\t<td class=\"column-1\">Desarrollo de una metodolog\u00eda para la evaluaci\u00f3n de la seguridad de tr\u00e1fico y el an\u00e1lisis de la influencia del transporte de mercanc\u00edas y el trasvase intermodal entre modos terrestres<\/td><td class=\"column-2\">Arenas Ram\u00edrez,Blanca<\/td><td class=\"column-3\"><\/td><td class=\"column-4\">2008<\/td>\n<\/tr>\n<\/tbody>\n<\/table>\n<!-- #tablepress-2 from cache --><!-- &#091;et_pb_line_break_holder&#093; --><\/pee> <!-- &#091;et_pb_line_break_holder&#093; --><\/div>[\/et_pb_code][et_pb_code _builder_version=\u00bb4.16&#8243; _module_preset=\u00bbdefault\u00bb text_orientation=\u00bbcenter\u00bb global_colors_info=\u00bb{}\u00bb]<h3 class=\"collapseomatic \" id=\"id69f2c01c0f543\"  tabindex=\"0\" title=\"Art\u00edculos\"    >Art\u00edculos<\/h3><div id=\"target-id69f2c01c0f543\" class=\"collapseomatic_content \"><pee>  <!-- &#091;et_pb_line_break_holder&#093; -->\n<table id=\"tablepress-3\" class=\"tablepress tablepress-id-3\">\n<thead>\n<tr class=\"row-1\">\n\t<th class=\"column-1\">T\u00edtulo<\/th><th class=\"column-2\">Nombre de la revista<\/th><th class=\"column-3\">Fecha<\/th><th class=\"column-4\">Tipo publicaci\u00f3n<\/th><th class=\"column-5\">Autores<\/th>\n<\/tr>\n<\/thead>\n<tbody class=\"row-striping row-hover\">\n<tr class=\"row-2\">\n\t<td class=\"column-1\">Pedestrian-Vehicle Accidents Reconstruction with PC-Crash\u00ae: Sensibility Analysis of Factors Variation<\/td><td class=\"column-2\">Transportation Research Procedia<\/td><td class=\"column-3\">21\/12\/2016<\/td><td class=\"column-4\">Art\u00edculos con DOI<\/td><td class=\"column-5\">Francisco Mart\u00ednez Gala; Francisco Javier P\u00e1ez Ayuso; Arturo Furones Crespo; Samuel S\u00e1nchez<\/td>\n<\/tr>\n<tr class=\"row-3\">\n\t<td class=\"column-1\">Valoraci\u00f3n de competencias seg\u00fan los participantes del equipo UPM Racing y su medici\u00f3n con el modelo CompeTEA<\/td><td class=\"column-2\">Revista de la Federaci\u00f3n Iberoamericana de Ingenier\u00eda Mec\u00e1nica<\/td><td class=\"column-3\">20\/07\/2016<\/td><td class=\"column-4\">Art\u00edculos con DOI<\/td><td class=\"column-5\">Blanca Arenas-Ram\u00edrez, Carmen Garc\u00eda , Miguel Angel Alvarez , Francisco Javier P\u00e1ez, Francisco Aparicio-Izquierdo<\/td>\n<\/tr>\n<tr class=\"row-4\">\n\t<td class=\"column-1\">The Identification of Patterns of Interurban Road Accident Frequency and Severity Using Road Geometry and Traffic Indicators<\/td><td class=\"column-2\">Transportation Research Procedia. Transport Research Arena TRA2016. Warsaw, Poland<\/td><td class=\"column-3\">30\/06\/2016<\/td><td class=\"column-4\">Art\u00edculos con DOI<\/td><td class=\"column-5\">Bahar Dadashova, Blanca Arenas, Jos\u00e9 Manuel Mira McWilliams, Francisco Aparicio<\/td>\n<\/tr>\n<tr class=\"row-5\">\n\t<td class=\"column-1\">Spanish frontal accidents of buses &amp; coaches. Injury mechanism analysis<\/td><td class=\"column-2\">Procedia - Social and Behavioral Sciences<\/td><td class=\"column-3\">19\/12\/2014<\/td><td class=\"column-4\">Art\u00edculos con DOI<\/td><td class=\"column-5\">Javier P\u00e1ez*, Arturo Furones, Francisco Aparicio, Enrique Alcal\u00e1<\/td>\n<\/tr>\n<tr class=\"row-6\">\n\t<td class=\"column-1\">Estudio de la accidentalidad en Madrid. Evaluaci\u00f3n de Buenas pr\u00e1cticas y medidas legislativas<\/td><td class=\"column-2\">Securitas Vialis. Revista Europea de Tr\u00e1fico, Transporte y Seguridad Vial (European Magazine for Traffic, Transport and Road Safety). Springer<\/td><td class=\"column-3\">30\/11\/2014<\/td><td class=\"column-4\">Art\u00edculos con DOI<\/td><td class=\"column-5\">Blanca Arenas, Javier P\u00e1ez, Arturo Furones, Jos\u00e9 Manuel Mira, Camino Gonz\u00e1lez, Francisco Aparicio<\/td>\n<\/tr>\n<tr class=\"row-7\">\n\t<td class=\"column-1\">Bayesian model selection of structural explanatory models: Application to road accident data<\/td><td class=\"column-2\">Procedia - Social and Behavioral Sciences<\/td><td class=\"column-3\">10\/10\/2014<\/td><td class=\"column-4\">Art\u00edculos con DOI<\/td><td class=\"column-5\">Dadashova, Bahar; Arenas Ram\u00edrez, Blanca; Mira McWilliams, Jose Manuel y Aparicio Izquierdo, Francisco<\/td>\n<\/tr>\n<tr class=\"row-8\">\n\t<td class=\"column-1\">Comunicaciones vehiculares georreferenciadas como soporte a sistemas de seguridad cooperativos<\/td><td class=\"column-2\">Securitas Vialis<\/td><td class=\"column-3\">01\/10\/2014<\/td><td class=\"column-4\">Art\u00edculos con DOI<\/td><td class=\"column-5\">Anaya, J. J., Talavera, E., Naranjo, J. E., Jim\u00e9nez, F., Zato, J. G.<\/td>\n<\/tr>\n<tr class=\"row-9\">\n\t<td class=\"column-1\">Modeling the Driving Behavior of Electric Vehicles Using Smartphones and Neural Networks<\/td><td class=\"column-2\">IEEE Intelligent Transportation Systems Magazine<\/td><td class=\"column-3\">01\/09\/2014<\/td><td class=\"column-4\">Art\u00edculos con DOI<\/td><td class=\"column-5\">D\u00edaz, A., Serradilla, F., Naranjo, J. E., Anaya, J. J., Jim\u00e9nez, F.<\/td>\n<\/tr>\n<tr class=\"row-10\">\n\t<td class=\"column-1\">Una metodolog\u00eda integrada de investigaci\u00f3n cient\u00edfica de accidentes de tr\u00e1fico. Planteamiento general<\/td><td class=\"column-2\">Securitas Vialis. Revista Europea de Tr\u00e1fico, Transporte y Seguridad Vial (European Magazine for Traffic, Transport and Road Safety). Springer<\/td><td class=\"column-3\">30\/07\/2014<\/td><td class=\"column-4\">Art\u00edculos con DOI<\/td><td class=\"column-5\">Francisco Aparicio Izquierdo, Blanca Arenas Ram\u00edrez<\/td>\n<\/tr>\n<tr class=\"row-11\">\n\t<td class=\"column-1\">Experimental characterization of the strain concentration factor in welded junctions of rectangular tube beam using digital image correlation<\/td><td class=\"column-2\">Procedia - Social and Behavioral Sciences 160 ( 2014 ) 440 \u0096 448<\/td><td class=\"column-3\">15\/06\/2014<\/td><td class=\"column-4\">Art\u00edculos con DOI<\/td><td class=\"column-5\">Jes\u00fas A. P\u00e9reza, Francisco Badeaa, Daniel Arribas<\/td>\n<\/tr>\n<tr class=\"row-12\">\n\t<td class=\"column-1\">A novel GeoBroadcast algorithm for V2V Communications over WSN<\/td><td class=\"column-2\">Electronics<\/td><td class=\"column-3\">01\/06\/2014<\/td><td class=\"column-4\">Art\u00edculos con DOI<\/td><td class=\"column-5\">Anaya, J. J., Talavera, E., Jim\u00e9nez, F., G\u00f3mez, N., Naranjo, J. E.<\/td>\n<\/tr>\n<tr class=\"row-13\">\n\t<td class=\"column-1\">An\u00e1lisis de los incentivos de seguridad vial en las concesiones de carreteras en Espa\u00f1a.<\/td><td class=\"column-2\">Securitas Vialis. Revista Europea de Tr\u00e1fico, Transporte y Seguridad Vial (European Magazine for Traffic, Transport and Road Safety). Springer<\/td><td class=\"column-3\">30\/06\/2013<\/td><td class=\"column-4\">Art\u00edculos con DOI<\/td><td class=\"column-5\">Thais Rangel, Jos\u00e9 Manuel Vassallo, Blanca Arenas Ram\u00edrez<\/td>\n<\/tr>\n<tr class=\"row-14\">\n\t<td class=\"column-1\">Structural numerical analysis of a three fingers prosthetic hand prototype<\/td><td class=\"column-2\">International Journal of Physical Sciences<\/td><td class=\"column-3\">01\/04\/2013<\/td><td class=\"column-4\">Art\u00edculos con DOI<\/td><td class=\"column-5\">Jos\u00e9 Alfredo Leal\u0096Naranjo; Christopher Ren\u00e9 Torres-San Miguel; Manuel Fara\u00f3n Carbajal\u0096Romero; Luis Mart\u00ednez-S\u00e1ez.<\/td>\n<\/tr>\n<tr class=\"row-15\">\n\t<td class=\"column-1\">The interurban DRAG-Spain model: The main factors of influence on road accidents in Spain<\/td><td class=\"column-2\">Research in Transportation Economics. Elsevier<\/td><td class=\"column-3\">02\/01\/2013<\/td><td class=\"column-4\">Art\u00edculos con DOI<\/td><td class=\"column-5\">\"Aparicio Izquierdo Francisco, Arenas Ram\u00edrez Blanca, Bernardos Rodr\u00edguez Eva      \"<\/td>\n<\/tr>\n<tr class=\"row-16\">\n\t<td class=\"column-1\">An application of dynamic models to traffic accidents involving vans in Spain during the period of 2000-2009<\/td><td class=\"column-2\">Securitas Vialis. Revista Europea de Tr\u00e1fico, Transporte y Seguridad Vial (European Magazine for Traffic, Transport and Road Safety). Springer<\/td><td class=\"column-3\">30\/10\/2012<\/td><td class=\"column-4\">Art\u00edculos con DOI<\/td><td class=\"column-5\">\"Bahar Dadashova, Jos\u00e9 M. Mira McWilliams, Blanca Arenas Ram\u00edrez, Francisco Aparicio Izquierdo      \"<\/td>\n<\/tr>\n<tr class=\"row-17\">\n\t<td class=\"column-1\">ANALYSIS OF WORK- RELATED ROAD TRAFFIC ACCIDENTS IN COMUNIDAD DE MADRID ON THE PERIOD 2007 - 2009<\/td><td class=\"column-2\">Securitas Vialis. Revista Europea de Tr\u00e1fico, Transporte y Seguridad Vial (European Magazine for Traffic, Transport and Road Safety). Springer<\/td><td class=\"column-3\">01\/10\/2012<\/td><td class=\"column-4\">Art\u00edculos con DOI<\/td><td class=\"column-5\">P\u00e1ez, F. Javier; Furones, Arturo<\/td>\n<\/tr>\n<tr class=\"row-18\">\n\t<td class=\"column-1\">Dynamic statistical model selection: application to traffic accident analysis in Spain.<\/td><td class=\"column-2\">Procedia Social  and Behavioral Sciences. Transport Research Arena-Europe 2012. Elsevier<\/td><td class=\"column-3\">16\/07\/2012<\/td><td class=\"column-4\">Art\u00edculos con DOI<\/td><td class=\"column-5\">Dadashova B., Mira J. M., Arenas B.,  Aparicio F.<\/td>\n<\/tr>\n<tr class=\"row-19\">\n\t<td class=\"column-1\">Good practices and universal accessibility to urban buses of children prams<\/td><td class=\"column-2\">Securitas Vialis. Revista Europea de Tr\u00e1fico, Transporte y Seguridad Vial (European Magazine for Traffic, Transport and Road Safety). Springer<\/td><td class=\"column-3\">03\/05\/2012<\/td><td class=\"column-4\">Art\u00edculos con DOI<\/td><td class=\"column-5\">\"E. Alcal\u00e1, J. Dols, A. Mart\u00edn, B. Valles, F. Aparicio and V. Pons   \"<\/td>\n<\/tr>\n<tr class=\"row-20\">\n\t<td class=\"column-1\">Buenas pr\u00e1cticas y accesibilidad universal a los autobuses urbanos de carritos de ni\u00f1os<\/td><td class=\"column-2\">Securitas Vialis. Revista Europea de Tr\u00e1fico, Transporte y Seguridad Vial (European Magazine for Traffic, Transport and Road Safety). Springer<\/td><td class=\"column-3\">28\/10\/2011<\/td><td class=\"column-4\">Art\u00edculos con DOI<\/td><td class=\"column-5\">Alcal\u00e1, E., Mart\u00edn, A., Valles, B., Aparicio, F. 1; Dols, J., y Pons, V.,<\/td>\n<\/tr>\n<tr class=\"row-21\">\n\t<td class=\"column-1\">El modelo DRAG\u0096Espa\u00f1a (I-DE): An\u00e1lisis de los principales factores de influencia en el n\u00famero de accidentes en las carreteras Espa\u00f1olas<\/td><td class=\"column-2\">Securitas Vialis. Revista Europea de Tr\u00e1fico, Transporte y Seguridad Vial (European Magazine for Traffic, Transport and Road Safety). Springer<\/td><td class=\"column-3\">03\/06\/2009<\/td><td class=\"column-4\">Art\u00edculos con DOI<\/td><td class=\"column-5\">Aparicio Izquierdo F.; Arenas Ramirez B; Bernardos Rodr\u00edguez E.; G\u00f3mez M\u00e9ndez A.<\/td>\n<\/tr>\n<tr class=\"row-22\">\n\t<td class=\"column-1\">Two approaches to identify crash pattern in interurban roads by gender<\/td><td class=\"column-2\">Accident Analysis and Prevention<\/td><td class=\"column-3\">05\/06\/2019<\/td><td class=\"column-4\">Art\u00edculos SCI<\/td><td class=\"column-5\">Blanca Arenas-Ram\u00edrez, Almudena Sanjurjo de No, Jos\u00e9 M. Mira-McWilliams, Francisco Aparicio-Izquierdo<\/td>\n<\/tr>\n<tr class=\"row-23\">\n\t<td class=\"column-1\">MODELLING THE FUEL CONSUMPTION AND POLLUTANT EMISSIONS OF THE URBAN BUS FLEET OF THE CITY OF MADRID<\/td><td class=\"column-2\">Transportation Research Part D: Transport and Environment Journal<\/td><td class=\"column-3\">27\/02\/2017<\/td><td class=\"column-4\">Art\u00edculos SCI<\/td><td class=\"column-5\">Jos\u00e9 Mar\u00eda L\u00f3pez , Felipe Jimenez, Javier P\u00e1ez, M. Nuria Flores, Ang\u00e9lica N. Arenas, Blanca Arenas-Ramirez, Francisco Aparicio<\/td>\n<\/tr>\n<tr class=\"row-24\">\n\t<td class=\"column-1\">An HPG model combined with EWMA charts to identify blackspots and classify road stretches according to their safety<\/td><td class=\"column-2\">COMMUNICATIONS IN STATISTICS-SIMULATION AND COMPUTATION<\/td><td class=\"column-3\">20\/12\/2016<\/td><td class=\"column-4\">Art\u00edculos SCI<\/td><td class=\"column-5\">\"Blanca Arenas Ramirez, Camino Gonz\u00e1lez Fern\u00e1ndez, Jos\u00e9 Mira McWilliams, Francisco Aparicio Izquierdo      \"<\/td>\n<\/tr>\n<tr class=\"row-25\">\n\t<td class=\"column-1\">Cuadernos de la C\u00e1tedra Universidad-Empresa: Eduardo Barreiros. Innovaci\u00f3n y Retos en Automoci\u00f3n \u0093INNOVAUTO II\u0094<\/td><td class=\"column-2\">Servicio de Publicaciones de la ETSI Industriales<\/td><td class=\"column-3\">12\/11\/2016<\/td><td class=\"column-4\">Art\u00edculos SCI<\/td><td class=\"column-5\">Editora: Blanca Arenas Ram\u00edrez<\/td>\n<\/tr>\n<tr class=\"row-26\">\n\t<td class=\"column-1\">SEGURIDAD DE LOS VEH\u00cdCULOS AUTOM\u00d3VILES.  UNA LARGA HISTORIA Y MUCHO FUTURO<\/td><td class=\"column-2\">XXI Congreso de Ingenier\u00eda de Ingenier\u00eda Mec\u00e1nica<\/td><td class=\"column-3\">09\/11\/2016<\/td><td class=\"column-4\">Art\u00edculos SCI<\/td><td class=\"column-5\">Francisco Aparicio Izquierdo<\/td>\n<\/tr>\n<tr class=\"row-27\">\n\t<td class=\"column-1\">Important variable assessment in modeling transport accident patterns using random Forest and bagging. Submission C463<\/td><td class=\"column-2\">COMPSTAT 2016-Computational Statistics. Oviedo. Espa\u00f1a<\/td><td class=\"column-3\">28\/08\/2016<\/td><td class=\"column-4\">Art\u00edculos SCI<\/td><td class=\"column-5\">Camino Gonz\u00e1lez, Blanca Arenas, Bel\u00e9n Celestino<\/td>\n<\/tr>\n<tr class=\"row-28\">\n\t<td class=\"column-1\">Uncertainty analysis of the effects of Modal split changes on freight road transport  in Spain up to 2020<\/td><td class=\"column-2\">Science of the Total Environment<\/td><td class=\"column-3\">30\/07\/2016<\/td><td class=\"column-4\">Art\u00edculos SCI<\/td><td class=\"column-5\">Jos\u00e9 M. Mira McWilliams, Blanca Arenas Ram\u00edrez, Jos\u00e9 Mar\u00eda L\u00f3pez,  Francisco Aparicio Izquierdo<\/td>\n<\/tr>\n<tr class=\"row-29\">\n\t<td class=\"column-1\">An Integrated Accident Research Methodology. Application to van safety analysis<\/td><td class=\"column-2\">Transport Policy<\/td><td class=\"column-3\">27\/06\/2016<\/td><td class=\"column-4\">Art\u00edculos SCI<\/td><td class=\"column-5\">Francisco Aparicio-Izquierdo, Blanca Arenas-Ram\u00edrez, Javier P\u00e1ez-Ayuso, Felipe Jim\u00e9nez-Alonso, Beatriz L\u00f3pez-Boada,<\/td>\n<\/tr>\n<tr class=\"row-30\">\n\t<td class=\"column-1\">Modelo para la determinaci\u00f3n de la exposici\u00f3n de los veh\u00edculos, a partir de los datos registrados en ITV,  teniendo en cuenta sus caracter\u00edsticas y antig\u00fcedad<\/td><td class=\"column-2\">6\u00ba Encuentro de Investigadores DGT<\/td><td class=\"column-3\">18\/05\/2016<\/td><td class=\"column-4\">Art\u00edculos SCI<\/td><td class=\"column-5\">Francisco Aparicio Izquierdo, Blanca Arenas Ram\u00edrez, Jos\u00e9 Manuel Mira McWilliams<\/td>\n<\/tr>\n<tr class=\"row-31\">\n\t<td class=\"column-1\">Effect of Shifting Road Traffic on Accident Frequency and Severity in Spanish Heavy Goods Routes<\/td><td class=\"column-2\">TRA2016, 6th Transport Research Arena, April 18-21, 2016, Warsaw, Poland<\/td><td class=\"column-3\">23\/04\/2016<\/td><td class=\"column-4\">Art\u00edculos SCI<\/td><td class=\"column-5\">Blanca Arenas, Bahar Dadashova, Camino Gonz\u00e1lez, Francisco Aparicio<\/td>\n<\/tr>\n<tr class=\"row-32\">\n\t<td class=\"column-1\">Accuracy improvement of finite element models of electric vehicles components manufactured with thermoplastic materials in crash environments.<\/td><td class=\"column-2\">Industriales Research Meeting 2016<\/td><td class=\"column-3\">20\/04\/2016<\/td><td class=\"column-4\">Art\u00edculos SCI<\/td><td class=\"column-5\">Rivera Javier; Mart\u00ednez Luis; Garc\u00eda Antonio<\/td>\n<\/tr>\n<tr class=\"row-33\">\n\t<td class=\"column-1\">The Identification of Patterns of Interurban Road Accident Frequency and Severity Using Road Geometry and Traffic Indicators<\/td><td class=\"column-2\">TRA2016, 6th Transport Research Arena, April 18-21, 2016, Warsaw, Poland<\/td><td class=\"column-3\">18\/04\/2016<\/td><td class=\"column-4\">Art\u00edculos SCI<\/td><td class=\"column-5\">Dadashova, Bahar, Arenas Ram\u00edrez, Blanca; Mira McWilliams Jos\u00e9, Aparicio Izquierdo Francisco<\/td>\n<\/tr>\n<tr class=\"row-34\">\n\t<td class=\"column-1\">As\u00ed funcionan los sistemas de frenado de emergencia aut\u00f3nomos<\/td><td class=\"column-2\">Tr\u00e1fico y seguridad vial<\/td><td class=\"column-3\">01\/04\/2016<\/td><td class=\"column-4\">Art\u00edculos SCI<\/td><td class=\"column-5\">Arturo Furones, Javier P\u00e1ez<\/td>\n<\/tr>\n<tr class=\"row-35\">\n\t<td class=\"column-1\">A Simulation study of the effects of decreasing truck traffic flow on safety in the Almeria - Barcelona Corridor<\/td><td class=\"column-2\">Transport Policy<\/td><td class=\"column-3\">30\/03\/2016<\/td><td class=\"column-4\">Art\u00edculos SCI<\/td><td class=\"column-5\">Bahar Dadashova, Blanca Arenas Ram\u00edrez, Camino Gonz\u00e1lez Fern\u00e1ndez, Arturo Furones Crespo, Francisco Aparicio Izquierdo<\/td>\n<\/tr>\n<tr class=\"row-36\">\n\t<td class=\"column-1\">Simulation-based model comparison methodology with application to road accident models<\/td><td class=\"column-2\">COMMUNICATIONS IN STATISTICS-SIMULATION AND COMPUTATION<\/td><td class=\"column-3\">21\/03\/2016<\/td><td class=\"column-4\">Art\u00edculos SCI<\/td><td class=\"column-5\">Bahar Dadashova, Jos\u00e9 M. Mira McWilliams, Blanca Arenas Ram\u00edrez, Francisco Aparicio Izquierdo<\/td>\n<\/tr>\n<tr class=\"row-37\">\n\t<td class=\"column-1\">Methodological development for selection of significant predictors explaining fatal road accidents<\/td><td class=\"column-2\">Accident Analysis and Prevention<\/td><td class=\"column-3\">03\/02\/2016<\/td><td class=\"column-4\">Art\u00edculos SCI<\/td><td class=\"column-5\">Bahar Dadashova, Jos\u00e9 M. Mira McWilliams, Blanca Arenas Ram\u00edrez, Francisco Aparicio Izquierdo<\/td>\n<\/tr>\n<tr class=\"row-38\">\n\t<td class=\"column-1\">Analyzing the impact of road geometry design on interurban accident severity using random forests<\/td><td class=\"column-2\">Journal of Transportation Safety &amp; Security<\/td><td class=\"column-3\">01\/12\/2015<\/td><td class=\"column-4\">Art\u00edculos SCI<\/td><td class=\"column-5\">\"Dadashova Bahar   Arenas-Ram\u00edrez Blanca  Mira-McWilliams Jos\u00e9  Aparicio-Izquierdo Francisco\"<\/td>\n<\/tr>\n<tr class=\"row-39\">\n\t<td class=\"column-1\">TECNOLOG\u00cdA Y SEGURIDAD. Sistemas de control de velocidad<\/td><td class=\"column-2\">Tr\u00e1fico y seguridad vial<\/td><td class=\"column-3\">01\/11\/2015<\/td><td class=\"column-4\">Art\u00edculos SCI<\/td><td class=\"column-5\">Arturo Furones Crespo, Francisco Javier P\u00e1ez Ayuso<\/td>\n<\/tr>\n<tr class=\"row-40\">\n\t<td class=\"column-1\">The identification of patterns of Interurban Road Accident Frequency and Severity using Road Geometry and Traffic indicators<\/td><td class=\"column-2\">TRA2016. Transport Research Arena  Warsaw, Poland<\/td><td class=\"column-3\">18\/09\/2015<\/td><td class=\"column-4\">Art\u00edculos SCI<\/td><td class=\"column-5\">Dadashova, Bahar, Arenas Ram\u00edrez, Blanca; Mira McWilliams Jos\u00e9, Aparicio Izquierdo Francisco<\/td>\n<\/tr>\n<tr class=\"row-41\">\n\t<td class=\"column-1\">SISTEMAS DE SEGURIDAD. Lo que debe saber del ESP<\/td><td class=\"column-2\">Tr\u00e1fico y seguridad vial<\/td><td class=\"column-3\">01\/09\/2015<\/td><td class=\"column-4\">Art\u00edculos SCI<\/td><td class=\"column-5\">Francisco Javier P\u00e1ez Ayuso<\/td>\n<\/tr>\n<tr class=\"row-42\">\n\t<td class=\"column-1\">FACTORES IMPLICADOS EN LA SEGURIDAD VIAL<\/td><td class=\"column-2\">Jornada  Seguridad de Veh\u00edculos y Tr\u00e1fico. Aplicaci\u00f3n a la Ingenier\u00eda del Transporte. Aspectos ambientales . Universidad Nacional de Salta. Argentina<\/td><td class=\"column-3\">03\/08\/2015<\/td><td class=\"column-4\">Art\u00edculos SCI<\/td><td class=\"column-5\">Blanca Arenas Ram\u00edrez<\/td>\n<\/tr>\n<tr class=\"row-43\">\n\t<td class=\"column-1\">SEGURIDAD EN EL TRANSPORTE COLECTIVO DE PERSONAS<\/td><td class=\"column-2\">Jornada Seguridad de Veh\u00edculos y Tr\u00e1fico. Aplicaci\u00f3n a la Ingenier\u00eda del Transporte. Aspectos ambientales . Universidad Nacional de Salta. Argentina<\/td><td class=\"column-3\">03\/08\/2015<\/td><td class=\"column-4\">Art\u00edculos SCI<\/td><td class=\"column-5\">Francisco Aparicio<\/td>\n<\/tr>\n<tr class=\"row-44\">\n\t<td class=\"column-1\">\"Cuadernos de la C\u00e1tedra Universidad-Empresa: Eduardo Barreiros. Innovaci\u00f3n y Retos en Automoci\u00f3n \u0093INNOVAUTO I\"\"\"<\/td><td class=\"column-2\">Servicio de Publicaciones de la ETSI Industriales<\/td><td class=\"column-3\">12\/06\/2015<\/td><td class=\"column-4\">Art\u00edculos SCI<\/td><td class=\"column-5\">\"Ed. Blanca Arenas Ram\u00edrez     \"<\/td>\n<\/tr>\n<tr class=\"row-45\">\n\t<td class=\"column-1\">Movilidad y accidentalidad de furgonetas. An\u00e1lisis comparado de indicadores de riesgo<\/td><td class=\"column-2\">Revista de Obras P\u00fablicas. Ingenier\u00eda del Transporte. A la memoria de Rafael Izquierdo<\/td><td class=\"column-3\">01\/06\/2015<\/td><td class=\"column-4\">Art\u00edculos SCI<\/td><td class=\"column-5\">Francisco Aparicio<\/td>\n<\/tr>\n<tr class=\"row-46\">\n\t<td class=\"column-1\">Movilidad y transporte: Impactos y retos<\/td><td class=\"column-2\">COPITI (Colegio oficial de ingenieros t\u00e9cnicos industriales de Madrid)<\/td><td class=\"column-3\">05\/05\/2015<\/td><td class=\"column-4\">Art\u00edculos SCI<\/td><td class=\"column-5\">\"Prof. Francisco Aparicio Izquierdo   Prof. Blanca Arenas Ram\u00edrez. \"<\/td>\n<\/tr>\n<tr class=\"row-47\">\n\t<td class=\"column-1\">Estimaci\u00f3n de la autonom\u00eda de un veh\u00edculo el\u00e9ctrico seg\u00fan el estilo de conducci\u00f3n<\/td><td class=\"column-2\">Dyna Ingenier\u00eda e Industria<\/td><td class=\"column-3\">01\/05\/2015<\/td><td class=\"column-4\">Art\u00edculos SCI<\/td><td class=\"column-5\">D\u00edaz, A., Serradilla, F., Anaya, J. J., Jim\u00e9nez, F., Naranjo, J. E.<\/td>\n<\/tr>\n<tr class=\"row-48\">\n\t<td class=\"column-1\">Sensitivity-based, multi-objective design of vehicle suspension systems<\/td><td class=\"column-2\">Journal of Computational and Nonlinear Dynamics<\/td><td class=\"column-3\">01\/05\/2015<\/td><td class=\"column-4\">Art\u00edculos SCI<\/td><td class=\"column-5\">Callejo, Alfonso; Garc\u00eda de Jal\u00f3n, Javier; Luque, Pablo; M\u00e1ntaras, Daniel A.<\/td>\n<\/tr>\n<tr class=\"row-49\">\n\t<td class=\"column-1\">Real-Time Dynamic Simulations of Large Road Vehicles Using Dense, Sparse, and Parallelization Techniques<\/td><td class=\"column-2\">Journal of Computational and Nonlinear Dynamics<\/td><td class=\"column-3\">01\/05\/2015<\/td><td class=\"column-4\">Art\u00edculos SCI<\/td><td class=\"column-5\">Hidalgo, Andr\u00e9s F.; Garc\u00eda de Jal\u00f3n, J<\/td>\n<\/tr>\n<tr class=\"row-50\">\n\t<td class=\"column-1\">Autonomous collision avoidance system based on an accurate knowledge of the vehicle surroundings<\/td><td class=\"column-2\">IET Intelligent Transport Systems<\/td><td class=\"column-3\">01\/03\/2015<\/td><td class=\"column-4\">Art\u00edculos SCI<\/td><td class=\"column-5\">Jim\u00e9nez, F., Naranjo, J. E., G\u00f3mez, O.<\/td>\n<\/tr>\n<tr class=\"row-51\">\n\t<td class=\"column-1\">Experimental Validation of a New Pushchair Restraint System for Use on Buses<\/td><td class=\"column-2\">Transportation research Part A (Q1).<\/td><td class=\"column-3\">15\/02\/2015<\/td><td class=\"column-4\">Art\u00edculos SCI<\/td><td class=\"column-5\">Juan Dols,a* Enrique Alcal\u00e1;b Jaime Masi\u00e1,a Luis Mart\u00ednez,b Angel Mart\u00edn,b Antonio Garciab<\/td>\n<\/tr>\n<tr class=\"row-52\">\n\t<td class=\"column-1\">A novel method for producing low cost dynamometric wheels based on harmonic elimination techniques<\/td><td class=\"column-2\">Mechanical Systems and Signal Processing<\/td><td class=\"column-3\">01\/02\/2015<\/td><td class=\"column-4\">Art\u00edculos SCI<\/td><td class=\"column-5\">Guti\u00e9rrez-L\u00f3pez, Mar\u00eda D.; Garc\u00eda de Jal\u00f3n, Javier; Cubillo, Adri\u00e1n<\/td>\n<\/tr>\n<tr class=\"row-53\">\n\t<td class=\"column-1\">Fast Computing on Vehicle Dynamics Using Chebyshev Series Expansions<\/td><td class=\"column-2\">IEEE-ASME Transactions on Mechatronics<\/td><td class=\"column-3\">01\/02\/2015<\/td><td class=\"column-4\">Art\u00edculos SCI<\/td><td class=\"column-5\">L\u00f3pez Rosado, Alberto ;Moriano, Cristina ;Olazagoitia, Jos\u00e9 Luis ;P\u00e1ez Ayuso, Francisco Javier<\/td>\n<\/tr>\n<tr class=\"row-54\">\n\t<td class=\"column-1\">Vehicle suspension identification via algorithmic computation of state and design sensitivities<\/td><td class=\"column-2\">Journal of Mechanical Design<\/td><td class=\"column-3\">01\/02\/2015<\/td><td class=\"column-4\">Art\u00edculos SCI<\/td><td class=\"column-5\">Callejo, Alfonso; Garc\u00eda de Jal\u00f3n, Javier<\/td>\n<\/tr>\n<tr class=\"row-55\">\n\t<td class=\"column-1\">Theoretical and Experimental Verification of the crashworthiness of Baby Carriages for their Use in Urban Buses<\/td><td class=\"column-2\">International Journal of Crashworthiness<\/td><td class=\"column-3\">15\/01\/2015<\/td><td class=\"column-4\">Art\u00edculos SCI<\/td><td class=\"column-5\">Enrique Alcal\u00e1, Juan Dols, Beatriz Valles, \u00c1ngel Mart\u00edn, Luis Martinez<\/td>\n<\/tr>\n<tr class=\"row-56\">\n\t<td class=\"column-1\">Vehicle to Vehicle GeoNetworking using Wireless Sensor Networks<\/td><td class=\"column-2\">Ad Hoc Networks<\/td><td class=\"column-3\">15\/01\/2015<\/td><td class=\"column-4\">Art\u00edculos SCI<\/td><td class=\"column-5\">Anaya, J.J., Talavera, E., Jim\u00e9nez, F., Serradilla, F., Naranjo, J.E.<\/td>\n<\/tr>\n<tr class=\"row-57\">\n\t<td class=\"column-1\">La accidentalidad de las furgonetas. Necesidad de una normativa espec\u00edfica<\/td><td class=\"column-2\">El v\u00edg\u00eda. Semanario<\/td><td class=\"column-3\">12\/01\/2015<\/td><td class=\"column-4\">Art\u00edculos SCI<\/td><td class=\"column-5\">Francisco Aparicio, Blanca Arenas Ram\u00edrez<\/td>\n<\/tr>\n<tr class=\"row-58\">\n\t<td class=\"column-1\">Comparative analysis of the Global Life Cycle of a diesel traction and electric traction technology applied to a 4WD vehicle.<\/td><td class=\"column-2\">Transportation Research Part D<\/td><td class=\"column-3\">01\/01\/2015<\/td><td class=\"column-4\">Art\u00edculos SCI<\/td><td class=\"column-5\">\"Daniel Resino Zamora   Jos\u00e9 Mar\u00eda L\u00f3pez Mart\u00ednez  Juan Antonio Garc\u00eda S\u00e1nchez  Nuria Flores Holgado\"<\/td>\n<\/tr>\n<tr class=\"row-59\">\n\t<td class=\"column-1\">Exploring traffic-road type pattern in interurban spanish roads accidents by a tree-based approach<\/td><td class=\"column-2\">Safety Science<\/td><td class=\"column-3\">30\/12\/2014<\/td><td class=\"column-4\">Art\u00edculos SCI<\/td><td class=\"column-5\">Blanca Arenas Ram\u00edrez, Camino Gonz\u00e1lez  Fern\u00e1ndez, Francisco Aparicio Izquierdo.<\/td>\n<\/tr>\n<tr class=\"row-60\">\n\t<td class=\"column-1\">Comparison of seat belt use along time for different vehicle categories in Spanish interurban roads, by a Bayesian approach based model<\/td><td class=\"column-2\">Ergonomics<\/td><td class=\"column-3\">26\/12\/2014<\/td><td class=\"column-4\">Art\u00edculos SCI<\/td><td class=\"column-5\">\"B. Arenas \/ J. Mira \/ J. P\u00e1ez \/ A. Furones \/ F. Aparicio      \"<\/td>\n<\/tr>\n<tr class=\"row-61\">\n\t<td class=\"column-1\">Assessment of Professional Competencies promoted by SAE Formula Project. The UPMRacing Case<\/td><td class=\"column-2\">International Journal of Engineering Education (IJEE)<\/td><td class=\"column-3\">15\/12\/2014<\/td><td class=\"column-4\">Art\u00edculos SCI<\/td><td class=\"column-5\">FRANCISCO JAVIER P\u00c1EZ, CARMEN GARC\u00cdA, MIGUEL \u00c1NGEL \u00c1LVAREZ, JUAN JOS\u00c9 HERRERO, FRANCISCO APARICIO<\/td>\n<\/tr>\n<tr class=\"row-62\">\n\t<td class=\"column-1\">A hybrid direct-automatic differentiation method for the computation of independent sensitivities in multibody systems<\/td><td class=\"column-2\">International Journal for Numerical Methods in Engineering<\/td><td class=\"column-3\">01\/12\/2014<\/td><td class=\"column-4\">Art\u00edculos SCI<\/td><td class=\"column-5\">Callejo, A; Garc\u00eda de Jal\u00f3n, J<\/td>\n<\/tr>\n<tr class=\"row-63\">\n\t<td class=\"column-1\">Vehicle Tracking for an Evasive Manoeuvres Assistant Using Low-Cost Ultrasonic Sensors<\/td><td class=\"column-2\">Sensors<\/td><td class=\"column-3\">01\/11\/2014<\/td><td class=\"column-4\">Art\u00edculos SCI<\/td><td class=\"column-5\">Jim\u00e9nez, F., Naranjo, J.E., G\u00f3mez, O., Anaya, J.J.<\/td>\n<\/tr>\n<tr class=\"row-64\">\n\t<td class=\"column-1\">La efectividad del PPP en la accidentalidad en \u00e1mbito urbano: Caso Ciudad de Madrid<\/td><td class=\"column-2\">Jornadas sobre movilidad Urbana y seguridad vial, Planes de seguridad vial urbana: Elaboraci\u00f3n, ejecuci\u00f3n y seguimiento<\/td><td class=\"column-3\">23\/10\/2014<\/td><td class=\"column-4\">Art\u00edculos SCI<\/td><td class=\"column-5\">F. Aparicio, B Arenas, J. P\u00e1ez, A. Furones, E. Arregui.<\/td>\n<\/tr>\n<tr class=\"row-65\">\n\t<td class=\"column-1\">La investigaci\u00f3n cient\u00edfica para la mejora de la Seguridad del transporte colectivo de personas<\/td><td class=\"column-2\">IV CISEV-2014-Congreso Internacional de Seguridad Vial<\/td><td class=\"column-3\">02\/10\/2014<\/td><td class=\"column-4\">Art\u00edculos SCI<\/td><td class=\"column-5\">Aparicio Izquierdo Francisco<\/td>\n<\/tr>\n<tr class=\"row-66\">\n\t<td class=\"column-1\">Dispositivo universal para el control autom\u00e1tico de la direcci\u00f3n de un veh\u00edculo<\/td><td class=\"column-2\">Dyna Ingenier\u00eda e Industria<\/td><td class=\"column-3\">01\/10\/2014<\/td><td class=\"column-4\">Art\u00edculos SCI<\/td><td class=\"column-5\">Jim\u00e9nez, F., Naranjo, J. E., G\u00f3mez, O.<\/td>\n<\/tr>\n<tr class=\"row-67\">\n\t<td class=\"column-1\">SEGURIDAD EN EL TRANSPORTE COLECTIVO DE PERSONAS.  FACTORES DE INFLUENCIA<\/td><td class=\"column-2\">1\u00ba SISAA 2014. Primer Seminario Iberoamericano de Seguridad de Autobuses y Autocares<\/td><td class=\"column-3\">29\/09\/2014<\/td><td class=\"column-4\">Art\u00edculos SCI<\/td><td class=\"column-5\">Francisco Aparicio Izquierdo, Blanca Arenas Ram\u00edrez<\/td>\n<\/tr>\n<tr class=\"row-68\">\n\t<td class=\"column-1\">I Seminario Iberoamericano de Seguridad en Autobuses y Autocares celebrado en Cartagena de Indias los d\u00edas 29 y 30 de septiembre de 2014<\/td><td class=\"column-2\">1\u00ba SISAA 2014-Seminario Iberoamericano de Seguridad en Autobuses y Autocares, Cartagena de Indias los d\u00edas 29 y 30 de septiembre de 2014<\/td><td class=\"column-3\">29\/09\/2014<\/td><td class=\"column-4\">Art\u00edculos SCI<\/td><td class=\"column-5\"><\/td>\n<\/tr>\n<tr class=\"row-69\">\n\t<td class=\"column-1\">Performance of automatic differentiation tools in the dynamic simulation of multibody systems<\/td><td class=\"column-2\">Advances in Engineering Software<\/td><td class=\"column-3\">01\/07\/2014<\/td><td class=\"column-4\">Art\u00edculos SCI<\/td><td class=\"column-5\">Callejo, Alfonso; Narayan, Sri Hari Krishna; Garc\u00eda de Jal\u00f3n, Javier; Norris, Boyana<\/td>\n<\/tr>\n<tr class=\"row-70\">\n\t<td class=\"column-1\">System for road vehicle energy optimization using real time road and traffic information<\/td><td class=\"column-2\">Energies<\/td><td class=\"column-3\">01\/07\/2014<\/td><td class=\"column-4\">Art\u00edculos SCI<\/td><td class=\"column-5\">Jim\u00e9nez, F., Cabrera, W.<\/td>\n<\/tr>\n<tr class=\"row-71\">\n\t<td class=\"column-1\">EVALUATION OF THE ROAD BUS BODY SEAT SETTING SUBMITTED TO FRONTAL IMPACT<\/td><td class=\"column-2\">Latin American Journal of Solids and Structures 05\/2014; 11(9):1463-1489. \u00b7 1.24 Impact Factor<\/td><td class=\"column-3\">01\/05\/2014<\/td><td class=\"column-4\">Art\u00edculos SCI<\/td><td class=\"column-5\">M\u00c1RCIO WALBER, FABIO GOEDEL, AGENOR DIAS DE MEIRA JR., ENRIQUE ALCAL\u00c1 FAZIO, FRANCISCO APARICIO IZQUIERDO, IGNACIO ITURRIOZ<\/td>\n<\/tr>\n<tr class=\"row-72\">\n\t<td class=\"column-1\">Bayesian model selection of structural explanatory models: Application to road accident data<\/td><td class=\"column-2\">TRA2014 Transport Research Arena 2014.  Par\u00eds. Francia<\/td><td class=\"column-3\">15\/04\/2014<\/td><td class=\"column-4\">Art\u00edculos SCI<\/td><td class=\"column-5\">Bahar Dadashova, Jos\u00e9 M. Mira McWilliams, Blanca Arenas Ram\u00edrez, Francisco Aparicio Izquierdo<\/td>\n<\/tr>\n<tr class=\"row-73\">\n\t<td class=\"column-1\">Poisson dynamic models. An application to interurban accidents in Spain<\/td><td class=\"column-2\">TRA2014 Transport Research Arena. Par\u00eds. Francia<\/td><td class=\"column-3\">13\/04\/2014<\/td><td class=\"column-4\">Art\u00edculos SCI<\/td><td class=\"column-5\">Camino Gonz\u00e1lez Fern\u00e1ndez, Jos\u00e9 Manuel Mira McWilliams, Blanca Arenas Ram\u00edrez, Claudia S\u00e1enz Sag\u00e1stegui<\/td>\n<\/tr>\n<tr class=\"row-74\">\n\t<td class=\"column-1\">Experimental characterisation of the probability density function of the operating loads supported by urban buses in Madrid (SPAIN).<\/td><td class=\"column-2\">Proceedings of the Institution of Mechanical Engineers Part D Journal of Automobile Engineering (Impact Factor: 0.65).<\/td><td class=\"column-3\">01\/04\/2014<\/td><td class=\"column-4\">Art\u00edculos SCI<\/td><td class=\"column-5\">\"JA P\u00e9rez, E Alcal\u00e1 and JM L\u00f3pez  DOI: \"<\/td>\n<\/tr>\n<tr class=\"row-75\">\n\t<td class=\"column-1\">On the Gr\u00f6bner basis triangularization of constraint equations in natural coordinates<\/td><td class=\"column-2\">Multibody System Dynamics<\/td><td class=\"column-3\">01\/03\/2014<\/td><td class=\"column-4\">Art\u00edculos SCI<\/td><td class=\"column-5\">T. Uchida; A. Callejo; J. Garc\u00eda de Jal\u00f3n; J. McPhee<\/td>\n<\/tr>\n<tr class=\"row-76\">\n\t<td class=\"column-1\">Bus line classification using neural networks<\/td><td class=\"column-2\">Transportation Research Part D: Transport and Environment<\/td><td class=\"column-3\">01\/03\/2014<\/td><td class=\"column-4\">Art\u00edculos SCI<\/td><td class=\"column-5\">Jim\u00e9nez, F., Serradilla, F., Rom\u00e1n, A., Naranjo, J. E.<\/td>\n<\/tr>\n<tr class=\"row-77\">\n\t<td class=\"column-1\">Design and validation of a child seat pretensor device.<\/td><td class=\"column-2\">Revista Facultad de Ingenieria-Universidad de Antioquia<\/td><td class=\"column-3\">01\/03\/2014<\/td><td class=\"column-4\">Art\u00edculos SCI<\/td><td class=\"column-5\">Luis Mart\u00ednez-S\u00e1ez; Antonio Garc\u00eda-\u00c1lvarez; Manuel Espantale\u00f3n-Ruiz; Christopher Ren\u00e9 Torres-San Miguel.<\/td>\n<\/tr>\n<tr class=\"row-78\">\n\t<td class=\"column-1\">Explanatory and prediction power of two macro models. An application to van involved accidents in Spain<\/td><td class=\"column-2\">Transport Policy<\/td><td class=\"column-3\">26\/02\/2014<\/td><td class=\"column-4\">Art\u00edculos SCI<\/td><td class=\"column-5\">Bahar Dadashova; Blanca Arenas, Jose Mira, Francisco Aparicio<\/td>\n<\/tr>\n<tr class=\"row-79\">\n\t<td class=\"column-1\">Sistema pre-colisi\u00f3n para prevenci\u00f3n de accidentes en entornos urbanos<\/td><td class=\"column-2\">Securitas Vialis<\/td><td class=\"column-3\">02\/10\/2013<\/td><td class=\"column-4\">Art\u00edculos SCI<\/td><td class=\"column-5\">Garc\u00eda, F., Jim\u00e9nez, F., Puertas, E., Naranjo, J. E., Armingol, J. M., Fern\u00e1ndez, J.<\/td>\n<\/tr>\n<tr class=\"row-80\">\n\t<td class=\"column-1\">Algoritmo de optimizaci\u00f3n del consumo de combustible de un veh\u00edculo durante la realizaci\u00f3n de un recorrido<\/td><td class=\"column-2\">Bidean \/ Asociaci\u00f3n Empresarial Guipuzcoana de Transporte de Mercanc\u00edas por Carretera - Guitrans<\/td><td class=\"column-3\">02\/10\/2013<\/td><td class=\"column-4\">Art\u00edculos SCI<\/td><td class=\"column-5\">Jim\u00e9nez, F., Cabrera, W.<\/td>\n<\/tr>\n<tr class=\"row-81\">\n\t<td class=\"column-1\">Methodology for the accuracy improvement of FEM beam type T-junctions of buses and coaches structures<\/td><td class=\"column-2\">International Journal of Automotive Technology<\/td><td class=\"column-3\">01\/10\/2013<\/td><td class=\"column-4\">Art\u00edculos SCI<\/td><td class=\"column-5\">Alcal\u00e1, E., Badea, F., Martin, \u00c1., &amp; Aparicio, F<\/td>\n<\/tr>\n<tr class=\"row-82\">\n\t<td class=\"column-1\">Study of the bending response of metal foam-filled beams applied to enhance the rollover behaviour of coach structures<\/td><td class=\"column-2\">International Journal of Crashworthiness<\/td><td class=\"column-3\">01\/10\/2013<\/td><td class=\"column-4\">Art\u00edculos SCI<\/td><td class=\"column-5\">G. J. Cazzola, E. Alcal\u00e1 Fazio &amp; F. Aparicio Izquierdo<\/td>\n<\/tr>\n<tr class=\"row-83\">\n\t<td class=\"column-1\">Implementaci\u00f3n e?ciente de una formulaci\u00f3n semirrecursiva para la din\u00e1mica de sistemas multicuerpo de gran tama\u00f1o<\/td><td class=\"column-2\">Revista Internacional de M\u00e9todos Num\u00e9ricos para C\u00e1lculo y Dise\u00f1o en Ingenier\u00eda<\/td><td class=\"column-3\">01\/10\/2013<\/td><td class=\"column-4\">Art\u00edculos SCI<\/td><td class=\"column-5\">A. F. Hidalgo; J. Garc\u00eda de Jal\u00f3n<\/td>\n<\/tr>\n<tr class=\"row-84\">\n\t<td class=\"column-1\">Multibody dynamics with redundant constraints and singular mass matrix: existence, uniqueness and determination of solutions for accelerations and constraint forces<\/td><td class=\"column-2\">Multibody System Dynamics<\/td><td class=\"column-3\">01\/10\/2013<\/td><td class=\"column-4\">Art\u00edculos SCI<\/td><td class=\"column-5\">J. Garc\u00eda de Jal\u00f3n; M. D. Guti\u00e9rrez L\u00f3pez<\/td>\n<\/tr>\n<tr class=\"row-85\">\n\t<td class=\"column-1\">Simulaci\u00f3n de escenarios de tr\u00e1fico de mercanc\u00edas en Espa\u00f1a: horizonte 2020<\/td><td class=\"column-2\">I JORNADA SOBRE VEH\u00cdCULOS Y TRANSPORTES:I+D+I EN LA UPM<\/td><td class=\"column-3\">19\/09\/2013<\/td><td class=\"column-4\">Art\u00edculos SCI<\/td><td class=\"column-5\">Jos\u00e9 Mira McWilliams; Blanca Arenas Ram\u00edrez; Camino Gonz\u00e1lez Fern\u00e1ndez; Francisco Aparicio Izquierdo<\/td>\n<\/tr>\n<tr class=\"row-86\">\n\t<td class=\"column-1\">Bayesian model selection of structural explanatory models: application to road accident data<\/td><td class=\"column-2\">I JORNADA SOBRE VEH\u00cdCULOS Y TRANSPORTES:I+D+I EN LA UPM<\/td><td class=\"column-3\">19\/09\/2013<\/td><td class=\"column-4\">Art\u00edculos SCI<\/td><td class=\"column-5\">Bahar Dadashova; Blanca Arenas Ram\u00edrez; Jos\u00e9 Mira McWilliams; Francisco Aparicio Izquierdo<\/td>\n<\/tr>\n<tr class=\"row-87\">\n\t<td class=\"column-1\">Modelos din\u00e1micos de Poisson. Aplicaci\u00f3n a datos de accidentes en la red interurbana espa\u00f1ola<\/td><td class=\"column-2\">I JORNADA SOBRE VEH\u00cdCULOS Y TRANSPORTES:I+D+I EN LA UPM<\/td><td class=\"column-3\">19\/09\/2013<\/td><td class=\"column-4\">Art\u00edculos SCI<\/td><td class=\"column-5\">Jos\u00e9 Manuel Mira McWilliams; Camino Gonz\u00e1lez Fern\u00e1ndez; Blanca Arenas Ram\u00edrez; Claudia S\u00e1enz Sagastegui<\/td>\n<\/tr>\n<tr class=\"row-88\">\n\t<td class=\"column-1\">Comunicaciones V2V basadas en GeoPosicionamiento<\/td><td class=\"column-2\">I JORNADA SOBRE VEH\u00cdCULOS Y TRANSPORTES:I+D+I EN LA UPM<\/td><td class=\"column-3\">19\/09\/2013<\/td><td class=\"column-4\">Art\u00edculos SCI<\/td><td class=\"column-5\">Jos\u00e9 Javier Anaya; Edgar Talavera; Jos\u00e9 Eugenio Naranjo; Felipe Jim\u00e9nez; Jos\u00e9 Gabriel Zato<\/td>\n<\/tr>\n<tr class=\"row-89\">\n\t<td class=\"column-1\">Modelado de conductores mediante smartphones<\/td><td class=\"column-2\">I JORNADA SOBRE VEH\u00cdCULOS Y TRANSPORTES:I+D+I EN LA UPM<\/td><td class=\"column-3\">19\/09\/2013<\/td><td class=\"column-4\">Art\u00edculos SCI<\/td><td class=\"column-5\">Alberto D\u00edaz \u00c1lvarez; Francisco Serradilla Garc\u00eda; Jos\u00e9 Eugenio Naranjo Hern\u00e1ndez<\/td>\n<\/tr>\n<tr class=\"row-90\">\n\t<td class=\"column-1\">Simulaciones transitorias para el an\u00e1lisis de vida de veh\u00edculos<\/td><td class=\"column-2\">I JORNADA SOBRE VEH\u00cdCULOS Y TRANSPORTES:I+D+I EN LA UPM<\/td><td class=\"column-3\">19\/09\/2013<\/td><td class=\"column-4\">Art\u00edculos SCI<\/td><td class=\"column-5\">Enrique Alcal\u00e1, \u00c1ngel Luis Mart\u00edn. Jes\u00fas \u00c1ngel P\u00e9rez. Daniel Arribas. Francisco Badea. Beatriz Valles. Roberto Lagunilla.<\/td>\n<\/tr>\n<tr class=\"row-91\">\n\t<td class=\"column-1\">Metodolog\u00eda integrada de investigaci\u00f3n cient\u00edfica de accidentes. Aplicaci\u00f3n al Proyecto FURGOSEG para el estudio de los accidentes de tr\u00e1fico con implicaci\u00f3n de furgonetas<\/td><td class=\"column-2\">I JORNADA SOBRE VEH\u00cdCULOS Y TRANSPORTES:I+D+I EN LA UPM<\/td><td class=\"column-3\">19\/09\/2013<\/td><td class=\"column-4\">Art\u00edculos SCI<\/td><td class=\"column-5\">Francisco Aparicio Izquierdo; Blanca Arenas Ram\u00edrez<\/td>\n<\/tr>\n<tr class=\"row-92\">\n\t<td class=\"column-1\">Indicador de velocidad de flujo libre en Espa\u00f1a seg\u00fan tipo de veh\u00edculo-v\u00eda-franja horaria. Diferencias con pa\u00edses europeos<\/td><td class=\"column-2\">I JORNADA SOBRE VEH\u00cdCULOS Y TRANSPORTES:I+D+I EN LA UPM<\/td><td class=\"column-3\">19\/09\/2013<\/td><td class=\"column-4\">Art\u00edculos SCI<\/td><td class=\"column-5\">Blanca Arenas Ram\u00edrez; Jos\u00e9 Mira McWilliams; Elisa Gallego Tellechea; Francisco Aparicio Izquierdo<\/td>\n<\/tr>\n<tr class=\"row-93\">\n\t<td class=\"column-1\">Dise\u00f1o de un SIstema de Retenci\u00f3n Infantil Avanzado (SIRIA)<\/td><td class=\"column-2\">I JORNADA SOBRE VEH\u00cdCULOS Y TRANSPORTES:I+D+I EN LA UPM<\/td><td class=\"column-3\">19\/09\/2013<\/td><td class=\"column-4\">Art\u00edculos SCI<\/td><td class=\"column-5\">Antonio Garc\u00eda \u00c1lvarez; Luis Mart\u00ednez S\u00e1ez; Manuel Espantale\u00f3n Ruiz; Christopher Ren\u00e9 Torres-San Miguel<\/td>\n<\/tr>\n<tr class=\"row-94\">\n\t<td class=\"column-1\">ASPECTOS TECNOL\u00d3GICOS A LA ELECTROMOVILIDAD URBANA<\/td><td class=\"column-2\">JORNADA T\u00c9CNICA EMT<\/td><td class=\"column-3\">01\/07\/2013<\/td><td class=\"column-4\">Art\u00edculos SCI<\/td><td class=\"column-5\">Jos\u00e9 M\u00aa L\u00f3pez Martinez<\/td>\n<\/tr>\n<tr class=\"row-95\">\n\t<td class=\"column-1\">\u0093Impact of the Spanish electricity, over the period 2008-2030, on the Life Cycle Energy Consumption and GHG Emissions of Electric Hybrid Diesel-Electric, Fuel Cell Hybrid and Diesel Bus of the Madrid Transportation System\u0094<\/td><td class=\"column-2\">ENERGY CONVERSION AND MANAGEMENT<\/td><td class=\"column-3\">01\/07\/2013<\/td><td class=\"column-4\">Art\u00edculos SCI<\/td><td class=\"column-5\">Garc\u00eda S\u00e1nchez, J. A.., L\u00f3pez Mart\u00ednez, J. M., Lumbreras Mart\u00edn, J., Flores Holgado, N., Aguilar Morales, H.<\/td>\n<\/tr>\n<tr class=\"row-96\">\n\t<td class=\"column-1\">INNOVATIVE TECHNOLOGIES FOR THE DEVELOPMENT OF A LIGHT RANGE EXTENDER VEHICLE\u0094<\/td><td class=\"column-2\">HORIZON 2020-GREEN VEHICLES<\/td><td class=\"column-3\">01\/07\/2013<\/td><td class=\"column-4\">Art\u00edculos SCI<\/td><td class=\"column-5\">Jos\u00e9 M\u00aa L\u00f3pez Martinez<\/td>\n<\/tr>\n<tr class=\"row-97\">\n\t<td class=\"column-1\">LA ELECTROMOVILIDAD: UNA OPCI\u00d3N DE FUTURO<\/td><td class=\"column-2\">JORNADA NETWORKING ICA<\/td><td class=\"column-3\">01\/07\/2013<\/td><td class=\"column-4\">Art\u00edculos SCI<\/td><td class=\"column-5\">Jos\u00e9 M\u00aa L\u00f3pez Martinez<\/td>\n<\/tr>\n<tr class=\"row-98\">\n\t<td class=\"column-1\">Determinaci\u00f3n de ciclos de conducci\u00f3n en rutas urbanas fijas<\/td><td class=\"column-2\">DYNA<\/td><td class=\"column-3\">10\/06\/2013<\/td><td class=\"column-4\">Art\u00edculos SCI<\/td><td class=\"column-5\">Felipe Jim\u00e9nez-Alonso; Alfonso Rom\u00e1n-de Andr\u00e9s; Jos\u00e9 Mar\u00eda L\u00f3pez-Mart\u00ednez<\/td>\n<\/tr>\n<tr class=\"row-99\">\n\t<td class=\"column-1\">Real time speed profile calculation for fuel saving considering unforeseen situations and travel time<\/td><td class=\"column-2\">IET Intelligent Transport Systems. Institution of Engineering and Technology<\/td><td class=\"column-3\">01\/06\/2013<\/td><td class=\"column-4\">Art\u00edculos SCI<\/td><td class=\"column-5\">Jim\u00e9nez, F., L\u00f3pez-Covarrubias, J. L., Cabrera, W., Aparicio, F.<\/td>\n<\/tr>\n<tr class=\"row-100\">\n\t<td class=\"column-1\">Methodology for kinematic cycle characterization of vehicles with fixed routes in urban areas<\/td><td class=\"column-2\">Transportation Research Part D: Transport and Environment<\/td><td class=\"column-3\">01\/06\/2013<\/td><td class=\"column-4\">Art\u00edculos SCI<\/td><td class=\"column-5\">Jim\u00e9nez, F., Rom\u00e1n, A., L\u00f3pez, J. M.<\/td>\n<\/tr>\n<tr class=\"row-101\">\n\t<td class=\"column-1\">Distributed pedestrian detection alerts based on data fusion with accurate localization<\/td><td class=\"column-2\">Sensors\/ Edita: MDPI AG<\/td><td class=\"column-3\">01\/06\/2013<\/td><td class=\"column-4\">Art\u00edculos SCI<\/td><td class=\"column-5\">Garc\u00eda, F.; Jim\u00e9nez, F.; Anaya, J.J.; Armingol, J.M.; Naranjo, J.E.; de la Escalera, A.<\/td>\n<\/tr>\n<tr class=\"row-102\">\n\t<td class=\"column-1\">El papel de los Sistemas Multicuerpo en la Simulaci\u00f3n Din\u00e1mica de Veh\u00edculos<\/td><td class=\"column-2\">Revista COIIM<\/td><td class=\"column-3\">01\/04\/2013<\/td><td class=\"column-4\">Art\u00edculos SCI<\/td><td class=\"column-5\">\"A. Callejo  J. Garc\u00eda de Jal\u00f3n\"<\/td>\n<\/tr>\n<tr class=\"row-103\">\n\t<td class=\"column-1\">Assessing the benefit of brake assist system for pedestrian injury mitigation through real-world accident investigation<\/td><td class=\"column-2\">Safety Science<\/td><td class=\"column-3\">01\/03\/2013<\/td><td class=\"column-4\">Art\u00edculos SCI<\/td><td class=\"column-5\">Alexandro Badea, F. Javier P\u00e1ez, Arturo Furones, Jos\u00e9 M. Barrios b, Juan L. de-Miguel<\/td>\n<\/tr>\n<tr class=\"row-104\">\n\t<td class=\"column-1\">Analysis of dynamic behavior and safety of baby carriages in public transportation buses<\/td><td class=\"column-2\">Transportation Research Part A: Policy and Practice<\/td><td class=\"column-3\">01\/03\/2013<\/td><td class=\"column-4\">Art\u00edculos SCI<\/td><td class=\"column-5\">Juan Dolsa,  Vicente Ponsa, , Enrique Alcal\u00e1, Beatriz Valles, \u00c1ngel Mart\u00edn<\/td>\n<\/tr>\n<tr class=\"row-105\">\n\t<td class=\"column-1\">Source of head injury for pedestrians and pedal cyclists: Striking vehicle or road?<\/td><td class=\"column-2\">Accident Analysis &amp; Prevention<\/td><td class=\"column-3\">31\/01\/2013<\/td><td class=\"column-4\">Art\u00edculos SCI<\/td><td class=\"column-5\">Alexandro Badea-Romero, James Lenard<\/td>\n<\/tr>\n<tr class=\"row-106\">\n\t<td class=\"column-1\">Sub-actuated anthropometric robotic prototype hand<\/td><td class=\"column-2\">Revista Facultad de Ingenieria-Universidad de Antioquia<\/td><td class=\"column-3\">01\/12\/2012<\/td><td class=\"column-4\">Art\u00edculos SCI<\/td><td class=\"column-5\">Romero, MAP (Perez Romero, Mauricio Aaron); Sanchez, ATV (Velazquez Sanchez, Alejandro Tonatiu); San Miguel, CRT (Torres San Miguel, Christopher Rene); Saez, LM (Martinez Saez, Luis); Gonzalez, PFH (Huerta Gonzalez, Pedro Francisco); Calderon, GMU (Urriol<\/td>\n<\/tr>\n<tr class=\"row-107\">\n\t<td class=\"column-1\">Life Cycle Assessment (LCA) of Electric, Hybrid (Diesel-Electric-Series) and Hydrogen Bus Transportation Systems in Madrid<\/td><td class=\"column-2\">FISITA 2012<\/td><td class=\"column-3\">27\/11\/2012<\/td><td class=\"column-4\">Art\u00edculos SCI<\/td><td class=\"column-5\">Juan Antonio Garc\u00eda, Dr. Jos\u00e9 Mar\u00eda L\u00f3pez, Ms. Mar\u00eda Nuria Flores, Julio Lumbreras, Dr. Blanca Arenas<\/td>\n<\/tr>\n<tr class=\"row-108\">\n\t<td class=\"column-1\">Proceedings of the FISITA 2012 World Automotive Congress. Volume 9: Automotive Safety Technology<\/td><td class=\"column-2\">Springer Heidelberg New York Dordrecht London<\/td><td class=\"column-3\">27\/11\/2012<\/td><td class=\"column-4\">Art\u00edculos SCI<\/td><td class=\"column-5\">P\u00e1ez Ayuso, Francisco Javier; Furones Crespo, Arturo; Aparicio Izquierdo, Francisco; Arenas Ram\u00edrez, Blanca<\/td>\n<\/tr>\n<tr class=\"row-109\">\n\t<td class=\"column-1\">EVALUATION OF THE EFFECTIVENESS OF ACTIVE SAFETY SYSTEMS IN VANS WITH RESPECT TO REAL WORLD ACCIDENT ANALYSIS<\/td><td class=\"column-2\">FISITA 2012<\/td><td class=\"column-3\">27\/11\/2012<\/td><td class=\"column-4\">Art\u00edculos SCI<\/td><td class=\"column-5\">P\u00e1ez Ayuso, Francisco Javier; Furones Crespo, Arturo; Aparicio Izquierdo, Francisco; Arenas Ram\u00edrez, Blanca<\/td>\n<\/tr>\n<tr class=\"row-110\">\n\t<td class=\"column-1\">Van Traffic Accident Analysis. A Holistic Approach<\/td><td class=\"column-2\">FISITA 2012-Vehicle Controls on Handing and Stability-F2012-F08-015. Proceedings of the FISITA 2012 World Automotive Congress. Volume 9: Automotive Safety Technology. Springer Heidelberg New York Dordrecht London<\/td><td class=\"column-3\">20\/11\/2012<\/td><td class=\"column-4\">Art\u00edculos SCI<\/td><td class=\"column-5\">\"Arenas Ram\u00edrez, Blanca*; P\u00e1ez Ayuso, Javier; Mira McWilliams, Jos\u00e9 M.; Jim\u00e9nez Alonso, Felipe; Furones Crespo, Arturo; Aparicio Izquierdo, Francisco      \"<\/td>\n<\/tr>\n<tr class=\"row-111\">\n\t<td class=\"column-1\">LA INVESTIGACI\u00d3N CIENT\u00cdFICA DE ACCIDENTES Y LAS POL\u00cdTICAS DE SEGURIDAD<\/td><td class=\"column-2\">Primer Seminario Internacional de Investigaci\u00f3n en Seguridad Vial. Grupo de Estudios en Sostenibilidad Urbana y Regional-SUR Facultad de Ingenier\u00eda Universidad de los Andes.  Bogot\u00e1 Colombia. http:\/\/seminarioinvestigacionseguridadvial.uniandes.edu.co\/<\/td><td class=\"column-3\">19\/11\/2012<\/td><td class=\"column-4\">Art\u00edculos SCI<\/td><td class=\"column-5\">\"Francisco Aparicio Izquierdo  \"<\/td>\n<\/tr>\n<tr class=\"row-112\">\n\t<td class=\"column-1\">Development of a pedestrian rigid legform impactor with upper body mass suitable to assess leg injuries in high bumper vehicles.<\/td><td class=\"column-2\">International Journal of Crashworthiness<\/td><td class=\"column-3\">03\/10\/2012<\/td><td class=\"column-4\">Art\u00edculos SCI<\/td><td class=\"column-5\">A. Garc\u00eda, L. J. Guerra, E. Alcal\u00e1, L. Mart\u00ednez.<\/td>\n<\/tr>\n<tr class=\"row-113\">\n\t<td class=\"column-1\">Source of head injury for pedestrians and pedal cyclists: Striking vehicle or road?<\/td><td class=\"column-2\">Accident Analysis and Prevention<\/td><td class=\"column-3\">01\/09\/2012<\/td><td class=\"column-4\">Art\u00edculos SCI<\/td><td class=\"column-5\">Alexandro Badea-Romero, James Lenard<\/td>\n<\/tr>\n<tr class=\"row-114\">\n\t<td class=\"column-1\">Effectiveness of safety-based incentives in Public Private Partnerships: evidence from the case of Spain<\/td><td class=\"column-2\">TRANSPORTATION RESEARCH PART A-POLICY AND PRACTICE<\/td><td class=\"column-3\">29\/06\/2012<\/td><td class=\"column-4\">Art\u00edculos SCI<\/td><td class=\"column-5\">\"Thais Rangel  Jos\u00e9 Manuel Vasallo  Blanca Arenas Ram\u00edrez  \"<\/td>\n<\/tr>\n<tr class=\"row-115\">\n\t<td class=\"column-1\">RED TEM\u00c1TICA DE INVESTIGACI\u00d3N CIENT\u00cdFICA DE ACCIDENTES. METODOLOG\u00cdA INTEGRADA PARA LA EVALUACI\u00d3N DE FACTORES DE INFLUENCIA EN LOS ACCIDENTES DE TR\u00c1FICO<\/td><td class=\"column-2\">III CISEV-Congreso Iberoamericano de Seguridad  Vial. Bogot\u00e1 Colombia<\/td><td class=\"column-3\">13\/06\/2012<\/td><td class=\"column-4\">Art\u00edculos SCI<\/td><td class=\"column-5\">Blanca Arenas Ram\u00edrez, Francisco Aparicio Izquierdo<\/td>\n<\/tr>\n<tr class=\"row-116\">\n\t<td class=\"column-1\">Autonomous Manoeuvrings for Collision Avoidance on Single Carriageway Roads<\/td><td class=\"column-2\">Sensors. MDPI AG<\/td><td class=\"column-3\">15\/05\/2012<\/td><td class=\"column-4\">Art\u00edculos SCI<\/td><td class=\"column-5\">Jim\u00e9nez, F., Naranjo, J. E., G\u00f3mez, O.<\/td>\n<\/tr>\n<tr class=\"row-117\">\n\t<td class=\"column-1\">Comparison of greenhouse gas emissions from different vehicles covering the entire life cycle<\/td><td class=\"column-2\">Urban Transport XVIII<\/td><td class=\"column-3\">01\/05\/2012<\/td><td class=\"column-4\">Art\u00edculos SCI<\/td><td class=\"column-5\">Javier P\u00e9rez Rodr\u00edguez; Julio Lumbreras Martin; Jose Maria Lopez Mart\u00ednez; Michel Vedrenne Gutierrez<\/td>\n<\/tr>\n<tr class=\"row-118\">\n\t<td class=\"column-1\">Efficient Solution of Maggi\u0092s Equations<\/td><td class=\"column-2\">Journal of Computational and Nonlinear Dynamics<\/td><td class=\"column-3\">01\/05\/2012<\/td><td class=\"column-4\">Art\u00edculos SCI<\/td><td class=\"column-5\">\"J. Garc\u00eda de Jal\u00f3n  A. Callejo  A. F. Hidalgo\"<\/td>\n<\/tr>\n<tr class=\"row-119\">\n\t<td class=\"column-1\">Optimizaci\u00f3n de consumo de combustible de veh\u00edculos basada en Programaci\u00f3n Din\u00e1mica<\/td><td class=\"column-2\">Dyna Ingenier\u00eda e Industria. Federaci\u00f3n de Asociaciones de Ingenieros Industriales de Espa\u00f1a<\/td><td class=\"column-3\">15\/04\/2012<\/td><td class=\"column-4\">Art\u00edculos SCI<\/td><td class=\"column-5\">Cabrera, W., Tapia, S., Jim\u00e9nez, F., Aparicio, F.<\/td>\n<\/tr>\n<tr class=\"row-120\">\n\t<td class=\"column-1\">Optimizaci\u00f3n topol\u00f3gica de estructuras reticuladas de nudos r\u00edgidos<\/td><td class=\"column-2\">Desconocido<\/td><td class=\"column-3\">10\/04\/2012<\/td><td class=\"column-4\">Art\u00edculos SCI<\/td><td class=\"column-5\">E. Alcala*, A. Martin. D. Arribas<\/td>\n<\/tr>\n<tr class=\"row-121\">\n\t<td class=\"column-1\">Rollover Stability of Fuel Tank Truck. Static and Dynamics experimental and modeling issues<\/td><td class=\"column-2\">International Journal of Heavy Vehicle System<\/td><td class=\"column-3\">05\/04\/2012<\/td><td class=\"column-4\">Art\u00edculos SCI<\/td><td class=\"column-5\">A. Mart\u00edn, E. Alcala, F. Aparcio, X.X<\/td>\n<\/tr>\n<tr class=\"row-122\">\n\t<td class=\"column-1\">Sloshing analysis based on Digital Image proccesing<\/td><td class=\"column-2\">International Journal of Heavy Vehicle System \u00bf?<\/td><td class=\"column-3\">05\/04\/2012<\/td><td class=\"column-4\">Art\u00edculos SCI<\/td><td class=\"column-5\"><\/td>\n<\/tr>\n<tr class=\"row-123\">\n\t<td class=\"column-1\">A qualitative assessment methodology of water tanks design of firefighting trucks with regard to sloshing behaviour. Part 1 Sloshing forces<\/td><td class=\"column-2\">International Journal of Heavy Vehicle System<\/td><td class=\"column-3\">05\/04\/2012<\/td><td class=\"column-4\">Art\u00edculos SCI<\/td><td class=\"column-5\">A. Martin, E. Alcala, F. Aparicio<\/td>\n<\/tr>\n<tr class=\"row-124\">\n\t<td class=\"column-1\">Dynamic statistical model selection: application to vans traffic accident analysis in Spain. A comparison with DRAG model results<\/td><td class=\"column-2\">TRA2012 Transport Research Arena 2012. Athens. Greece<\/td><td class=\"column-3\">03\/04\/2012<\/td><td class=\"column-4\">Art\u00edculos SCI<\/td><td class=\"column-5\">\"Bahar Dadashova, Jos\u00e9 M. Mira McWilliams, Blanca Arenas Ram\u00edrez, Francisco Aparicio Izquierdo  \"<\/td>\n<\/tr>\n<tr class=\"row-125\">\n\t<td class=\"column-1\">Modelo para la Conducci\u00f3n Eficiente y Sostenible basado en L\u00f3gica Borrosa<\/td><td class=\"column-2\">Revista Iberoamericana de Autom\u00e1tica e Inform\u00e1tica Industrial<\/td><td class=\"column-3\">15\/03\/2012<\/td><td class=\"column-4\">Art\u00edculos SCI<\/td><td class=\"column-5\">Villeta, M., Lahera, T., Merino, S., Zato, J. G., Naranjo, J. E., Jim\u00e9nez, F.<\/td>\n<\/tr>\n<tr class=\"row-126\">\n\t<td class=\"column-1\">Environment perception based on lidar sensors for real road applications<\/td><td class=\"column-2\">Robotica Cambridge Univ Press<\/td><td class=\"column-3\">15\/03\/2012<\/td><td class=\"column-4\">Art\u00edculos SCI<\/td><td class=\"column-5\">Garc\u00eda, F., Jim\u00e9nez, F., Naranjo, J. E., Zato, J. G., Apar\u00edcio, F., Armingol, J. M., de la Escalera, A.<\/td>\n<\/tr>\n<tr class=\"row-127\">\n\t<td class=\"column-1\">Floating Car Data Augmentation based on Infrastructure Sensors and Neural Networks<\/td><td class=\"column-2\">IEEE Transactions on Intelligent Transportation Systems<\/td><td class=\"column-3\">15\/03\/2012<\/td><td class=\"column-4\">Art\u00edculos SCI<\/td><td class=\"column-5\">Naranjo, J. E., Jim\u00e9nez, F., Serradilla, F. J., Zato, J. G.<\/td>\n<\/tr>\n<tr class=\"row-128\">\n\t<td class=\"column-1\">Low level control layer definition for autonomous vehicles based on fuzzy logic<\/td><td class=\"column-2\">Intelligent Automation and Soft Computing<\/td><td class=\"column-3\">15\/03\/2012<\/td><td class=\"column-4\">Art\u00edculos SCI<\/td><td class=\"column-5\">Naranjo, J. E., Jim\u00e9nez, F., G\u00f3mez, O., Zato, J. G<\/td>\n<\/tr>\n<tr class=\"row-129\">\n\t<td class=\"column-1\">Actas del I Simposio de Reconstrucci\u00f3n de Accidentes de Tr\u00e1fico<\/td><td class=\"column-2\">Universitat Politecnica de Valencia<\/td><td class=\"column-3\">01\/03\/2012<\/td><td class=\"column-4\">Art\u00edculos SCI<\/td><td class=\"column-5\">Francisco Javier P\u00e1ez Ayuso<\/td>\n<\/tr>\n<tr class=\"row-130\">\n\t<td class=\"column-1\">Optimization of FEM beam modeled T-junctions throughout experimental modal analysis correlation<\/td><td class=\"column-2\">tbd<\/td><td class=\"column-3\">15\/02\/2012<\/td><td class=\"column-4\">Art\u00edculos SCI<\/td><td class=\"column-5\">M. F. Badea; P. Avitable; E. Alcal\u00e1.<\/td>\n<\/tr>\n<tr class=\"row-131\">\n\t<td class=\"column-1\">An\u00e1lisis y evaluaci\u00f3n de los accidentes de tr\u00e1fico con relaci\u00f3n laboral en la Comunidad de Madrid en los a\u00f1os 2007 - 2009<\/td><td class=\"column-2\">Revista COIIM<\/td><td class=\"column-3\">01\/02\/2012<\/td><td class=\"column-4\">Art\u00edculos SCI<\/td><td class=\"column-5\">F. J. P\u00e1ez, A. I. G\u00f3mez, F. Aparicio, A. Furones, A. Espejo, A. Badea.<\/td>\n<\/tr>\n<tr class=\"row-132\">\n\t<td class=\"column-1\">An\u00e1lisis de Ciclo de Vida de autobuses urbanos Euro IV (Life Cycle Analysis of Euro IV urban buses)<\/td><td class=\"column-2\">DYNA<\/td><td class=\"column-3\">15\/01\/2012<\/td><td class=\"column-4\">Art\u00edculos SCI<\/td><td class=\"column-5\">Juan Antonio Garc\u00eda, Jos\u00e9 Mar\u00eda L\u00f3pez, Nuria Flores, Blanca Arenas<\/td>\n<\/tr>\n<tr class=\"row-133\">\n\t<td class=\"column-1\">Life Cycle Assessment (LCA) of biodiesel, natural gas and diesel Euro IV Buses of Madrid transportation system<\/td><td class=\"column-2\">ENERGY<\/td><td class=\"column-3\">15\/01\/2012<\/td><td class=\"column-4\">Art\u00edculos SCI<\/td><td class=\"column-5\">Juan Antonio Garc\u00eda, Jos\u00e9 Mar\u00eda L\u00f3pez, Julio Lumbreras, Nuria Flores<\/td>\n<\/tr>\n<tr class=\"row-134\">\n\t<td class=\"column-1\">El veh\u00edculo el\u00e9ctrico y la sostenibilidad urbana<\/td><td class=\"column-2\">Revista AIIM<\/td><td class=\"column-3\">10\/01\/2012<\/td><td class=\"column-4\">Art\u00edculos SCI<\/td><td class=\"column-5\">Jos\u00e9 M\u00aa L\u00f3pez Mart\u00ednez<\/td>\n<\/tr>\n<tr class=\"row-135\">\n\t<td class=\"column-1\">Behaviour of high bumper vehicles in pedestrian scenarios with full finite element human models<\/td><td class=\"column-2\">International Journal of Crashworthiness<\/td><td class=\"column-3\">10\/01\/2012<\/td><td class=\"column-4\">Art\u00edculos SCI<\/td><td class=\"column-5\">\"Luis Mart\u00ednez S\u00e1ez, Luis Jes\u00fas Guerra Casanova, Enrique Alcal\u00e1 Fazio, Antonio Garc\u00eda \u00c1lvarez  \"<\/td>\n<\/tr>\n<tr class=\"row-136\">\n\t<td class=\"column-1\">Characterization of Driving Style and the Influence of Distraction Based on Non-Intrusive Driving Parameters<\/td><td class=\"column-2\">Journal of Mechanics Engineering and Automation<\/td><td class=\"column-3\">01\/01\/2012<\/td><td class=\"column-4\">Art\u00edculos SCI<\/td><td class=\"column-5\">Jim\u00e9nez, F., S\u00e1nchez, J. J., G\u00f3mez, O.<\/td>\n<\/tr>\n<tr class=\"row-137\">\n\t<td class=\"column-1\">A methodology for the behavioral optimization of beam modeled T-junctions with FEM<\/td><td class=\"column-2\">IJ Vehicle Design<\/td><td class=\"column-3\">20\/12\/2011<\/td><td class=\"column-4\">Art\u00edculos SCI<\/td><td class=\"column-5\">Francisco M. Badea, Enrique Alcal\u00e1, , Francisco Aparicio  \u00c1ngel Martin<\/td>\n<\/tr>\n<tr class=\"row-138\">\n\t<td class=\"column-1\">Tendencias en c\u00e1lculo estructural y optimizaci\u00f3n de autobuses y autocares<\/td><td class=\"column-2\">Revista COIIM 54<\/td><td class=\"column-3\">01\/11\/2011<\/td><td class=\"column-4\">Art\u00edculos SCI<\/td><td class=\"column-5\">Enrique Alcal\u00e1, \u00c1ngel Mart\u00edn, Francisco Badea, Jes\u00fas P\u00e9rez, Daniel Arribas y Roberto Lagunilla<\/td>\n<\/tr>\n<tr class=\"row-139\">\n\t<td class=\"column-1\">EXPERIMENTAL AND NUMERICAL  STUDY OF BENDING BEHAVIOR OF THIN<\/td><td class=\"column-2\">International Journal of Impact Engineering<\/td><td class=\"column-3\">30\/10\/2011<\/td><td class=\"column-4\">Art\u00edculos SCI<\/td><td class=\"column-5\">G. Cazzola; F. Aparicio; E. Alcal\u00e1.<\/td>\n<\/tr>\n<tr class=\"row-140\">\n\t<td class=\"column-1\">Automatizaci\u00f3n de un veh\u00edculo de carretera como plataforma para el estudio de sistemas avanzados de asistencia<\/td><td class=\"column-2\">Revista COIIM 53<\/td><td class=\"column-3\">01\/09\/2011<\/td><td class=\"column-4\">Art\u00edculos SCI<\/td><td class=\"column-5\">Por: Felipe Jim\u00e9nez, \u00d3scar G\u00f3mez, Jos\u00e9 Eugenio Naranjo,Francisco Serradilla, Jos\u00e9 Mar\u00eda L\u00f3pez, \u00c1ngel Mart\u00edn<\/td>\n<\/tr>\n<tr class=\"row-141\">\n\t<td class=\"column-1\">Multibody Systems made Simple and Efficient<\/td><td class=\"column-2\">ASME IDETC\/CIE 2011, Washington D.C.<\/td><td class=\"column-3\">29\/08\/2011<\/td><td class=\"column-4\">Art\u00edculos SCI<\/td><td class=\"column-5\">J. Garc\u00eda de Jal\u00f3n<\/td>\n<\/tr>\n<tr class=\"row-142\">\n\t<td class=\"column-1\">La hibridaci\u00f3n, un paso fundamental<\/td><td class=\"column-2\">AEGFA NEWS<\/td><td class=\"column-3\">01\/07\/2011<\/td><td class=\"column-4\">Art\u00edculos SCI<\/td><td class=\"column-5\">Jos\u00e9 Mar\u00eda L\u00f3pez<\/td>\n<\/tr>\n<tr class=\"row-143\">\n\t<td class=\"column-1\">Los efectos positivos del permiso por puntos y el refuerzo de la vigilancia y control de las normas, sobre la mortalidad en las carreteras espa\u00f1olas<\/td><td class=\"column-2\">Revista COIIM 51<\/td><td class=\"column-3\">03\/06\/2011<\/td><td class=\"column-4\">Art\u00edculos SCI<\/td><td class=\"column-5\">\"Aparicio Izquierdo F., Arenas Ram\u00edrez B., Mira McWilliams J. M., P\u00e1ez Ayuso J.      \"<\/td>\n<\/tr>\n<tr class=\"row-144\">\n\t<td class=\"column-1\">Necesidades de Formaci\u00f3n sobre VE y VEH<\/td><td class=\"column-2\">Revista COIIM 52<\/td><td class=\"column-3\">01\/06\/2011<\/td><td class=\"column-4\">Art\u00edculos SCI<\/td><td class=\"column-5\">\"Francisco Aparicio, Francisco Vela, Francisco Javier P\u00e1ez,  Jos\u00e9 Mar\u00eda L\u00f3pez y Carmen Garc\u00eda\"<\/td>\n<\/tr>\n<tr class=\"row-145\">\n\t<td class=\"column-1\">Improving the obstacle detection and identification algorithms of a laserscanner-based collision avoidance system<\/td><td class=\"column-2\">Transportation Research Part C: Emerging Technologies<\/td><td class=\"column-3\">02\/05\/2011<\/td><td class=\"column-4\">Art\u00edculos SCI<\/td><td class=\"column-5\">Jim\u00e9nez, F., Naranjo, J. E.<\/td>\n<\/tr>\n<tr class=\"row-146\">\n\t<td class=\"column-1\">Green cars, el futuro del veh\u00edculo el\u00e9ctrico<\/td><td class=\"column-2\">Canal UPM<\/td><td class=\"column-3\">25\/04\/2011<\/td><td class=\"column-4\">Art\u00edculos SCI<\/td><td class=\"column-5\">Jos\u00e9 Mar\u00eda Lopez; Juan Jos\u00e9 Herrero<\/td>\n<\/tr>\n<tr class=\"row-147\">\n\t<td class=\"column-1\">Mejoras en la medida de la geometr\u00eda de carreteras<\/td><td class=\"column-2\">Canal UPM<\/td><td class=\"column-3\">11\/04\/2011<\/td><td class=\"column-4\">Art\u00edculos SCI<\/td><td class=\"column-5\">Felipe Jim\u00e9nez<\/td>\n<\/tr>\n<tr class=\"row-148\">\n\t<td class=\"column-1\">Modelizaci\u00f3n del consumo y de las emisiones contaminantes de la flota de autobuses urbanos en la ciudad de Madrid<\/td><td class=\"column-2\">Revista COIIM<\/td><td class=\"column-3\">01\/04\/2011<\/td><td class=\"column-4\">Art\u00edculos SCI<\/td><td class=\"column-5\">J.M. L\u00f3pez, F. Jim\u00e9nez, F.J. P\u00e1ez, F. Aparicio, N. Flores, y B. Arenas<\/td>\n<\/tr>\n<tr class=\"row-149\">\n\t<td class=\"column-1\">Requerimientos energ\u00e9ticos de los veh\u00edculos h\u00edbridos de transporte urbano de alto tonelaje<\/td><td class=\"column-2\">DYNA INGENIER\u00cdA<\/td><td class=\"column-3\">01\/04\/2011<\/td><td class=\"column-4\">Art\u00edculos SCI<\/td><td class=\"column-5\">Jos\u00e9 Mar\u00eda L\u00f3pez Mart\u00ednez; Felipe Jim\u00e9nez Alonso; Nuria Flores Holgado; Daniel Resino Zamora<\/td>\n<\/tr>\n<tr class=\"row-150\">\n\t<td class=\"column-1\">An\u00e1lisis de mecanismos de lesi\u00f3n en carritos de ni\u00f1os utilizados en autobuses.<\/td><td class=\"column-2\">Desconocido<\/td><td class=\"column-3\">10\/03\/2011<\/td><td class=\"column-4\">Art\u00edculos SCI<\/td><td class=\"column-5\">E. Alcala*, A. Martin, L. Martinez. D. Arribas. F. Dols y  V. Pons<\/td>\n<\/tr>\n<tr class=\"row-151\">\n\t<td class=\"column-1\">Can low-cost road vehicles positioning systems fulfil accuracy specifications of new ADAS applications?<\/td><td class=\"column-2\">The Journal of Navigation. Edita: Cambridge Univ Press<\/td><td class=\"column-3\">03\/03\/2011<\/td><td class=\"column-4\">Art\u00edculos SCI<\/td><td class=\"column-5\">Jim\u00e9nez, F., Naranjo, J. E., Garc\u00eda, F., Armingol, J. M.<\/td>\n<\/tr>\n<tr class=\"row-152\">\n\t<td class=\"column-1\">The endurance of the effects of the penalty point system in Spain three years after. Main influencing factors.<\/td><td class=\"column-2\">Accident Analysis and Prevention<\/td><td class=\"column-3\">03\/03\/2011<\/td><td class=\"column-4\">Art\u00edculos SCI<\/td><td class=\"column-5\">Francisco Aparicio, Blanca Arenas, Jos\u00e9 Manuel  Mira McWilliams, Javier P\u00e1ez Ayuso<\/td>\n<\/tr>\n<tr class=\"row-153\">\n\t<td class=\"column-1\">Defining the ergonomic parameters of the driver\u0092s seat in a competition single-seater<\/td><td class=\"column-2\">International Journal of Vehicle Design<\/td><td class=\"column-3\">02\/03\/2011<\/td><td class=\"column-4\">Art\u00edculos SCI<\/td><td class=\"column-5\">Javier S\u00e1nchez, Miguel A. \u00c1lvarez, Nuria Flores, Jos\u00e9 M\u00aa L\u00f3pez<\/td>\n<\/tr>\n<tr class=\"row-154\">\n\t<td class=\"column-1\">Limitations of positioning systems for developing digital maps and locating vehicles according to the specifications  of future driver assistance systems<\/td><td class=\"column-2\">IET Intelligent Transport Systems<\/td><td class=\"column-3\">01\/03\/2011<\/td><td class=\"column-4\">Art\u00edculos SCI<\/td><td class=\"column-5\">Jim\u00e9nez, F., Naranjo, J. E., Garc\u00eda, F., Zato, J. G., Armingol, J. M., de la Escalera, A., Apar\u00edcio, F.<\/td>\n<\/tr>\n<tr class=\"row-155\">\n\t<td class=\"column-1\">A straight methodology to include multibody dynamics in graduate and undergraduate subjects<\/td><td class=\"column-2\">Mechanism and Machine Theory<\/td><td class=\"column-3\">11\/02\/2011<\/td><td class=\"column-4\">Art\u00edculos SCI<\/td><td class=\"column-5\">\"J. Garc\u00eda de Jal\u00f3n  A. Callejo\"<\/td>\n<\/tr>\n<tr class=\"row-156\">\n\t<td class=\"column-1\">A novel application of Tuned liquid damper integrated in tank design for reduction of sloshing forces  within road containers<\/td><td class=\"column-2\">International Journal of Heavy Vehicle Systems<\/td><td class=\"column-3\">10\/02\/2011<\/td><td class=\"column-4\">Art\u00edculos SCI<\/td><td class=\"column-5\">A. Martin*, E. Alcala and F. Aparicio<\/td>\n<\/tr>\n<tr class=\"row-157\">\n\t<td class=\"column-1\">A qualitative assessment methodology of water tanks design of firefighting trucks with regard to sloshing behaviour. Part 2 Regulation evaluations International<\/td><td class=\"column-2\">International Journal of Heavy Vehicle Systems<\/td><td class=\"column-3\">10\/02\/2011<\/td><td class=\"column-4\">Art\u00edculos SCI<\/td><td class=\"column-5\">A. Martin*, E. Alcala and F. Aparicio<\/td>\n<\/tr>\n<tr class=\"row-158\">\n\t<td class=\"column-1\">A set of canonical problems in Sloshing. Part 0: experimental setup and data Processing<\/td><td class=\"column-2\">Ocean Engineering<\/td><td class=\"column-3\">10\/02\/2011<\/td><td class=\"column-4\">Art\u00edculos SCI<\/td><td class=\"column-5\">A. Souto-Iglesias; E. Botia-Vera, A. Mart\u00ed, F. P\u00e9rez-Arribas<\/td>\n<\/tr>\n<tr class=\"row-159\">\n\t<td class=\"column-1\">Modelizan el riesgo de muerte por atropellos<\/td><td class=\"column-2\">Canal UPM Y MADRID+D<\/td><td class=\"column-3\">17\/01\/2011<\/td><td class=\"column-4\">Art\u00edculos SCI<\/td><td class=\"column-5\">Badea, A., Furones, A., Paez, F. J., Gonzalez, C.<\/td>\n<\/tr>\n<tr class=\"row-160\">\n\t<td class=\"column-1\">On road bus emissions measurement and emision factors estimation in the city of Madrid<\/td><td class=\"column-2\">Enviromental Atmospheric<\/td><td class=\"column-3\">05\/01\/2011<\/td><td class=\"column-4\">Art\u00edculos SCI<\/td><td class=\"column-5\">Jos\u00e9 Mar\u00eda L\u00f3pez y otros.<\/td>\n<\/tr>\n<tr class=\"row-161\">\n\t<td class=\"column-1\">Laser Scanner como Sistema de Detecci\u00f3n de Entornos Viales<\/td><td class=\"column-2\">Revista Iberoamericana de Autom\u00e1tica e Inform\u00e1tica Industrial<\/td><td class=\"column-3\">03\/01\/2011<\/td><td class=\"column-4\">Art\u00edculos SCI<\/td><td class=\"column-5\">Garc\u00eda, F., Jim\u00e9nez, F., Naranjo, J. E., Aparicio, F., Zato, J. G., de la Escalera, A.<\/td>\n<\/tr>\n<tr class=\"row-162\">\n\t<td class=\"column-1\">Improvements in road geometry measurement using inertial measurement systems in datalog vehicles<\/td><td class=\"column-2\">Measurement<\/td><td class=\"column-3\">03\/01\/2011<\/td><td class=\"column-4\">Art\u00edculos SCI<\/td><td class=\"column-5\">Jim\u00e9nez, F.<\/td>\n<\/tr>\n<tr class=\"row-163\">\n\t<td class=\"column-1\">Evolution of the crashworthiness and aggressivity of the Spanish car fleet.<\/td><td class=\"column-2\">Accident Analysis and Prevention<\/td><td class=\"column-3\">01\/11\/2010<\/td><td class=\"column-4\">Art\u00edculos SCI<\/td><td class=\"column-5\">\"\u00c1lvaro G\u00f3mez M\u00e9ndez, Francisco Aparicio Izquierdo y Blanca Arenas Ram\u00edrez    \"<\/td>\n<\/tr>\n<tr class=\"row-164\">\n\t<td class=\"column-1\">Rollover stability of tank trucks, test and calculation requirements based on ECE 111 regulation<\/td><td class=\"column-2\">Int. J. Heavy Vehicle Systems<\/td><td class=\"column-3\">06\/10\/2010<\/td><td class=\"column-4\">Art\u00edculos SCI<\/td><td class=\"column-5\">A. Mart\u00edn*, D. Arribas, M.T. Vicente and  F. Aparicio<\/td>\n<\/tr>\n<tr class=\"row-165\">\n\t<td class=\"column-1\">MULTIVARIATE MODELLING OF PEDESTRIAN FATALITY RISK THROUGH ON THE SPOT ACCIDENT INVESTIGATION<\/td><td class=\"column-2\">International Journal of Automotive Technology<\/td><td class=\"column-3\">01\/10\/2010<\/td><td class=\"column-4\">Art\u00edculos SCI<\/td><td class=\"column-5\">Alexandro Badea, Arturo Furones, Francisco Javier P\u00e1ez, Camino Gonz\u00e1lez<\/td>\n<\/tr>\n<tr class=\"row-166\">\n\t<td class=\"column-1\">EL IMPULSO ECON\u00d3MICO DEL COCHE EL\u00c9CTRICO.- Impacto tecnol\u00f3gico de los veh\u00edculos h\u00edbridos y el\u00e9ctricos<\/td><td class=\"column-2\">GEOECONOM\u00cdA - INSTITUTO CHOISEUL<\/td><td class=\"column-3\">01\/10\/2010<\/td><td class=\"column-4\">Art\u00edculos SCI<\/td><td class=\"column-5\">Francisco APARICIO IZQUIERDO, Jos\u00e9 Mar\u00eda L\u00d3PEZ MART\u00cdNEZ<\/td>\n<\/tr>\n<tr class=\"row-167\">\n\t<td class=\"column-1\">Educational software program for teaching modal testing<\/td><td class=\"column-2\">Computer Applications in Engineering Education<\/td><td class=\"column-3\">01\/09\/2010<\/td><td class=\"column-4\">Art\u00edculos SCI<\/td><td class=\"column-5\">Jim\u00e9nez, F. y Huerta, C.<\/td>\n<\/tr>\n<tr class=\"row-168\">\n\t<td class=\"column-1\">En portada. M\u00e1s de 1500 vidas salvadas<\/td><td class=\"column-2\">Tr\u00e1fico y Seguridad vial N\u00ba 196<\/td><td class=\"column-3\">30\/06\/2010<\/td><td class=\"column-4\">Art\u00edculos SCI<\/td><td class=\"column-5\">\"Francisco Aparicio Izquierdo, Blanca Arenas Ram\u00edrez   \"<\/td>\n<\/tr>\n<tr class=\"row-169\">\n\t<td class=\"column-1\">En portada. Velocidad: pasiones que matan<\/td><td class=\"column-2\">Tr\u00e1fico y Seguridad vial  N\u00ba 202<\/td><td class=\"column-3\">15\/06\/2010<\/td><td class=\"column-4\">Art\u00edculos SCI<\/td><td class=\"column-5\">Aparicio F, Arenas B., Mira J. M.; Jim\u00e9nez F.<\/td>\n<\/tr>\n<tr class=\"row-170\">\n\t<td class=\"column-1\">Multidisciplinary practicals in satellite navigation systems in road vehicles for subjects taught in different Engineering Schools<\/td><td class=\"column-2\">International Journal of Engineering Education. Tempus Publications.<\/td><td class=\"column-3\">01\/06\/2010<\/td><td class=\"column-4\">Art\u00edculos SCI<\/td><td class=\"column-5\">Jim\u00e9nez, F. y Naranjo, J. E.<\/td>\n<\/tr>\n<tr class=\"row-171\">\n\t<td class=\"column-1\">Medici\u00f3n de velocidad de flujo libre en la red vial espa\u00f1ola<\/td><td class=\"column-2\">En profundidad desde el Observatorio N\u00ba 21<\/td><td class=\"column-3\">03\/05\/2010<\/td><td class=\"column-4\">Art\u00edculos SCI<\/td><td class=\"column-5\"><\/td>\n<\/tr>\n<tr class=\"row-172\">\n\t<td class=\"column-1\">Quasi-induced exposure: The choice of exposure metrics<\/td><td class=\"column-2\">Accident Analysis and Prevention<\/td><td class=\"column-3\">01\/03\/2010<\/td><td class=\"column-4\">Art\u00edculos SCI<\/td><td class=\"column-5\">\u00c1lvaro G\u00f3mez M\u00e9ndez; Francisco Aparicio Izquierdo<\/td>\n<\/tr>\n<tr class=\"row-173\">\n\t<td class=\"column-1\">Design of the patient care space inside an ICU vehicle or ambulance through an optimisation model<\/td><td class=\"column-2\">International Journal of Heavy Vehicle Systems<\/td><td class=\"column-3\">10\/01\/2010<\/td><td class=\"column-4\">Art\u00edculos SCI<\/td><td class=\"column-5\">Javier S\u00e1nchez, Jos\u00e9 M\u00aa L\u00f3pez, \u00c1lvaro Garc\u00eda, Miguel Ortega<\/td>\n<\/tr>\n<tr class=\"row-174\">\n\t<td class=\"column-1\">Modelo PLE para la optimizaci\u00f3n del layout de una ambulancia<\/td><td class=\"column-2\">BMC HEALTH SERVICES RESEARCH<\/td><td class=\"column-3\">01\/12\/2009<\/td><td class=\"column-4\">Art\u00edculos SCI<\/td><td class=\"column-5\">MIGUEL ANGEL ORTEGA MIER; FRANCISCO JAVIER SANCHEZ ALEJO; ALVARO GARCIA SANCHEZ<\/td>\n<\/tr>\n<tr class=\"row-175\">\n\t<td class=\"column-1\">Development and use of vehicle dynamics simulation software as support for Road Vehicles Theory teaching<\/td><td class=\"column-2\">Computer Applications in Engineering Education<\/td><td class=\"column-3\">01\/12\/2009<\/td><td class=\"column-4\">Art\u00edculos SCI<\/td><td class=\"column-5\">Aparicio, F., Jim\u00e9nez, F. y S\u00e1nchez, J<\/td>\n<\/tr>\n<tr class=\"row-176\">\n\t<td class=\"column-1\">Integrated use of PLM and life cycle energy analysis software in teaching automobile life cycles<\/td><td class=\"column-2\">International Journal of Engineering Education<\/td><td class=\"column-3\">15\/11\/2009<\/td><td class=\"column-4\">Art\u00edculos SCI<\/td><td class=\"column-5\">Javier S\u00e1nchez, Jos\u00e9 M\u00aa L\u00f3pez, Felipe Jim\u00e9nez, Alberto Mora<\/td>\n<\/tr>\n<tr class=\"row-177\">\n\t<td class=\"column-1\">SAFETY MANAGEMENT EVALUATION IN BUS AND COACH COMPANIES<\/td><td class=\"column-2\">TRANSPORT REVIEWS.  A Transnational Transdisciplinary Journal<\/td><td class=\"column-3\">02\/11\/2009<\/td><td class=\"column-4\">Art\u00edculos SCI<\/td><td class=\"column-5\">Francisco Aparicio, Yago Colodr\u00f3an Sesseman, Juan \u00c1ngel Terr\u00f3n Alonso<\/td>\n<\/tr>\n<tr class=\"row-178\">\n\t<td class=\"column-1\">Nuevos requerimientos de precisi\u00f3n en el posicionamiento de veh\u00edculos para aplicaciones ADAS<\/td><td class=\"column-2\">Dyna Ingenier\u00eda e Industria<\/td><td class=\"column-3\">01\/10\/2009<\/td><td class=\"column-4\">Art\u00edculos SCI<\/td><td class=\"column-5\">Jim\u00e9nez, F., Naranjo, J. E.<\/td>\n<\/tr>\n<tr class=\"row-179\">\n\t<td class=\"column-1\">Principales componentes de las emisiones gaseosas y consumo de combustibles de autobuses de servicio urbano de pasajeros: Aplicaci\u00f3n a la ciudad de  Madrid, Espa\u00f1a\u0094<\/td><td class=\"column-2\">Energ\u00edas Renovables y Medio Ambiente. Asociaci\u00f3n Argentina de Energ\u00edas Renovables y Ambiente<\/td><td class=\"column-3\">01\/07\/2009<\/td><td class=\"column-4\">Art\u00edculos SCI<\/td><td class=\"column-5\">Arenas, A., Argenti, P., Robin, J., Aparicio, F., L\u00f3pez, J. M., Jim\u00e9nez, F., Flores N.<\/td>\n<\/tr>\n<tr class=\"row-180\">\n\t<td class=\"column-1\">La contribuci\u00f3n de las TIC a la sostenibilidad del transporte en Espa\u00f1a. Capitulo: El veh\u00edculo y los sistemas basados en las TIC.<\/td><td class=\"column-2\">Real Academia de Ingenier\u00eda<\/td><td class=\"column-3\">01\/06\/2009<\/td><td class=\"column-4\">Art\u00edculos SCI<\/td><td class=\"column-5\">Jim\u00e9nez, F. (coordinador), Aparicio, F., Acebr\u00f3n, F., Garc\u00eda, A., L\u00f3pez, J. L., L\u00f3pez, J., Torroja, J.<\/td>\n<\/tr>\n<tr class=\"row-181\">\n\t<td class=\"column-1\">Measurement uncertainty determination and curve fitting algorithms for development of accurate digital maps for Advanced Driver Assistance Systems<\/td><td class=\"column-2\">Transportation Research Part C: Emerging Technologies<\/td><td class=\"column-3\">01\/06\/2009<\/td><td class=\"column-4\">Art\u00edculos SCI<\/td><td class=\"column-5\">Jim\u00e9nez, F., Aparicio, F., Estrada, G<\/td>\n<\/tr>\n<tr class=\"row-182\">\n\t<td class=\"column-1\">La contribuci\u00f3n del GN a la reducci\u00f3n de emisiones a la atmosfera en Espa\u00f1a<\/td><td class=\"column-2\">1\u00aa Ed 2009. GAS NATURAL. Colaboraci\u00f3n en CAP III<\/td><td class=\"column-3\">19\/05\/2009<\/td><td class=\"column-4\">Art\u00edculos SCI<\/td><td class=\"column-5\">JOSE MARIA LOPEZ<\/td>\n<\/tr>\n<tr class=\"row-183\">\n\t<td class=\"column-1\">SAE FORMULA PROJECT FOR DEVELOPING PERSONNAL SKILLS IN AUTOMOTIVE ENGINEERS<\/td><td class=\"column-2\">International Journal Engineering Education<\/td><td class=\"column-3\">19\/05\/2009<\/td><td class=\"column-4\">Art\u00edculos SCI<\/td><td class=\"column-5\">JAVIER SANCHEZ; FRANCISCO APARICIO; MIGUEL ANGEL ALVAREZ; FELIPE JIMNENEZ<\/td>\n<\/tr>\n<tr class=\"row-184\">\n\t<td class=\"column-1\">Analytical Matlab\/Simulink model of pyrotechnical gas generators for airbags<\/td><td class=\"column-2\">International Journal of Crashworthiness<\/td><td class=\"column-3\">19\/05\/2009<\/td><td class=\"column-4\">Art\u00edculos SCI<\/td><td class=\"column-5\">Alcal\u00e1, Enrique, Mart\u00ednez, Luis, Rodr\u00edguez, Carlos Joaqu\u00edn, L\u00f3pez, Alberto and Neira, Flor<\/td>\n<\/tr>\n<tr class=\"row-185\">\n\t<td class=\"column-1\">Avances en la seguridad pasiva de los veh\u00edculos para la protecci\u00f3n de peatones<\/td><td class=\"column-2\">Dyna Ingenier\u00eda e Industria<\/td><td class=\"column-3\">01\/05\/2009<\/td><td class=\"column-4\">Art\u00edculos SCI<\/td><td class=\"column-5\">Francisco Javier P\u00e1ez Ayuso, Manuel S\u00e1nchez Sanz, Fco. Javier S\u00e1nchez Alejo, Francisco Aparicio Izquierdo<\/td>\n<\/tr>\n<tr class=\"row-186\">\n\t<td class=\"column-1\">Comparison of GHG emissions from diesel, biodiesel and natural gas refuse trucks<\/td><td class=\"column-2\">Applied Energy<\/td><td class=\"column-3\">01\/05\/2009<\/td><td class=\"column-4\">Art\u00edculos SCI<\/td><td class=\"column-5\">Jos\u00e9 Ma L\u00f3pez *, \u00c1lvaro G\u00f3mez, Francisco Aparicio, Fco. Javier S\u00e1nchez<\/td>\n<\/tr>\n<tr class=\"row-187\">\n\t<td class=\"column-1\">GPS and inertial systems for high precision positioning on motorways<\/td><td class=\"column-2\">The Journal of Navigation<\/td><td class=\"column-3\">01\/03\/2009<\/td><td class=\"column-4\">Art\u00edculos SCI<\/td><td class=\"column-5\">Jose Eugenio Naranjo, Felipe Jim\u00e9nez, Francisco Aparicio, Jose Zato<\/td>\n<\/tr>\n<tr class=\"row-188\">\n\t<td class=\"column-1\">Comparaci\u00f3n de tecnolog\u00edas para la reducci\u00f3n de emisiones contaminantes en autobuses urbanos<\/td><td class=\"column-2\">Dyna Ingenier\u00eda e Industria<\/td><td class=\"column-3\">16\/02\/2009<\/td><td class=\"column-4\">Art\u00edculos SCI<\/td><td class=\"column-5\">Jim\u00e9nez, F., L\u00f3pez, J. M., Aparicio, F. y Flores, N.<\/td>\n<\/tr>\n<tr class=\"row-189\">\n\t<td class=\"column-1\">Transici\u00f3n de docencia presencial a no presencial o semipresencial en un escenario heterog\u00e9neo.<\/td><td class=\"column-2\">Revista de Educaci\u00f3n a Distancia<\/td><td class=\"column-3\">15\/01\/2009<\/td><td class=\"column-4\">Art\u00edculos SCI<\/td><td class=\"column-5\">FELIPE JIMENEZ ALONSO; CONSUELO FERNANDEZ JIMENEZ;<\/td>\n<\/tr>\n<tr class=\"row-190\">\n\t<td class=\"column-1\">On-road emissions from urban buses with SCR + Urea and EGR + DPF systems using diesel and biodiesel<\/td><td class=\"column-2\">Transportation Research Part D<\/td><td class=\"column-3\">01\/01\/2009<\/td><td class=\"column-4\">Art\u00edculos SCI<\/td><td class=\"column-5\">Jos\u00e9 Mar\u00eda L\u00f3pez *, Felipe Jim\u00e9nez, Francisco Aparicio, Nuria Flores<\/td>\n<\/tr>\n<tr class=\"row-191\">\n\t<td class=\"column-1\">The in?uence of heavy goods vehicle traf?c on accidents on different types of Spanish interurban roads<\/td><td class=\"column-2\">Accident Analysis and Prevention<\/td><td class=\"column-3\">01\/01\/2009<\/td><td class=\"column-4\">Art\u00edculos SCI<\/td><td class=\"column-5\">B. Arenas  Ram\u00edrez; F.  Aparicio Izquierdo; C. Gonz\u00e1lez Fern\u00e1ndez; A. G\u00f3mez M\u00e9ndez<\/td>\n<\/tr>\n<tr class=\"row-192\">\n\t<td class=\"column-1\">El lanzamiento de nuevos productos. Rentabilidad, competencia y patentes<\/td><td class=\"column-2\">REVISTA  DYNA<\/td><td class=\"column-3\">28\/11\/2008<\/td><td class=\"column-4\">Art\u00edculos SCI<\/td><td class=\"column-5\">Javier S\u00e1nchez Alejo; Jos\u00e9 M\u00aa L\u00f3pez Mart\u00ednez; Pablo Solana P\u00e9rez; Jorge Maldonado Alonso<\/td>\n<\/tr>\n<tr class=\"row-193\">\n\t<td class=\"column-1\">Estudio del comportamiento de neum\u00e1ticos recauchutados bajo condiciones estables de carga-velocidad en banco de pruebas<\/td><td class=\"column-2\">REVISTA  DYNA<\/td><td class=\"column-3\">06\/09\/2008<\/td><td class=\"column-4\">Art\u00edculos SCI<\/td><td class=\"column-5\">Jos\u00e9 M\u00aa L\u00f3pez Mart\u00ednez; Javier P\u00e1ez Ayuso; Javier S\u00e1nchez Alejo; Adolfo D\u00edaz-Carrasco Fern\u00e1ndez<\/td>\n<\/tr>\n<tr class=\"row-194\">\n\t<td class=\"column-1\">Dise\u00f1o interior del habit\u00e1culo asistencial de una UVI M\u00d3VIL, usando t\u00e9cnicas de optimizaci\u00f3n basadas en programaci\u00f3n lineal<\/td><td class=\"column-2\">REVISTA  DYNA<\/td><td class=\"column-3\">03\/09\/2008<\/td><td class=\"column-4\">Art\u00edculos SCI<\/td><td class=\"column-5\">Jos\u00e9 M\u00aa L\u00f3pez Mart\u00ednez; Javier P\u00e1ez Ayuso; Javier S\u00e1nchez Alejo; Adolfo D\u00edaz-Carrasco Fern\u00e1ndez<\/td>\n<\/tr>\n<tr class=\"row-195\">\n\t<td class=\"column-1\">Evaluation of in-vehicle dynamic speed assistance in Spain: algorithm and driver behaviour<\/td><td class=\"column-2\">IET Intelligent Transport Systems<\/td><td class=\"column-3\">02\/06\/2008<\/td><td class=\"column-4\">Art\u00edculos SCI<\/td><td class=\"column-5\">Jim\u00e9nez, F.; Aparicio, F.; P\u00e1ez, F. J.<\/td>\n<\/tr>\n<tr class=\"row-196\">\n\t<td class=\"column-1\">El futuro Espacio Ferroviario Europeo Integrado<\/td><td class=\"column-2\">Bolet\u00edn Informativo de la Asociaci\u00f3n de Ingenieros Industriales de Madrid<\/td><td class=\"column-3\">01\/05\/2008<\/td><td class=\"column-4\">Art\u00edculos SCI<\/td><td class=\"column-5\">Francisco Javier P\u00e1ez Ayuso; Francisco Aparicio Izquierdo<\/td>\n<\/tr>\n<tr class=\"row-197\">\n\t<td class=\"column-1\">A methodology for the choice of the initial conditions in the model updating of welded joints using the fuzzy finite element method<\/td><td class=\"column-2\">Computers &amp; Structures<\/td><td class=\"column-3\">01\/10\/2007<\/td><td class=\"column-4\">Art\u00edculos SCI<\/td><td class=\"column-5\">O. Ait-Salem Duque , A.R. Senin , A. Stenti , M. De Munck, F. Aparicio<\/td>\n<\/tr>\n<tr class=\"row-198\">\n\t<td class=\"column-1\">Twenty-five Years of Natural Coordinates<\/td><td class=\"column-2\">Multibody System Dynamics<\/td><td class=\"column-3\">01\/05\/2007<\/td><td class=\"column-4\">Art\u00edculos SCI<\/td><td class=\"column-5\">J. Garc\u00eda de Jal\u00f3n<\/td>\n<\/tr>\n<tr class=\"row-199\">\n\t<td class=\"column-1\">\u0093Theoretical and experimental analysis to determine the influence of the aging process of the shock-absorber on safety\u0094<\/td><td class=\"column-2\">International Journal of Vehicle Design<\/td><td class=\"column-3\">01\/11\/2006<\/td><td class=\"column-4\">Art\u00edculos SCI<\/td><td class=\"column-5\">Garc\u00eda, A., Jim\u00e9nez, F., P\u00e1ez, J. y Narv\u00e1ez, A<\/td>\n<\/tr>\n<tr class=\"row-200\">\n\t<td class=\"column-1\">Experimental evaluation of the wheelchair occupant protection under different impact conditions using commercial wheelchairs\u0094<\/td><td class=\"column-2\">Internacional Journal  of Crashworthiness.<\/td><td class=\"column-3\">01\/09\/2006<\/td><td class=\"column-4\">Art\u00edculos SCI<\/td><td class=\"column-5\">Rodr\u00edguez Sen\u00edn, A; Mart\u00ednez S\u00e1ez, L; Vicente Corral, T;<\/td>\n<\/tr>\n<tr class=\"row-201\">\n\t<td class=\"column-1\">\"\"\"Analysis of the driver's workplace in coaches related to passive safety\"\"\"<\/td><td class=\"column-2\">Internacional Journal of Vehicle Design<\/td><td class=\"column-3\">01\/05\/2006<\/td><td class=\"column-4\">Art\u00edculos SCI<\/td><td class=\"column-5\">Garc\u00eda, A; Mart\u00edn, A; P\u00e1ez, J.<\/td>\n<\/tr>\n<tr class=\"row-202\">\n\t<td class=\"column-1\">Impact of the use of safety belts on the structural requirements under rollover of coaches\u0094<\/td><td class=\"column-2\">Internacional Journal of Heavy vehicle systems<\/td><td class=\"column-3\">01\/03\/2006<\/td><td class=\"column-4\">Art\u00edculos SCI<\/td><td class=\"column-5\">Garc\u00eda Gracia, A; Vicente Corral, T; S\u00e1nchez Lozano, M:<\/td>\n<\/tr>\n<tr class=\"row-203\">\n\t<td class=\"column-1\">Driver responsibility assessment for quasi-induced exposure methods<\/td><td class=\"column-2\">Accident Analysis and Prevention<\/td><td class=\"column-3\"><\/td><td class=\"column-4\">Art\u00edculos SCI<\/td><td class=\"column-5\">Almudena Sanjurjo-de-No, Blanca Arenas-Ram\u00edrez, Jos\u00e9 Manuel Mira-McWilliams, Arturo Furones Crespo, Javier P\u00e1ez Ayuso, Francisco Aparicio-Izquierdo<\/td>\n<\/tr>\n<tr class=\"row-204\">\n\t<td class=\"column-1\">Analysis of traffic accidents in Ecuador involving long-distance buses<\/td><td class=\"column-2\">Journal of Environmental Research and Public Health.. Special Issue: Traffic Accident Control and Prevention<\/td><td class=\"column-3\"><\/td><td class=\"column-4\">Art\u00edculos SCI<\/td><td class=\"column-5\">Fabricio Espinoza*, Pa\u00fal Narvaez, Blanca Arenas, Jos\u00e9 Caraguay, Bryan Yanza, Francisco Aparicio<\/td>\n<\/tr>\n<tr class=\"row-205\">\n\t<td class=\"column-1\">Analysis of City Buses Seats Safety with Q Family Dummies<\/td><td class=\"column-2\">SIMPOSIO SEGVAUTO-TRIES-CM<\/td><td class=\"column-3\">17\/11\/2016<\/td><td class=\"column-4\">Otras publicaciones<\/td><td class=\"column-5\">Mart\u00ednez Luis; Garc\u00eda Antonio; Espantale\u00f3n Manuel; Vill\u00e9n Antonio<\/td>\n<\/tr>\n<tr class=\"row-206\">\n\t<td class=\"column-1\">THERMOPLASTIC BATTERY RACK CRASHWORTHINESS<\/td><td class=\"column-2\">SIMPOSIO SEGVAUTO-TRIES-CM<\/td><td class=\"column-3\">17\/11\/2016<\/td><td class=\"column-4\">Otras publicaciones<\/td><td class=\"column-5\">Mart\u00ednez Luis; Rivera Javier; Espantale\u00f3n Manuel; Garc\u00eda Antonio<\/td>\n<\/tr>\n<tr class=\"row-207\">\n\t<td class=\"column-1\">Finite element crash dummy models for train vehicles interior safety<\/td><td class=\"column-2\">SIMPOSIO SEGVAUTO-TRIES-CM<\/td><td class=\"column-3\">17\/11\/2016<\/td><td class=\"column-4\">Otras publicaciones<\/td><td class=\"column-5\">Mart\u00ednez Luis; Pel\u00e1ez Raquel; G\u00f3mez-Elvira Virginia; Garc\u00eda Antonio;  Ar\u00e9valo Diego<\/td>\n<\/tr>\n<tr class=\"row-208\">\n\t<td class=\"column-1\">1. Covariates selection for predicting collision and run-off crashes in Spanish interurban network using tree-based models<\/td><td class=\"column-2\">SIMPOSIO SEGVAUTO-TRIES-CM<\/td><td class=\"column-3\">17\/11\/2016<\/td><td class=\"column-4\">Otras publicaciones<\/td><td class=\"column-5\">\"Camino Gonzalez Fern\u00e1ndez (1),  Blanca Arenas Ram\u00edrez*,  (1) Laboratorio de Estad\u00edstica. ETSI Industriales, * Instituto Universitario de Investigaci\u00f3n del Autom\u00f3vil. Universidad Polit\u00e9cnica de Madrid (INSIA - UPM, Espa\u00f1a)  \"<\/td>\n<\/tr>\n<tr class=\"row-209\">\n\t<td class=\"column-1\">3. An estimation of the mobility of vehicles of the spanish fleet, from Periodic Motor Vehicle Inspection data by Decision Trees techniques<\/td><td class=\"column-2\">SIMPOSIO SEGVAUTO-TRIES-CM<\/td><td class=\"column-3\">17\/11\/2016<\/td><td class=\"column-4\">Otras publicaciones<\/td><td class=\"column-5\">Blanca Arenas Ram\u00edrez*,  Jos\u00e9 Mira McWilliams*, Francisco Javier P\u00e1ez Ayuso*, Arturo Furones Crespo*, Francisco Aparicio Izquierdo*.   * Instituto Universitario de Investigaci\u00f3n del Autom\u00f3vil. Universidad Polit\u00e9cnica de Madrid (INSIA - UPM, Espa\u00f1a)<\/td>\n<\/tr>\n<tr class=\"row-210\">\n\t<td class=\"column-1\">2. Applying decision trees and logistic regression for the analysis of the dependence of severity of crash collisions on concomitant factors<\/td><td class=\"column-2\">SIMPOSIO SEGVAUTO-TRIES-CM<\/td><td class=\"column-3\">17\/11\/2016<\/td><td class=\"column-4\">Otras publicaciones<\/td><td class=\"column-5\">Bahar Dadashova(#) , Karen Dixon(#), Blanca Arenas Ram\u00edrez*,  Jos\u00e9 Mira McWilliams*, Francisco Aparicio Izquierdo*. (#) Texas Transportation Institute (TTI, United States), * Instituto Universitario de Investigaci\u00f3n del Autom\u00f3vil. Universidad Polit\u00e9cnica<\/td>\n<\/tr>\n<tr class=\"row-211\">\n\t<td class=\"column-1\">Adapted Dummies to Analyse Passive Safety of People Affected by Osteogenesis Imperfecta<\/td><td class=\"column-2\">SIMPOSIO SEGVAUTO-TRIES-CM<\/td><td class=\"column-3\">17\/11\/2016<\/td><td class=\"column-4\">Otras publicaciones<\/td><td class=\"column-5\">de Loma-Ossorio Marta; Garc\u00eda Antonio; Espantale\u00f3n Manuel; Mart\u00ednez Luis<\/td>\n<\/tr>\n<tr class=\"row-212\">\n\t<td class=\"column-1\">Conocer el riesgo a partir de los  datos de las ITV<\/td><td class=\"column-2\">Tr\u00e1fico y Seguridad Vial N\u00ba 242<\/td><td class=\"column-3\">16\/11\/2017<\/td><td class=\"column-4\">Otras publicaciones<\/td><td class=\"column-5\">Blanca Arenas-Ram\u00edrez, Jos\u00e9 M. Mira-McWilliams, Francisco Aparicio-Izquierdo, Arturo Furones-Crespo, Javier P\u00e1ez Ayuso<\/td>\n<\/tr>\n<tr class=\"row-213\">\n\t<td class=\"column-1\">AUTOM\u00d3VIL Y MOVILIDAD HUMANA<\/td><td class=\"column-2\">ASEPA<\/td><td class=\"column-3\">15\/09\/2017<\/td><td class=\"column-4\">Otras publicaciones<\/td><td class=\"column-5\">Francisco Aparicio<\/td>\n<\/tr>\n<tr class=\"row-214\">\n\t<td class=\"column-1\">Un sistema mide las emisiones los autobuses urbanos a bordo<\/td><td class=\"column-2\">Canal UPM<\/td><td class=\"column-3\">15\/09\/2017<\/td><td class=\"column-4\">Otras publicaciones<\/td><td class=\"column-5\">Jos\u00e9 M. L\u00f3pez, Felipe Jim\u00e9nez, Francisco Javier P\u00e1ez, M. Nuria Flores, Blanca Arenas, Ang\u00e9lica N. Arenas, Francisco Aparicio<\/td>\n<\/tr>\n<tr class=\"row-215\">\n\t<td class=\"column-1\">Ellas + despistadas. ellos + arriesgados<\/td><td class=\"column-2\">Tr\u00e1fico y Seguridad vial  N\u00ba 241<\/td><td class=\"column-3\">13\/07\/2017<\/td><td class=\"column-4\">Otras publicaciones<\/td><td class=\"column-5\">Blanca Arenas Ramirez<\/td>\n<\/tr>\n<tr class=\"row-216\">\n\t<td class=\"column-1\">Las mujeres, conductoras m\u00e1s seguras al volante<\/td><td class=\"column-2\">Escuela Industriales-UPM<\/td><td class=\"column-3\">06\/06\/2017<\/td><td class=\"column-4\">Otras publicaciones<\/td><td class=\"column-5\">Blanca Arenas Ram\u00edrez<\/td>\n<\/tr>\n<tr class=\"row-217\">\n\t<td class=\"column-1\">MUJERES CONDUCTORAS EN ESPA\u00d1A. Implicaci\u00f3n en accidentes de tr\u00e1fico y comparaci\u00f3n con los conductores varones<\/td><td class=\"column-2\">Jornadas de presentaci\u00f3n de trabajos de Investigaci\u00f3n<\/td><td class=\"column-3\">29\/05\/2017<\/td><td class=\"column-4\">Otras publicaciones<\/td><td class=\"column-5\">Francisco Aparicio Izquierdo, Blanca Arenas Ram\u00edrez, Jos\u00e9 Manuel Mira McWilliams, Javier P\u00e1ez Ayuso , Arturo Furones Crespo<\/td>\n<\/tr>\n<tr class=\"row-218\">\n\t<td class=\"column-1\">DESARROLLO DE UNA METODOLOG\u00cdA PARA LA ESTIMACI\u00d3N DE LA MOVILIDAD ANUAL DEL PARQUE ESPA\u00d1OL DE AUTOBUSES ARTICULADOS<\/td><td class=\"column-2\">6\u00ba Encuentro con Investigadores Nacionales de Tr\u00e1fico, Movilidad y Seguridad Vial<\/td><td class=\"column-3\">18\/05\/2016<\/td><td class=\"column-4\">Otras publicaciones<\/td><td class=\"column-5\">Blanca Arenas, Jos\u00e9 Manuel Mira, Francisco Aparicio<\/td>\n<\/tr>\n<\/tbody>\n<\/table>\n<!-- #tablepress-3 from cache --><!-- &#091;et_pb_line_break_holder&#093; --><\/pee> <!-- &#091;et_pb_line_break_holder&#093; --><\/div>[\/et_pb_code][et_pb_code _builder_version=\u00bb4.16&#8243; _module_preset=\u00bbdefault\u00bb text_orientation=\u00bbcenter\u00bb global_colors_info=\u00bb{}\u00bb]<h3 class=\"collapseomatic \" id=\"id69f2c01c104aa\"  tabindex=\"0\" title=\"Congresos\"    >Congresos<\/h3><div id=\"target-id69f2c01c104aa\" class=\"collapseomatic_content \"><pee><!-- &#091;et_pb_line_break_holder&#093; -->\n<table id=\"tablepress-4\" class=\"tablepress tablepress-id-4\">\n<thead>\n<tr class=\"row-1\">\n\t<th class=\"column-1\">CONGRESO<\/th><th class=\"column-2\">Fecha<\/th><th class=\"column-3\">Tipo publicaci\u00f3n<\/th><th class=\"column-4\">Autores<\/th>\n<\/tr>\n<\/thead>\n<tbody class=\"row-striping row-hover\">\n<tr class=\"row-2\">\n\t<td class=\"column-1\">XIII Congreso de Ingenier\u00eda del Transporte (CIT2018)<\/td><td class=\"column-2\">30\/06\/2018<\/td><td class=\"column-3\">Ponencia congreso nacional<\/td><td class=\"column-4\">Blanca Arenas Ram\u00edrez, Jos\u00e9 Manuel Mira McWilliams, Arturo Furones Crespo, Javier P\u00e1ez Ayuso, Almudena Sanjurjo de No, Francisco Aparicio Izquierdo<\/td>\n<\/tr>\n<tr class=\"row-3\">\n\t<td class=\"column-1\">XIII Congreso de Ingenier\u00eda del Transporte (CIT2018)<\/td><td class=\"column-2\">30\/06\/2018<\/td><td class=\"column-3\">Ponencia congreso nacional<\/td><td class=\"column-4\">Almudena Sanjurjo de No, Blanca Arenas-Ram\u00edrez, Jos\u00e9 M. Mira-McWilliams, Francisco Aparicio-Izquierdo<\/td>\n<\/tr>\n<tr class=\"row-4\">\n\t<td class=\"column-1\">XIII Congreso de Ingenier\u00eda del Transporte (CIT2018)<\/td><td class=\"column-2\">30\/06\/2018<\/td><td class=\"column-3\">Ponencia congreso nacional<\/td><td class=\"column-4\">Eduardo Donnet, Alejandro Luy, Juan Francisco Jaurena, Roc\u00edo Magdalena, Blanca Arenas Ram\u00edrez, Francisco Aparicio Izquierdo<\/td>\n<\/tr>\n<tr class=\"row-5\">\n\t<td class=\"column-1\">Congreso de Ingenier\u00eda del Transporte (CIT2018)<\/td><td class=\"column-2\">30\/06\/2018<\/td><td class=\"column-3\">Ponencia congreso nacional<\/td><td class=\"column-4\">Fabricio Espinoza Molina, Paul Narv\u00e1ez Villa, Blanca Arenas Ram\u00edrez, Francisco Aparicio Izquierdo<\/td>\n<\/tr>\n<tr class=\"row-6\">\n\t<td class=\"column-1\">XIII Congreso de Ingenier\u00eda del Transporte (CIT2018)<\/td><td class=\"column-2\">30\/06\/2018<\/td><td class=\"column-3\">Ponencia congreso nacional<\/td><td class=\"column-4\">Ang\u00e9lica N. Arenas, Juan Robin, Ivan Rodr\u00edguez, Rub\u00e9n Tarcaya, Blanca Arenas Ram\u00edrez, Francisco Aparicio Izquierdo<\/td>\n<\/tr>\n<tr class=\"row-7\">\n\t<td class=\"column-1\">XIII Congreso de Ingenier\u00eda del Transporte (CIT2018)<\/td><td class=\"column-2\">30\/06\/2018<\/td><td class=\"column-3\">Ponencia congreso nacional<\/td><td class=\"column-4\">Giovani Pillajo, Blanca Arenas-Ram\u00edrez, Francisco Aparicio-Izquierdo<\/td>\n<\/tr>\n<tr class=\"row-8\">\n\t<td class=\"column-1\">International Research Summer School on Statistics for Data Science (S4D)<\/td><td class=\"column-2\">25\/05\/2018<\/td><td class=\"column-3\">Ponencia congreso internacional<\/td><td class=\"column-4\">Almudena Sanjurjo de No, Blanca Arenas-Ram\u00edrez, Jos\u00e9 M. Mira-McWilliams, Francisco Aparicio-Izquierdo<\/td>\n<\/tr>\n<tr class=\"row-9\">\n\t<td class=\"column-1\">TRB 2018. ID. 18-01932<\/td><td class=\"column-2\">10\/01\/2018<\/td><td class=\"column-3\">Ponencia Congreso Internacional<\/td><td class=\"column-4\">Almudena Sanjurjo de No, Blanca Arenas Ram\u00edrez, Jos\u00e9 Manuel Mira, Francisco Aparicio Izquierdo,  Arturo Furones Crespo, \u00d3scar Garrido Agenjo<\/td>\n<\/tr>\n<tr class=\"row-10\">\n\t<td class=\"column-1\">XIII-CIBIM. Lisboa<\/td><td class=\"column-2\">23\/10\/2017<\/td><td class=\"column-3\">Ponencia Congreso Internacional<\/td><td class=\"column-4\">Jorge Ruiz Porro, Gema Cereceda, Jos\u00e9 M. Mira McWilliams, Blanca Arenas Ram\u00edrez, Francisco Aparicio Izquierdo<\/td>\n<\/tr>\n<tr class=\"row-11\">\n\t<td class=\"column-1\">XIII-CIBIM. Lisboa<\/td><td class=\"column-2\">23\/10\/2017<\/td><td class=\"column-3\">Ponencia Congreso Internacional<\/td><td class=\"column-4\">V\u00edctor Pita Gonz\u00e1lez-Campos, Jos\u00e9 M. Mira McWilliams, Blanca Arenas Ram\u00edrez, Francisco Aparicio Izquierdo<\/td>\n<\/tr>\n<tr class=\"row-12\">\n\t<td class=\"column-1\">XXI CONGRESO NACIONAL DE INGENIER\u00cdA MEC\u00c1NICA<\/td><td class=\"column-2\">09\/11\/2016<\/td><td class=\"column-3\">Ponencia Congreso Nacional<\/td><td class=\"column-4\">\"Luis Mart\u00ednez S\u00e1ez; Marta de Loma-Ossorio Garc\u00eda; Antonio Garc\u00eda \u00c1lvarez; Manuel Espantale\u00f3n Ruiz; Christopher Rene Torres   San Miguel\"<\/td>\n<\/tr>\n<tr class=\"row-13\">\n\t<td class=\"column-1\">XXI CONGRESO NACIONAL DE INGENIER\u00cdA MEC\u00c1NICA<\/td><td class=\"column-2\">09\/11\/2016<\/td><td class=\"column-3\">Ponencia Congreso Nacional<\/td><td class=\"column-4\">Luis Mart\u00ednez S\u00e1ez; Raquel Pel\u00e1ez Bravo; Virginia G\u00f3mez-Elvira L\u00f3pez; Antonio Garc\u00eda \u00c1lvarez<\/td>\n<\/tr>\n<tr class=\"row-14\">\n\t<td class=\"column-1\">XXI CONGRESO NACIONAL DE INGENIER\u00cdA MEC\u00c1NICA<\/td><td class=\"column-2\">09\/11\/2016<\/td><td class=\"column-3\">Ponencia Congreso Nacional<\/td><td class=\"column-4\">Luis Mart\u00ednez S\u00e1ez; Javier Rivera Hoyos; Manuel Espantale\u00f3n Ruiz; Antonio Garc\u00eda \u00c1lvarez<\/td>\n<\/tr>\n<tr class=\"row-15\">\n\t<td class=\"column-1\">XXI CONGRESO NACIONAL DE INGENIER\u00cdA MEC\u00c1NICA<\/td><td class=\"column-2\">09\/11\/2016<\/td><td class=\"column-3\">Ponencia Congreso Nacional<\/td><td class=\"column-4\">Luis Mart\u00ednez S\u00e1ez; Antonio Garc\u00eda \u00c1lvarez; Manuel Espantale\u00f3n Ruiz; Enrique Alcal\u00e1 Fazio<\/td>\n<\/tr>\n<tr class=\"row-16\">\n\t<td class=\"column-1\">VI Reuni\u00f3n del Cap\u00edtulo Espa\u00f1ol de la Sociedad Europea de Biomec\u00e1nica<\/td><td class=\"column-2\">06\/10\/2016<\/td><td class=\"column-3\">Ponencia Congreso Nacional<\/td><td class=\"column-4\">de Loma-Ossorio Marta; Espantale\u00f3n Manuel; Larra\u00f1eta Rafael; Torres Christopher Rene; Mart\u00ednez Luis<\/td>\n<\/tr>\n<tr class=\"row-17\">\n\t<td class=\"column-1\">FISITA 2016<\/td><td class=\"column-2\">28\/09\/2016<\/td><td class=\"column-3\">Ponencia Congreso Internacional<\/td><td class=\"column-4\">P\u00e1ez, Francisco Javier; S\u00e1nchez, Samuel; Furones, Arturo; Mart\u00ednez, Francisco<\/td>\n<\/tr>\n<tr class=\"row-18\">\n\t<td class=\"column-1\">FISITA WORLD AUTOMOTIVE CONGRESS<\/td><td class=\"column-2\">26\/09\/2016<\/td><td class=\"column-3\">Ponencia Congreso Internacional<\/td><td class=\"column-4\">\"Enrique Alcal\u00e1   David Rinc\u00f3n  Arturo Furones  Angel Mart\u00edn\"<\/td>\n<\/tr>\n<tr class=\"row-19\">\n\t<td class=\"column-1\">2016 International IRCOBI Conference on THE BIOMECHANICS OF INJURY<\/td><td class=\"column-2\">14\/09\/2016<\/td><td class=\"column-3\">Ponencia Congreso Internacional<\/td><td class=\"column-4\">Mart\u00ednez Luis; Reed Matheu; Garc\u00eda Antonio; de Loma-Ossorio Marta; Torres CHristopher; Bueno Ana<\/td>\n<\/tr>\n<tr class=\"row-20\">\n\t<td class=\"column-1\">TRB 2017<\/td><td class=\"column-2\">01\/08\/2016<\/td><td class=\"column-3\">Ponencia Congreso Internacional<\/td><td class=\"column-4\">Dadashova Bahar, Arenas Ram\u00edrez Blanca, Gonz\u00e1lez Fern\u00e1ndez Camino, Aparicio Izquierdo Francisco<\/td>\n<\/tr>\n<tr class=\"row-21\">\n\t<td class=\"column-1\">TRB 2017<\/td><td class=\"column-2\">01\/08\/2016<\/td><td class=\"column-3\">Ponencia Congreso Internacional<\/td><td class=\"column-4\">Dadashova Bahar, Arenas Ram\u00edrez Blanca, Mira Mc Williams Jos\u00e9 M, Aparicio Izquierdo Francisco<\/td>\n<\/tr>\n<tr class=\"row-22\">\n\t<td class=\"column-1\">10th International Conference on Computational and Financial Econometrics (CFE 2016) &amp; 9th International Conference of the ERCIM WG on Computational and Methodological Statistics (CMStatistics 2016),<\/td><td class=\"column-2\">30\/07\/2016<\/td><td class=\"column-3\">Ponencia Congreso Internacional<\/td><td class=\"column-4\">\"Bahar Dadashova(#) , Karen Dixon(#), Blanca Arenas Ram\u00edrez*,  Jos\u00e9 Mira McWilliams*, Francisco Aparicio Izquierdo*. (#) Texas Transportation Institute (TTI, United States), * Instituto Universitario de Investigaci\u00f3n del Autom\u00f3vil. Universidad Polit\u00e9cnica<\/td>\n<\/tr>\n<tr class=\"row-23\">\n\t<td class=\"column-1\">CIT 2016<\/td><td class=\"column-2\">07\/07\/2016<\/td><td class=\"column-3\">Ponencia Congreso Nacional<\/td><td class=\"column-4\">Enrique Alcal\u00e1 Fazio, Nuria Alvarez Fern\u00e1ndez<\/td>\n<\/tr>\n<tr class=\"row-24\">\n\t<td class=\"column-1\">CIT 2016<\/td><td class=\"column-2\">07\/07\/2016<\/td><td class=\"column-3\">Ponencia Congreso Nacional<\/td><td class=\"column-4\">\"Beatriz Valles Fernandez   \u00c1ngel Luis Martin L\u00f3pez  Enrique Alcal\u00e1 Fazio \"<\/td>\n<\/tr>\n<tr class=\"row-25\">\n\t<td class=\"column-1\">Congreso de Ingenier\u00eda del Transporte CIT 2016<\/td><td class=\"column-2\">08\/06\/2016<\/td><td class=\"column-3\">Ponencia Congreso Nacional<\/td><td class=\"column-4\">\"Francisco Mart\u00ednez, Javier P\u00e1ez, Arturo Furones, Samuel S\u00e1nchez   \"<\/td>\n<\/tr>\n<tr class=\"row-26\">\n\t<td class=\"column-1\">Trnsportation Research Arena 2016<\/td><td class=\"column-2\">19\/04\/2016<\/td><td class=\"column-3\">Ponencia Congreso Internacional<\/td><td class=\"column-4\">Mart\u00ednez Luis; Garc\u00eda Antonio.<\/td>\n<\/tr>\n<tr class=\"row-27\">\n\t<td class=\"column-1\">ESPA\u00d1A 2006-2015. LA D\u00c9CADA  PRODIGIOSA DE LA SEGURIDAD VIAL<\/td><td class=\"column-2\">03\/02\/2016<\/td><td class=\"column-3\">Ponencia Congreso Nacional<\/td><td class=\"column-4\">Mart\u00ednez Luis<\/td>\n<\/tr>\n<tr class=\"row-28\">\n\t<td class=\"column-1\">CIT 2016. XII Congreso de Ingenier\u00eda del Transporte<\/td><td class=\"column-2\">12\/10\/2015<\/td><td class=\"column-3\">Ponencia Congreso Nacional<\/td><td class=\"column-4\">Dadashova Bahar,  Arenas Ram\u00edrez Blanca , Gonz\u00e1lez Fern\u00e1ndez Camino, Aparicio Izquierdo Francisco<\/td>\n<\/tr>\n<tr class=\"row-29\">\n\t<td class=\"column-1\">CIT 2016. XII Congreso de Ingenier\u00eda del Transporte<\/td><td class=\"column-2\">12\/10\/2015<\/td><td class=\"column-3\">Ponencia Congreso Nacional<\/td><td class=\"column-4\">Ruiz Porro Jorge,  Mira Mc Williams Jose M., Arenas Ram\u00edrez Blanca , L\u00f3pez Mart\u00ednez Jos\u00e9 M. , Aparicio Izquierdo Francisco<\/td>\n<\/tr>\n<tr class=\"row-30\">\n\t<td class=\"column-1\">CIT 2016. XII Congreso de Ingenier\u00eda del Transporte<\/td><td class=\"column-2\">12\/10\/2015<\/td><td class=\"column-3\">Ponencia Congreso Nacional<\/td><td class=\"column-4\">Mira Mc Williams Jose M., Arenas Ramirez Blanca, Gonz\u00e1lez Fern\u00e1ndez Camino, Furones Crespo Arturo, P\u00e1ez Ayuso  Javier,  Aparicio Izquierdo Francisco<\/td>\n<\/tr>\n<tr class=\"row-31\">\n\t<td class=\"column-1\">CIT 2016. XII Congreso de Ingenier\u00eda del Transporte<\/td><td class=\"column-2\">10\/10\/2015<\/td><td class=\"column-3\">Ponencia Congreso Nacional<\/td><td class=\"column-4\">Espinoza Fabricio, Arenas Ram\u00edrez Blanca, Aparicio Izquierdo Francisco<\/td>\n<\/tr>\n<tr class=\"row-32\">\n\t<td class=\"column-1\">22nd World Congress and Exhibition on Intelligent Transport Systems and Services.<\/td><td class=\"column-2\">05\/10\/2015<\/td><td class=\"column-3\">Ponencia Congreso Internacional<\/td><td class=\"column-4\">Jim\u00e9nez, F., Amarillo, J. C., Serradilla, F., Naranjo, J. E., G\u00f3mez, O., D\u00edaz, A.<\/td>\n<\/tr>\n<tr class=\"row-33\">\n\t<td class=\"column-1\">18th International IEEE Conference on Intelligent Transportation Systems - ITSC 2015<\/td><td class=\"column-2\">15\/09\/2015<\/td><td class=\"column-3\">Ponencia Congreso Internacional<\/td><td class=\"column-4\">Jim\u00e9nez, F., Amarillo, J. C., Naranjo, J. E., Serradilla, F., D\u00edaz, A.<\/td>\n<\/tr>\n<tr class=\"row-34\">\n\t<td class=\"column-1\">18th International IEEE Conference on Intelligent Transportation Systems - ITSC 2015<\/td><td class=\"column-2\">15\/09\/2015<\/td><td class=\"column-3\">Ponencia Congreso Internacional<\/td><td class=\"column-4\">Anaya, J. J., Talavera, E., Gim\u00e9nez, D., G\u00f3mez, N., Jim\u00e9nez. F., Naranjo, J. E.<\/td>\n<\/tr>\n<tr class=\"row-35\">\n\t<td class=\"column-1\">XII CIBIM 2015.  Congreso Iberoamericano de Ingenier\u00eda Mec\u00e1nica<\/td><td class=\"column-2\">09\/09\/2015<\/td><td class=\"column-3\">Ponencia Congreso Internacional<\/td><td class=\"column-4\">\"Blanca Arenas-Ram\u00edrez   Carmen Garc\u00eda  Miguel Angel Alvarez  Francisco Javier P\u00e1ez  Francisco Aparicio-Izquierdo\"<\/td>\n<\/tr>\n<tr class=\"row-36\">\n\t<td class=\"column-1\">24th International Technical Conference on the Enhanced Safety of Vehicles, At Gothenburg, Sweden,<\/td><td class=\"column-2\">07\/07\/2015<\/td><td class=\"column-3\">Ponencia Congreso Internacional<\/td><td class=\"column-4\">Luis Martinez \u00b7 Antonio Garc\u00eda \u00b7 Manuel Espantale\u00f3n \u00b7 Enrique Alcal\u00e1 Juan Dols<\/td>\n<\/tr>\n<tr class=\"row-37\">\n\t<td class=\"column-1\">2015 ECCOMAS Thematic Conference on Multibody Dynamics<\/td><td class=\"column-2\">29\/06\/2015<\/td><td class=\"column-3\">Ponencia Congreso Internacional<\/td><td class=\"column-4\">Mar\u00eda D. Guti\u00e9rrez-L\u00f3pez; Jos\u00e9 L. Bueno-L\u00f3pez; Javier Garc\u00eda de Jal\u00f3n<\/td>\n<\/tr>\n<tr class=\"row-38\">\n\t<td class=\"column-1\">2015 ECCOMAS Thematic Conference on Multibody Dynamics<\/td><td class=\"column-2\">29\/06\/2015<\/td><td class=\"column-3\">Ponencia Congreso Internacional<\/td><td class=\"column-4\">Yongjun Pan; Jos\u00e9 Luis Ric\u00f3n; Mar\u00eda D. Guti\u00e9rrez-L\u00f3pez; Javier Garc\u00eda de Jal\u00f3n<\/td>\n<\/tr>\n<tr class=\"row-39\">\n\t<td class=\"column-1\">2015 ECCOMAS Thematic Conference on Multibody Dynamics<\/td><td class=\"column-2\">29\/06\/2015<\/td><td class=\"column-3\">Ponencia Congreso Internacional<\/td><td class=\"column-4\">A. Callejo; T. Uchida; J. Garc\u00eda de Jal\u00f3n; J. McPhee<\/td>\n<\/tr>\n<tr class=\"row-40\">\n\t<td class=\"column-1\">2015 ECCOMAS Thematic Conference on Multibody Dynamics<\/td><td class=\"column-2\">29\/06\/2015<\/td><td class=\"column-3\">Ponencia Congreso Internacional<\/td><td class=\"column-4\">A. Callejo; D. Dopico; C. Sandu; J. Garc\u00eda de Jal\u00f3n<\/td>\n<\/tr>\n<tr class=\"row-41\">\n\t<td class=\"column-1\">ESV 24<\/td><td class=\"column-2\">10\/06\/2015<\/td><td class=\"column-3\">Ponencia Congreso Internacional<\/td><td class=\"column-4\">Francisco Javier P\u00e1ez Ayuso, Arturo Furones Crespo, Alexandro Badea Romero<\/td>\n<\/tr>\n<tr class=\"row-42\">\n\t<td class=\"column-1\">XV Congreso Espa\u00f1ol de Sistemas Inteligentes de Transporte<\/td><td class=\"column-2\">14\/04\/2015<\/td><td class=\"column-3\">Ponencia Congreso Nacional<\/td><td class=\"column-4\">Anaya, J. J., Talavera, E., Jim\u00e9nez, D., Jim\u00e9nez, F., Naranjo, J. E.<\/td>\n<\/tr>\n<tr class=\"row-43\">\n\t<td class=\"column-1\">ERCIM 2014-7th International Conference of the ERCIM WG on Computational and Methodological Statistics-- CFE 2014-8th International Conference on Computational and Financial Econometrics .<\/td><td class=\"column-2\">06\/12\/2014<\/td><td class=\"column-3\">Ponencia Congreso Internacional<\/td><td class=\"column-4\">Bahar Dadashova, Blanca Arenas, Jos\u00e9 Mira, Francisco Aparicio<\/td>\n<\/tr>\n<tr class=\"row-44\">\n\t<td class=\"column-1\">IV CISEV-2014-Congreso Internacional de Seguridad Vial<\/td><td class=\"column-2\">02\/10\/2014<\/td><td class=\"column-3\">Ponencia Congreso Internacional<\/td><td class=\"column-4\">Blanca Arenas Ram\u00edrez, Javier P\u00e1ez Ayuso, Arturo Furones Crespo y Francisco Aparicio Izquierdo<\/td>\n<\/tr>\n<tr class=\"row-45\">\n\t<td class=\"column-1\">CIT 2014.  XI Congreso de Ingenier\u00eda del Transporte<\/td><td class=\"column-2\">30\/09\/2014<\/td><td class=\"column-3\">Ponencia Congreso Nacional<\/td><td class=\"column-4\">Blanca Arenas, Jos\u00e9 Manuel Mira, Camino Gonz\u00e1lez, Francisco Aparicio<\/td>\n<\/tr>\n<tr class=\"row-46\">\n\t<td class=\"column-1\">XX CONGRESO NACIONAL DE INGENIER\u00cdA MEC\u00c1NICA. M\u00e1laga, 24-26 septiembre, 2014<\/td><td class=\"column-2\">25\/09\/2014<\/td><td class=\"column-3\">Ponencia Congreso Nacional<\/td><td class=\"column-4\">E. Alcal\u00e1 Fazio, D. Arribas Mantelli, A. L. Mart\u00edn L\u00f3pez, B. Valles Fern\u00e1ndez, H. Olabegogascoetxea<\/td>\n<\/tr>\n<tr class=\"row-47\">\n\t<td class=\"column-1\">XX CONGRESO NACIONAL DE INGENIER\u00cdA MEC\u00c1NICA<\/td><td class=\"column-2\">25\/09\/2014<\/td><td class=\"column-3\">Ponencia Congreso Nacional<\/td><td class=\"column-4\">Beatriz Valles; D. de la Torre Mart\u00edn; Angel Mart\u00edn; E. Alcala<\/td>\n<\/tr>\n<tr class=\"row-48\">\n\t<td class=\"column-1\">XX Congreso Nacional de Ingenier\u00eda Mec\u00e1nica<\/td><td class=\"column-2\">24\/09\/2014<\/td><td class=\"column-3\">Ponencia Congreso Nacional<\/td><td class=\"column-4\">Jim\u00e9nez, F., Naranjo, J. E., G\u00f3mez, O.<\/td>\n<\/tr>\n<tr class=\"row-49\">\n\t<td class=\"column-1\">YPIC 2014 \u0095 Young welding Professionals International Conference \u0095 17th \u0096 20th September, 2014, Budapest, Hungary<\/td><td class=\"column-2\">18\/09\/2014<\/td><td class=\"column-3\">Ponencia Congreso Internacional<\/td><td class=\"column-4\">Jes\u00fas \u00c1ngel P\u00e9rez Fern\u00e1ndez, Sam Coppieters, Enrique Alcal\u00e1 Fazio<\/td>\n<\/tr>\n<tr class=\"row-50\">\n\t<td class=\"column-1\">10th European Congress and Exhibition on Intelligent Transport Systems and Services.<\/td><td class=\"column-2\">16\/06\/2014<\/td><td class=\"column-3\">Ponencia Congreso Internacional<\/td><td class=\"column-4\">Jim\u00e9nez, F., Naranjo, J. E.<\/td>\n<\/tr>\n<tr class=\"row-51\">\n\t<td class=\"column-1\">CIT 2014.  XI Congreso de Ingenier\u00eda del Transporte<\/td><td class=\"column-2\">11\/06\/2014<\/td><td class=\"column-3\">Ponencia Congreso Nacional<\/td><td class=\"column-4\">Bahar Dadashova, Jos\u00e9 M. Mira McWilliams, Blanca Arenas Ram\u00edrez, Francisco Aparicio Izquierdo<\/td>\n<\/tr>\n<tr class=\"row-52\">\n\t<td class=\"column-1\">XI Congreso de Ingenier\u00eda del Transporte (CIT 2014)<\/td><td class=\"column-2\">10\/06\/2014<\/td><td class=\"column-3\">Ponencia Congreso Nacional<\/td><td class=\"column-4\">Francisco Javier P\u00e1ez Ayuso; Arturo Furones Crespo; Francisco Aparicio<\/td>\n<\/tr>\n<tr class=\"row-53\">\n\t<td class=\"column-1\">XI Congreso de Ingenier\u00eda del Transporte (CIT 2014)<\/td><td class=\"column-2\">10\/06\/2014<\/td><td class=\"column-3\">Ponencia Congreso Nacional<\/td><td class=\"column-4\">Francisco Javier P\u00e1ez Ayuso; Arturo Furones Crespo; Francisco Aparicio Izquierdo; Enrique Alcal\u00e1 Fazio<\/td>\n<\/tr>\n<tr class=\"row-54\">\n\t<td class=\"column-1\">CIT 2014<\/td><td class=\"column-2\">10\/06\/2014<\/td><td class=\"column-3\">Ponencia Congreso Nacional<\/td><td class=\"column-4\">Hugo Malon, Angel Martin, Pablo Luque, Daniel Mantaras, Luis Tello, Marco Carrera, Enrique Alcala and Luis Castejon-<\/td>\n<\/tr>\n<tr class=\"row-55\">\n\t<td class=\"column-1\">CIT 2014<\/td><td class=\"column-2\">10\/06\/2014<\/td><td class=\"column-3\">Ponencia Congreso Nacional<\/td><td class=\"column-4\">Beatriz Valles, David de La Torre, Angel Luis Martin and Enrique Alcala Fazio-<\/td>\n<\/tr>\n<tr class=\"row-56\">\n\t<td class=\"column-1\">CIT 2014<\/td><td class=\"column-2\">10\/06\/2014<\/td><td class=\"column-3\">Ponencia Congreso Nacional<\/td><td class=\"column-4\">Jesus Angel Perez Fernandez, Francisco Badea Romero and Daniel Arribas Mantelli-<\/td>\n<\/tr>\n<tr class=\"row-57\">\n\t<td class=\"column-1\">XI Congreso de Ingenier\u00eda del Transporte (CIT 2014)<\/td><td class=\"column-2\">09\/06\/2014<\/td><td class=\"column-3\">Ponencia Congreso Nacional<\/td><td class=\"column-4\">Guti\u00e9rrez-L\u00f3pez, Mar\u00eda D.; Garc\u00eda de Jal\u00f3n, Javier<\/td>\n<\/tr>\n<tr class=\"row-58\">\n\t<td class=\"column-1\">XI Congreso de Ingenier\u00eda del Transporte. CIT 2014. Santander. 09-11\/06\/2014<\/td><td class=\"column-2\">09\/06\/2014<\/td><td class=\"column-3\">Ponencia Congreso Nacional<\/td><td class=\"column-4\">Felipe Jimenez Alonso (UPM), Alfonso Roman de Andres (UPM), Francisco Serradilla Garcia (UPM), Jose Eugenio Naranjo Hernandez (UPM), Jose Maria Lopez Martinez (UPM)<\/td>\n<\/tr>\n<tr class=\"row-59\">\n\t<td class=\"column-1\">CIT 2014.  XI Congreso de Ingenier\u00eda del Transporte<\/td><td class=\"column-2\">09\/06\/2014<\/td><td class=\"column-3\">Ponencia Congreso Nacional<\/td><td class=\"column-4\">Jos\u00e9 Manuel Mira, Camino Gonz\u00e1lez, Blanca Arenas, Claudia S\u00e1enz<\/td>\n<\/tr>\n<tr class=\"row-60\">\n\t<td class=\"column-1\">FISITA 2014 World Automotive Congress<\/td><td class=\"column-2\">05\/06\/2014<\/td><td class=\"column-3\">Ponencia Congreso Internacional<\/td><td class=\"column-4\">Francisco Javier P\u00e1ez Ayuso; Arturo Furones; Alexandro Badea<\/td>\n<\/tr>\n<tr class=\"row-61\">\n\t<td class=\"column-1\">FISITA 2014 World Automotive Congress<\/td><td class=\"column-2\">02\/06\/2014<\/td><td class=\"column-3\">Ponencia Congreso Internacional<\/td><td class=\"column-4\">Guti\u00e9rrez-L\u00f3pez, Mar\u00eda D.; Garc\u00eda de Jal\u00f3n, Javier<\/td>\n<\/tr>\n<tr class=\"row-62\">\n\t<td class=\"column-1\">FISITA 2014<\/td><td class=\"column-2\">02\/06\/2014<\/td><td class=\"column-3\">Ponencia Congreso Internacional<\/td><td class=\"column-4\">Jim\u00e9nez, F.; Naranjo, J. E.; G\u00f3mez, O.<\/td>\n<\/tr>\n<tr class=\"row-63\">\n\t<td class=\"column-1\">FISITA 2014<\/td><td class=\"column-2\">01\/06\/2014<\/td><td class=\"column-3\">Ponencia Congreso Internacional<\/td><td class=\"column-4\">Jim\u00e9nez, F., Naranjo, J. E., G\u00f3mez, O., Anaya, J. J.<\/td>\n<\/tr>\n<tr class=\"row-64\">\n\t<td class=\"column-1\">TRA2014 Transport Research Arena 2014.  Par\u00eds. Francia<\/td><td class=\"column-2\">15\/04\/2014<\/td><td class=\"column-3\">Ponencia Congreso Internacional<\/td><td class=\"column-4\">Bahar Dadashova, Jos\u00e9 M. Mira McWilliams, Blanca Arenas Ram\u00edrez, Francisco Aparicio Izquierdo<\/td>\n<\/tr>\n<tr class=\"row-65\">\n\t<td class=\"column-1\">TRA2014 Transport Research Arena 2014.  Par\u00eds. Francia<\/td><td class=\"column-2\">15\/04\/2014<\/td><td class=\"column-3\">Ponencia Congreso Internacional<\/td><td class=\"column-4\">Camino Gonz\u00e1lez Fern\u00e1ndez, Jos\u00e9 Manuel Mira McWilliams, Blanca Arenas Ram\u00edrez, Claudia S\u00e1enz Sag\u00e1stegui<\/td>\n<\/tr>\n<tr class=\"row-66\">\n\t<td class=\"column-1\">SIRAT 2014-2\u00ba Simposio de Reconstrucci\u00f3n de Accidentes de Tr\u00e1fico.<\/td><td class=\"column-2\">24\/02\/2014<\/td><td class=\"column-3\">Ponencia Congreso Nacional<\/td><td class=\"column-4\">Francisco Aparicio Izquierdo, Blanca Arenas Ram\u00edrez, Javier P\u00e1ez Ayuso, Arturo Furones Crespo<\/td>\n<\/tr>\n<tr class=\"row-67\">\n\t<td class=\"column-1\">CIBIM 11-XI Congreso Iberoamericano de Ingenier\u00eda Mec\u00e1nica<\/td><td class=\"column-2\">11\/11\/2013<\/td><td class=\"column-3\">Ponencia Congreso Internacional<\/td><td class=\"column-4\">J. Garc\u00eda de Jal\u00f3n<\/td>\n<\/tr>\n<tr class=\"row-68\">\n\t<td class=\"column-1\">27TH ELECTRIC VEHICLE SYMPOSIUM (EVS27)<\/td><td class=\"column-2\">01\/09\/2013<\/td><td class=\"column-3\">Ponencia Congreso Internacional<\/td><td class=\"column-4\">Resino, D., L\u00f3pez, J. M., Loboguerrero, C, Delgado, JJ.<\/td>\n<\/tr>\n<tr class=\"row-69\">\n\t<td class=\"column-1\">ASME IDETC\/CIE 2013, Portland<\/td><td class=\"column-2\">04\/08\/2013<\/td><td class=\"column-3\">Ponencia Congreso Internacional<\/td><td class=\"column-4\">M. D. Guti\u00e9rrez L\u00f3pez; J. Garc\u00eda de Jal\u00f3n<\/td>\n<\/tr>\n<tr class=\"row-70\">\n\t<td class=\"column-1\">Multibody Dynamics 2013, ECCOMAS Thematic Conference, Croatia<\/td><td class=\"column-2\">01\/07\/2013<\/td><td class=\"column-3\">Ponencia Congreso Internacional<\/td><td class=\"column-4\">M. D. Guti\u00e9rrez-L\u00f3pez; J. Garc\u00eda de Jal\u00f3n<\/td>\n<\/tr>\n<tr class=\"row-71\">\n\t<td class=\"column-1\">Multibody Dynamics 2013, ECCOMAS Thematic Conference, Croatia<\/td><td class=\"column-2\">01\/07\/2013<\/td><td class=\"column-3\">Ponencia Congreso Internacional<\/td><td class=\"column-4\">A. Callejo; J. Garc\u00eda de Jal\u00f3n; P. Luque; D. \u00c1lvarez<\/td>\n<\/tr>\n<tr class=\"row-72\">\n\t<td class=\"column-1\">Congreso de M\u00e9todos Num\u00e9ricos en Ingenier\u00eda<\/td><td class=\"column-2\">25\/06\/2013<\/td><td class=\"column-3\">Ponencia Congreso Internacional<\/td><td class=\"column-4\">J. Garc\u00eda de Jal\u00f3n<\/td>\n<\/tr>\n<tr class=\"row-73\">\n\t<td class=\"column-1\">23 International Technical Conference on the Enhanced Safety of Vehicles (ESV)<\/td><td class=\"column-2\">27\/05\/2013<\/td><td class=\"column-3\">Ponencia Congreso Internacional<\/td><td class=\"column-4\">Francisco Javier P\u00e1ez Ayuso; Arturo Furones Crespo<\/td>\n<\/tr>\n<tr class=\"row-74\">\n\t<td class=\"column-1\">23rd International Technical Conference on the Enhanced Safety of Vehicles. ESV 2013.<\/td><td class=\"column-2\">01\/05\/2013<\/td><td class=\"column-3\">Ponencia Congreso Internacional<\/td><td class=\"column-4\">Lemmen, P.; Been, B.; Carroll, J.; Hynd, D.; Davidsson, J.; Mart\u00ednez, L.; Garc\u00eda, A.; Vezin, P.; Eggers, A.<\/td>\n<\/tr>\n<tr class=\"row-75\">\n\t<td class=\"column-1\">FISITA 2012<\/td><td class=\"column-2\">27\/11\/2012<\/td><td class=\"column-3\">Ponencia Congreso Internacional<\/td><td class=\"column-4\">Francisco Javier P\u00e1ez Ayuso; Arturo Furones; Francisco Aparicio Izquierdo; Blanca Arenas<\/td>\n<\/tr>\n<tr class=\"row-76\">\n\t<td class=\"column-1\">XIX CONGRESO NACIONAL DE INGENIER\u00cdA MEC\u00c1NICA<\/td><td class=\"column-2\">18\/11\/2012<\/td><td class=\"column-3\">Ponencia Congreso Nacional<\/td><td class=\"column-4\">R. Lagunilla S\u00e1nchez (1), D. Arribas Mantelli (1), B. Vall\u00e9s Fern\u00e1ndez (1), E. Alcal\u00e1 Fazio (1)<\/td>\n<\/tr>\n<tr class=\"row-77\">\n\t<td class=\"column-1\">XIX Congreso Nacional de Ingenier\u00eda Mec\u00e1nica. Castell\u00f3n, 14 \u0096 16 de Noviembre de 2012<\/td><td class=\"column-2\">15\/11\/2012<\/td><td class=\"column-3\">Ponencia Congreso Nacional<\/td><td class=\"column-4\">Jim\u00e9nez, F., G\u00f3mez, O., Naranjo, J. E.<\/td>\n<\/tr>\n<tr class=\"row-78\">\n\t<td class=\"column-1\">XIX Congreso Nacional de Ingenier\u00eda Mec\u00e1nica. Castell\u00f3n, 14 \u0096 16 de Noviembre de 2012<\/td><td class=\"column-2\">15\/11\/2012<\/td><td class=\"column-3\">Ponencia Congreso Nacional<\/td><td class=\"column-4\">Jim\u00e9nez, F., G\u00f3mez, O., Apar\u00edcio, F.<\/td>\n<\/tr>\n<tr class=\"row-79\">\n\t<td class=\"column-1\">XIX CONGRESO NACIONAL DE INGENIER\u00cdA MEC\u00c1NICA<\/td><td class=\"column-2\">15\/11\/2012<\/td><td class=\"column-3\">Ponencia Congreso Nacional<\/td><td class=\"column-4\">F. Badea Romero, E. Alcal\u00e1 Fazio, J. P\u00e9rez Fern\u00e1ndez, A. Martin L\u00f3pez<\/td>\n<\/tr>\n<tr class=\"row-80\">\n\t<td class=\"column-1\">XIX CONGRESO NACIONAL DE INGENIER\u00cdA MEC\u00c1NICA<\/td><td class=\"column-2\">15\/11\/2012<\/td><td class=\"column-3\">Ponencia Congreso Nacional<\/td><td class=\"column-4\">J.A. P\u00e9rez Fern\u00e1ndez, F. Badea Romero, A. Mart\u00edn L\u00f3pez, D. Arribas Mantelli<\/td>\n<\/tr>\n<tr class=\"row-81\">\n\t<td class=\"column-1\">19th World Congress and Exhibition on Intelligent Transport Systems and Services. Viena (Austria), 22-26 Octubre 2012<\/td><td class=\"column-2\">25\/10\/2012<\/td><td class=\"column-3\">Ponencia Congreso Internacional<\/td><td class=\"column-4\">Jim\u00e9nez, F., Huerta, J., Mart\u00edn-Redondo, A.<\/td>\n<\/tr>\n<tr class=\"row-82\">\n\t<td class=\"column-1\">I Congreso de la Ingenier\u00eda Industrial<\/td><td class=\"column-2\">24\/10\/2012<\/td><td class=\"column-3\">Ponencia Congreso Nacional<\/td><td class=\"column-4\">Francisco Javier P\u00e1ez Ayuso<\/td>\n<\/tr>\n<tr class=\"row-83\">\n\t<td class=\"column-1\">15th International IEEE Conference on Intelligent Transportation Systems - ITSC 2012; Anchorage (EEUU), 16-19 Septiembre 2012<\/td><td class=\"column-2\">17\/09\/2012<\/td><td class=\"column-3\">Ponencia Congreso Internacional<\/td><td class=\"column-4\">Naranjo, J. E., Talavera, E., Anaya, J. J., Jim\u00e9nez, F., Zato, J. G., G\u00f3mez, N.<\/td>\n<\/tr>\n<tr class=\"row-84\">\n\t<td class=\"column-1\">2012 IEEE International Conference on Multisensor Fusion and Integration for Intelligent Systems (MFI); Hamburgo (Alemania), 13-15 Septiembre 2012<\/td><td class=\"column-2\">14\/09\/2012<\/td><td class=\"column-3\">Ponencia Congreso Internacional<\/td><td class=\"column-4\">Garc\u00eda, F., de la Escalera A., Armingol, J. M., Jim\u00e9nez, F.<\/td>\n<\/tr>\n<tr class=\"row-85\">\n\t<td class=\"column-1\">X Congreso de Ingenier\u00eda del Transporte 2012; Granada, 20 - 22 junio 2012<\/td><td class=\"column-2\">21\/06\/2012<\/td><td class=\"column-3\">Ponencia Congreso Nacional<\/td><td class=\"column-4\">Aguilar, H., L\u00f3pez, J. M., Jim\u00e9nez, F., Resino, D., Flores, N.<\/td>\n<\/tr>\n<tr class=\"row-86\">\n\t<td class=\"column-1\">X Congreso de Ingenier\u00eda del Transporte 2012; Granada, 20 - 22 junio 2012<\/td><td class=\"column-2\">21\/06\/2012<\/td><td class=\"column-3\">Ponencia Congreso Nacional<\/td><td class=\"column-4\">Jim\u00e9nez, F., Rom\u00e1n, A., L\u00f3pez, J. M., G\u00f3mez, O., P\u00e1ez, F. J., Aparicio, F.<\/td>\n<\/tr>\n<tr class=\"row-87\">\n\t<td class=\"column-1\">CIT 2012. X Congeso de Ingenier\u00eda del transporte.<\/td><td class=\"column-2\">21\/06\/2012<\/td><td class=\"column-3\">Ponencia Congreso Nacional<\/td><td class=\"column-4\">Arribas Mantelli, D.; Badea Romero, F. M.; P\u00e9rez Fern\u00e1ndez, J. A.<\/td>\n<\/tr>\n<tr class=\"row-88\">\n\t<td class=\"column-1\">CIT 2012. X Congeso de Ingenier\u00eda del transporte.<\/td><td class=\"column-2\">21\/06\/2012<\/td><td class=\"column-3\">Ponencia Congreso Nacional<\/td><td class=\"column-4\">\"D\u00f1a. Beatriz Valles Fern\u00e1ndez.  D\u00f1a. Roc\u00edo Grimaldi pastoril.  D. Alvaro Carrasco Casals.\"<\/td>\n<\/tr>\n<tr class=\"row-89\">\n\t<td class=\"column-1\">CIT 2012. X Congeso de Ingenier\u00eda del transporte.<\/td><td class=\"column-2\">20\/06\/2012<\/td><td class=\"column-3\">Ponencia Congreso Nacional<\/td><td class=\"column-4\">Arturo Furones Crespo, Francisco Javier P\u00e1ez Ayuso, Alexandro Badea Romero, Blanca Arenas, Francisco Aparicio Izquierdo<\/td>\n<\/tr>\n<tr class=\"row-90\">\n\t<td class=\"column-1\">CIT 2012. X Congeso de Ingenier\u00eda del transporte.<\/td><td class=\"column-2\">20\/06\/2012<\/td><td class=\"column-3\">Ponencia Congreso Nacional<\/td><td class=\"column-4\">\"Elisa Gallego Tellechea, Blanca Arenas Ram\u00edrez, Jos\u00e9 M. Mira McWilliams, Francisco Aparicio Izquierdo      \"<\/td>\n<\/tr>\n<tr class=\"row-91\">\n\t<td class=\"column-1\">CIT 2012. X Congeso de Ingenier\u00eda del transporte.<\/td><td class=\"column-2\">20\/06\/2012<\/td><td class=\"column-3\">Ponencia Congreso Nacional<\/td><td class=\"column-4\">\"Bahar Dadashova, Jos\u00e9 M. Mira McWilliams, Blanca Arenas Ram\u00edrez, Francisco Aparicio Izquierdo  \"<\/td>\n<\/tr>\n<tr class=\"row-92\">\n\t<td class=\"column-1\">CIT 2012. X Congeso de Ingenier\u00eda del transporte.<\/td><td class=\"column-2\">20\/06\/2012<\/td><td class=\"column-3\">Ponencia Congreso Nacional<\/td><td class=\"column-4\">\"Jos\u00e9 M. Mira McWilliams, Blanca Arenas Ram\u00edrez, Francisco Jim\u00e9nez Ruiz, Francisco Aparicio Izquierdo      \"<\/td>\n<\/tr>\n<tr class=\"row-93\">\n\t<td class=\"column-1\">CIT 2012. X Congeso de Ingenier\u00eda del transporte.<\/td><td class=\"column-2\">05\/06\/2012<\/td><td class=\"column-3\">Ponencia Congreso Nacional<\/td><td class=\"column-4\">\"Thais Rangel, Jos\u00e9 M. Vassallo, Blanca Arenas Ram\u00edrez  \"<\/td>\n<\/tr>\n<tr class=\"row-94\">\n\t<td class=\"column-1\">2nd Joint International Conference on Multibody System Dynamics (IMSD)<\/td><td class=\"column-2\">29\/05\/2012<\/td><td class=\"column-3\">Ponencia Congreso Internacional<\/td><td class=\"column-4\">\"M. D. Guti\u00e9rrez-L\u00f3pez  A. Callejo  J. Garc\u00eda de Jal\u00f3n\"<\/td>\n<\/tr>\n<tr class=\"row-95\">\n\t<td class=\"column-1\">2nd Joint International Conference on Multibody System Dynamics (IMSD)<\/td><td class=\"column-2\">29\/05\/2012<\/td><td class=\"column-3\">Ponencia Congreso Internacional<\/td><td class=\"column-4\">\"T. Uchida  A. Callejo  J. Garc\u00eda de Jal\u00f3n  J. McPhee\"<\/td>\n<\/tr>\n<tr class=\"row-96\">\n\t<td class=\"column-1\">FISITA 2012<\/td><td class=\"column-2\">01\/05\/2012<\/td><td class=\"column-3\">Ponencia Congreso Internacional<\/td><td class=\"column-4\">Juan Antonio Garc\u00eda, Jos\u00e9 Mar\u00eda L\u00f3pez, , Julio Lumbreras, Blanca Arenas<\/td>\n<\/tr>\n<tr class=\"row-97\">\n\t<td class=\"column-1\">CIT 2012. X Congeso de Ingenier\u00eda del transporte.<\/td><td class=\"column-2\">01\/05\/2012<\/td><td class=\"column-3\">Ponencia Congreso Nacional<\/td><td class=\"column-4\">Nuria Flores, Jos\u00e9 Mar\u00eda L\u00f3pez, Julio Lumbreras, Juan Antonio Garc\u00eda<\/td>\n<\/tr>\n<tr class=\"row-98\">\n\t<td class=\"column-1\">X Congreso Espa\u00f1ol de Sistemas Inteligentes de Transporte. Madrid, 24 al 26 de Abril de 2012<\/td><td class=\"column-2\">25\/04\/2012<\/td><td class=\"column-3\">Ponencia Congreso Nacional<\/td><td class=\"column-4\">Jim\u00e9nez, F., Huerta, J., Mart\u00edn-Moreno A.<\/td>\n<\/tr>\n<tr class=\"row-99\">\n\t<td class=\"column-1\">TRA2012-Transport Research Arena-Europe 2012.<\/td><td class=\"column-2\">23\/04\/2012<\/td><td class=\"column-3\">Ponencia Congreso Internacional<\/td><td class=\"column-4\">Dadashova B., Mira J. M., Arenas B., Aparicio F.<\/td>\n<\/tr>\n<tr class=\"row-100\">\n\t<td class=\"column-1\">SIAT 2012<\/td><td class=\"column-2\">01\/03\/2012<\/td><td class=\"column-3\">Ponencia Congreso Nacional<\/td><td class=\"column-4\">Francisco Javier P\u00e1ez Ayuso<\/td>\n<\/tr>\n<tr class=\"row-101\">\n\t<td class=\"column-1\">SEIO 2012<\/td><td class=\"column-2\">16\/01\/2012<\/td><td class=\"column-3\">Ponencia Congreso Nacional<\/td><td class=\"column-4\">\"Elisa Gallego Tellechea, Blanca Arenas Ram\u00edrez;, Jos\u00e9 Mira McWilliams, Francisco Javier P\u00e1ez Ayuso, Francisco Aparicio Izquierdo      \"<\/td>\n<\/tr>\n<tr class=\"row-102\">\n\t<td class=\"column-1\">SEIO 2012<\/td><td class=\"column-2\">16\/01\/2012<\/td><td class=\"column-3\">Ponencia Congreso Nacional<\/td><td class=\"column-4\">Bahar Dadashova, Blanca Arenas Ram\u00edrex, Jos\u00e9 Manuel Mira McWilliams<\/td>\n<\/tr>\n<tr class=\"row-103\">\n\t<td class=\"column-1\">FISITA 2012<\/td><td class=\"column-2\">15\/01\/2012<\/td><td class=\"column-3\">Ponencia Congreso Internacional<\/td><td class=\"column-4\">\"Hansel Aguilar Morales; Jos\u00e9 Mar\u00eda L\u00f3pez;Daniel Resino Zamora; Felipe Jim\u00e9nez Alonso  \"<\/td>\n<\/tr>\n<tr class=\"row-104\">\n\t<td class=\"column-1\">FISITA 2012 World Automotive Congress<\/td><td class=\"column-2\">23\/12\/2011<\/td><td class=\"column-3\">Ponencia Congreso Internacional<\/td><td class=\"column-4\">E. Alcal\u00e1; A. L. Mart\u00edn; J. M. L\u00f3pez; R. Lagunilla; A. Barreiro.<\/td>\n<\/tr>\n<tr class=\"row-105\">\n\t<td class=\"column-1\">PROTECTION OF CHILDREN IN CARS<\/td><td class=\"column-2\">01\/12\/2011<\/td><td class=\"column-3\">Ponencia Congreso Internacional<\/td><td class=\"column-4\">\"Luis Mart\u00ednez  Antonio Garc\u00eda  Manuel Espantale\u00f3n\"<\/td>\n<\/tr>\n<tr class=\"row-106\">\n\t<td class=\"column-1\">18th World Congress and Exhibition on Intelligent Transport Systems and Services.<\/td><td class=\"column-2\">16\/10\/2011<\/td><td class=\"column-3\">Ponencia Congreso Internacional<\/td><td class=\"column-4\">Jim\u00e9nez, F., L\u00f3pez-Covarrubias, J. L., Cabrera, W., Tapia, S., Aparicio, F.<\/td>\n<\/tr>\n<tr class=\"row-107\">\n\t<td class=\"column-1\">18th World Congress and Exhibition on Intelligent Transport Systems and Services.<\/td><td class=\"column-2\">16\/10\/2011<\/td><td class=\"column-3\">Ponencia Congreso Internacional<\/td><td class=\"column-4\">Jim\u00e9nez, F., Garc\u00eda-Menacho, L., Naranjo, J. E.<\/td>\n<\/tr>\n<tr class=\"row-108\">\n\t<td class=\"column-1\">14th International IEEE Conference on Intelligent Transportation Systems - ITSC 2011<\/td><td class=\"column-2\">05\/10\/2011<\/td><td class=\"column-3\">Ponencia Congreso Internacional<\/td><td class=\"column-4\">Naranjo, J. E., Zato, J. G., Redondo, L., Oliva, M., Jim\u00e9nez, F., G\u00f3mez, N.<\/td>\n<\/tr>\n<tr class=\"row-109\">\n\t<td class=\"column-1\">REES 2011-Research in Engineering Education Symposium 2011<\/td><td class=\"column-2\">04\/10\/2011<\/td><td class=\"column-3\">Ponencia Congreso Internacional<\/td><td class=\"column-4\">Francisco Aparicio, Blanca Arenas, Felipe Jim\u00e9nez, Enrique Alcal\u00e1<\/td>\n<\/tr>\n<tr class=\"row-110\">\n\t<td class=\"column-1\">PAEE2011<\/td><td class=\"column-2\">02\/10\/2011<\/td><td class=\"column-3\">Ponencia Congreso Internacional<\/td><td class=\"column-4\">Javier P\u00e1ez, Carmen Garc\u00eda, Miguel Angel \u00c1lvarez, Juan Jose Herrero and Francisco Aparicio<\/td>\n<\/tr>\n<tr class=\"row-111\">\n\t<td class=\"column-1\">RSS 2011-3rd Internation Conference on Road Safety and Simulation<\/td><td class=\"column-2\">14\/09\/2011<\/td><td class=\"column-3\">Ponencia Congreso Internacional<\/td><td class=\"column-4\">Thais Rangel, Jos\u00e9 Manuel Vassallo, Blanca Arenas<\/td>\n<\/tr>\n<tr class=\"row-112\">\n\t<td class=\"column-1\">ASME IDETC\/CIE 2011, Washington D.C.<\/td><td class=\"column-2\">30\/08\/2011<\/td><td class=\"column-3\">Ponencia Congreso Internacional<\/td><td class=\"column-4\">\"J. Garc\u00eda de Jal\u00f3n  A. Callejo  A. F. Hidalgo  M. D. Guti\u00e9rrez\"<\/td>\n<\/tr>\n<tr class=\"row-113\">\n\t<td class=\"column-1\">ASME IDETC\/CIE 2011, Washington D.C.<\/td><td class=\"column-2\">30\/08\/2011<\/td><td class=\"column-3\">Ponencia Congreso Internacional<\/td><td class=\"column-4\">\"A. Callejo  J. Garc\u00eda de Jal\u00f3n\"<\/td>\n<\/tr>\n<tr class=\"row-114\">\n\t<td class=\"column-1\">Multibody Dynamics 2011, ECCOMAS Thematic Conference, Brussels<\/td><td class=\"column-2\">04\/07\/2011<\/td><td class=\"column-3\">Ponencia Congreso Internacional<\/td><td class=\"column-4\">\"A. F. Hidalgo  J. Garc\u00eda de Jal\u00f3n  S. Tapia\"<\/td>\n<\/tr>\n<tr class=\"row-115\">\n\t<td class=\"column-1\">Multibody Dynamics 2011, ECCOMAS Thematic Conference, Brussels<\/td><td class=\"column-2\">04\/07\/2011<\/td><td class=\"column-3\">Ponencia Congreso Internacional<\/td><td class=\"column-4\">\"F. J. Funes  J. Garc\u00eda de Jal\u00f3n\"<\/td>\n<\/tr>\n<tr class=\"row-116\">\n\t<td class=\"column-1\">Multibody Dynamics 2011, ECCOMAS Thematic Conference, Brussels<\/td><td class=\"column-2\">01\/07\/2011<\/td><td class=\"column-3\">Ponencia Congreso Internacional<\/td><td class=\"column-4\">\"A. Callejo  J. Garc\u00eda de Jal\u00f3n\"<\/td>\n<\/tr>\n<tr class=\"row-117\">\n\t<td class=\"column-1\">ICCS16 - 16th International Conference on Composite Structures<\/td><td class=\"column-2\">30\/06\/2011<\/td><td class=\"column-3\">Ponencia Congreso Internacional<\/td><td class=\"column-4\">\"E. Alcal\u00e1; R. Grimaldi; A. L. Martin; F. Badea   \"<\/td>\n<\/tr>\n<tr class=\"row-118\">\n\t<td class=\"column-1\">13th EAEC European Automotive Congress. Fecha de inicio y de fin: Desde el d\u00eda 14 jun 2011 (09:00) hasta el d\u00eda 16 jun 2011 (20:00)<\/td><td class=\"column-2\">15\/06\/2011<\/td><td class=\"column-3\">Ponencia Congreso Internacional<\/td><td class=\"column-4\">Jim\u00e9nez, F., S\u00e1nchez, J. J., G\u00f3mez, O.<\/td>\n<\/tr>\n<tr class=\"row-119\">\n\t<td class=\"column-1\">13th EAEC European Automotive Congress<\/td><td class=\"column-2\">15\/06\/2011<\/td><td class=\"column-3\">Ponencia Congreso Internacional<\/td><td class=\"column-4\">Jim\u00e9nez, F., Tapia, S., Granados, M. J., Tapia, A., S\u00e1nchez, E., Romero, V.<\/td>\n<\/tr>\n<tr class=\"row-120\">\n\t<td class=\"column-1\">13th EAEC European Automotive Congress<\/td><td class=\"column-2\">15\/06\/2011<\/td><td class=\"column-3\">Ponencia Congreso Internacional<\/td><td class=\"column-4\">Jim\u00e9nez, F., Furones, A., Aguilar, M., del Pozo, V., Aparicio, F.<\/td>\n<\/tr>\n<tr class=\"row-121\">\n\t<td class=\"column-1\">13th EAEC European Automotive Congress. Format: CD-ROM. Publisher: STA, June 2011. Language: English.<\/td><td class=\"column-2\">15\/06\/2011<\/td><td class=\"column-3\">Ponencia Congreso Internacional<\/td><td class=\"column-4\">Alcal\u00e1, Enrique; Mart\u00edn, Angel Luis; Valles, Beatriz; Martinez, Luis; Dols, Juan Francisco; Pons, Vicente; Terr\u00f3n, Juan Angel;<\/td>\n<\/tr>\n<tr class=\"row-122\">\n\t<td class=\"column-1\">EAEC 2011 Topic: E. Safety and Human Factors \u0096 E3.PMR Safety \/EAEC 13 (June 2011). Format: CD-ROM. Publisher: STA, June 2011. Language: English.<\/td><td class=\"column-2\">15\/06\/2011<\/td><td class=\"column-3\">Ponencia Congreso Internacional<\/td><td class=\"column-4\">Vicente Pons, Juan F.Dols, Enrique Alcal\u00e1, Beatriz Valles, \u00c1ngel L Mart\u00edn<\/td>\n<\/tr>\n<tr class=\"row-123\">\n\t<td class=\"column-1\">ESV2011<\/td><td class=\"column-2\">13\/06\/2011<\/td><td class=\"column-3\">Ponencia Congreso Internacional<\/td><td class=\"column-4\">\"Francisco Javier P\u00e1ez Ayuso, Arturo Furones Crespo, Alexandro Badea Romero, Enrique Alcal\u00e1 Fazio, Francisco Aparicio Izquierdo  \"<\/td>\n<\/tr>\n<tr class=\"row-124\">\n\t<td class=\"column-1\">ESV 2011<\/td><td class=\"column-2\">13\/06\/2011<\/td><td class=\"column-3\">Ponencia Congreso Internacional<\/td><td class=\"column-4\">\"Luis Mart\u00ednez  Antonio Garc\u00eda  Enrique Alcal\u00e1  Manuel Espantale\u00f3n\"<\/td>\n<\/tr>\n<tr class=\"row-125\">\n\t<td class=\"column-1\">Urban Transport Congress 2011. 17th International Conference<\/td><td class=\"column-2\">06\/06\/2011<\/td><td class=\"column-3\">Ponencia Congreso Internacional<\/td><td class=\"column-4\">\"J.M. L\u00f3pez, N. Flores, J. Lumbreras, R. Villamar  The proceedings of Urban Transport XVII, 736pp (Print ISBN: 978-1-84564-520-5; Online ISSN: 1746-4498) are \"<\/td>\n<\/tr>\n<tr class=\"row-126\">\n\t<td class=\"column-1\">8th European Congress and Exhibition on Intelligent Transport Systems and Services.<\/td><td class=\"column-2\">06\/06\/2011<\/td><td class=\"column-3\">Ponencia Congreso Internacional<\/td><td class=\"column-4\">Jim\u00e9nez, F., Cabrera, W., Tapia, S., Aparicio, F.<\/td>\n<\/tr>\n<tr class=\"row-127\">\n\t<td class=\"column-1\">X CIBIM 2011. Congreso Iberoamericano de Ingenier\u00eda Mec\u00e1nica<\/td><td class=\"column-2\">03\/06\/2011<\/td><td class=\"column-3\">Ponencia Congreso Internacional<\/td><td class=\"column-4\">\"Blanca Arenas Ram\u00edrez, Felipe Jim\u00e9nez Alonso, Javier P\u00e1ez Ayuso, Enrique Alcal\u00e1 Fazio, Arturo Furones, Jos\u00e9 Mira, Francisco Aparicio Izquierdo      \"<\/td>\n<\/tr>\n<tr class=\"row-128\">\n\t<td class=\"column-1\">XI Congreso Espa\u00f1ol de Sistemas Inteligentes de Transporte. Del 5 al 7 de abril de 2011 , tuvo lugar en Barcelona la und\u00e9cima edici\u00f3n del Congreso Espa\u00f1ol sobre Sistemas Inteligentes de Transporte.<\/td><td class=\"column-2\">05\/05\/2011<\/td><td class=\"column-3\">Ponencia Congreso Nacional<\/td><td class=\"column-4\">Jim\u00e9nez, F., L\u00f3pez-Covarruvias, J. L., Cabrera, W., Tapia, S., L\u00f3pez, J. M., Aparicio, F.<\/td>\n<\/tr>\n<tr class=\"row-129\">\n\t<td class=\"column-1\">INTED 2011-International Technology, Education and Development Conference<\/td><td class=\"column-2\">07\/03\/2011<\/td><td class=\"column-3\">Ponencia Congreso Internacional<\/td><td class=\"column-4\">Francisco Aparicio, Blanca Arenas, Felipe Jimenez y Enrique Alcal\u00e1<\/td>\n<\/tr>\n<tr class=\"row-130\">\n\t<td class=\"column-1\">TRB2011-90th Annual meeting Transportation Research Board<\/td><td class=\"column-2\">07\/01\/2011<\/td><td class=\"column-3\">Ponencia Congreso Internacional<\/td><td class=\"column-4\">Thais Rangel ; Jos\u00e9 Manuel Vasallo; Blanca Arenas<\/td>\n<\/tr>\n<tr class=\"row-131\">\n\t<td class=\"column-1\">XVIII Congreso Nacional de Ingenier\u00eda Mec\u00e1nica, Ciudad Real<\/td><td class=\"column-2\">03\/11\/2010<\/td><td class=\"column-3\">Ponencia Congreso Nacional<\/td><td class=\"column-4\">\"A. Callejo  J. Garc\u00eda de Jal\u00f3n  A. F. Hidalgo\"<\/td>\n<\/tr>\n<tr class=\"row-132\">\n\t<td class=\"column-1\">17th World Congress and Exhibition on Intelligent Transport Systems and Services.<\/td><td class=\"column-2\">20\/10\/2010<\/td><td class=\"column-3\">Ponencia Congreso Internacional<\/td><td class=\"column-4\">Garc\u00eda, F., Jim\u00e9nez, F., Naranjo, J. E., Armingol, J. M., de la Escalera, A., Apar\u00edcio, F.<\/td>\n<\/tr>\n<tr class=\"row-133\">\n\t<td class=\"column-1\">17th World Congress and Exhibition on Intelligent Transport Systems and Services.<\/td><td class=\"column-2\">20\/10\/2010<\/td><td class=\"column-3\">Ponencia Congreso Internacional<\/td><td class=\"column-4\">Naranjo, J. E., Jim\u00e9nez, F., Garc\u00eda, F., Armingol, J. M., Zato, J. G., Quero, A<\/td>\n<\/tr>\n<tr class=\"row-134\">\n\t<td class=\"column-1\">XVIII CONGRESO NACIONAL DE INGENIER\u00cdA MEC\u00c1NICA. Ciudad Real. (3, 4 y 5 de noviembre de 2010)<\/td><td class=\"column-2\">04\/10\/2010<\/td><td class=\"column-3\">Ponencia Congreso Nacional<\/td><td class=\"column-4\">E. ALCALA, A. MARTIN, D. ARRIBAS, F. APARICIO<\/td>\n<\/tr>\n<tr class=\"row-135\">\n\t<td class=\"column-1\">XVIII Congreso Nacional de Ingenier\u00eda Mec\u00e1nica. Ciudad Real.  (3, 4 y 5 de noviembre de 2010)<\/td><td class=\"column-2\">04\/10\/2010<\/td><td class=\"column-3\">Ponencia Congreso Nacional<\/td><td class=\"column-4\">E. ALCAL\u00c1, B. VALLES, A. L. MART\u00cdN, J. CEPEDA<\/td>\n<\/tr>\n<tr class=\"row-136\">\n\t<td class=\"column-1\">XVIII Congreso Nacional de Ingenier\u00eda Mec\u00e1nica. Ciudad Real.  (3, 4 y 5 de noviembre de 2010)<\/td><td class=\"column-2\">04\/10\/2010<\/td><td class=\"column-3\">Ponencia Congreso Nacional<\/td><td class=\"column-4\">E. ALCAL\u00c1, D. ARRIBAS, R. GRIMALDI, R. LAGUNILLA<\/td>\n<\/tr>\n<tr class=\"row-137\">\n\t<td class=\"column-1\">XVIII Congreso Nacional de Ingenier\u00eda Mec\u00e1nica. Ciudad Real.  (3, 4 y 5 de noviembre de 2010)<\/td><td class=\"column-2\">04\/10\/2010<\/td><td class=\"column-3\">Ponencia Congreso Nacional<\/td><td class=\"column-4\">F.M. Badea, E. Alcala, R. Grimaldi, A. Ogando, F. Aparicio.<\/td>\n<\/tr>\n<tr class=\"row-138\">\n\t<td class=\"column-1\">XVIII Congreso Nacional de Ingenier\u00eda Mec\u00e1nica. Ciudad Real.  (3, 4 y 5 de noviembre de 2010)<\/td><td class=\"column-2\">04\/10\/2010<\/td><td class=\"column-3\">Ponencia Congreso Nacional<\/td><td class=\"column-4\">R. Grimaldi, Enrique Alcala, A. Martin, F. Aparicio<\/td>\n<\/tr>\n<tr class=\"row-139\">\n\t<td class=\"column-1\">XVIII Congreso Nacional de Ingenier\u00eda Mec\u00e1nica. Ciudad Real.  (3, 4 y 5 de noviembre de 2010)<\/td><td class=\"column-2\">04\/10\/2010<\/td><td class=\"column-3\">Ponencia Congreso Nacional<\/td><td class=\"column-4\">\u00c1ngel Mart\u00edn L\u00f3pez, Daniel Arribas, Enrique Alcala, F. Aparicio<\/td>\n<\/tr>\n<tr class=\"row-140\">\n\t<td class=\"column-1\">13th International IEEE Annual Conference on Intelligent Transportation Systems. Madeira.<\/td><td class=\"column-2\">20\/09\/2010<\/td><td class=\"column-3\">Ponencia Congreso Internacional<\/td><td class=\"column-4\">Naranjo, J. E., Jim\u00e9nez, F., Serradilla, F. J., Zato, J. G.<\/td>\n<\/tr>\n<tr class=\"row-141\">\n\t<td class=\"column-1\">5th Asian Conference on Multibody Dynamics 2010, Kyoto<\/td><td class=\"column-2\">23\/08\/2010<\/td><td class=\"column-3\">Ponencia Congreso Internacional<\/td><td class=\"column-4\">\"J. Garc\u00eda de Jal\u00f3n  A. Callejo\"<\/td>\n<\/tr>\n<tr class=\"row-142\">\n\t<td class=\"column-1\">CIT 2010<\/td><td class=\"column-2\">08\/07\/2010<\/td><td class=\"column-3\">Ponencia Congreso Nacional<\/td><td class=\"column-4\">Francisco Javier P\u00e1ez Ayuso, Arturo Furones Crespo, Alexandro Badea Romero, Francisco Aparicio Izquierdo<\/td>\n<\/tr>\n<tr class=\"row-143\">\n\t<td class=\"column-1\">CIT 2010<\/td><td class=\"column-2\">08\/07\/2010<\/td><td class=\"column-3\">Ponencia Congreso Nacional<\/td><td class=\"column-4\">Arturo Furones Crespo, Francisco Javier P\u00e1ez Ayuso, Alexandro Badea Romero, Francisco Aparicio Izquierdo<\/td>\n<\/tr>\n<tr class=\"row-144\">\n\t<td class=\"column-1\">CIT 2010<\/td><td class=\"column-2\">08\/07\/2010<\/td><td class=\"column-3\">Ponencia Congreso Nacional<\/td><td class=\"column-4\">Luis Mart\u00ednez S\u00e1ez; Antonio Garc\u00eda \u00c1lvarez<\/td>\n<\/tr>\n<tr class=\"row-145\">\n\t<td class=\"column-1\">CIT 2010<\/td><td class=\"column-2\">08\/07\/2010<\/td><td class=\"column-3\">Ponencia Congreso Nacional<\/td><td class=\"column-4\">\"M. Macchi  A. Mart\u00edn  J. Garc\u00eda de Jal\u00f3n\"<\/td>\n<\/tr>\n<tr class=\"row-146\">\n\t<td class=\"column-1\">CIT 2010<\/td><td class=\"column-2\">08\/07\/2010<\/td><td class=\"column-3\">Ponencia Congreso Nacional<\/td><td class=\"column-4\">Huerta, J., Jim\u00e9nez, F., Rubio, S., Mart\u00edn-Moreno, A.<\/td>\n<\/tr>\n<tr class=\"row-147\">\n\t<td class=\"column-1\">CIT 2010<\/td><td class=\"column-2\">08\/07\/2010<\/td><td class=\"column-3\">Ponencia Congreso Nacional<\/td><td class=\"column-4\">Enrique Alcal\u00e1; Francisco Aparicio; D\u00f1a. Roc\u00edo Grimaldi; D. Angel Mart\u00edn<\/td>\n<\/tr>\n<tr class=\"row-148\">\n\t<td class=\"column-1\">CIT 2010<\/td><td class=\"column-2\">08\/07\/2010<\/td><td class=\"column-3\">Ponencia Congreso Nacional<\/td><td class=\"column-4\">Roc\u00edo Grimaldi Pastoril; Enrique Alcal\u00e1 Fazio<\/td>\n<\/tr>\n<tr class=\"row-149\">\n\t<td class=\"column-1\">CIT 2010<\/td><td class=\"column-2\">07\/07\/2010<\/td><td class=\"column-3\">Ponencia Congreso Nacional<\/td><td class=\"column-4\">Luis Mart\u00ednez S\u00e1ez; Antonio Garc\u00eda \u00c1lvarez<\/td>\n<\/tr>\n<tr class=\"row-150\">\n\t<td class=\"column-1\">CIT 2010<\/td><td class=\"column-2\">07\/07\/2010<\/td><td class=\"column-3\">Ponencia Congreso Nacional<\/td><td class=\"column-4\">Jos\u00e9 Mar\u00eda L\u00f3pz Mart\u00ednez; Nuria Flores Holgado; Julio Lumbreras; Rosal\u00eda Villimar; Cristina Pascual<\/td>\n<\/tr>\n<tr class=\"row-151\">\n\t<td class=\"column-1\">CIT 2010<\/td><td class=\"column-2\">07\/07\/2010<\/td><td class=\"column-3\">Ponencia Congreso Nacional<\/td><td class=\"column-4\">Jos\u00e9 Mar\u00eda L\u00f3pez Mart\u00ednez; Juan Antonio Garc\u00eda S\u00e1nchez; Francisco Javier S\u00e1nchez Alejo; Nuria Flores Holgado<\/td>\n<\/tr>\n<tr class=\"row-152\">\n\t<td class=\"column-1\">CIT 2010<\/td><td class=\"column-2\">07\/07\/2010<\/td><td class=\"column-3\">Ponencia Congreso Nacional<\/td><td class=\"column-4\">Arenas, A., Argenti, P., L\u00f3pez, J. M., Jim\u00e9nez, F., P\u00e1ez, J., Aparicio, F.<\/td>\n<\/tr>\n<tr class=\"row-153\">\n\t<td class=\"column-1\">CIT 2010<\/td><td class=\"column-2\">07\/07\/2010<\/td><td class=\"column-3\">Ponencia Congreso Nacional<\/td><td class=\"column-4\">\"A. F. Hidalgo  A. Callejo  J. Garc\u00eda de Jal\u00f3n   \"<\/td>\n<\/tr>\n<tr class=\"row-154\">\n\t<td class=\"column-1\">CIT 2010<\/td><td class=\"column-2\">07\/07\/2010<\/td><td class=\"column-3\">Ponencia Congreso Nacional<\/td><td class=\"column-4\">Cobos, P., Jim\u00e9nez, F., S\u00e1nchez, F. J., \u00c1lvarez, M. A.<\/td>\n<\/tr>\n<tr class=\"row-155\">\n\t<td class=\"column-1\">CIT 2010<\/td><td class=\"column-2\">07\/07\/2010<\/td><td class=\"column-3\">Ponencia Congreso Nacional<\/td><td class=\"column-4\">Jim\u00e9nez, F., Naranjo, J. E., Apar\u00edcio, F., Zato, J. G., Ariza, M.<\/td>\n<\/tr>\n<tr class=\"row-156\">\n\t<td class=\"column-1\">CIT 2010<\/td><td class=\"column-2\">07\/07\/2010<\/td><td class=\"column-3\">Ponencia Congreso Nacional<\/td><td class=\"column-4\">Cobos, P. Jim\u00e9nez, F., L\u00f3pez, J. M., S\u00e1nchez, F. J.<\/td>\n<\/tr>\n<tr class=\"row-157\">\n\t<td class=\"column-1\">CIT 2010<\/td><td class=\"column-2\">07\/07\/2010<\/td><td class=\"column-3\">Ponencia Congreso Nacional<\/td><td class=\"column-4\">6. Enrique Alcal\u00e1; Francisco Aparicio; Angel Mart\u00edn; Beatriz Valles Fern\u00e1ndez; Juan Fco. Dols; Juan Angel Terr\u00f3n<\/td>\n<\/tr>\n<tr class=\"row-158\">\n\t<td class=\"column-1\">CIT 2010. IX Congreso de Ingenier\u00eda del Transporte.<\/td><td class=\"column-2\">07\/07\/2010<\/td><td class=\"column-3\">Ponencia Congreso Nacional<\/td><td class=\"column-4\">\"Jos\u00e9 Manuel Mira Mc Williams(1); Francisco Aparicio Izquierdo(1); Blanca Arenas Ram\u00edrez(1); Francisco Jim\u00e9nez Ruiz(1)  M\u00aa Anuncia Ocampo Sanchez(2); Pilar Zori Bertol\u00edn(2)  Jos\u00e9 A. Bartolom\u00e9 Marcos(2); (1) INSIA, (2) DGT  \"<\/td>\n<\/tr>\n<tr class=\"row-159\">\n\t<td class=\"column-1\">CIT 2010. IX Congreso de Ingenier\u00eda del Transporte.<\/td><td class=\"column-2\">07\/07\/2010<\/td><td class=\"column-3\">Ponencia Congreso Nacional<\/td><td class=\"column-4\">Aparicio Izquierdo Francisco; Arenas Ram\u00edrez Blanca; Mira Mc Williams Jos\u00e9 Manuel, P\u00e1ez Ayuso J.<\/td>\n<\/tr>\n<tr class=\"row-160\">\n\t<td class=\"column-1\">CIT 2010. IX Congreso de Ingenier\u00eda del Transporte.<\/td><td class=\"column-2\">07\/07\/2010<\/td><td class=\"column-3\">Ponencia Congreso Nacional<\/td><td class=\"column-4\">\"Thais Rangel (1), Jos\u00e9 Manuel Vassallo (1), Blanca Arenas (2),  Pablo P\u00e9rez de Villar (3)  (1) TRANSYT, (2) INSIA, (3) MFOM\"<\/td>\n<\/tr>\n<tr class=\"row-161\">\n\t<td class=\"column-1\">CIT 2010. IX Congreso de Ingenier\u00eda del Transporte.<\/td><td class=\"column-2\">07\/07\/2010<\/td><td class=\"column-3\">Ponencia Congreso Nacional<\/td><td class=\"column-4\">\"\u00c1lvaro G\u00f3mez M\u00e9ndez; Francisco Aparicio Izquierdo      \"<\/td>\n<\/tr>\n<tr class=\"row-162\">\n\t<td class=\"column-1\">CIT 2010. IX Congreso de Ingenier\u00eda del Transporte.<\/td><td class=\"column-2\">07\/07\/2010<\/td><td class=\"column-3\">Ponencia Congreso Nacional<\/td><td class=\"column-4\">\"Blanca Arenas Ram\u00edrez; Francisco Aparicio Izquierdo; Camino Gonz\u00e1lez Fern\u00e1ndez  \"<\/td>\n<\/tr>\n<tr class=\"row-163\">\n\t<td class=\"column-1\">Congreso Internacional de Docencia Universitaria e Innovaci\u00f3n 2010. Barcelona, 30 junio - 2 julio 2010<\/td><td class=\"column-2\">01\/07\/2010<\/td><td class=\"column-3\">Ponencia Congreso Internacional<\/td><td class=\"column-4\">Jim\u00e9nez, F., Naranjo, J. E., Serradilla, F.<\/td>\n<\/tr>\n<tr class=\"row-164\">\n\t<td class=\"column-1\">FISITA 2010 World automotive Congress<\/td><td class=\"column-2\">16\/06\/2010<\/td><td class=\"column-3\">Ponencia Congreso Internacional<\/td><td class=\"column-4\">\"Francisco Aparicio Izquierdo, Blanca Arenas Ram\u00edrez,   Camino Gonz\u00e1lez Fern\u00e1ndez, Jos\u00e9 Manuel Mira Mc Williams.\"<\/td>\n<\/tr>\n<tr class=\"row-165\">\n\t<td class=\"column-1\">FISITA 2010. Budapest, 31 mayo-4 junio 2010<\/td><td class=\"column-2\">01\/06\/2010<\/td><td class=\"column-3\">Ponencia Congreso Internacional<\/td><td class=\"column-4\">Jim\u00e9nez, F., Mart\u00edn, C., G\u00f3mez, O., Aparicio, F.<\/td>\n<\/tr>\n<tr class=\"row-166\">\n\t<td class=\"column-1\">FISITA 2010.World automotive Congress<\/td><td class=\"column-2\">31\/05\/2010<\/td><td class=\"column-3\">Ponencia Congreso Internacional<\/td><td class=\"column-4\">Alcal\u00e1, Enrique, Mart\u00edn, Angel, Grimaldi, Rocio.<\/td>\n<\/tr>\n<tr class=\"row-167\">\n\t<td class=\"column-1\">FISITA 2010 World automotive Congress<\/td><td class=\"column-2\">30\/05\/2010<\/td><td class=\"column-3\">Ponencia Congreso Internacional<\/td><td class=\"column-4\">P\u00e1ez Ayuso, Francisco Javier; Furones Crespo, Arturo; Badea Romero, Alexandro; Aparicio Izquierdo, Francisco<\/td>\n<\/tr>\n<tr class=\"row-168\">\n\t<td class=\"column-1\">FISITA 2010 World automotive Congress<\/td><td class=\"column-2\">30\/05\/2010<\/td><td class=\"column-3\">Ponencia Congreso Internacional<\/td><td class=\"column-4\">\"Jos\u00e9 Mar\u00eda L\u00f3pez, Felipe Jim\u00e9nez; Francisco Aparicio; Nuria Flores; Javier P\u00e1ez; Santiago Tapia   \"<\/td>\n<\/tr>\n<tr class=\"row-169\">\n\t<td class=\"column-1\">FISITA 2010 World Automotive Congress, Budapest<\/td><td class=\"column-2\">30\/05\/2010<\/td><td class=\"column-3\">Ponencia Congreso Internacional<\/td><td class=\"column-4\">\"J. Garc\u00eda de Jal\u00f3n  A. Callejo  A. F. Hidalgo  S. Tapia\"<\/td>\n<\/tr>\n<tr class=\"row-170\">\n\t<td class=\"column-1\">The 1st Joint International Conference on Multibody System Dynamics, Lappeenranta, Finland<\/td><td class=\"column-2\">25\/05\/2010<\/td><td class=\"column-3\">Ponencia Congreso Internacional<\/td><td class=\"column-4\">\"A. Callejo  S. Tapia  J. Garc\u00eda de Jal\u00f3n\"<\/td>\n<\/tr>\n<tr class=\"row-171\">\n\t<td class=\"column-1\">The 1st Joint International Conference on Multibody System Dynamics, Lappeenranta, Finland<\/td><td class=\"column-2\">25\/05\/2010<\/td><td class=\"column-3\">Ponencia Congreso Internacional<\/td><td class=\"column-4\">\"A. F. Hidalgo  A. Callejo  J. Garc\u00eda de Jal\u00f3n\"<\/td>\n<\/tr>\n<tr class=\"row-172\">\n\t<td class=\"column-1\">X Congreso Espa\u00f1ol de Sistemas Inteligentes de Transporte. Madrid, 11 al 13 de Mayo de 2010<\/td><td class=\"column-2\">12\/05\/2010<\/td><td class=\"column-3\">Ponencia Congreso Nacional<\/td><td class=\"column-4\">Jim\u00e9nez, F., Tapia, S., Cabrera, W., L\u00f3pez, J. M., Mart\u00edn, A., Aparicio, F.<\/td>\n<\/tr>\n<tr class=\"row-173\">\n\t<td class=\"column-1\">IEEE EDUCON 2010<\/td><td class=\"column-2\">16\/03\/2010<\/td><td class=\"column-3\">Ponencia Congreso Internacional<\/td><td class=\"column-4\">Javier S\u00e1nchez, Francisco Aparicio, Miguel A. \u00c1lvarez, Ernest Galindo<\/td>\n<\/tr>\n<tr class=\"row-174\">\n\t<td class=\"column-1\">WCTR2010-12th World Conference on Transport Research -Lisboa<\/td><td class=\"column-2\">01\/02\/2010<\/td><td class=\"column-3\">Ponencia Congreso Internacional<\/td><td class=\"column-4\">\"Rangel, Thais: (TRANSyT),   Vasallo Jos\u00e9 Manuel (TRANSYT)  Arenas, Blanca (INSIA)   P\u00e9rez de Villar, Pablo (MFOM)  \"<\/td>\n<\/tr>\n<tr class=\"row-175\">\n\t<td class=\"column-1\">CIBIM9-IX Congreso Iberoamericano de Ingenier\u00eda Mec\u00e1nica.<\/td><td class=\"column-2\">17\/11\/2009<\/td><td class=\"column-3\">Ponencia Congreso Internacional<\/td><td class=\"column-4\">Garc\u00eda, A.; Mart\u00ednez, L.<\/td>\n<\/tr>\n<tr class=\"row-176\">\n\t<td class=\"column-1\">CIBIM9-9th Congreso Iberoamericano de Ingenier\u00eda Mec\u00e1nica, Las Palmas de Gran Canarias, Espa\u00f1a<\/td><td class=\"column-2\">17\/11\/2009<\/td><td class=\"column-3\">Ponencia Congreso Internacional<\/td><td class=\"column-4\">L\u00f3pez Mart\u00ednez J.M, Aparicio Izquierdo F, Flores Holgado N, Jim\u00e9nez Alonso F.<\/td>\n<\/tr>\n<tr class=\"row-177\">\n\t<td class=\"column-1\">CIBIM9-IX Congreso Iberoamericano de Ingenier\u00eda Mec\u00e1nica Lugar y fecha: Las Palmas de Gran Canaria, 17 \u0096 20 de Noviembre de 2009<\/td><td class=\"column-2\">17\/11\/2009<\/td><td class=\"column-3\">Ponencia Congreso Internacional<\/td><td class=\"column-4\">Jim\u00e9nez, F., Aparicio, F., Mart\u00edn, C., G\u00f3mez, O.<\/td>\n<\/tr>\n<tr class=\"row-178\">\n\t<td class=\"column-1\">CIBIM9-9\u00ba Congreso Iberoamericano de Ingenier\u00eda Mec\u00e1nica. Las Palmas de Gran Canaria, 17 \u0096 20 de Noviembre de 2009<\/td><td class=\"column-2\">18\/10\/2009<\/td><td class=\"column-3\">Ponencia Congreso Internacional<\/td><td class=\"column-4\">E. Alcal\u00e1, A. Mart\u00edn, R. Grimaldi. T. Vicente.<\/td>\n<\/tr>\n<tr class=\"row-179\">\n\t<td class=\"column-1\">16th World Congress and Exhibition on Intelligent Transport Systems and Services. Lugar y fecha: Estocolmo (Suecia), 21 al 25 de Septiembre de 2009<\/td><td class=\"column-2\">21\/09\/2009<\/td><td class=\"column-3\">Ponencia Congreso Internacional<\/td><td class=\"column-4\">Garc\u00eda, F., Jim\u00e9nez, F., Naranjo, J. E., Zato, J. G., Aparicio, F., Armingol, J. M., de la Escalera, A.<\/td>\n<\/tr>\n<tr class=\"row-180\">\n\t<td class=\"column-1\">16th World Congress and Exhibition on Intelligent Transport Systems and Services. Lugar y fecha: Estocolmo (Suecia), 21 al 25 de Septiembre de 2009<\/td><td class=\"column-2\">21\/09\/2009<\/td><td class=\"column-3\">Ponencia Congreso Internacional<\/td><td class=\"column-4\">Jim\u00e9nez, F., Naranjo, J. E., Garc\u00eda, F., Aparicio, F., Zato, J. G., Armingol, J. M., de la Escalera, A.<\/td>\n<\/tr>\n<tr class=\"row-181\">\n\t<td class=\"column-1\">ASME 2009 International Design Engineering Technical Conferences &amp; Computers and Information<\/td><td class=\"column-2\">31\/08\/2009<\/td><td class=\"column-3\">Ponencia Congreso Internacional<\/td><td class=\"column-4\">\"J. Garc\u00eda de Jal\u00f3n  A. F. Hidalgo  A. Callejo\"<\/td>\n<\/tr>\n<tr class=\"row-182\">\n\t<td class=\"column-1\">Multibody Dynamics 2009, ECCOMAS Thematic Conference, Warsaw<\/td><td class=\"column-2\">29\/06\/2009<\/td><td class=\"column-3\">Ponencia Congreso Internacional<\/td><td class=\"column-4\">\"F. J. Funes  J. Garc\u00eda de Jal\u00f3n\"<\/td>\n<\/tr>\n<tr class=\"row-183\">\n\t<td class=\"column-1\">Multibody Dynamics 2009, ECCOMAS Thematic Conference, Warsaw<\/td><td class=\"column-2\">29\/06\/2009<\/td><td class=\"column-3\">Ponencia Congreso Internacional<\/td><td class=\"column-4\">\"A. Callejo  E. Elipe  M. Macchi  R. Bravo\"<\/td>\n<\/tr>\n<tr class=\"row-184\">\n\t<td class=\"column-1\">ESV 2009<\/td><td class=\"column-2\">24\/06\/2009<\/td><td class=\"column-3\">Ponencia Congreso Internacional<\/td><td class=\"column-4\">\"Luis Mart\u00ednez, Teresa Vicente, Antonio Garc\u00eda, Enrique Alcal\u00e1,  Francisco Aparicio\"<\/td>\n<\/tr>\n<tr class=\"row-185\">\n\t<td class=\"column-1\">ESV 2009<\/td><td class=\"column-2\">24\/06\/2009<\/td><td class=\"column-3\">Ponencia Congreso Internacional<\/td><td class=\"column-4\">\"Andre Eggers, Britta Schnottale, Bernard Been, Kees Waagmeester; David Hynd, Jolyon Carroll; Luis Mart\u00ednez  \"<\/td>\n<\/tr>\n<tr class=\"row-186\">\n\t<td class=\"column-1\">Urban Transport (22-24 DE JUNIO) BOLONIA ITALIA<\/td><td class=\"column-2\">22\/06\/2009<\/td><td class=\"column-3\">Ponencia Congreso Internacional<\/td><td class=\"column-4\">\"JULIO LUMBRERAS MARTIN; JOSE MARIA LOPEZ MARTINEZ;   ENCARNACION RODRIGUEZ HURTADO  \"<\/td>\n<\/tr>\n<tr class=\"row-187\">\n\t<td class=\"column-1\">ESV 2009<\/td><td class=\"column-2\">15\/06\/2009<\/td><td class=\"column-3\">Ponencia Congreso Internacional<\/td><td class=\"column-4\">Jos\u00e9 Manuel Barrios, Andr\u00e9s Aparicio, Arturo D\u00e1vila, Juan Luis de Miguel, Sara Modrego Ana Olona, Alexandro Badea, Arturo Furones, Francisco Javier P\u00e1ez, Jos\u00e9 Mar\u00eda Mart\u00edn<\/td>\n<\/tr>\n<tr class=\"row-188\">\n\t<td class=\"column-1\">IX Congreso Nacional de Sistemas Inteligentes de Transporte. ITS Espa\u00f1a. Andorra.<\/td><td class=\"column-2\">02\/06\/2009<\/td><td class=\"column-3\">Ponencia Congreso Nacional<\/td><td class=\"column-4\">Jim\u00e9nez, F.<\/td>\n<\/tr>\n<tr class=\"row-189\">\n\t<td class=\"column-1\">SEIO 2009-Actas de XXXI Congreso Nacional de la Sociedad de Estad\u00edstica e Investigaci\u00f3n Operativa<\/td><td class=\"column-2\">19\/05\/2009<\/td><td class=\"column-3\">Ponencia Congreso Nacional<\/td><td class=\"column-4\">Blanca Arenas Ram\u00edrez ; Francisco Aparicio Izquierdo; Camino Gonz\u00e1lez Fern\u00e1ndez<\/td>\n<\/tr>\n<tr class=\"row-190\">\n\t<td class=\"column-1\">ISF2009-29th Annual International Symposium on Forecasting<\/td><td class=\"column-2\">27\/02\/2009<\/td><td class=\"column-3\">Ponencia Congreso Internacional<\/td><td class=\"column-4\">\"Francisco Aparicio Izquierdo, Blanca Arenas Ram\u00edrez, Camino Gonz\u00e1lez Fern\u00e1ndez, Jos\u00e9 Manuel Mira Mc Williams.      \"<\/td>\n<\/tr>\n<tr class=\"row-191\">\n\t<td class=\"column-1\">3rd CESSA Conference. Prospects for a European Hydrogen Economy<\/td><td class=\"column-2\">21\/10\/2008<\/td><td class=\"column-3\">Ponencia Congreso Internacional<\/td><td class=\"column-4\">Jos\u00e9 Mar\u00eda L\u00f3pez<\/td>\n<\/tr>\n<tr class=\"row-192\">\n\t<td class=\"column-1\">VIII Congreso espa\u00f1ol Sistemas Inteligentes de Transporte<\/td><td class=\"column-2\">10\/10\/2008<\/td><td class=\"column-3\">Ponencia Congreso Nacional<\/td><td class=\"column-4\">Felipe Jim\u00e9nez Alonso, David Ortega Abad, Juan Antonio Alonso Navales, Antonio Ib\u00e1\u00f1ez Costa<\/td>\n<\/tr>\n<tr class=\"row-193\">\n\t<td class=\"column-1\">Internacional IRCOBI  Conference  on THE BIOMECHANICS OF INJURY.BERNA. SUIZA1<\/td><td class=\"column-2\">17\/09\/2008<\/td><td class=\"column-3\">Ponencia Congreso Internacional<\/td><td class=\"column-4\">Luis Mart\u00ednez S\u00e1ez. Luis Jes\u00fas Guerra Casanova. Biomec\u00e1nica. Sabine Compigne. Toyota Motor Europe.<\/td>\n<\/tr>\n<tr class=\"row-194\">\n\t<td class=\"column-1\">FISITA 2008. World Automotive Congress. Munich.<\/td><td class=\"column-2\">14\/09\/2008<\/td><td class=\"column-3\">Ponencia Congreso Internacional<\/td><td class=\"column-4\">Jos\u00e9 M\u00aa L\u00f3pez, Felipe Jim\u00e9nez, Francisco Aparicio, Nuria Flores<\/td>\n<\/tr>\n<tr class=\"row-195\">\n\t<td class=\"column-1\">FISITA 2008. World Automotive Congress. Munich.<\/td><td class=\"column-2\">14\/09\/2008<\/td><td class=\"column-3\">Ponencia Congreso Internacional<\/td><td class=\"column-4\">Vicente Corral, M\u00aa Teresa; Aparicio Izquierdo, Francisco; Valles Fern\u00e1ndez, Beatriz; Mart\u00edn L\u00f3pez, \u00c1ngel<\/td>\n<\/tr>\n<tr class=\"row-196\">\n\t<td class=\"column-1\">FISITA 2008. World Automotive Congress.Munich<\/td><td class=\"column-2\">14\/09\/2008<\/td><td class=\"column-3\">Ponencia Congreso Internacional<\/td><td class=\"column-4\">Aparicio, Francisco; Bernardos, Eva; Arenas, Blanca; G\u00f3mez, \u00c1lvaro; Enrique Chac\u00f3n.<\/td>\n<\/tr>\n<tr class=\"row-197\">\n\t<td class=\"column-1\">1st International Conference on Automobile Sustainable<\/td><td class=\"column-2\">01\/09\/2008<\/td><td class=\"column-3\">Ponencia Congreso Internacional<\/td><td class=\"column-4\">Jos\u00e9 Mar\u00eda L\u00f3pez<\/td>\n<\/tr>\n<tr class=\"row-198\">\n\t<td class=\"column-1\">VIII Congreso Nacional De Ingenier\u00eda Del Transporte.<\/td><td class=\"column-2\">02\/07\/2008<\/td><td class=\"column-3\">Ponencia Congreso Nacional<\/td><td class=\"column-4\">Yago Colodr\u00f3n SesemannFrancisco Aparicio Izquierdo;<\/td>\n<\/tr>\n<tr class=\"row-199\">\n\t<td class=\"column-1\">CIT2008-VIII Congreso Nacional De Ingenier\u00eda Del Transporte.<\/td><td class=\"column-2\">02\/07\/2008<\/td><td class=\"column-3\">Ponencia Congreso Nacional<\/td><td class=\"column-4\">Blanca Arenas Ram\u00edrez ; Francisco Aparicio Izquierdo; Camino Gonz\u00e1lez Fern\u00e1ndez<\/td>\n<\/tr>\n<tr class=\"row-200\">\n\t<td class=\"column-1\">CIT2008-VIII Congreso Nacional De Ingenier\u00eda Del Transporte.<\/td><td class=\"column-2\">02\/07\/2008<\/td><td class=\"column-3\">Ponencia Congreso Nacional<\/td><td class=\"column-4\">Blanca Arenas; Francisco Aparicio ; \u00c1lvaro G\u00f3mez ; Javier P\u00e1ez ; Camino Gonz\u00e1lez ; Jos\u00e9 Mira ; Arturo Furones<\/td>\n<\/tr>\n<tr class=\"row-201\">\n\t<td class=\"column-1\">CIT2008-VIII Congreso Nacional De Ingenier\u00eda Del Transporte.<\/td><td class=\"column-2\">02\/07\/2008<\/td><td class=\"column-3\">Ponencia Congreso Nacional<\/td><td class=\"column-4\">Francisco Aparicio Izquierdo; Blanca Arenas Ram\u00edrez; \u00c1lvaro G\u00f3mez  M\u00e9ndez;  Eva Bernardos Rodr\u00edguez<\/td>\n<\/tr>\n<tr class=\"row-202\">\n\t<td class=\"column-1\">CIT2008-VIII Congreso Nacional De Ingenier\u00eda Del Transporte.<\/td><td class=\"column-2\">02\/07\/2008<\/td><td class=\"column-3\">Ponencia Congreso Nacional<\/td><td class=\"column-4\">Eva Bernardos Rodr\u00edguez ; Francisco Aparicio Izquierdo; \u00c1lvaro G\u00f3mez  M\u00e9ndez; Blanca Arenas Ram\u00edrez; Javier P\u00e1ez Ayuso<\/td>\n<\/tr>\n<tr class=\"row-203\">\n\t<td class=\"column-1\">9th Highway And Urban Environment Symposium. Madrid.<\/td><td class=\"column-2\">09\/06\/2008<\/td><td class=\"column-3\">Ponencia Congreso Internacional<\/td><td class=\"column-4\">Jos\u00e9 M\u00aa L\u00f3pez Mart\u00ednez, Nuria Flores Holgado, Felipe Jim\u00e9nez Alonso Francisco Aparicio Izquierdo<\/td>\n<\/tr>\n<tr class=\"row-204\">\n\t<td class=\"column-1\">I CISEV-Congreso Internacional de Seguridad Vial<\/td><td class=\"column-2\">31\/05\/2008<\/td><td class=\"column-3\">Ponencia Congreso Internacional<\/td><td class=\"column-4\">Blanca Arenas Ram\u00edrez. , Francisco Aparicio Izquierdo., Camino Gonz\u00e1lez  Fern\u00e1ndez<\/td>\n<\/tr>\n<tr class=\"row-205\">\n\t<td class=\"column-1\">CISEV1-I Congreso Internacional de Seguridad Vial<\/td><td class=\"column-2\">28\/05\/2008<\/td><td class=\"column-3\">Ponencia Congreso Internacional<\/td><td class=\"column-4\">Luis Mart\u00ednez S\u00e1ez. Antonio Garc\u00eda \u00c1lvarez.  Luis Jes\u00fas Guerra Casanova.<\/td>\n<\/tr>\n<tr class=\"row-206\">\n\t<td class=\"column-1\">CISEV1-I Congreso Internacional de Seguridad Vial<\/td><td class=\"column-2\">28\/05\/2008<\/td><td class=\"column-3\">Ponencia Congreso Internacional<\/td><td class=\"column-4\">M\u00aa Teresa Vicente Corral, \u00c1ngel Mart\u00edn L\u00f3pez, Roc\u00edo Grimaldi Pastoril, Francisco Aparicio Izquierdo*<\/td>\n<\/tr>\n<tr class=\"row-207\">\n\t<td class=\"column-1\">I CISEV-Congreso Internacional de Seguridad Vial<\/td><td class=\"column-2\">28\/05\/2008<\/td><td class=\"column-3\">Ponencia Congreso Internacional<\/td><td class=\"column-4\">Francisco Aparicio Izquierdo, Eva Bernardos Rodr\u00edguez, Blanca Arenas Ram\u00edrez, Javier P\u00e1ez Ayuso.<\/td>\n<\/tr>\n<tr class=\"row-208\">\n\t<td class=\"column-1\">XVII Congreso de ingenier\u00eda mec\u00e1nica<\/td><td class=\"column-2\">14\/02\/2008<\/td><td class=\"column-3\">Ponencia Congreso Nacional<\/td><td class=\"column-4\">S\u00e1nchez, J., L\u00f3pez, J. M.,  Jim\u00e9nez, F., Vicente, T., \u00c1lvarez, M. A. y Vila, J.<\/td>\n<\/tr>\n<tr class=\"row-209\">\n\t<td class=\"column-1\">XVII Congreso Nacional de Ingenier\u00eda Mec\u00e1nica<\/td><td class=\"column-2\">14\/02\/2008<\/td><td class=\"column-3\">Ponencia Congreso Nacional<\/td><td class=\"column-4\">\"J. Garc\u00eda de Jal\u00f3n  M. Gonz\u00e1lez  J. Infante  S. Serna   \"<\/td>\n<\/tr>\n<tr class=\"row-210\">\n\t<td class=\"column-1\">XVII Congreso Nacional de Ingenier\u00eda Mec\u00e1nica<\/td><td class=\"column-2\">14\/02\/2008<\/td><td class=\"column-3\">Ponencia Congreso Nacional<\/td><td class=\"column-4\">\"D. G\u00f3mez  J. Garc\u00eda de Jal\u00f3n   \"<\/td>\n<\/tr>\n<tr class=\"row-211\">\n\t<td class=\"column-1\">XVII Congreso Nacional de Ingenier\u00eda Mec\u00e1nica<\/td><td class=\"column-2\">14\/02\/2008<\/td><td class=\"column-3\">Ponencia Congreso Nacional<\/td><td class=\"column-4\">\"I. Barbed  D. G\u00f3mez  J. Garc\u00eda de Jal\u00f3n    \"<\/td>\n<\/tr>\n<tr class=\"row-212\">\n\t<td class=\"column-1\">XVII Congreso de ingenier\u00eda mec\u00e1nica<\/td><td class=\"column-2\">14\/02\/2008<\/td><td class=\"column-3\">Ponencia Congreso Nacional<\/td><td class=\"column-4\">Jim\u00e9nez, F., L\u00f3pez, J. M., S\u00e1nchez, J., y Cobos, P.<\/td>\n<\/tr>\n<tr class=\"row-213\">\n\t<td class=\"column-1\">CNIM<\/td><td class=\"column-2\">14\/02\/2008<\/td><td class=\"column-3\">Ponencia Congreso Nacional<\/td><td class=\"column-4\">Daniel Arribas, \u00c1ngel Mart\u00edn<\/td>\n<\/tr>\n<tr class=\"row-214\">\n\t<td class=\"column-1\">Congreso Iberoamericano Ingenier\u00eda Mec\u00e1nica.  Cuzco, Per\u00fa<\/td><td class=\"column-2\">25\/10\/2007<\/td><td class=\"column-3\">Ponencia Congreso Internacional<\/td><td class=\"column-4\">Mart\u00ednez, L.; Guerra, L. J.; Ferichola, G.; Garc\u00eda, A.<\/td>\n<\/tr>\n<tr class=\"row-215\">\n\t<td class=\"column-1\">Congreso Iberoamericano Ingenier\u00eda Mec\u00e1nica.  Cuzco, Per\u00fa<\/td><td class=\"column-2\">25\/10\/2007<\/td><td class=\"column-3\">Ponencia Congreso Internacional<\/td><td class=\"column-4\">L\u00f3pez Mart\u00ednez J.M; G\u00f3mez M\u00e9ndez A; Aparicio Izquierdo F; S\u00e1nchez Alejo J; Flores Holgado N.<\/td>\n<\/tr>\n<tr class=\"row-216\">\n\t<td class=\"column-1\">Congreso Iberoamericano Ingenier\u00eda Mec\u00e1nica.  Cuzco, Per\u00fa<\/td><td class=\"column-2\">25\/10\/2007<\/td><td class=\"column-3\">Ponencia Congreso Internacional<\/td><td class=\"column-4\">Ing. Gustavo Jos\u00e9 Cazzola, Dr. Francisco Aparicio Izquierdo, Teresa Vicente Corral<\/td>\n<\/tr>\n<tr class=\"row-217\">\n\t<td class=\"column-1\">Congreso Iberoamericano Ingenier\u00eda Mec\u00e1nica.  Cuzco, Per\u00fa<\/td><td class=\"column-2\">25\/10\/2007<\/td><td class=\"column-3\">Ponencia Congreso Internacional<\/td><td class=\"column-4\">Valles Fern\u00e1ndez, B.; Vicente Corral, M. T.; Mart\u00edn L\u00f3pez, A. L.; Aparicio Izquierdo, F.<\/td>\n<\/tr>\n<tr class=\"row-218\">\n\t<td class=\"column-1\">XI Congreso internacional de ingenier\u00eda de proyectos.  Lugo, Espa\u00f1a.<\/td><td class=\"column-2\">27\/09\/2007<\/td><td class=\"column-3\">Ponencia Congreso Internacional<\/td><td class=\"column-4\">F.J. S\u00e1nchez Alejo, I. Ortiz Marcos, J. Ordieres Mer\u00e9, J.M. L\u00f3pez Mart\u00ednez<\/td>\n<\/tr>\n<tr class=\"row-219\">\n\t<td class=\"column-1\">SEIO 2007- XXX Congreso Nacional de Estad\u00edstica e Investigaci\u00f3n Operativa.  Valladolid.<\/td><td class=\"column-2\">27\/09\/2007<\/td><td class=\"column-3\">Ponencia Congreso Nacional<\/td><td class=\"column-4\">Blanca Arenas, Francisco Aparicio, Camino Gonz\u00e1lez, Alvaro G\u00f3mez<\/td>\n<\/tr>\n<tr class=\"row-220\">\n\t<td class=\"column-1\">International IRCOBI Conference On The Biomechanics Of Injury IRCOBI 2007. Maastricht, Holanda.<\/td><td class=\"column-2\">20\/09\/2007<\/td><td class=\"column-3\">Ponencia Congreso Internacional<\/td><td class=\"column-4\">J. Mordaka, S. Kleiven, M. van Schijndel-de Nooij, R. de Lange, L. Guerra Casanova, E. Carter, H. von Holst<\/td>\n<\/tr>\n<tr class=\"row-221\">\n\t<td class=\"column-1\">International IRCOBI Conference On The Biomechanics Of Injury IRCOBI 2007. Maastricht, Holanda.<\/td><td class=\"column-2\">20\/09\/2007<\/td><td class=\"column-3\">Ponencia Congreso Internacional<\/td><td class=\"column-4\">\"L. Mart\u00ednez, L. Guerra,    G. Ferichola, A. Garc\u00eda,\"<\/td>\n<\/tr>\n<tr class=\"row-222\">\n\t<td class=\"column-1\">20th International Technical Conference on the Enhanced Safety of Vehicles ESV 2007. Lyon, France<\/td><td class=\"column-2\">20\/09\/2007<\/td><td class=\"column-3\">Ponencia Congreso Internacional<\/td><td class=\"column-4\">Luis Martinez, Luis Guerra y otros<\/td>\n<\/tr>\n<tr class=\"row-223\">\n\t<td class=\"column-1\">20th International Technical Conference on the Enhanced Safety of Vehicles ESV 2007. Lyon, France<\/td><td class=\"column-2\">20\/09\/2007<\/td><td class=\"column-3\">Ponencia Congreso Internacional<\/td><td class=\"column-4\">Luis Martinez, Luis Guerra, Gustavo Ferichola, Antonio Garcia<\/td>\n<\/tr>\n<tr class=\"row-224\">\n\t<td class=\"column-1\">ASME MSNDC 2007<\/td><td class=\"column-2\">07\/09\/2007<\/td><td class=\"column-3\">Ponencia Congreso Internacional<\/td><td class=\"column-4\">J. Garc\u00eda de Jal\u00f3n<\/td>\n<\/tr>\n<tr class=\"row-225\">\n\t<td class=\"column-1\">20th International Technical Conference on the Enhanced Safety of Vehicles ESV 2007. Lyon, France<\/td><td class=\"column-2\">20\/06\/2007<\/td><td class=\"column-3\">Ponencia Congreso Internacional<\/td><td class=\"column-4\">Luis Martinez, Gustavo Ferichola, y otros.<\/td>\n<\/tr>\n<tr class=\"row-226\">\n\t<td class=\"column-1\">20th International Technical Conference on the Enhanced Safety of Vehicles ESV 2007. Lyon, France<\/td><td class=\"column-2\">20\/06\/2007<\/td><td class=\"column-3\">Ponencia Congreso Internacional<\/td><td class=\"column-4\">CE Neal-Sturgess, E. Carter, R. Hardy, R. Cuerden, L. Guerra, J. Yang<\/td>\n<\/tr>\n<tr class=\"row-227\">\n\t<td class=\"column-1\">ESV 2007<\/td><td class=\"column-2\">19\/06\/2007<\/td><td class=\"column-3\">Ponencia Congreso Internacional<\/td><td class=\"column-4\">Dietmar Otte, Raimondo Sferco, Giancarlo Della Valle, Matteo Giunti, Boudewijn Hoogvelt, Patrick Magnusson, Javier Paez, INSIA, Spain<\/td>\n<\/tr>\n<tr class=\"row-228\">\n\t<td class=\"column-1\">FISITA 2006<\/td><td class=\"column-2\">25\/10\/2006<\/td><td class=\"column-3\">Ponencia Congreso Internacional<\/td><td class=\"column-4\">P\u00e1ez, J., Aparicio, F., Jim\u00e9nez, F. y Moreno, F<\/td>\n<\/tr>\n<tr class=\"row-229\">\n\t<td class=\"column-1\">2nd Expert Symposium on Accident Research<\/td><td class=\"column-2\">01\/09\/2006<\/td><td class=\"column-3\">Ponencia Congreso Internacional<\/td><td class=\"column-4\">\"Lenard, James; Morris, Andrew; Tomasch, Ernst; Nehmzow, Joachim; Otte, Dietmar; Cant, Lindsay; Maddak, Mouloud; Vallet, Gilles; Ebbinger, Henrik; Barnes, Jo; de Vries, Ydo;   Van Kampen, Boudewijn; Paez, Javier; Welsh, Ruth\"<\/td>\n<\/tr>\n<tr class=\"row-230\">\n\t<td class=\"column-1\">CIT 2006-VII Congreso de Ingenier\u00eda del Transporte. Ciudad Real, 14-16 de junio de 2006.<\/td><td class=\"column-2\">15\/06\/2006<\/td><td class=\"column-3\">Ponencia Congreso Nacional<\/td><td class=\"column-4\">Arenas, B.; Aparicio, F.; G\u00f3mez, A.; S\u00e1nchez, M.J.; Gonz\u00e1lez, C.; Bernardos, E.<\/td>\n<\/tr>\n<tr class=\"row-231\">\n\t<td class=\"column-1\">SEIO 2006-XXIX Congreso Nacional de Estad\u00edstica e Investigaci\u00f3n Operativa.  Tenerife, 15-19 de mayo de 2006.<\/td><td class=\"column-2\">20\/05\/2006<\/td><td class=\"column-3\">Ponencia Congreso Nacional<\/td><td class=\"column-4\">Arenas, B.; Aparicio, F.; Gonz\u00e1lez, C.; S\u00e1nchez, M.J.; G\u00f3mez, A.; P\u00e1ez, F.J.; Bernardos, E.<\/td>\n<\/tr>\n<tr class=\"row-232\">\n\t<td class=\"column-1\">XIV Congreso Iberoamericano de Ingenier\u00eda Mec\u00e1nica - CIBIM 2019<\/td><td class=\"column-2\"><\/td><td class=\"column-3\">Ponencia congreso internacional<\/td><td class=\"column-4\">Blanca Arenas Ram\u00edrez, Eduardo Donnet, Fabricio Espinoza Molina, Ang\u00e9lica Arenas, Francisco Aparicio Izquierdo<\/td>\n<\/tr>\n<tr class=\"row-233\">\n\t<td class=\"column-1\">Congreso Iberoamericano de Ingenier\u00eda Mec\u00e1nica. CIBIM 2019<\/td><td class=\"column-2\"><\/td><td class=\"column-3\">Ponencia congreso internacional<\/td><td class=\"column-4\">Blanca Arenas Ram\u00edrez, Gustavo Cazzola, Paul Narv\u00e1ez, Ang\u00e9lica Arenas, Pablo Argenti, Alejandro Luy, Juan Jaurena, Francisco Aparicio Izquierdo<\/td>\n<\/tr>\n<tr class=\"row-234\">\n\t<td class=\"column-1\">Tra2020. Rethinking Transport<\/td><td class=\"column-2\"><\/td><td class=\"column-3\">Ponencia congreso internacional<\/td><td class=\"column-4\">Almudena Sanjurjo-de-No, Jos\u00e9 Manuel Mira-McWilliams, Blanca Arenas-Ram\u00edrez, Francisco Aparicio-Izquierdo<\/td>\n<\/tr>\n<tr class=\"row-235\">\n\t<td class=\"column-1\">TRA2020. Rethinking Transport<\/td><td class=\"column-2\"><\/td><td class=\"column-3\">Ponencia congreso internacional<\/td><td class=\"column-4\">Blanca Arenas-Ram\u00edrez, Almudena Sanjurjo-de-No, Jos\u00e9 Manuel Mira-McWilliams, Francisco Aparicio-Izquierdo<\/td>\n<\/tr>\n<tr class=\"row-236\">\n\t<td class=\"column-1\">2do CONGRESO sobre MEDIOS de TRANSPORTES y sus TECNOLOG\u00cdAS APLICADAS.<\/td><td class=\"column-2\"><\/td><td class=\"column-3\">Ponencia congreso internacional<\/td><td class=\"column-4\">Almudena Sanjurjo-de-No, Blanca Arenas-Ram\u00edrez, Jos\u00e9 Manuel Mira-McWilliams, Arturo Furones Crespo, Javier P\u00e1ez Ayuso, Francisco Aparicio-Izquierdo<\/td>\n<\/tr>\n<tr class=\"row-237\">\n\t<td class=\"column-1\">2do CONGRESO sobre MEDIOS de TRANSPORTES y sus TECNOLOG\u00cdAS APLICADAS.<\/td><td class=\"column-2\"><\/td><td class=\"column-3\">Ponencia congreso internacional<\/td><td class=\"column-4\">Edinalva Gomes Bastos, V\u00edctor Pita Gonz\u00e1lez-Campos , Blanca Arenas-Ram\u00edrez, Jos\u00e9 M. Mira, Francisco Aparicio-Izquierdo<\/td>\n<\/tr>\n<tr class=\"row-238\">\n\t<td class=\"column-1\">XIII Congreso de Ingenier\u00eda del Transporte (CIT2018)<\/td><td class=\"column-2\"><\/td><td class=\"column-3\">Ponencia congreso nacional<\/td><td class=\"column-4\">Blanca Arenas Ram\u00edrez, Jos\u00e9 Manuel Mira McWilliams, Arturo Furones Crespo, Javier P\u00e1ez Ayuso, Almudena Sanjurjo de No, Francisco Aparicio Izquierdo.<\/td>\n<\/tr>\n<\/tbody>\n<\/table>\n<!-- #tablepress-4 from cache --><!-- &#091;et_pb_line_break_holder&#093; --><\/pee> <!-- &#091;et_pb_line_break_holder&#093; --><\/div>[\/et_pb_code][et_pb_code _builder_version=\u00bb4.16&#8243; _module_preset=\u00bbdefault\u00bb text_orientation=\u00bbcenter\u00bb global_colors_info=\u00bb{}\u00bb]<h3 class=\"collapseomatic \" id=\"id69f2c01c1148e\"  tabindex=\"0\" title=\"Otros\"    >Otros<\/h3><div id=\"target-id69f2c01c1148e\" class=\"collapseomatic_content \"><pee>  <!-- &#091;et_pb_line_break_holder&#093; -->\n<table id=\"tablepress-5\" class=\"tablepress tablepress-id-5\">\n<thead>\n<tr class=\"row-1\">\n\t<th class=\"column-1\">T\u00edtulo<\/th><th class=\"column-2\">Nombre de la revista<\/th><th class=\"column-3\">Fecha<\/th><th class=\"column-4\">Tipo publicaci\u00f3n<\/th><th class=\"column-5\">Autores<\/th>\n<\/tr>\n<\/thead>\n<tbody class=\"row-striping row-hover\">\n<tr class=\"row-2\">\n\t<td class=\"column-1\">Ingenier\u00eda del Transporte<\/td><td class=\"column-2\">CIE-DOSSAT<\/td><td class=\"column-3\">01\/07\/2008<\/td><td class=\"column-4\">Libros completos<\/td><td class=\"column-5\">\"Francisco Aparicio; Blanca Arenas; Alvaro G\u00f3mez;   Felipe Jimenez; Jos\u00e9 Mar\u00eda L\u00f3pez; Luis Mart\u00ednez; Javier P\u00e1ez  \"<\/td>\n<\/tr>\n<tr class=\"row-3\">\n\t<td class=\"column-1\">Contribuci\u00f3n de la energ\u00eda el\u00e9ctrica en la mejora de las prestaciones de los motores de combusti\u00f3n interna<\/td><td class=\"column-2\">MONOGRAF\u00cdA 3 .- ASEPA.- Los Motores de Combusti\u00f3n Interna en la Movilidad Sostenible del Futuro<\/td><td class=\"column-3\">01\/05\/2013<\/td><td class=\"column-4\">Cap\u00edtulos de libro<\/td><td class=\"column-5\">Jos\u00e9 Mar\u00eda L\u00f3pez y otros<\/td>\n<\/tr>\n<tr class=\"row-4\">\n\t<td class=\"column-1\">Desarrollo y puesta en marcha de un banco de pruebas para configuraciones h\u00edbridas y el\u00e9ctricas. Aplicaci\u00f3n al tren de tracci\u00f3n h\u00edbrido serie de un autob\u00fas urbano.<\/td><td class=\"column-2\">I JORNADA SOBRE VEH\u00cdCULOS Y TRANSPORTES:I+D+I EN LA UPM<\/td><td class=\"column-3\">19\/09\/2013<\/td><td class=\"column-4\">Cap\u00edtulos de libro<\/td><td class=\"column-5\">Daniel Resino Zamora; Jos\u00e9 Mar\u00eda L\u00f3pez Mart\u00ednez; Davinia Rom\u00e1n Conde; Nuria Flores Holgado<\/td>\n<\/tr>\n<tr class=\"row-5\">\n\t<td class=\"column-1\">El medio ambiente y el autom\u00f3vil. El reto del veh\u00edculo autom\u00f3vil frente a la reducci\u00f3n global del CO2<\/td><td class=\"column-2\">CIE-DOSSAT<\/td><td class=\"column-3\">01\/07\/2007<\/td><td class=\"column-4\">Libros completos<\/td><td class=\"column-5\">Jos\u00e9 Mar\u00eda L\u00f3pez Mart\u00ednez<\/td>\n<\/tr>\n<tr class=\"row-6\">\n\t<td class=\"column-1\">Herramienta integral para el c\u00e1lculo de emisiones atmosf\u00e9ricas del transporte por carretera<\/td><td class=\"column-2\">Publicaciones ETSII-UPM<\/td><td class=\"column-3\">01\/06\/2008<\/td><td class=\"column-4\">Libros completos<\/td><td class=\"column-5\">Julio Lumbreras; Encarnaci\u00f3n Rodr\u00edguez; Jos\u00e9 Mar\u00eda L\u00f3pez; Alberto Guijarro; Rosal\u00eda Villimar; Javier P\u00e9rez<\/td>\n<\/tr>\n<tr class=\"row-7\">\n\t<td class=\"column-1\">VEH\u00cdCULOS ELECTRICOS E HIBRIDOS<\/td><td class=\"column-2\">ED ASEPA<\/td><td class=\"column-3\">01\/06\/2009<\/td><td class=\"column-4\">Libros completos<\/td><td class=\"column-5\">JOSE MAR\u00cdA L\u00d3PEZ<\/td>\n<\/tr>\n<tr class=\"row-8\">\n\t<td class=\"column-1\">La movilidad sostenible y accesible en el patrimonio cultural<\/td><td class=\"column-2\">Monograf\u00eda<\/td><td class=\"column-3\">15\/12\/2011<\/td><td class=\"column-4\">Libros completos<\/td><td class=\"column-5\">Jose Mar\u00eda L\u00f3pez \/ Joaquin Ib\u00e1\u00f1ez Montoya \/ Graziella Trovato \/ ENRIQUE ALCAL\u00c1 FAZIO \/ \u00c1NGEL L. MART\u00cdN L\u00d3PEZ \/ JAVIER GARC\u00cdA BEN\u00cdTEZ \/ ZELTIA GONZ\u00c1LEZ BLANCO \/ MARILIA PALHARES MACHADO \/ FLAVIO DE LEMOS CARSALADE \/ FELIPE JIM\u00c9NEZ \/ DANIEL RESINO ZAMORA \/<\/td>\n<\/tr>\n<tr class=\"row-9\">\n\t<td class=\"column-1\">Los Motores de Combusti\u00f3n Interna en la Movilidad Sostenible del Futuro. CAP\u00cdTULO:   \u0093Contribuci\u00f3n de la energ\u00eda el\u00e9ctrica en la mejora de las prestaciones de los motores de combusti\u00f3n interna\u0094<\/td><td class=\"column-2\">MONOGRAFIA ASEPA<\/td><td class=\"column-3\">01\/07\/2013<\/td><td class=\"column-4\">Libros completos<\/td><td class=\"column-5\">Varios, COORDINADOR: Jes\u00fas Casanova Kindelan<\/td>\n<\/tr>\n<tr class=\"row-10\">\n\t<td class=\"column-1\">Determinaci\u00f3n de la huella de carbono del transporte de mercanc\u00edas de largo recorrido<\/td><td class=\"column-2\">I JORNADA SOBRE VEH\u00cdCULOS Y TRANSPORTES:I+D+I EN LA UPM<\/td><td class=\"column-3\">19\/09\/2013<\/td><td class=\"column-4\">Libros completos<\/td><td class=\"column-5\">M\u00aa Teresa Hern\u00e1ndez Antol\u00edn; Juan Antonio Garc\u00eda S\u00e1nchez; Jos\u00e9 M\u00aa L\u00f3pez Mart\u00ednez; Paloma D\u00edaz Fern\u00e1ndez- Zapata; Francisco Aparicio Izquierdo<\/td>\n<\/tr>\n<tr class=\"row-11\">\n\t<td class=\"column-1\">VEH\u00cdCULOS H\u00cdBRIDOS Y EL\u00c9CTRICOS. DISE\u00d1O DEL TREN PROPULSOR<\/td><td class=\"column-2\">fgupm<\/td><td class=\"column-3\">10\/02\/2015<\/td><td class=\"column-4\">Libros completos<\/td><td class=\"column-5\">Jos\u00e9 Mar\u00eda L\u00f3pez Mart\u00ednez<\/td>\n<\/tr>\n<tr class=\"row-12\">\n\t<td class=\"column-1\">C\u00f3digo de buenas pr\u00e1cticas para la utilizaci\u00f3n de carritos de ni\u00f1os en veh\u00edculos de transporte p\u00fablico<\/td><td class=\"column-2\">Ed. UPV<\/td><td class=\"column-3\">01\/03\/2012<\/td><td class=\"column-4\">Libros completos<\/td><td class=\"column-5\">J. Dols, F. Aparicio, E. Alcala, V. Pons. Luis Mart\u00ednez, Angel Martin; B. VAlles.<\/td>\n<\/tr>\n<tr class=\"row-13\">\n\t<td class=\"column-1\">ESTUDIO DE LA VIDA FRENTE A FATIGA DE SEMIRREMOLQUES. BANCO DE ENSAYO Y SIMULACI\u00d3N POR ORDENADOR<\/td><td class=\"column-2\">DYNA<\/td><td class=\"column-3\">01\/01\/2016<\/td><td class=\"column-4\">Libros completos<\/td><td class=\"column-5\">\"Marco Carrera Alegre   Luis Castej\u00f3n Herrer  Hugo Mal\u00f3n Litago  David Valladares Hernando  Carlos Mart\u00edn Lafuente  Javier Garc\u00eda de Jal\u00f3n  Enrique Alcal\u00e1  Pablo Luque  Daniel \u00c1lvarez Mantaras\"<\/td>\n<\/tr>\n<tr class=\"row-14\">\n\t<td class=\"column-1\">Desarrollo y aplicaci\u00f3n de una metodolog\u00eda integrada para el estudio de los accidentes de tr\u00e1fico con implicaci\u00f3n de furgonetas<\/td><td class=\"column-2\">Universidad Polit\u00e9cnica de Madrid Publicaciones<\/td><td class=\"column-3\">01\/06\/2012<\/td><td class=\"column-4\">Libros completos<\/td><td class=\"column-5\">Francisco Aparicio, Blanca Arenas y Otros<\/td>\n<\/tr>\n<tr class=\"row-15\">\n\t<td class=\"column-1\">MUJERES CONDUCTORAS EN ESPA\u00d1A. Implicaci\u00f3n en accidentes de tr\u00e1fico y comparaci\u00f3n con los conductores varones<\/td><td class=\"column-2\">Servicio de Publicaciones de la ETSI Industriales<\/td><td class=\"column-3\">23\/05\/2017<\/td><td class=\"column-4\">Libros completos<\/td><td class=\"column-5\">Francisco Aparicio Izquierdo, Blanca Arenas Ram\u00edrez, Jos\u00e9 Manuel Mira McWilliams, Javier P\u00e1ez Ayuso , Arturo Furones Crespo<\/td>\n<\/tr>\n<tr class=\"row-16\">\n\t<td class=\"column-1\">Terceras Jornadas Universitarias sobre Innovaci\u00f3n y Retos en Automoci\u00f3n INNOVAUTO III<\/td><td class=\"column-2\">F.G.U.P.M., Secci\u00f3n de Publicaciones, E.T.S. Ingenieros Industriales<\/td><td class=\"column-3\">15\/10\/2017<\/td><td class=\"column-4\">Libros completos<\/td><td class=\"column-5\">Ed, Blanca Arenas Ram\u00edrez<\/td>\n<\/tr>\n<\/tbody>\n<\/table>\n<!-- #tablepress-5 from cache --><!-- &#091;et_pb_line_break_holder&#093; --><\/pee> <!-- &#091;et_pb_line_break_holder&#093; --><\/div>[\/et_pb_code][et_pb_code _builder_version=\u00bb4.16&#8243; _module_preset=\u00bbdefault\u00bb global_colors_info=\u00bb{}\u00bb][\/et_pb_code][\/et_pb_column][\/et_pb_row][et_pb_row admin_label=\u00bbFila\u00bb _builder_version=\u00bb4.27.4&#8243; _module_preset=\u00bbdefault\u00bb global_colors_info=\u00bb{}\u00bb][et_pb_column type=\u00bb4_4&#8243; admin_label=\u00bbMonograf\u00edas Innovauto\u00bb _builder_version=\u00bb4.27.4&#8243; _module_preset=\u00bbdefault\u00bb global_colors_info=\u00bb{}\u00bb][et_pb_text _builder_version=\u00bb4.27.4&#8243; _module_preset=\u00bbdefault\u00bb link_option_url=\u00bbhttps:\/\/drive.upm.es\/s\/rRxySuUof8Be5SC\u00bb global_colors_info=\u00bb{}\u00bb]\n<h3>Monograf\u00edas INNOVAUTO<\/h3>\n[\/et_pb_text][\/et_pb_column][\/et_pb_row][\/et_pb_section][et_pb_section fb_built=\u00bb1&#8243; fullwidth=\u00bbon\u00bb _builder_version=\u00bb4.16&#8243; _module_preset=\u00bbdefault\u00bb global_colors_info=\u00bb{}\u00bb][et_pb_fullwidth_code _builder_version=\u00bb4.16&#8243; _module_preset=\u00bbdefault\u00bb global_colors_info=\u00bb{}\u00bb][\/et_pb_fullwidth_code][\/et_pb_section]\n","protected":false},"excerpt":{"rendered":"<p>PUBLICACIONes PUBLICACIONES <h3 class=\"collapseomatic\" id=\"id69f2c01c16743\"  tabindex=\"0\" title=\"THESIS\"    >THESIS<\/h3><div id=\"target-id69f2c01c16743\" class=\"collapseomatic_content\"> \n<table id=\"tablepress-2-no-2\" class=\"tablepress tablepress-id-2\">\n<thead>\n<tr class=\"row-1\">\n\t<th class=\"column-1\">T\u00edtulo<\/th><th class=\"column-2\">Autor<\/th><th class=\"column-3\">Tutor<\/th><th class=\"column-4\">A\u00f1o<\/th>\n<\/tr>\n<\/thead>\n<tbody class=\"row-striping row-hover\">\n<tr class=\"row-2\">\n\t<td class=\"column-1\">Evaluation of n-butanol as blending component in unmodified heavy-duty diesel engine<\/td><td class=\"column-2\">Tipanluisa Sarchi, Luis Eduardo<\/td><td class=\"column-3\">Fonseca Gonz\u00e1lez, Natalia Elizabeth<\/td><td class=\"column-4\">2022<\/td>\n<\/tr>\n<tr class=\"row-3\">\n\t<td class=\"column-1\">M\u00e9todos estad\u00edsticos para la identificaci\u00f3n de patrones de comportamiento de los conductores y la asignaci\u00f3n de la responsabilidad aplicada al m\u00e9todo de exposici\u00f3n cuasi-inducida<\/td><td class=\"column-2\">Sanjurjo de No, Mar\u00eda Almudena<\/td><td class=\"column-3\">Arenas Ram\u00edrez, Blanca del Valle; Mira McWilliams, Jos\u00e9 Manuel<\/td><td class=\"column-4\">2021<\/td>\n<\/tr>\n<tr class=\"row-4\">\n\t<td class=\"column-1\">Understanding the effects of traffic congestion on emissions from urban buses. An integrated approach incorporating real-world emissions, naturalistic driving profiles, and city traffic sensor data<\/td><td class=\"column-2\">Rosero,Fredy<\/td><td class=\"column-3\">Natalia Fonseca; Jos\u00e9 Mar\u00eda L\u00f3pez<\/td><td class=\"column-4\">2021<\/td>\n<\/tr>\n<tr class=\"row-5\">\n\t<td class=\"column-1\">NO? emissions from passenger cars under real driving conditions<\/td><td class=\"column-2\">Mera Rosero, Zamir Andr\u00e9s<\/td><td class=\"column-3\">L\u00f3pez Mart\u00ednez, Jos\u00e9 Mar\u00eda; Fonseca Gonz\u00e1lez, Natalia Elizabeth<\/td><td class=\"column-4\">2020<\/td>\n<\/tr>\n<tr class=\"row-6\">\n\t<td class=\"column-1\">Reconstrucci\u00f3n del entorno del veh\u00edculo para guiado aut\u00f3nomo en escenarios complejos = Reconstruction of the vehicle environment for autonomous guidance incomplex scenarios<\/td><td class=\"column-2\">Clavijo Jim\u00e9nez,Miguel<\/td><td class=\"column-3\">Jim\u00e9nez Alonso, Felipe;  Serradilla Garc\u00eda, Francisco J. <\/td><td class=\"column-4\">2020<\/td>\n<\/tr>\n<tr class=\"row-7\">\n\t<td class=\"column-1\">Reconstrucci\u00f3n del entorno del veh\u00edculo para guiado aut\u00f3nomo en escenarios complejos = Reconstruction of the vehicle environment for autonomous guidance incomplex scenarios<\/td><td class=\"column-2\">Clavijo Jim\u00e9nez,Miguel<\/td><td class=\"column-3\">Jim\u00e9nez Alonso, Felipe;  Serradilla Garc\u00eda, Francisco J. <\/td><td class=\"column-4\">2020<\/td>\n<\/tr>\n<tr class=\"row-8\">\n\t<td class=\"column-1\">GESTI\u00d3N ENERG\u00c9TICA PARA FLOTAS DE VEH\u00cdCULOS EL\u00c9CTRICOS E H\u00cdBRIDOS CON PILA DE COMBUSTIBLE<\/td><td class=\"column-2\">Grijalva Campana,Edwing<\/td><td class=\"column-3\">Jos\u00e9 M\u00aa L\u00f3pez.<\/td><td class=\"column-4\">2019<\/td>\n<\/tr>\n<tr class=\"row-9\">\n\t<td class=\"column-1\">Modelado de Comportamiento de Conductores con T\u00e9cnicas de Inteligencia Computacional<\/td><td class=\"column-2\">D\u00edaz \u00c1lvarez, Alberto<\/td><td class=\"column-3\">Serradilla Garc\u00eda, Francisco; Jim\u00e9nez Alonso, Felipe<\/td><td class=\"column-4\">2018<\/td>\n<\/tr>\n<tr class=\"row-10\">\n\t<td class=\"column-1\">Estrategias para la Conducci\u00f3n Aut\u00f3noma Cooperativa.<\/td><td class=\"column-2\">Talavera Mu\u00f1oz, Edgar<\/td><td class=\"column-3\">Naranjo Hern\u00e1ndez, Jos\u00e9 Eugenio<\/td><td class=\"column-4\">2018<\/td>\n<\/tr>\n<tr class=\"row-11\">\n\t<td class=\"column-1\">'THEORETICAL AND EXPERIMENTAL STUDY OF THE FATIGUE BEHAVIOUR OF LARGE PASSENGER TRANSPORT VEHICLES UNDER DYNAMIC OPERATING LOADS'<\/td><td class=\"column-2\">P\u00e9rez Fern\u00e1ndez,Jes\u00fas<\/td><td class=\"column-3\">Enrique Alcal\u00e1 Fazio<\/td><td class=\"column-4\">2017<\/td>\n<\/tr>\n<tr class=\"row-12\">\n\t<td class=\"column-1\">An\u00e1lisis energ\u00e9tico de un sistema de almacenamiento de electricidad en bater\u00eda mediante energ\u00edas renovables con caracter\u00edstica de modularidad e intercambiabilidad en veh\u00edculos el\u00e9ctricos.<\/td><td class=\"column-2\">T\u00e9bar Mart\u00ednez,Enrique Miguel<\/td><td class=\"column-3\">Jose Maria Lopez Martinez<\/td><td class=\"column-4\">2017<\/td>\n<\/tr>\n<tr class=\"row-13\">\n\t<td class=\"column-1\">Desarrollo de nuevas barreras deformables para ensayo de veh\u00edculos en distintas configuraciones de choque<\/td><td class=\"column-2\">Abell\u00e1n L\u00f3pez,David<\/td><td class=\"column-3\">Luis Mart\u00ednez; Dr. Miguel S\u00e1nchez Lozano <\/td><td class=\"column-4\">2017<\/td>\n<\/tr>\n<tr class=\"row-14\">\n\t<td class=\"column-1\">Estudio te\u00f3rico-experimental para la mejora de la resistencia estructural de autocares  basado en el dise\u00f1o de uniones y asientos<\/td><td class=\"column-2\">Vicente Corral,Teresa<\/td><td class=\"column-3\">Francisco Aparicio<\/td><td class=\"column-4\">2016<\/td>\n<\/tr>\n<tr class=\"row-15\">\n\t<td class=\"column-1\">Evaluaci\u00f3n te\u00f3rico experimental de la influencia de espumas de relleno met\u00e1licas como elementos de absorci\u00f3n de energ\u00eda en perfiles tubulares de peque\u00f1o espesor. Su aplicaci\u00f3n a veh\u00edculos para el transporte colectivo de personas.<\/td><td class=\"column-2\">Cazzola,Gustavo<\/td><td class=\"column-3\">Enrique Alcal\u00e1<\/td><td class=\"column-4\">2016<\/td>\n<\/tr>\n<tr class=\"row-16\">\n\t<td class=\"column-1\">PARAMETRICAL STUDY OF PEDESTRIAN ACCIDENTS USING MULTIVARIATE MODELS<\/td><td class=\"column-2\">Badea Romero,Alexandro<\/td><td class=\"column-3\">Javier P\u00e1ez<\/td><td class=\"column-4\">2016<\/td>\n<\/tr>\n<tr class=\"row-17\">\n\t<td class=\"column-1\">Contributions to Topological Formulations for the Dynamic Simulation of Vehicles<\/td><td class=\"column-2\">YUN,PAN<\/td><td class=\"column-3\">Javier Garc\u00eda de Jal\u00f3n<\/td><td class=\"column-4\">2016<\/td>\n<\/tr>\n<tr class=\"row-18\">\n\t<td class=\"column-1\">El comportamiento geomec\u00e1nico deformacional de los residuos urbanos : aplicaci\u00f3n a  un caso real<\/td><td class=\"column-2\">Gomes Bastos, Edinalva<\/td><td class=\"column-3\">Sope\u00f1a Ma\u00f1as, Luis<\/td><td class=\"column-4\">2016<\/td>\n<\/tr>\n<tr class=\"row-19\">\n\t<td class=\"column-1\">Sistema de comunicaciones V2X para veh\u00edculos inteligentes como soporte para sistemas cooperativos<\/td><td class=\"column-2\">Anaya Catal\u00e1n,Jos\u00e9 Javier<\/td><td class=\"column-3\">Eugenio Naranjo, Jos\u00e9<\/td><td class=\"column-4\">2016<\/td>\n<\/tr>\n<tr class=\"row-20\">\n\t<td class=\"column-1\">Measurement of Tyre-Road Contact Forces through the Strains Measured in the Rim and Harmonic Elimination Techniques<\/td><td class=\"column-2\">Gutierrez L\u00f3pez,Mar\u00eda Dolores<\/td><td class=\"column-3\">Javier Garc\u00eda de Jal\u00f3n<\/td><td class=\"column-4\">2015<\/td>\n<\/tr>\n<tr class=\"row-21\">\n\t<td class=\"column-1\">Simulaci\u00f3n eficiente de mecanismos flexibles mediante formulaciones topol\u00f3gicas<\/td><td class=\"column-2\">Funes Mart\u00ednez,FRancisco Javier<\/td><td class=\"column-3\">Javier Garc\u00eda de Jal\u00f3n<\/td><td class=\"column-4\">2015<\/td>\n<\/tr>\n<tr class=\"row-22\">\n\t<td class=\"column-1\">Optimizaci\u00f3n del consumo de combustible de un veh\u00edculo dependiendo de las condiciones de la carretera<\/td><td class=\"column-2\">Cabrera Montiel,Wilmar<\/td><td class=\"column-3\">Felipe Jim\u00e9nez<\/td><td class=\"column-4\">2015<\/td>\n<\/tr>\n<tr class=\"row-23\">\n\t<td class=\"column-1\">Numerical And Statistical Methodologies For The Characterization Of Welded Tubular Junctions With Applications In Finite Element<\/td><td class=\"column-2\">Badea Romero,Francisco<\/td><td class=\"column-3\">Enrique Alcal\u00e1<\/td><td class=\"column-4\">2014<\/td>\n<\/tr>\n<tr class=\"row-24\">\n\t<td class=\"column-1\">Metodolog\u00eda para la asignaci\u00f3n de veh\u00edculos de una flota a rutas preestablecidas. Directores: Felipe Jim\u00e9nez y Jos\u00e9 Mar\u00eda L\u00f3pez<\/td><td class=\"column-2\">Rom\u00e1n,Alfonso<\/td><td class=\"column-3\">Felipe Jim\u00e9nez<\/td><td class=\"column-4\">2014<\/td>\n<\/tr>\n<tr class=\"row-25\">\n\t<td class=\"column-1\">Modelos Estad\u00edsticos Din\u00e1micos para An\u00e1lisis de Evoluci\u00f3n de Tasas de Accidentes: Metodolog\u00eda y Herramientas Computacionales<\/td><td class=\"column-2\">Dadashova,Bahar<\/td><td class=\"column-3\">Blanca Arenas<\/td><td class=\"column-4\">2014<\/td>\n<\/tr>\n<tr class=\"row-26\">\n\t<td class=\"column-1\">SIMULACI\u00d3N EN TIEMPO REAL DE VEH\u00cdCULOS INDUSTRIALES COMO MODELOS MULTICUERPO DE GRAN COMPLEJIDAD<\/td><td class=\"column-2\">Hidalgo,Andr\u00e9s<\/td><td class=\"column-3\">Javier Garc\u00eda de Jal\u00f3n<\/td><td class=\"column-4\">2013<\/td>\n<\/tr>\n<tr class=\"row-27\">\n\t<td class=\"column-1\">ESTUDIO TE\u00d3RICO EXPERIMENTAL DE LA ESTABILIDAD LATERAL EN VEH\u00cdCULOS CISTERNA. METODOLOG\u00cdA PARA LA DETERMINACI\u00d3N DEL UMBRAL DE VUELCO<\/td><td class=\"column-2\">Mart\u00edn L\u00f3pez,Angel Luis<\/td><td class=\"column-3\">Francisco Aparicio<\/td><td class=\"column-4\">2013<\/td>\n<\/tr>\n<tr class=\"row-28\">\n\t<td class=\"column-1\">Dynamic response optimization of vehicles through efficient multibody formulations and automatic differentiation techniques<\/td><td class=\"column-2\">Callejo Goena,Alfonso<\/td><td class=\"column-3\">Javier Garc\u00eda de Jal\u00f3n<\/td><td class=\"column-4\">2013<\/td>\n<\/tr>\n<tr class=\"row-29\">\n\t<td class=\"column-1\">Analysis of the key parameters in pedestrian safety assessment for the european vehicle fleet using multibody and finite element mathematical models.<\/td><td class=\"column-2\">Guerra Casanova,Luis Jes\u00fas<\/td><td class=\"column-3\">Luis Mart\u00ednez<\/td><td class=\"column-4\">2012<\/td>\n<\/tr>\n<tr class=\"row-30\">\n\t<td class=\"column-1\">EVALUATION OF THE EFFECTIVENESS OF SAFETY-BASED INCENTIVES IN PUBLIC PRIVATE PARTNERSHIPS. EVIDENCES FROM THE CASE OF SPAIN.<\/td><td class=\"column-2\">Rangel Guilherme Chistiano,Thais<\/td><td class=\"column-3\">Blanca Arenas<\/td><td class=\"column-4\">2011<\/td>\n<\/tr>\n<tr class=\"row-31\">\n\t<td class=\"column-1\">Desarrollo y aplicaci\u00f3n de modelos de an\u00e1lisis de la contribuci\u00f3n de la evoluci\u00f3n tecnol\u00f3gica de los veh\u00edculos a la seguridad vial<\/td><td class=\"column-2\">G\u00f3mez M\u00e9ndez,Alvaro<\/td><td class=\"column-3\">Francisco Aparicio<\/td><td class=\"column-4\">2010<\/td>\n<\/tr>\n<tr class=\"row-32\">\n\t<td class=\"column-1\">Desarrollo de una metodolog\u00eda para la evaluaci\u00f3n y gesti\u00f3n de la seguridad en empresas de transporte de pasajeros por carretera<\/td><td class=\"column-2\">Colodr\u00f3n Sesemann,Yago<\/td><td class=\"column-3\">Francisco Aparicio<\/td><td class=\"column-4\">2009<\/td>\n<\/tr>\n<tr class=\"row-33\">\n\t<td class=\"column-1\">Desarrollo de una metodolog\u00eda para la evaluaci\u00f3n de la seguridad de tr\u00e1fico y el an\u00e1lisis de la influencia del transporte de mercanc\u00edas y el trasvase intermodal entre modos terrestres<\/td><td class=\"column-2\">Arenas Ram\u00edrez,Blanca<\/td><td class=\"column-3\"><\/td><td class=\"column-4\">2008<\/td>\n<\/tr>\n<\/tbody>\n<\/table>\n <\/div><h3 class=\"collapseomatic\" id=\"id69f2c01c1ae00\"  tabindex=\"0\" title=\"Art\u00edculos\"    >Art\u00edculos<\/h3><div id=\"target-id69f2c01c1ae00\" class=\"collapseomatic_content\"> \n<table id=\"tablepress-3-no-2\" class=\"tablepress tablepress-id-3\">\n<thead>\n<tr class=\"row-1\">\n\t<th class=\"column-1\">T\u00edtulo<\/th><th class=\"column-2\">Nombre de la revista<\/th><th class=\"column-3\">Fecha<\/th><th class=\"column-4\">Tipo publicaci\u00f3n<\/th><th class=\"column-5\">Autores<\/th>\n<\/tr>\n<\/thead>\n<tbody class=\"row-striping row-hover\">\n<tr class=\"row-2\">\n\t<td class=\"column-1\">Pedestrian-Vehicle Accidents Reconstruction with PC-Crash\u00ae: Sensibility Analysis of Factors Variation<\/td><td class=\"column-2\">Transportation Research Procedia<\/td><td class=\"column-3\">21\/12\/2016<\/td><td class=\"column-4\">Art\u00edculos con DOI<\/td><td class=\"column-5\">Francisco Mart\u00ednez Gala; Francisco Javier P\u00e1ez Ayuso; Arturo Furones Crespo; Samuel S\u00e1nchez<\/td>\n<\/tr>\n<tr class=\"row-3\">\n\t<td class=\"column-1\">Valoraci\u00f3n de competencias seg\u00fan los participantes del equipo UPM Racing y su medici\u00f3n con el modelo CompeTEA<\/td><td class=\"column-2\">Revista de la Federaci\u00f3n Iberoamericana de Ingenier\u00eda Mec\u00e1nica<\/td><td class=\"column-3\">20\/07\/2016<\/td><td class=\"column-4\">Art\u00edculos con DOI<\/td><td class=\"column-5\">Blanca Arenas-Ram\u00edrez, Carmen Garc\u00eda , Miguel Angel Alvarez , Francisco Javier P\u00e1ez, Francisco Aparicio-Izquierdo<\/td>\n<\/tr>\n<tr class=\"row-4\">\n\t<td class=\"column-1\">The Identification of Patterns of Interurban Road Accident Frequency and Severity Using Road Geometry and Traffic Indicators<\/td><td class=\"column-2\">Transportation Research Procedia. Transport Research Arena TRA2016. Warsaw, Poland<\/td><td class=\"column-3\">30\/06\/2016<\/td><td class=\"column-4\">Art\u00edculos con DOI<\/td><td class=\"column-5\">Bahar Dadashova, Blanca Arenas, Jos\u00e9 Manuel Mira McWilliams, Francisco Aparicio<\/td>\n<\/tr>\n<tr class=\"row-5\">\n\t<td class=\"column-1\">Spanish frontal accidents of buses &amp; coaches. Injury mechanism analysis<\/td><td class=\"column-2\">Procedia - Social and Behavioral Sciences<\/td><td class=\"column-3\">19\/12\/2014<\/td><td class=\"column-4\">Art\u00edculos con DOI<\/td><td class=\"column-5\">Javier P\u00e1ez*, Arturo Furones, Francisco Aparicio, Enrique Alcal\u00e1<\/td>\n<\/tr>\n<tr class=\"row-6\">\n\t<td class=\"column-1\">Estudio de la accidentalidad en Madrid. Evaluaci\u00f3n de Buenas pr\u00e1cticas y medidas legislativas<\/td><td class=\"column-2\">Securitas Vialis. Revista Europea de Tr\u00e1fico, Transporte y Seguridad Vial (European Magazine for Traffic, Transport and Road Safety). Springer<\/td><td class=\"column-3\">30\/11\/2014<\/td><td class=\"column-4\">Art\u00edculos con DOI<\/td><td class=\"column-5\">Blanca Arenas, Javier P\u00e1ez, Arturo Furones, Jos\u00e9 Manuel Mira, Camino Gonz\u00e1lez, Francisco Aparicio<\/td>\n<\/tr>\n<tr class=\"row-7\">\n\t<td class=\"column-1\">Bayesian model selection of structural explanatory models: Application to road accident data<\/td><td class=\"column-2\">Procedia - Social and Behavioral Sciences<\/td><td class=\"column-3\">10\/10\/2014<\/td><td class=\"column-4\">Art\u00edculos con DOI<\/td><td class=\"column-5\">Dadashova, Bahar; Arenas Ram\u00edrez, Blanca; Mira McWilliams, Jose Manuel y Aparicio Izquierdo, Francisco<\/td>\n<\/tr>\n<tr class=\"row-8\">\n\t<td class=\"column-1\">Comunicaciones vehiculares georreferenciadas como soporte a sistemas de seguridad cooperativos<\/td><td class=\"column-2\">Securitas Vialis<\/td><td class=\"column-3\">01\/10\/2014<\/td><td class=\"column-4\">Art\u00edculos con DOI<\/td><td class=\"column-5\">Anaya, J. J., Talavera, E., Naranjo, J. E., Jim\u00e9nez, F., Zato, J. G.<\/td>\n<\/tr>\n<tr class=\"row-9\">\n\t<td class=\"column-1\">Modeling the Driving Behavior of Electric Vehicles Using Smartphones and Neural Networks<\/td><td class=\"column-2\">IEEE Intelligent Transportation Systems Magazine<\/td><td class=\"column-3\">01\/09\/2014<\/td><td class=\"column-4\">Art\u00edculos con DOI<\/td><td class=\"column-5\">D\u00edaz, A., Serradilla, F., Naranjo, J. E., Anaya, J. J., Jim\u00e9nez, F.<\/td>\n<\/tr>\n<tr class=\"row-10\">\n\t<td class=\"column-1\">Una metodolog\u00eda integrada de investigaci\u00f3n cient\u00edfica de accidentes de tr\u00e1fico. Planteamiento general<\/td><td class=\"column-2\">Securitas Vialis. Revista Europea de Tr\u00e1fico, Transporte y Seguridad Vial (European Magazine for Traffic, Transport and Road Safety). Springer<\/td><td class=\"column-3\">30\/07\/2014<\/td><td class=\"column-4\">Art\u00edculos con DOI<\/td><td class=\"column-5\">Francisco Aparicio Izquierdo, Blanca Arenas Ram\u00edrez<\/td>\n<\/tr>\n<tr class=\"row-11\">\n\t<td class=\"column-1\">Experimental characterization of the strain concentration factor in welded junctions of rectangular tube beam using digital image correlation<\/td><td class=\"column-2\">Procedia - Social and Behavioral Sciences 160 ( 2014 ) 440 \u0096 448<\/td><td class=\"column-3\">15\/06\/2014<\/td><td class=\"column-4\">Art\u00edculos con DOI<\/td><td class=\"column-5\">Jes\u00fas A. P\u00e9reza, Francisco Badeaa, Daniel Arribas<\/td>\n<\/tr>\n<tr class=\"row-12\">\n\t<td class=\"column-1\">A novel GeoBroadcast algorithm for V2V Communications over WSN<\/td><td class=\"column-2\">Electronics<\/td><td class=\"column-3\">01\/06\/2014<\/td><td class=\"column-4\">Art\u00edculos con DOI<\/td><td class=\"column-5\">Anaya, J. J., Talavera, E., Jim\u00e9nez, F., G\u00f3mez, N., Naranjo, J. E.<\/td>\n<\/tr>\n<tr class=\"row-13\">\n\t<td class=\"column-1\">An\u00e1lisis de los incentivos de seguridad vial en las concesiones de carreteras en Espa\u00f1a.<\/td><td class=\"column-2\">Securitas Vialis. Revista Europea de Tr\u00e1fico, Transporte y Seguridad Vial (European Magazine for Traffic, Transport and Road Safety). Springer<\/td><td class=\"column-3\">30\/06\/2013<\/td><td class=\"column-4\">Art\u00edculos con DOI<\/td><td class=\"column-5\">Thais Rangel, Jos\u00e9 Manuel Vassallo, Blanca Arenas Ram\u00edrez<\/td>\n<\/tr>\n<tr class=\"row-14\">\n\t<td class=\"column-1\">Structural numerical analysis of a three fingers prosthetic hand prototype<\/td><td class=\"column-2\">International Journal of Physical Sciences<\/td><td class=\"column-3\">01\/04\/2013<\/td><td class=\"column-4\">Art\u00edculos con DOI<\/td><td class=\"column-5\">Jos\u00e9 Alfredo Leal\u0096Naranjo; Christopher Ren\u00e9 Torres-San Miguel; Manuel Fara\u00f3n Carbajal\u0096Romero; Luis Mart\u00ednez-S\u00e1ez.<\/td>\n<\/tr>\n<tr class=\"row-15\">\n\t<td class=\"column-1\">The interurban DRAG-Spain model: The main factors of influence on road accidents in Spain<\/td><td class=\"column-2\">Research in Transportation Economics. Elsevier<\/td><td class=\"column-3\">02\/01\/2013<\/td><td class=\"column-4\">Art\u00edculos con DOI<\/td><td class=\"column-5\">\"Aparicio Izquierdo Francisco, Arenas Ram\u00edrez Blanca, Bernardos Rodr\u00edguez Eva      \"<\/td>\n<\/tr>\n<tr class=\"row-16\">\n\t<td class=\"column-1\">An application of dynamic models to traffic accidents involving vans in Spain during the period of 2000-2009<\/td><td class=\"column-2\">Securitas Vialis. Revista Europea de Tr\u00e1fico, Transporte y Seguridad Vial (European Magazine for Traffic, Transport and Road Safety). Springer<\/td><td class=\"column-3\">30\/10\/2012<\/td><td class=\"column-4\">Art\u00edculos con DOI<\/td><td class=\"column-5\">\"Bahar Dadashova, Jos\u00e9 M. Mira McWilliams, Blanca Arenas Ram\u00edrez, Francisco Aparicio Izquierdo      \"<\/td>\n<\/tr>\n<tr class=\"row-17\">\n\t<td class=\"column-1\">ANALYSIS OF WORK- RELATED ROAD TRAFFIC ACCIDENTS IN COMUNIDAD DE MADRID ON THE PERIOD 2007 - 2009<\/td><td class=\"column-2\">Securitas Vialis. Revista Europea de Tr\u00e1fico, Transporte y Seguridad Vial (European Magazine for Traffic, Transport and Road Safety). Springer<\/td><td class=\"column-3\">01\/10\/2012<\/td><td class=\"column-4\">Art\u00edculos con DOI<\/td><td class=\"column-5\">P\u00e1ez, F. Javier; Furones, Arturo<\/td>\n<\/tr>\n<tr class=\"row-18\">\n\t<td class=\"column-1\">Dynamic statistical model selection: application to traffic accident analysis in Spain.<\/td><td class=\"column-2\">Procedia Social  and Behavioral Sciences. Transport Research Arena-Europe 2012. Elsevier<\/td><td class=\"column-3\">16\/07\/2012<\/td><td class=\"column-4\">Art\u00edculos con DOI<\/td><td class=\"column-5\">Dadashova B., Mira J. M., Arenas B.,  Aparicio F.<\/td>\n<\/tr>\n<tr class=\"row-19\">\n\t<td class=\"column-1\">Good practices and universal accessibility to urban buses of children prams<\/td><td class=\"column-2\">Securitas Vialis. Revista Europea de Tr\u00e1fico, Transporte y Seguridad Vial (European Magazine for Traffic, Transport and Road Safety). Springer<\/td><td class=\"column-3\">03\/05\/2012<\/td><td class=\"column-4\">Art\u00edculos con DOI<\/td><td class=\"column-5\">\"E. Alcal\u00e1, J. Dols, A. Mart\u00edn, B. Valles, F. Aparicio and V. Pons   \"<\/td>\n<\/tr>\n<tr class=\"row-20\">\n\t<td class=\"column-1\">Buenas pr\u00e1cticas y accesibilidad universal a los autobuses urbanos de carritos de ni\u00f1os<\/td><td class=\"column-2\">Securitas Vialis. Revista Europea de Tr\u00e1fico, Transporte y Seguridad Vial (European Magazine for Traffic, Transport and Road Safety). Springer<\/td><td class=\"column-3\">28\/10\/2011<\/td><td class=\"column-4\">Art\u00edculos con DOI<\/td><td class=\"column-5\">Alcal\u00e1, E., Mart\u00edn, A., Valles, B., Aparicio, F. 1; Dols, J., y Pons, V.,<\/td>\n<\/tr>\n<tr class=\"row-21\">\n\t<td class=\"column-1\">El modelo DRAG\u0096Espa\u00f1a (I-DE): An\u00e1lisis de los principales factores de influencia en el n\u00famero de accidentes en las carreteras Espa\u00f1olas<\/td><td class=\"column-2\">Securitas Vialis. Revista Europea de Tr\u00e1fico, Transporte y Seguridad Vial (European Magazine for Traffic, Transport and Road Safety). Springer<\/td><td class=\"column-3\">03\/06\/2009<\/td><td class=\"column-4\">Art\u00edculos con DOI<\/td><td class=\"column-5\">Aparicio Izquierdo F.; Arenas Ramirez B; Bernardos Rodr\u00edguez E.; G\u00f3mez M\u00e9ndez A.<\/td>\n<\/tr>\n<tr class=\"row-22\">\n\t<td class=\"column-1\">Two approaches to identify crash pattern in interurban roads by gender<\/td><td class=\"column-2\">Accident Analysis and Prevention<\/td><td class=\"column-3\">05\/06\/2019<\/td><td class=\"column-4\">Art\u00edculos SCI<\/td><td class=\"column-5\">Blanca Arenas-Ram\u00edrez, Almudena Sanjurjo de No, Jos\u00e9 M. Mira-McWilliams, Francisco Aparicio-Izquierdo<\/td>\n<\/tr>\n<tr class=\"row-23\">\n\t<td class=\"column-1\">MODELLING THE FUEL CONSUMPTION AND POLLUTANT EMISSIONS OF THE URBAN BUS FLEET OF THE CITY OF MADRID<\/td><td class=\"column-2\">Transportation Research Part D: Transport and Environment Journal<\/td><td class=\"column-3\">27\/02\/2017<\/td><td class=\"column-4\">Art\u00edculos SCI<\/td><td class=\"column-5\">Jos\u00e9 Mar\u00eda L\u00f3pez , Felipe Jimenez, Javier P\u00e1ez, M. Nuria Flores, Ang\u00e9lica N. Arenas, Blanca Arenas-Ramirez, Francisco Aparicio<\/td>\n<\/tr>\n<tr class=\"row-24\">\n\t<td class=\"column-1\">An HPG model combined with EWMA charts to identify blackspots and classify road stretches according to their safety<\/td><td class=\"column-2\">COMMUNICATIONS IN STATISTICS-SIMULATION AND COMPUTATION<\/td><td class=\"column-3\">20\/12\/2016<\/td><td class=\"column-4\">Art\u00edculos SCI<\/td><td class=\"column-5\">\"Blanca Arenas Ramirez, Camino Gonz\u00e1lez Fern\u00e1ndez, Jos\u00e9 Mira McWilliams, Francisco Aparicio Izquierdo      \"<\/td>\n<\/tr>\n<tr class=\"row-25\">\n\t<td class=\"column-1\">Cuadernos de la C\u00e1tedra Universidad-Empresa: Eduardo Barreiros. Innovaci\u00f3n y Retos en Automoci\u00f3n \u0093INNOVAUTO II\u0094<\/td><td class=\"column-2\">Servicio de Publicaciones de la ETSI Industriales<\/td><td class=\"column-3\">12\/11\/2016<\/td><td class=\"column-4\">Art\u00edculos SCI<\/td><td class=\"column-5\">Editora: Blanca Arenas Ram\u00edrez<\/td>\n<\/tr>\n<tr class=\"row-26\">\n\t<td class=\"column-1\">SEGURIDAD DE LOS VEH\u00cdCULOS AUTOM\u00d3VILES.  UNA LARGA HISTORIA Y MUCHO FUTURO<\/td><td class=\"column-2\">XXI Congreso de Ingenier\u00eda de Ingenier\u00eda Mec\u00e1nica<\/td><td class=\"column-3\">09\/11\/2016<\/td><td class=\"column-4\">Art\u00edculos SCI<\/td><td class=\"column-5\">Francisco Aparicio Izquierdo<\/td>\n<\/tr>\n<tr class=\"row-27\">\n\t<td class=\"column-1\">Important variable assessment in modeling transport accident patterns using random Forest and bagging. Submission C463<\/td><td class=\"column-2\">COMPSTAT 2016-Computational Statistics. Oviedo. Espa\u00f1a<\/td><td class=\"column-3\">28\/08\/2016<\/td><td class=\"column-4\">Art\u00edculos SCI<\/td><td class=\"column-5\">Camino Gonz\u00e1lez, Blanca Arenas, Bel\u00e9n Celestino<\/td>\n<\/tr>\n<tr class=\"row-28\">\n\t<td class=\"column-1\">Uncertainty analysis of the effects of Modal split changes on freight road transport  in Spain up to 2020<\/td><td class=\"column-2\">Science of the Total Environment<\/td><td class=\"column-3\">30\/07\/2016<\/td><td class=\"column-4\">Art\u00edculos SCI<\/td><td class=\"column-5\">Jos\u00e9 M. Mira McWilliams, Blanca Arenas Ram\u00edrez, Jos\u00e9 Mar\u00eda L\u00f3pez,  Francisco Aparicio Izquierdo<\/td>\n<\/tr>\n<tr class=\"row-29\">\n\t<td class=\"column-1\">An Integrated Accident Research Methodology. Application to van safety analysis<\/td><td class=\"column-2\">Transport Policy<\/td><td class=\"column-3\">27\/06\/2016<\/td><td class=\"column-4\">Art\u00edculos SCI<\/td><td class=\"column-5\">Francisco Aparicio-Izquierdo, Blanca Arenas-Ram\u00edrez, Javier P\u00e1ez-Ayuso, Felipe Jim\u00e9nez-Alonso, Beatriz L\u00f3pez-Boada,<\/td>\n<\/tr>\n<tr class=\"row-30\">\n\t<td class=\"column-1\">Modelo para la determinaci\u00f3n de la exposici\u00f3n de los veh\u00edculos, a partir de los datos registrados en ITV,  teniendo en cuenta sus caracter\u00edsticas y antig\u00fcedad<\/td><td class=\"column-2\">6\u00ba Encuentro de Investigadores DGT<\/td><td class=\"column-3\">18\/05\/2016<\/td><td class=\"column-4\">Art\u00edculos SCI<\/td><td class=\"column-5\">Francisco Aparicio Izquierdo, Blanca Arenas Ram\u00edrez, Jos\u00e9 Manuel Mira McWilliams<\/td>\n<\/tr>\n<tr class=\"row-31\">\n\t<td class=\"column-1\">Effect of Shifting Road Traffic on Accident Frequency and Severity in Spanish Heavy Goods Routes<\/td><td class=\"column-2\">TRA2016, 6th Transport Research Arena, April 18-21, 2016, Warsaw, Poland<\/td><td class=\"column-3\">23\/04\/2016<\/td><td class=\"column-4\">Art\u00edculos SCI<\/td><td class=\"column-5\">Blanca Arenas, Bahar Dadashova, Camino Gonz\u00e1lez, Francisco Aparicio<\/td>\n<\/tr>\n<tr class=\"row-32\">\n\t<td class=\"column-1\">Accuracy improvement of finite element models of electric vehicles components manufactured with thermoplastic materials in crash environments.<\/td><td class=\"column-2\">Industriales Research Meeting 2016<\/td><td class=\"column-3\">20\/04\/2016<\/td><td class=\"column-4\">Art\u00edculos SCI<\/td><td class=\"column-5\">Rivera Javier; Mart\u00ednez Luis; Garc\u00eda Antonio<\/td>\n<\/tr>\n<tr class=\"row-33\">\n\t<td class=\"column-1\">The Identification of Patterns of Interurban Road Accident Frequency and Severity Using Road Geometry and Traffic Indicators<\/td><td class=\"column-2\">TRA2016, 6th Transport Research Arena, April 18-21, 2016, Warsaw, Poland<\/td><td class=\"column-3\">18\/04\/2016<\/td><td class=\"column-4\">Art\u00edculos SCI<\/td><td class=\"column-5\">Dadashova, Bahar, Arenas Ram\u00edrez, Blanca; Mira McWilliams Jos\u00e9, Aparicio Izquierdo Francisco<\/td>\n<\/tr>\n<tr class=\"row-34\">\n\t<td class=\"column-1\">As\u00ed funcionan los sistemas de frenado de emergencia aut\u00f3nomos<\/td><td class=\"column-2\">Tr\u00e1fico y seguridad vial<\/td><td class=\"column-3\">01\/04\/2016<\/td><td class=\"column-4\">Art\u00edculos SCI<\/td><td class=\"column-5\">Arturo Furones, Javier P\u00e1ez<\/td>\n<\/tr>\n<tr class=\"row-35\">\n\t<td class=\"column-1\">A Simulation study of the effects of decreasing truck traffic flow on safety in the Almeria - Barcelona Corridor<\/td><td class=\"column-2\">Transport Policy<\/td><td class=\"column-3\">30\/03\/2016<\/td><td class=\"column-4\">Art\u00edculos SCI<\/td><td class=\"column-5\">Bahar Dadashova, Blanca Arenas Ram\u00edrez, Camino Gonz\u00e1lez Fern\u00e1ndez, Arturo Furones Crespo, Francisco Aparicio Izquierdo<\/td>\n<\/tr>\n<tr class=\"row-36\">\n\t<td class=\"column-1\">Simulation-based model comparison methodology with application to road accident models<\/td><td class=\"column-2\">COMMUNICATIONS IN STATISTICS-SIMULATION AND COMPUTATION<\/td><td class=\"column-3\">21\/03\/2016<\/td><td class=\"column-4\">Art\u00edculos SCI<\/td><td class=\"column-5\">Bahar Dadashova, Jos\u00e9 M. Mira McWilliams, Blanca Arenas Ram\u00edrez, Francisco Aparicio Izquierdo<\/td>\n<\/tr>\n<tr class=\"row-37\">\n\t<td class=\"column-1\">Methodological development for selection of significant predictors explaining fatal road accidents<\/td><td class=\"column-2\">Accident Analysis and Prevention<\/td><td class=\"column-3\">03\/02\/2016<\/td><td class=\"column-4\">Art\u00edculos SCI<\/td><td class=\"column-5\">Bahar Dadashova, Jos\u00e9 M. Mira McWilliams, Blanca Arenas Ram\u00edrez, Francisco Aparicio Izquierdo<\/td>\n<\/tr>\n<tr class=\"row-38\">\n\t<td class=\"column-1\">Analyzing the impact of road geometry design on interurban accident severity using random forests<\/td><td class=\"column-2\">Journal of Transportation Safety &amp; Security<\/td><td class=\"column-3\">01\/12\/2015<\/td><td class=\"column-4\">Art\u00edculos SCI<\/td><td class=\"column-5\">\"Dadashova Bahar   Arenas-Ram\u00edrez Blanca  Mira-McWilliams Jos\u00e9  Aparicio-Izquierdo Francisco\"<\/td>\n<\/tr>\n<tr class=\"row-39\">\n\t<td class=\"column-1\">TECNOLOG\u00cdA Y SEGURIDAD. Sistemas de control de velocidad<\/td><td class=\"column-2\">Tr\u00e1fico y seguridad vial<\/td><td class=\"column-3\">01\/11\/2015<\/td><td class=\"column-4\">Art\u00edculos SCI<\/td><td class=\"column-5\">Arturo Furones Crespo, Francisco Javier P\u00e1ez Ayuso<\/td>\n<\/tr>\n<tr class=\"row-40\">\n\t<td class=\"column-1\">The identification of patterns of Interurban Road Accident Frequency and Severity using Road Geometry and Traffic indicators<\/td><td class=\"column-2\">TRA2016. Transport Research Arena  Warsaw, Poland<\/td><td class=\"column-3\">18\/09\/2015<\/td><td class=\"column-4\">Art\u00edculos SCI<\/td><td class=\"column-5\">Dadashova, Bahar, Arenas Ram\u00edrez, Blanca; Mira McWilliams Jos\u00e9, Aparicio Izquierdo Francisco<\/td>\n<\/tr>\n<tr class=\"row-41\">\n\t<td class=\"column-1\">SISTEMAS DE SEGURIDAD. Lo que debe saber del ESP<\/td><td class=\"column-2\">Tr\u00e1fico y seguridad vial<\/td><td class=\"column-3\">01\/09\/2015<\/td><td class=\"column-4\">Art\u00edculos SCI<\/td><td class=\"column-5\">Francisco Javier P\u00e1ez Ayuso<\/td>\n<\/tr>\n<tr class=\"row-42\">\n\t<td class=\"column-1\">FACTORES IMPLICADOS EN LA SEGURIDAD VIAL<\/td><td class=\"column-2\">Jornada  Seguridad de Veh\u00edculos y Tr\u00e1fico. Aplicaci\u00f3n a la Ingenier\u00eda del Transporte. Aspectos ambientales . Universidad Nacional de Salta. Argentina<\/td><td class=\"column-3\">03\/08\/2015<\/td><td class=\"column-4\">Art\u00edculos SCI<\/td><td class=\"column-5\">Blanca Arenas Ram\u00edrez<\/td>\n<\/tr>\n<tr class=\"row-43\">\n\t<td class=\"column-1\">SEGURIDAD EN EL TRANSPORTE COLECTIVO DE PERSONAS<\/td><td class=\"column-2\">Jornada Seguridad de Veh\u00edculos y Tr\u00e1fico. Aplicaci\u00f3n a la Ingenier\u00eda del Transporte. Aspectos ambientales . Universidad Nacional de Salta. Argentina<\/td><td class=\"column-3\">03\/08\/2015<\/td><td class=\"column-4\">Art\u00edculos SCI<\/td><td class=\"column-5\">Francisco Aparicio<\/td>\n<\/tr>\n<tr class=\"row-44\">\n\t<td class=\"column-1\">\"Cuadernos de la C\u00e1tedra Universidad-Empresa: Eduardo Barreiros. Innovaci\u00f3n y Retos en Automoci\u00f3n \u0093INNOVAUTO I\"\"\"<\/td><td class=\"column-2\">Servicio de Publicaciones de la ETSI Industriales<\/td><td class=\"column-3\">12\/06\/2015<\/td><td class=\"column-4\">Art\u00edculos SCI<\/td><td class=\"column-5\">\"Ed. Blanca Arenas Ram\u00edrez     \"<\/td>\n<\/tr>\n<tr class=\"row-45\">\n\t<td class=\"column-1\">Movilidad y accidentalidad de furgonetas. An\u00e1lisis comparado de indicadores de riesgo<\/td><td class=\"column-2\">Revista de Obras P\u00fablicas. Ingenier\u00eda del Transporte. A la memoria de Rafael Izquierdo<\/td><td class=\"column-3\">01\/06\/2015<\/td><td class=\"column-4\">Art\u00edculos SCI<\/td><td class=\"column-5\">Francisco Aparicio<\/td>\n<\/tr>\n<tr class=\"row-46\">\n\t<td class=\"column-1\">Movilidad y transporte: Impactos y retos<\/td><td class=\"column-2\">COPITI (Colegio oficial de ingenieros t\u00e9cnicos industriales de Madrid)<\/td><td class=\"column-3\">05\/05\/2015<\/td><td class=\"column-4\">Art\u00edculos SCI<\/td><td class=\"column-5\">\"Prof. Francisco Aparicio Izquierdo   Prof. Blanca Arenas Ram\u00edrez. \"<\/td>\n<\/tr>\n<tr class=\"row-47\">\n\t<td class=\"column-1\">Estimaci\u00f3n de la autonom\u00eda de un veh\u00edculo el\u00e9ctrico seg\u00fan el estilo de conducci\u00f3n<\/td><td class=\"column-2\">Dyna Ingenier\u00eda e Industria<\/td><td class=\"column-3\">01\/05\/2015<\/td><td class=\"column-4\">Art\u00edculos SCI<\/td><td class=\"column-5\">D\u00edaz, A., Serradilla, F., Anaya, J. J., Jim\u00e9nez, F., Naranjo, J. E.<\/td>\n<\/tr>\n<tr class=\"row-48\">\n\t<td class=\"column-1\">Sensitivity-based, multi-objective design of vehicle suspension systems<\/td><td class=\"column-2\">Journal of Computational and Nonlinear Dynamics<\/td><td class=\"column-3\">01\/05\/2015<\/td><td class=\"column-4\">Art\u00edculos SCI<\/td><td class=\"column-5\">Callejo, Alfonso; Garc\u00eda de Jal\u00f3n, Javier; Luque, Pablo; M\u00e1ntaras, Daniel A.<\/td>\n<\/tr>\n<tr class=\"row-49\">\n\t<td class=\"column-1\">Real-Time Dynamic Simulations of Large Road Vehicles Using Dense, Sparse, and Parallelization Techniques<\/td><td class=\"column-2\">Journal of Computational and Nonlinear Dynamics<\/td><td class=\"column-3\">01\/05\/2015<\/td><td class=\"column-4\">Art\u00edculos SCI<\/td><td class=\"column-5\">Hidalgo, Andr\u00e9s F.; Garc\u00eda de Jal\u00f3n, J<\/td>\n<\/tr>\n<tr class=\"row-50\">\n\t<td class=\"column-1\">Autonomous collision avoidance system based on an accurate knowledge of the vehicle surroundings<\/td><td class=\"column-2\">IET Intelligent Transport Systems<\/td><td class=\"column-3\">01\/03\/2015<\/td><td class=\"column-4\">Art\u00edculos SCI<\/td><td class=\"column-5\">Jim\u00e9nez, F., Naranjo, J. E., G\u00f3mez, O.<\/td>\n<\/tr>\n<tr class=\"row-51\">\n\t<td class=\"column-1\">Experimental Validation of a New Pushchair Restraint System for Use on Buses<\/td><td class=\"column-2\">Transportation research Part A (Q1).<\/td><td class=\"column-3\">15\/02\/2015<\/td><td class=\"column-4\">Art\u00edculos SCI<\/td><td class=\"column-5\">Juan Dols,a* Enrique Alcal\u00e1;b Jaime Masi\u00e1,a Luis Mart\u00ednez,b Angel Mart\u00edn,b Antonio Garciab<\/td>\n<\/tr>\n<tr class=\"row-52\">\n\t<td class=\"column-1\">A novel method for producing low cost dynamometric wheels based on harmonic elimination techniques<\/td><td class=\"column-2\">Mechanical Systems and Signal Processing<\/td><td class=\"column-3\">01\/02\/2015<\/td><td class=\"column-4\">Art\u00edculos SCI<\/td><td class=\"column-5\">Guti\u00e9rrez-L\u00f3pez, Mar\u00eda D.; Garc\u00eda de Jal\u00f3n, Javier; Cubillo, Adri\u00e1n<\/td>\n<\/tr>\n<tr class=\"row-53\">\n\t<td class=\"column-1\">Fast Computing on Vehicle Dynamics Using Chebyshev Series Expansions<\/td><td class=\"column-2\">IEEE-ASME Transactions on Mechatronics<\/td><td class=\"column-3\">01\/02\/2015<\/td><td class=\"column-4\">Art\u00edculos SCI<\/td><td class=\"column-5\">L\u00f3pez Rosado, Alberto ;Moriano, Cristina ;Olazagoitia, Jos\u00e9 Luis ;P\u00e1ez Ayuso, Francisco Javier<\/td>\n<\/tr>\n<tr class=\"row-54\">\n\t<td class=\"column-1\">Vehicle suspension identification via algorithmic computation of state and design sensitivities<\/td><td class=\"column-2\">Journal of Mechanical Design<\/td><td class=\"column-3\">01\/02\/2015<\/td><td class=\"column-4\">Art\u00edculos SCI<\/td><td class=\"column-5\">Callejo, Alfonso; Garc\u00eda de Jal\u00f3n, Javier<\/td>\n<\/tr>\n<tr class=\"row-55\">\n\t<td class=\"column-1\">Theoretical and Experimental Verification of the crashworthiness of Baby Carriages for their Use in Urban Buses<\/td><td class=\"column-2\">International Journal of Crashworthiness<\/td><td class=\"column-3\">15\/01\/2015<\/td><td class=\"column-4\">Art\u00edculos SCI<\/td><td class=\"column-5\">Enrique Alcal\u00e1, Juan Dols, Beatriz Valles, \u00c1ngel Mart\u00edn, Luis Martinez<\/td>\n<\/tr>\n<tr class=\"row-56\">\n\t<td class=\"column-1\">Vehicle to Vehicle GeoNetworking using Wireless Sensor Networks<\/td><td class=\"column-2\">Ad Hoc Networks<\/td><td class=\"column-3\">15\/01\/2015<\/td><td class=\"column-4\">Art\u00edculos SCI<\/td><td class=\"column-5\">Anaya, J.J., Talavera, E., Jim\u00e9nez, F., Serradilla, F., Naranjo, J.E.<\/td>\n<\/tr>\n<tr class=\"row-57\">\n\t<td class=\"column-1\">La accidentalidad de las furgonetas. Necesidad de una normativa espec\u00edfica<\/td><td class=\"column-2\">El v\u00edg\u00eda. Semanario<\/td><td class=\"column-3\">12\/01\/2015<\/td><td class=\"column-4\">Art\u00edculos SCI<\/td><td class=\"column-5\">Francisco Aparicio, Blanca Arenas Ram\u00edrez<\/td>\n<\/tr>\n<tr class=\"row-58\">\n\t<td class=\"column-1\">Comparative analysis of the Global Life Cycle of a diesel traction and electric traction technology applied to a 4WD vehicle.<\/td><td class=\"column-2\">Transportation Research Part D<\/td><td class=\"column-3\">01\/01\/2015<\/td><td class=\"column-4\">Art\u00edculos SCI<\/td><td class=\"column-5\">\"Daniel Resino Zamora   Jos\u00e9 Mar\u00eda L\u00f3pez Mart\u00ednez  Juan Antonio Garc\u00eda S\u00e1nchez  Nuria Flores Holgado\"<\/td>\n<\/tr>\n<tr class=\"row-59\">\n\t<td class=\"column-1\">Exploring traffic-road type pattern in interurban spanish roads accidents by a tree-based approach<\/td><td class=\"column-2\">Safety Science<\/td><td class=\"column-3\">30\/12\/2014<\/td><td class=\"column-4\">Art\u00edculos SCI<\/td><td class=\"column-5\">Blanca Arenas Ram\u00edrez, Camino Gonz\u00e1lez  Fern\u00e1ndez, Francisco Aparicio Izquierdo.<\/td>\n<\/tr>\n<tr class=\"row-60\">\n\t<td class=\"column-1\">Comparison of seat belt use along time for different vehicle categories in Spanish interurban roads, by a Bayesian approach based model<\/td><td class=\"column-2\">Ergonomics<\/td><td class=\"column-3\">26\/12\/2014<\/td><td class=\"column-4\">Art\u00edculos SCI<\/td><td class=\"column-5\">\"B. Arenas \/ J. Mira \/ J. P\u00e1ez \/ A. Furones \/ F. Aparicio      \"<\/td>\n<\/tr>\n<tr class=\"row-61\">\n\t<td class=\"column-1\">Assessment of Professional Competencies promoted by SAE Formula Project. The UPMRacing Case<\/td><td class=\"column-2\">International Journal of Engineering Education (IJEE)<\/td><td class=\"column-3\">15\/12\/2014<\/td><td class=\"column-4\">Art\u00edculos SCI<\/td><td class=\"column-5\">FRANCISCO JAVIER P\u00c1EZ, CARMEN GARC\u00cdA, MIGUEL \u00c1NGEL \u00c1LVAREZ, JUAN JOS\u00c9 HERRERO, FRANCISCO APARICIO<\/td>\n<\/tr>\n<tr class=\"row-62\">\n\t<td class=\"column-1\">A hybrid direct-automatic differentiation method for the computation of independent sensitivities in multibody systems<\/td><td class=\"column-2\">International Journal for Numerical Methods in Engineering<\/td><td class=\"column-3\">01\/12\/2014<\/td><td class=\"column-4\">Art\u00edculos SCI<\/td><td class=\"column-5\">Callejo, A; Garc\u00eda de Jal\u00f3n, J<\/td>\n<\/tr>\n<tr class=\"row-63\">\n\t<td class=\"column-1\">Vehicle Tracking for an Evasive Manoeuvres Assistant Using Low-Cost Ultrasonic Sensors<\/td><td class=\"column-2\">Sensors<\/td><td class=\"column-3\">01\/11\/2014<\/td><td class=\"column-4\">Art\u00edculos SCI<\/td><td class=\"column-5\">Jim\u00e9nez, F., Naranjo, J.E., G\u00f3mez, O., Anaya, J.J.<\/td>\n<\/tr>\n<tr class=\"row-64\">\n\t<td class=\"column-1\">La efectividad del PPP en la accidentalidad en \u00e1mbito urbano: Caso Ciudad de Madrid<\/td><td class=\"column-2\">Jornadas sobre movilidad Urbana y seguridad vial, Planes de seguridad vial urbana: Elaboraci\u00f3n, ejecuci\u00f3n y seguimiento<\/td><td class=\"column-3\">23\/10\/2014<\/td><td class=\"column-4\">Art\u00edculos SCI<\/td><td class=\"column-5\">F. Aparicio, B Arenas, J. P\u00e1ez, A. Furones, E. Arregui.<\/td>\n<\/tr>\n<tr class=\"row-65\">\n\t<td class=\"column-1\">La investigaci\u00f3n cient\u00edfica para la mejora de la Seguridad del transporte colectivo de personas<\/td><td class=\"column-2\">IV CISEV-2014-Congreso Internacional de Seguridad Vial<\/td><td class=\"column-3\">02\/10\/2014<\/td><td class=\"column-4\">Art\u00edculos SCI<\/td><td class=\"column-5\">Aparicio Izquierdo Francisco<\/td>\n<\/tr>\n<tr class=\"row-66\">\n\t<td class=\"column-1\">Dispositivo universal para el control autom\u00e1tico de la direcci\u00f3n de un veh\u00edculo<\/td><td class=\"column-2\">Dyna Ingenier\u00eda e Industria<\/td><td class=\"column-3\">01\/10\/2014<\/td><td class=\"column-4\">Art\u00edculos SCI<\/td><td class=\"column-5\">Jim\u00e9nez, F., Naranjo, J. E., G\u00f3mez, O.<\/td>\n<\/tr>\n<tr class=\"row-67\">\n\t<td class=\"column-1\">SEGURIDAD EN EL TRANSPORTE COLECTIVO DE PERSONAS.  FACTORES DE INFLUENCIA<\/td><td class=\"column-2\">1\u00ba SISAA 2014. Primer Seminario Iberoamericano de Seguridad de Autobuses y Autocares<\/td><td class=\"column-3\">29\/09\/2014<\/td><td class=\"column-4\">Art\u00edculos SCI<\/td><td class=\"column-5\">Francisco Aparicio Izquierdo, Blanca Arenas Ram\u00edrez<\/td>\n<\/tr>\n<tr class=\"row-68\">\n\t<td class=\"column-1\">I Seminario Iberoamericano de Seguridad en Autobuses y Autocares celebrado en Cartagena de Indias los d\u00edas 29 y 30 de septiembre de 2014<\/td><td class=\"column-2\">1\u00ba SISAA 2014-Seminario Iberoamericano de Seguridad en Autobuses y Autocares, Cartagena de Indias los d\u00edas 29 y 30 de septiembre de 2014<\/td><td class=\"column-3\">29\/09\/2014<\/td><td class=\"column-4\">Art\u00edculos SCI<\/td><td class=\"column-5\"><\/td>\n<\/tr>\n<tr class=\"row-69\">\n\t<td class=\"column-1\">Performance of automatic differentiation tools in the dynamic simulation of multibody systems<\/td><td class=\"column-2\">Advances in Engineering Software<\/td><td class=\"column-3\">01\/07\/2014<\/td><td class=\"column-4\">Art\u00edculos SCI<\/td><td class=\"column-5\">Callejo, Alfonso; Narayan, Sri Hari Krishna; Garc\u00eda de Jal\u00f3n, Javier; Norris, Boyana<\/td>\n<\/tr>\n<tr class=\"row-70\">\n\t<td class=\"column-1\">System for road vehicle energy optimization using real time road and traffic information<\/td><td class=\"column-2\">Energies<\/td><td class=\"column-3\">01\/07\/2014<\/td><td class=\"column-4\">Art\u00edculos SCI<\/td><td class=\"column-5\">Jim\u00e9nez, F., Cabrera, W.<\/td>\n<\/tr>\n<tr class=\"row-71\">\n\t<td class=\"column-1\">EVALUATION OF THE ROAD BUS BODY SEAT SETTING SUBMITTED TO FRONTAL IMPACT<\/td><td class=\"column-2\">Latin American Journal of Solids and Structures 05\/2014; 11(9):1463-1489. \u00b7 1.24 Impact Factor<\/td><td class=\"column-3\">01\/05\/2014<\/td><td class=\"column-4\">Art\u00edculos SCI<\/td><td class=\"column-5\">M\u00c1RCIO WALBER, FABIO GOEDEL, AGENOR DIAS DE MEIRA JR., ENRIQUE ALCAL\u00c1 FAZIO, FRANCISCO APARICIO IZQUIERDO, IGNACIO ITURRIOZ<\/td>\n<\/tr>\n<tr class=\"row-72\">\n\t<td class=\"column-1\">Bayesian model selection of structural explanatory models: Application to road accident data<\/td><td class=\"column-2\">TRA2014 Transport Research Arena 2014.  Par\u00eds. Francia<\/td><td class=\"column-3\">15\/04\/2014<\/td><td class=\"column-4\">Art\u00edculos SCI<\/td><td class=\"column-5\">Bahar Dadashova, Jos\u00e9 M. Mira McWilliams, Blanca Arenas Ram\u00edrez, Francisco Aparicio Izquierdo<\/td>\n<\/tr>\n<tr class=\"row-73\">\n\t<td class=\"column-1\">Poisson dynamic models. An application to interurban accidents in Spain<\/td><td class=\"column-2\">TRA2014 Transport Research Arena. Par\u00eds. Francia<\/td><td class=\"column-3\">13\/04\/2014<\/td><td class=\"column-4\">Art\u00edculos SCI<\/td><td class=\"column-5\">Camino Gonz\u00e1lez Fern\u00e1ndez, Jos\u00e9 Manuel Mira McWilliams, Blanca Arenas Ram\u00edrez, Claudia S\u00e1enz Sag\u00e1stegui<\/td>\n<\/tr>\n<tr class=\"row-74\">\n\t<td class=\"column-1\">Experimental characterisation of the probability density function of the operating loads supported by urban buses in Madrid (SPAIN).<\/td><td class=\"column-2\">Proceedings of the Institution of Mechanical Engineers Part D Journal of Automobile Engineering (Impact Factor: 0.65).<\/td><td class=\"column-3\">01\/04\/2014<\/td><td class=\"column-4\">Art\u00edculos SCI<\/td><td class=\"column-5\">\"JA P\u00e9rez, E Alcal\u00e1 and JM L\u00f3pez  DOI: \"<\/td>\n<\/tr>\n<tr class=\"row-75\">\n\t<td class=\"column-1\">On the Gr\u00f6bner basis triangularization of constraint equations in natural coordinates<\/td><td class=\"column-2\">Multibody System Dynamics<\/td><td class=\"column-3\">01\/03\/2014<\/td><td class=\"column-4\">Art\u00edculos SCI<\/td><td class=\"column-5\">T. Uchida; A. Callejo; J. Garc\u00eda de Jal\u00f3n; J. McPhee<\/td>\n<\/tr>\n<tr class=\"row-76\">\n\t<td class=\"column-1\">Bus line classification using neural networks<\/td><td class=\"column-2\">Transportation Research Part D: Transport and Environment<\/td><td class=\"column-3\">01\/03\/2014<\/td><td class=\"column-4\">Art\u00edculos SCI<\/td><td class=\"column-5\">Jim\u00e9nez, F., Serradilla, F., Rom\u00e1n, A., Naranjo, J. E.<\/td>\n<\/tr>\n<tr class=\"row-77\">\n\t<td class=\"column-1\">Design and validation of a child seat pretensor device.<\/td><td class=\"column-2\">Revista Facultad de Ingenieria-Universidad de Antioquia<\/td><td class=\"column-3\">01\/03\/2014<\/td><td class=\"column-4\">Art\u00edculos SCI<\/td><td class=\"column-5\">Luis Mart\u00ednez-S\u00e1ez; Antonio Garc\u00eda-\u00c1lvarez; Manuel Espantale\u00f3n-Ruiz; Christopher Ren\u00e9 Torres-San Miguel.<\/td>\n<\/tr>\n<tr class=\"row-78\">\n\t<td class=\"column-1\">Explanatory and prediction power of two macro models. An application to van involved accidents in Spain<\/td><td class=\"column-2\">Transport Policy<\/td><td class=\"column-3\">26\/02\/2014<\/td><td class=\"column-4\">Art\u00edculos SCI<\/td><td class=\"column-5\">Bahar Dadashova; Blanca Arenas, Jose Mira, Francisco Aparicio<\/td>\n<\/tr>\n<tr class=\"row-79\">\n\t<td class=\"column-1\">Sistema pre-colisi\u00f3n para prevenci\u00f3n de accidentes en entornos urbanos<\/td><td class=\"column-2\">Securitas Vialis<\/td><td class=\"column-3\">02\/10\/2013<\/td><td class=\"column-4\">Art\u00edculos SCI<\/td><td class=\"column-5\">Garc\u00eda, F., Jim\u00e9nez, F., Puertas, E., Naranjo, J. E., Armingol, J. M., Fern\u00e1ndez, J.<\/td>\n<\/tr>\n<tr class=\"row-80\">\n\t<td class=\"column-1\">Algoritmo de optimizaci\u00f3n del consumo de combustible de un veh\u00edculo durante la realizaci\u00f3n de un recorrido<\/td><td class=\"column-2\">Bidean \/ Asociaci\u00f3n Empresarial Guipuzcoana de Transporte de Mercanc\u00edas por Carretera - Guitrans<\/td><td class=\"column-3\">02\/10\/2013<\/td><td class=\"column-4\">Art\u00edculos SCI<\/td><td class=\"column-5\">Jim\u00e9nez, F., Cabrera, W.<\/td>\n<\/tr>\n<tr class=\"row-81\">\n\t<td class=\"column-1\">Methodology for the accuracy improvement of FEM beam type T-junctions of buses and coaches structures<\/td><td class=\"column-2\">International Journal of Automotive Technology<\/td><td class=\"column-3\">01\/10\/2013<\/td><td class=\"column-4\">Art\u00edculos SCI<\/td><td class=\"column-5\">Alcal\u00e1, E., Badea, F., Martin, \u00c1., &amp; Aparicio, F<\/td>\n<\/tr>\n<tr class=\"row-82\">\n\t<td class=\"column-1\">Study of the bending response of metal foam-filled beams applied to enhance the rollover behaviour of coach structures<\/td><td class=\"column-2\">International Journal of Crashworthiness<\/td><td class=\"column-3\">01\/10\/2013<\/td><td class=\"column-4\">Art\u00edculos SCI<\/td><td class=\"column-5\">G. J. Cazzola, E. Alcal\u00e1 Fazio &amp; F. Aparicio Izquierdo<\/td>\n<\/tr>\n<tr class=\"row-83\">\n\t<td class=\"column-1\">Implementaci\u00f3n e?ciente de una formulaci\u00f3n semirrecursiva para la din\u00e1mica de sistemas multicuerpo de gran tama\u00f1o<\/td><td class=\"column-2\">Revista Internacional de M\u00e9todos Num\u00e9ricos para C\u00e1lculo y Dise\u00f1o en Ingenier\u00eda<\/td><td class=\"column-3\">01\/10\/2013<\/td><td class=\"column-4\">Art\u00edculos SCI<\/td><td class=\"column-5\">A. F. Hidalgo; J. Garc\u00eda de Jal\u00f3n<\/td>\n<\/tr>\n<tr class=\"row-84\">\n\t<td class=\"column-1\">Multibody dynamics with redundant constraints and singular mass matrix: existence, uniqueness and determination of solutions for accelerations and constraint forces<\/td><td class=\"column-2\">Multibody System Dynamics<\/td><td class=\"column-3\">01\/10\/2013<\/td><td class=\"column-4\">Art\u00edculos SCI<\/td><td class=\"column-5\">J. Garc\u00eda de Jal\u00f3n; M. D. Guti\u00e9rrez L\u00f3pez<\/td>\n<\/tr>\n<tr class=\"row-85\">\n\t<td class=\"column-1\">Simulaci\u00f3n de escenarios de tr\u00e1fico de mercanc\u00edas en Espa\u00f1a: horizonte 2020<\/td><td class=\"column-2\">I JORNADA SOBRE VEH\u00cdCULOS Y TRANSPORTES:I+D+I EN LA UPM<\/td><td class=\"column-3\">19\/09\/2013<\/td><td class=\"column-4\">Art\u00edculos SCI<\/td><td class=\"column-5\">Jos\u00e9 Mira McWilliams; Blanca Arenas Ram\u00edrez; Camino Gonz\u00e1lez Fern\u00e1ndez; Francisco Aparicio Izquierdo<\/td>\n<\/tr>\n<tr class=\"row-86\">\n\t<td class=\"column-1\">Bayesian model selection of structural explanatory models: application to road accident data<\/td><td class=\"column-2\">I JORNADA SOBRE VEH\u00cdCULOS Y TRANSPORTES:I+D+I EN LA UPM<\/td><td class=\"column-3\">19\/09\/2013<\/td><td class=\"column-4\">Art\u00edculos SCI<\/td><td class=\"column-5\">Bahar Dadashova; Blanca Arenas Ram\u00edrez; Jos\u00e9 Mira McWilliams; Francisco Aparicio Izquierdo<\/td>\n<\/tr>\n<tr class=\"row-87\">\n\t<td class=\"column-1\">Modelos din\u00e1micos de Poisson. Aplicaci\u00f3n a datos de accidentes en la red interurbana espa\u00f1ola<\/td><td class=\"column-2\">I JORNADA SOBRE VEH\u00cdCULOS Y TRANSPORTES:I+D+I EN LA UPM<\/td><td class=\"column-3\">19\/09\/2013<\/td><td class=\"column-4\">Art\u00edculos SCI<\/td><td class=\"column-5\">Jos\u00e9 Manuel Mira McWilliams; Camino Gonz\u00e1lez Fern\u00e1ndez; Blanca Arenas Ram\u00edrez; Claudia S\u00e1enz Sagastegui<\/td>\n<\/tr>\n<tr class=\"row-88\">\n\t<td class=\"column-1\">Comunicaciones V2V basadas en GeoPosicionamiento<\/td><td class=\"column-2\">I JORNADA SOBRE VEH\u00cdCULOS Y TRANSPORTES:I+D+I EN LA UPM<\/td><td class=\"column-3\">19\/09\/2013<\/td><td class=\"column-4\">Art\u00edculos SCI<\/td><td class=\"column-5\">Jos\u00e9 Javier Anaya; Edgar Talavera; Jos\u00e9 Eugenio Naranjo; Felipe Jim\u00e9nez; Jos\u00e9 Gabriel Zato<\/td>\n<\/tr>\n<tr class=\"row-89\">\n\t<td class=\"column-1\">Modelado de conductores mediante smartphones<\/td><td class=\"column-2\">I JORNADA SOBRE VEH\u00cdCULOS Y TRANSPORTES:I+D+I EN LA UPM<\/td><td class=\"column-3\">19\/09\/2013<\/td><td class=\"column-4\">Art\u00edculos SCI<\/td><td class=\"column-5\">Alberto D\u00edaz \u00c1lvarez; Francisco Serradilla Garc\u00eda; Jos\u00e9 Eugenio Naranjo Hern\u00e1ndez<\/td>\n<\/tr>\n<tr class=\"row-90\">\n\t<td class=\"column-1\">Simulaciones transitorias para el an\u00e1lisis de vida de veh\u00edculos<\/td><td class=\"column-2\">I JORNADA SOBRE VEH\u00cdCULOS Y TRANSPORTES:I+D+I EN LA UPM<\/td><td class=\"column-3\">19\/09\/2013<\/td><td class=\"column-4\">Art\u00edculos SCI<\/td><td class=\"column-5\">Enrique Alcal\u00e1, \u00c1ngel Luis Mart\u00edn. Jes\u00fas \u00c1ngel P\u00e9rez. Daniel Arribas. Francisco Badea. Beatriz Valles. Roberto Lagunilla.<\/td>\n<\/tr>\n<tr class=\"row-91\">\n\t<td class=\"column-1\">Metodolog\u00eda integrada de investigaci\u00f3n cient\u00edfica de accidentes. Aplicaci\u00f3n al Proyecto FURGOSEG para el estudio de los accidentes de tr\u00e1fico con implicaci\u00f3n de furgonetas<\/td><td class=\"column-2\">I JORNADA SOBRE VEH\u00cdCULOS Y TRANSPORTES:I+D+I EN LA UPM<\/td><td class=\"column-3\">19\/09\/2013<\/td><td class=\"column-4\">Art\u00edculos SCI<\/td><td class=\"column-5\">Francisco Aparicio Izquierdo; Blanca Arenas Ram\u00edrez<\/td>\n<\/tr>\n<tr class=\"row-92\">\n\t<td class=\"column-1\">Indicador de velocidad de flujo libre en Espa\u00f1a seg\u00fan tipo de veh\u00edculo-v\u00eda-franja horaria. Diferencias con pa\u00edses europeos<\/td><td class=\"column-2\">I JORNADA SOBRE VEH\u00cdCULOS Y TRANSPORTES:I+D+I EN LA UPM<\/td><td class=\"column-3\">19\/09\/2013<\/td><td class=\"column-4\">Art\u00edculos SCI<\/td><td class=\"column-5\">Blanca Arenas Ram\u00edrez; Jos\u00e9 Mira McWilliams; Elisa Gallego Tellechea; Francisco Aparicio Izquierdo<\/td>\n<\/tr>\n<tr class=\"row-93\">\n\t<td class=\"column-1\">Dise\u00f1o de un SIstema de Retenci\u00f3n Infantil Avanzado (SIRIA)<\/td><td class=\"column-2\">I JORNADA SOBRE VEH\u00cdCULOS Y TRANSPORTES:I+D+I EN LA UPM<\/td><td class=\"column-3\">19\/09\/2013<\/td><td class=\"column-4\">Art\u00edculos SCI<\/td><td class=\"column-5\">Antonio Garc\u00eda \u00c1lvarez; Luis Mart\u00ednez S\u00e1ez; Manuel Espantale\u00f3n Ruiz; Christopher Ren\u00e9 Torres-San Miguel<\/td>\n<\/tr>\n<tr class=\"row-94\">\n\t<td class=\"column-1\">ASPECTOS TECNOL\u00d3GICOS A LA ELECTROMOVILIDAD URBANA<\/td><td class=\"column-2\">JORNADA T\u00c9CNICA EMT<\/td><td class=\"column-3\">01\/07\/2013<\/td><td class=\"column-4\">Art\u00edculos SCI<\/td><td class=\"column-5\">Jos\u00e9 M\u00aa L\u00f3pez Martinez<\/td>\n<\/tr>\n<tr class=\"row-95\">\n\t<td class=\"column-1\">\u0093Impact of the Spanish electricity, over the period 2008-2030, on the Life Cycle Energy Consumption and GHG Emissions of Electric Hybrid Diesel-Electric, Fuel Cell Hybrid and Diesel Bus of the Madrid Transportation System\u0094<\/td><td class=\"column-2\">ENERGY CONVERSION AND MANAGEMENT<\/td><td class=\"column-3\">01\/07\/2013<\/td><td class=\"column-4\">Art\u00edculos SCI<\/td><td class=\"column-5\">Garc\u00eda S\u00e1nchez, J. A.., L\u00f3pez Mart\u00ednez, J. M., Lumbreras Mart\u00edn, J., Flores Holgado, N., Aguilar Morales, H.<\/td>\n<\/tr>\n<tr class=\"row-96\">\n\t<td class=\"column-1\">INNOVATIVE TECHNOLOGIES FOR THE DEVELOPMENT OF A LIGHT RANGE EXTENDER VEHICLE\u0094<\/td><td class=\"column-2\">HORIZON 2020-GREEN VEHICLES<\/td><td class=\"column-3\">01\/07\/2013<\/td><td class=\"column-4\">Art\u00edculos SCI<\/td><td class=\"column-5\">Jos\u00e9 M\u00aa L\u00f3pez Martinez<\/td>\n<\/tr>\n<tr class=\"row-97\">\n\t<td class=\"column-1\">LA ELECTROMOVILIDAD: UNA OPCI\u00d3N DE FUTURO<\/td><td class=\"column-2\">JORNADA NETWORKING ICA<\/td><td class=\"column-3\">01\/07\/2013<\/td><td class=\"column-4\">Art\u00edculos SCI<\/td><td class=\"column-5\">Jos\u00e9 M\u00aa L\u00f3pez Martinez<\/td>\n<\/tr>\n<tr class=\"row-98\">\n\t<td class=\"column-1\">Determinaci\u00f3n de ciclos de conducci\u00f3n en rutas urbanas fijas<\/td><td class=\"column-2\">DYNA<\/td><td class=\"column-3\">10\/06\/2013<\/td><td class=\"column-4\">Art\u00edculos SCI<\/td><td class=\"column-5\">Felipe Jim\u00e9nez-Alonso; Alfonso Rom\u00e1n-de Andr\u00e9s; Jos\u00e9 Mar\u00eda L\u00f3pez-Mart\u00ednez<\/td>\n<\/tr>\n<tr class=\"row-99\">\n\t<td class=\"column-1\">Real time speed profile calculation for fuel saving considering unforeseen situations and travel time<\/td><td class=\"column-2\">IET Intelligent Transport Systems. Institution of Engineering and Technology<\/td><td class=\"column-3\">01\/06\/2013<\/td><td class=\"column-4\">Art\u00edculos SCI<\/td><td class=\"column-5\">Jim\u00e9nez, F., L\u00f3pez-Covarrubias, J. L., Cabrera, W., Aparicio, F.<\/td>\n<\/tr>\n<tr class=\"row-100\">\n\t<td class=\"column-1\">Methodology for kinematic cycle characterization of vehicles with fixed routes in urban areas<\/td><td class=\"column-2\">Transportation Research Part D: Transport and Environment<\/td><td class=\"column-3\">01\/06\/2013<\/td><td class=\"column-4\">Art\u00edculos SCI<\/td><td class=\"column-5\">Jim\u00e9nez, F., Rom\u00e1n, A., L\u00f3pez, J. M.<\/td>\n<\/tr>\n<tr class=\"row-101\">\n\t<td class=\"column-1\">Distributed pedestrian detection alerts based on data fusion with accurate localization<\/td><td class=\"column-2\">Sensors\/ Edita: MDPI AG<\/td><td class=\"column-3\">01\/06\/2013<\/td><td class=\"column-4\">Art\u00edculos SCI<\/td><td class=\"column-5\">Garc\u00eda, F.; Jim\u00e9nez, F.; Anaya, J.J.; Armingol, J.M.; Naranjo, J.E.; de la Escalera, A.<\/td>\n<\/tr>\n<tr class=\"row-102\">\n\t<td class=\"column-1\">El papel de los Sistemas Multicuerpo en la Simulaci\u00f3n Din\u00e1mica de Veh\u00edculos<\/td><td class=\"column-2\">Revista COIIM<\/td><td class=\"column-3\">01\/04\/2013<\/td><td class=\"column-4\">Art\u00edculos SCI<\/td><td class=\"column-5\">\"A. Callejo  J. Garc\u00eda de Jal\u00f3n\"<\/td>\n<\/tr>\n<tr class=\"row-103\">\n\t<td class=\"column-1\">Assessing the benefit of brake assist system for pedestrian injury mitigation through real-world accident investigation<\/td><td class=\"column-2\">Safety Science<\/td><td class=\"column-3\">01\/03\/2013<\/td><td class=\"column-4\">Art\u00edculos SCI<\/td><td class=\"column-5\">Alexandro Badea, F. Javier P\u00e1ez, Arturo Furones, Jos\u00e9 M. Barrios b, Juan L. de-Miguel<\/td>\n<\/tr>\n<tr class=\"row-104\">\n\t<td class=\"column-1\">Analysis of dynamic behavior and safety of baby carriages in public transportation buses<\/td><td class=\"column-2\">Transportation Research Part A: Policy and Practice<\/td><td class=\"column-3\">01\/03\/2013<\/td><td class=\"column-4\">Art\u00edculos SCI<\/td><td class=\"column-5\">Juan Dolsa,  Vicente Ponsa, , Enrique Alcal\u00e1, Beatriz Valles, \u00c1ngel Mart\u00edn<\/td>\n<\/tr>\n<tr class=\"row-105\">\n\t<td class=\"column-1\">Source of head injury for pedestrians and pedal cyclists: Striking vehicle or road?<\/td><td class=\"column-2\">Accident Analysis &amp; Prevention<\/td><td class=\"column-3\">31\/01\/2013<\/td><td class=\"column-4\">Art\u00edculos SCI<\/td><td class=\"column-5\">Alexandro Badea-Romero, James Lenard<\/td>\n<\/tr>\n<tr class=\"row-106\">\n\t<td class=\"column-1\">Sub-actuated anthropometric robotic prototype hand<\/td><td class=\"column-2\">Revista Facultad de Ingenieria-Universidad de Antioquia<\/td><td class=\"column-3\">01\/12\/2012<\/td><td class=\"column-4\">Art\u00edculos SCI<\/td><td class=\"column-5\">Romero, MAP (Perez Romero, Mauricio Aaron); Sanchez, ATV (Velazquez Sanchez, Alejandro Tonatiu); San Miguel, CRT (Torres San Miguel, Christopher Rene); Saez, LM (Martinez Saez, Luis); Gonzalez, PFH (Huerta Gonzalez, Pedro Francisco); Calderon, GMU (Urriol<\/td>\n<\/tr>\n<tr class=\"row-107\">\n\t<td class=\"column-1\">Life Cycle Assessment (LCA) of Electric, Hybrid (Diesel-Electric-Series) and Hydrogen Bus Transportation Systems in Madrid<\/td><td class=\"column-2\">FISITA 2012<\/td><td class=\"column-3\">27\/11\/2012<\/td><td class=\"column-4\">Art\u00edculos SCI<\/td><td class=\"column-5\">Juan Antonio Garc\u00eda, Dr. Jos\u00e9 Mar\u00eda L\u00f3pez, Ms. Mar\u00eda Nuria Flores, Julio Lumbreras, Dr. Blanca Arenas<\/td>\n<\/tr>\n<tr class=\"row-108\">\n\t<td class=\"column-1\">Proceedings of the FISITA 2012 World Automotive Congress. Volume 9: Automotive Safety Technology<\/td><td class=\"column-2\">Springer Heidelberg New York Dordrecht London<\/td><td class=\"column-3\">27\/11\/2012<\/td><td class=\"column-4\">Art\u00edculos SCI<\/td><td class=\"column-5\">P\u00e1ez Ayuso, Francisco Javier; Furones Crespo, Arturo; Aparicio Izquierdo, Francisco; Arenas Ram\u00edrez, Blanca<\/td>\n<\/tr>\n<tr class=\"row-109\">\n\t<td class=\"column-1\">EVALUATION OF THE EFFECTIVENESS OF ACTIVE SAFETY SYSTEMS IN VANS WITH RESPECT TO REAL WORLD ACCIDENT ANALYSIS<\/td><td class=\"column-2\">FISITA 2012<\/td><td class=\"column-3\">27\/11\/2012<\/td><td class=\"column-4\">Art\u00edculos SCI<\/td><td class=\"column-5\">P\u00e1ez Ayuso, Francisco Javier; Furones Crespo, Arturo; Aparicio Izquierdo, Francisco; Arenas Ram\u00edrez, Blanca<\/td>\n<\/tr>\n<tr class=\"row-110\">\n\t<td class=\"column-1\">Van Traffic Accident Analysis. A Holistic Approach<\/td><td class=\"column-2\">FISITA 2012-Vehicle Controls on Handing and Stability-F2012-F08-015. Proceedings of the FISITA 2012 World Automotive Congress. Volume 9: Automotive Safety Technology. Springer Heidelberg New York Dordrecht London<\/td><td class=\"column-3\">20\/11\/2012<\/td><td class=\"column-4\">Art\u00edculos SCI<\/td><td class=\"column-5\">\"Arenas Ram\u00edrez, Blanca*; P\u00e1ez Ayuso, Javier; Mira McWilliams, Jos\u00e9 M.; Jim\u00e9nez Alonso, Felipe; Furones Crespo, Arturo; Aparicio Izquierdo, Francisco      \"<\/td>\n<\/tr>\n<tr class=\"row-111\">\n\t<td class=\"column-1\">LA INVESTIGACI\u00d3N CIENT\u00cdFICA DE ACCIDENTES Y LAS POL\u00cdTICAS DE SEGURIDAD<\/td><td class=\"column-2\">Primer Seminario Internacional de Investigaci\u00f3n en Seguridad Vial. Grupo de Estudios en Sostenibilidad Urbana y Regional-SUR Facultad de Ingenier\u00eda Universidad de los Andes.  Bogot\u00e1 Colombia. http:\/\/seminarioinvestigacionseguridadvial.uniandes.edu.co\/<\/td><td class=\"column-3\">19\/11\/2012<\/td><td class=\"column-4\">Art\u00edculos SCI<\/td><td class=\"column-5\">\"Francisco Aparicio Izquierdo  \"<\/td>\n<\/tr>\n<tr class=\"row-112\">\n\t<td class=\"column-1\">Development of a pedestrian rigid legform impactor with upper body mass suitable to assess leg injuries in high bumper vehicles.<\/td><td class=\"column-2\">International Journal of Crashworthiness<\/td><td class=\"column-3\">03\/10\/2012<\/td><td class=\"column-4\">Art\u00edculos SCI<\/td><td class=\"column-5\">A. Garc\u00eda, L. J. Guerra, E. Alcal\u00e1, L. Mart\u00ednez.<\/td>\n<\/tr>\n<tr class=\"row-113\">\n\t<td class=\"column-1\">Source of head injury for pedestrians and pedal cyclists: Striking vehicle or road?<\/td><td class=\"column-2\">Accident Analysis and Prevention<\/td><td class=\"column-3\">01\/09\/2012<\/td><td class=\"column-4\">Art\u00edculos SCI<\/td><td class=\"column-5\">Alexandro Badea-Romero, James Lenard<\/td>\n<\/tr>\n<tr class=\"row-114\">\n\t<td class=\"column-1\">Effectiveness of safety-based incentives in Public Private Partnerships: evidence from the case of Spain<\/td><td class=\"column-2\">TRANSPORTATION RESEARCH PART A-POLICY AND PRACTICE<\/td><td class=\"column-3\">29\/06\/2012<\/td><td class=\"column-4\">Art\u00edculos SCI<\/td><td class=\"column-5\">\"Thais Rangel  Jos\u00e9 Manuel Vasallo  Blanca Arenas Ram\u00edrez  \"<\/td>\n<\/tr>\n<tr class=\"row-115\">\n\t<td class=\"column-1\">RED TEM\u00c1TICA DE INVESTIGACI\u00d3N CIENT\u00cdFICA DE ACCIDENTES. METODOLOG\u00cdA INTEGRADA PARA LA EVALUACI\u00d3N DE FACTORES DE INFLUENCIA EN LOS ACCIDENTES DE TR\u00c1FICO<\/td><td class=\"column-2\">III CISEV-Congreso Iberoamericano de Seguridad  Vial. Bogot\u00e1 Colombia<\/td><td class=\"column-3\">13\/06\/2012<\/td><td class=\"column-4\">Art\u00edculos SCI<\/td><td class=\"column-5\">Blanca Arenas Ram\u00edrez, Francisco Aparicio Izquierdo<\/td>\n<\/tr>\n<tr class=\"row-116\">\n\t<td class=\"column-1\">Autonomous Manoeuvrings for Collision Avoidance on Single Carriageway Roads<\/td><td class=\"column-2\">Sensors. MDPI AG<\/td><td class=\"column-3\">15\/05\/2012<\/td><td class=\"column-4\">Art\u00edculos SCI<\/td><td class=\"column-5\">Jim\u00e9nez, F., Naranjo, J. E., G\u00f3mez, O.<\/td>\n<\/tr>\n<tr class=\"row-117\">\n\t<td class=\"column-1\">Comparison of greenhouse gas emissions from different vehicles covering the entire life cycle<\/td><td class=\"column-2\">Urban Transport XVIII<\/td><td class=\"column-3\">01\/05\/2012<\/td><td class=\"column-4\">Art\u00edculos SCI<\/td><td class=\"column-5\">Javier P\u00e9rez Rodr\u00edguez; Julio Lumbreras Martin; Jose Maria Lopez Mart\u00ednez; Michel Vedrenne Gutierrez<\/td>\n<\/tr>\n<tr class=\"row-118\">\n\t<td class=\"column-1\">Efficient Solution of Maggi\u0092s Equations<\/td><td class=\"column-2\">Journal of Computational and Nonlinear Dynamics<\/td><td class=\"column-3\">01\/05\/2012<\/td><td class=\"column-4\">Art\u00edculos SCI<\/td><td class=\"column-5\">\"J. Garc\u00eda de Jal\u00f3n  A. Callejo  A. F. Hidalgo\"<\/td>\n<\/tr>\n<tr class=\"row-119\">\n\t<td class=\"column-1\">Optimizaci\u00f3n de consumo de combustible de veh\u00edculos basada en Programaci\u00f3n Din\u00e1mica<\/td><td class=\"column-2\">Dyna Ingenier\u00eda e Industria. Federaci\u00f3n de Asociaciones de Ingenieros Industriales de Espa\u00f1a<\/td><td class=\"column-3\">15\/04\/2012<\/td><td class=\"column-4\">Art\u00edculos SCI<\/td><td class=\"column-5\">Cabrera, W., Tapia, S., Jim\u00e9nez, F., Aparicio, F.<\/td>\n<\/tr>\n<tr class=\"row-120\">\n\t<td class=\"column-1\">Optimizaci\u00f3n topol\u00f3gica de estructuras reticuladas de nudos r\u00edgidos<\/td><td class=\"column-2\">Desconocido<\/td><td class=\"column-3\">10\/04\/2012<\/td><td class=\"column-4\">Art\u00edculos SCI<\/td><td class=\"column-5\">E. Alcala*, A. Martin. D. Arribas<\/td>\n<\/tr>\n<tr class=\"row-121\">\n\t<td class=\"column-1\">Rollover Stability of Fuel Tank Truck. Static and Dynamics experimental and modeling issues<\/td><td class=\"column-2\">International Journal of Heavy Vehicle System<\/td><td class=\"column-3\">05\/04\/2012<\/td><td class=\"column-4\">Art\u00edculos SCI<\/td><td class=\"column-5\">A. Mart\u00edn, E. Alcala, F. Aparcio, X.X<\/td>\n<\/tr>\n<tr class=\"row-122\">\n\t<td class=\"column-1\">Sloshing analysis based on Digital Image proccesing<\/td><td class=\"column-2\">International Journal of Heavy Vehicle System \u00bf?<\/td><td class=\"column-3\">05\/04\/2012<\/td><td class=\"column-4\">Art\u00edculos SCI<\/td><td class=\"column-5\"><\/td>\n<\/tr>\n<tr class=\"row-123\">\n\t<td class=\"column-1\">A qualitative assessment methodology of water tanks design of firefighting trucks with regard to sloshing behaviour. Part 1 Sloshing forces<\/td><td class=\"column-2\">International Journal of Heavy Vehicle System<\/td><td class=\"column-3\">05\/04\/2012<\/td><td class=\"column-4\">Art\u00edculos SCI<\/td><td class=\"column-5\">A. Martin, E. Alcala, F. Aparicio<\/td>\n<\/tr>\n<tr class=\"row-124\">\n\t<td class=\"column-1\">Dynamic statistical model selection: application to vans traffic accident analysis in Spain. A comparison with DRAG model results<\/td><td class=\"column-2\">TRA2012 Transport Research Arena 2012. Athens. Greece<\/td><td class=\"column-3\">03\/04\/2012<\/td><td class=\"column-4\">Art\u00edculos SCI<\/td><td class=\"column-5\">\"Bahar Dadashova, Jos\u00e9 M. Mira McWilliams, Blanca Arenas Ram\u00edrez, Francisco Aparicio Izquierdo  \"<\/td>\n<\/tr>\n<tr class=\"row-125\">\n\t<td class=\"column-1\">Modelo para la Conducci\u00f3n Eficiente y Sostenible basado en L\u00f3gica Borrosa<\/td><td class=\"column-2\">Revista Iberoamericana de Autom\u00e1tica e Inform\u00e1tica Industrial<\/td><td class=\"column-3\">15\/03\/2012<\/td><td class=\"column-4\">Art\u00edculos SCI<\/td><td class=\"column-5\">Villeta, M., Lahera, T., Merino, S., Zato, J. G., Naranjo, J. E., Jim\u00e9nez, F.<\/td>\n<\/tr>\n<tr class=\"row-126\">\n\t<td class=\"column-1\">Environment perception based on lidar sensors for real road applications<\/td><td class=\"column-2\">Robotica Cambridge Univ Press<\/td><td class=\"column-3\">15\/03\/2012<\/td><td class=\"column-4\">Art\u00edculos SCI<\/td><td class=\"column-5\">Garc\u00eda, F., Jim\u00e9nez, F., Naranjo, J. E., Zato, J. G., Apar\u00edcio, F., Armingol, J. M., de la Escalera, A.<\/td>\n<\/tr>\n<tr class=\"row-127\">\n\t<td class=\"column-1\">Floating Car Data Augmentation based on Infrastructure Sensors and Neural Networks<\/td><td class=\"column-2\">IEEE Transactions on Intelligent Transportation Systems<\/td><td class=\"column-3\">15\/03\/2012<\/td><td class=\"column-4\">Art\u00edculos SCI<\/td><td class=\"column-5\">Naranjo, J. E., Jim\u00e9nez, F., Serradilla, F. J., Zato, J. G.<\/td>\n<\/tr>\n<tr class=\"row-128\">\n\t<td class=\"column-1\">Low level control layer definition for autonomous vehicles based on fuzzy logic<\/td><td class=\"column-2\">Intelligent Automation and Soft Computing<\/td><td class=\"column-3\">15\/03\/2012<\/td><td class=\"column-4\">Art\u00edculos SCI<\/td><td class=\"column-5\">Naranjo, J. E., Jim\u00e9nez, F., G\u00f3mez, O., Zato, J. G<\/td>\n<\/tr>\n<tr class=\"row-129\">\n\t<td class=\"column-1\">Actas del I Simposio de Reconstrucci\u00f3n de Accidentes de Tr\u00e1fico<\/td><td class=\"column-2\">Universitat Politecnica de Valencia<\/td><td class=\"column-3\">01\/03\/2012<\/td><td class=\"column-4\">Art\u00edculos SCI<\/td><td class=\"column-5\">Francisco Javier P\u00e1ez Ayuso<\/td>\n<\/tr>\n<tr class=\"row-130\">\n\t<td class=\"column-1\">Optimization of FEM beam modeled T-junctions throughout experimental modal analysis correlation<\/td><td class=\"column-2\">tbd<\/td><td class=\"column-3\">15\/02\/2012<\/td><td class=\"column-4\">Art\u00edculos SCI<\/td><td class=\"column-5\">M. F. Badea; P. Avitable; E. Alcal\u00e1.<\/td>\n<\/tr>\n<tr class=\"row-131\">\n\t<td class=\"column-1\">An\u00e1lisis y evaluaci\u00f3n de los accidentes de tr\u00e1fico con relaci\u00f3n laboral en la Comunidad de Madrid en los a\u00f1os 2007 - 2009<\/td><td class=\"column-2\">Revista COIIM<\/td><td class=\"column-3\">01\/02\/2012<\/td><td class=\"column-4\">Art\u00edculos SCI<\/td><td class=\"column-5\">F. J. P\u00e1ez, A. I. G\u00f3mez, F. Aparicio, A. Furones, A. Espejo, A. Badea.<\/td>\n<\/tr>\n<tr class=\"row-132\">\n\t<td class=\"column-1\">An\u00e1lisis de Ciclo de Vida de autobuses urbanos Euro IV (Life Cycle Analysis of Euro IV urban buses)<\/td><td class=\"column-2\">DYNA<\/td><td class=\"column-3\">15\/01\/2012<\/td><td class=\"column-4\">Art\u00edculos SCI<\/td><td class=\"column-5\">Juan Antonio Garc\u00eda, Jos\u00e9 Mar\u00eda L\u00f3pez, Nuria Flores, Blanca Arenas<\/td>\n<\/tr>\n<tr class=\"row-133\">\n\t<td class=\"column-1\">Life Cycle Assessment (LCA) of biodiesel, natural gas and diesel Euro IV Buses of Madrid transportation system<\/td><td class=\"column-2\">ENERGY<\/td><td class=\"column-3\">15\/01\/2012<\/td><td class=\"column-4\">Art\u00edculos SCI<\/td><td class=\"column-5\">Juan Antonio Garc\u00eda, Jos\u00e9 Mar\u00eda L\u00f3pez, Julio Lumbreras, Nuria Flores<\/td>\n<\/tr>\n<tr class=\"row-134\">\n\t<td class=\"column-1\">El veh\u00edculo el\u00e9ctrico y la sostenibilidad urbana<\/td><td class=\"column-2\">Revista AIIM<\/td><td class=\"column-3\">10\/01\/2012<\/td><td class=\"column-4\">Art\u00edculos SCI<\/td><td class=\"column-5\">Jos\u00e9 M\u00aa L\u00f3pez Mart\u00ednez<\/td>\n<\/tr>\n<tr class=\"row-135\">\n\t<td class=\"column-1\">Behaviour of high bumper vehicles in pedestrian scenarios with full finite element human models<\/td><td class=\"column-2\">International Journal of Crashworthiness<\/td><td class=\"column-3\">10\/01\/2012<\/td><td class=\"column-4\">Art\u00edculos SCI<\/td><td class=\"column-5\">\"Luis Mart\u00ednez S\u00e1ez, Luis Jes\u00fas Guerra Casanova, Enrique Alcal\u00e1 Fazio, Antonio Garc\u00eda \u00c1lvarez  \"<\/td>\n<\/tr>\n<tr class=\"row-136\">\n\t<td class=\"column-1\">Characterization of Driving Style and the Influence of Distraction Based on Non-Intrusive Driving Parameters<\/td><td class=\"column-2\">Journal of Mechanics Engineering and Automation<\/td><td class=\"column-3\">01\/01\/2012<\/td><td class=\"column-4\">Art\u00edculos SCI<\/td><td class=\"column-5\">Jim\u00e9nez, F., S\u00e1nchez, J. J., G\u00f3mez, O.<\/td>\n<\/tr>\n<tr class=\"row-137\">\n\t<td class=\"column-1\">A methodology for the behavioral optimization of beam modeled T-junctions with FEM<\/td><td class=\"column-2\">IJ Vehicle Design<\/td><td class=\"column-3\">20\/12\/2011<\/td><td class=\"column-4\">Art\u00edculos SCI<\/td><td class=\"column-5\">Francisco M. Badea, Enrique Alcal\u00e1, , Francisco Aparicio  \u00c1ngel Martin<\/td>\n<\/tr>\n<tr class=\"row-138\">\n\t<td class=\"column-1\">Tendencias en c\u00e1lculo estructural y optimizaci\u00f3n de autobuses y autocares<\/td><td class=\"column-2\">Revista COIIM 54<\/td><td class=\"column-3\">01\/11\/2011<\/td><td class=\"column-4\">Art\u00edculos SCI<\/td><td class=\"column-5\">Enrique Alcal\u00e1, \u00c1ngel Mart\u00edn, Francisco Badea, Jes\u00fas P\u00e9rez, Daniel Arribas y Roberto Lagunilla<\/td>\n<\/tr>\n<tr class=\"row-139\">\n\t<td class=\"column-1\">EXPERIMENTAL AND NUMERICAL  STUDY OF BENDING BEHAVIOR OF THIN<\/td><td class=\"column-2\">International Journal of Impact Engineering<\/td><td class=\"column-3\">30\/10\/2011<\/td><td class=\"column-4\">Art\u00edculos SCI<\/td><td class=\"column-5\">G. Cazzola; F. Aparicio; E. Alcal\u00e1.<\/td>\n<\/tr>\n<tr class=\"row-140\">\n\t<td class=\"column-1\">Automatizaci\u00f3n de un veh\u00edculo de carretera como plataforma para el estudio de sistemas avanzados de asistencia<\/td><td class=\"column-2\">Revista COIIM 53<\/td><td class=\"column-3\">01\/09\/2011<\/td><td class=\"column-4\">Art\u00edculos SCI<\/td><td class=\"column-5\">Por: Felipe Jim\u00e9nez, \u00d3scar G\u00f3mez, Jos\u00e9 Eugenio Naranjo,Francisco Serradilla, Jos\u00e9 Mar\u00eda L\u00f3pez, \u00c1ngel Mart\u00edn<\/td>\n<\/tr>\n<tr class=\"row-141\">\n\t<td class=\"column-1\">Multibody Systems made Simple and Efficient<\/td><td class=\"column-2\">ASME IDETC\/CIE 2011, Washington D.C.<\/td><td class=\"column-3\">29\/08\/2011<\/td><td class=\"column-4\">Art\u00edculos SCI<\/td><td class=\"column-5\">J. Garc\u00eda de Jal\u00f3n<\/td>\n<\/tr>\n<tr class=\"row-142\">\n\t<td class=\"column-1\">La hibridaci\u00f3n, un paso fundamental<\/td><td class=\"column-2\">AEGFA NEWS<\/td><td class=\"column-3\">01\/07\/2011<\/td><td class=\"column-4\">Art\u00edculos SCI<\/td><td class=\"column-5\">Jos\u00e9 Mar\u00eda L\u00f3pez<\/td>\n<\/tr>\n<tr class=\"row-143\">\n\t<td class=\"column-1\">Los efectos positivos del permiso por puntos y el refuerzo de la vigilancia y control de las normas, sobre la mortalidad en las carreteras espa\u00f1olas<\/td><td class=\"column-2\">Revista COIIM 51<\/td><td class=\"column-3\">03\/06\/2011<\/td><td class=\"column-4\">Art\u00edculos SCI<\/td><td class=\"column-5\">\"Aparicio Izquierdo F., Arenas Ram\u00edrez B., Mira McWilliams J. M., P\u00e1ez Ayuso J.      \"<\/td>\n<\/tr>\n<tr class=\"row-144\">\n\t<td class=\"column-1\">Necesidades de Formaci\u00f3n sobre VE y VEH<\/td><td class=\"column-2\">Revista COIIM 52<\/td><td class=\"column-3\">01\/06\/2011<\/td><td class=\"column-4\">Art\u00edculos SCI<\/td><td class=\"column-5\">\"Francisco Aparicio, Francisco Vela, Francisco Javier P\u00e1ez,  Jos\u00e9 Mar\u00eda L\u00f3pez y Carmen Garc\u00eda\"<\/td>\n<\/tr>\n<tr class=\"row-145\">\n\t<td class=\"column-1\">Improving the obstacle detection and identification algorithms of a laserscanner-based collision avoidance system<\/td><td class=\"column-2\">Transportation Research Part C: Emerging Technologies<\/td><td class=\"column-3\">02\/05\/2011<\/td><td class=\"column-4\">Art\u00edculos SCI<\/td><td class=\"column-5\">Jim\u00e9nez, F., Naranjo, J. E.<\/td>\n<\/tr>\n<tr class=\"row-146\">\n\t<td class=\"column-1\">Green cars, el futuro del veh\u00edculo el\u00e9ctrico<\/td><td class=\"column-2\">Canal UPM<\/td><td class=\"column-3\">25\/04\/2011<\/td><td class=\"column-4\">Art\u00edculos SCI<\/td><td class=\"column-5\">Jos\u00e9 Mar\u00eda Lopez; Juan Jos\u00e9 Herrero<\/td>\n<\/tr>\n<tr class=\"row-147\">\n\t<td class=\"column-1\">Mejoras en la medida de la geometr\u00eda de carreteras<\/td><td class=\"column-2\">Canal UPM<\/td><td class=\"column-3\">11\/04\/2011<\/td><td class=\"column-4\">Art\u00edculos SCI<\/td><td class=\"column-5\">Felipe Jim\u00e9nez<\/td>\n<\/tr>\n<tr class=\"row-148\">\n\t<td class=\"column-1\">Modelizaci\u00f3n del consumo y de las emisiones contaminantes de la flota de autobuses urbanos en la ciudad de Madrid<\/td><td class=\"column-2\">Revista COIIM<\/td><td class=\"column-3\">01\/04\/2011<\/td><td class=\"column-4\">Art\u00edculos SCI<\/td><td class=\"column-5\">J.M. L\u00f3pez, F. Jim\u00e9nez, F.J. P\u00e1ez, F. Aparicio, N. Flores, y B. Arenas<\/td>\n<\/tr>\n<tr class=\"row-149\">\n\t<td class=\"column-1\">Requerimientos energ\u00e9ticos de los veh\u00edculos h\u00edbridos de transporte urbano de alto tonelaje<\/td><td class=\"column-2\">DYNA INGENIER\u00cdA<\/td><td class=\"column-3\">01\/04\/2011<\/td><td class=\"column-4\">Art\u00edculos SCI<\/td><td class=\"column-5\">Jos\u00e9 Mar\u00eda L\u00f3pez Mart\u00ednez; Felipe Jim\u00e9nez Alonso; Nuria Flores Holgado; Daniel Resino Zamora<\/td>\n<\/tr>\n<tr class=\"row-150\">\n\t<td class=\"column-1\">An\u00e1lisis de mecanismos de lesi\u00f3n en carritos de ni\u00f1os utilizados en autobuses.<\/td><td class=\"column-2\">Desconocido<\/td><td class=\"column-3\">10\/03\/2011<\/td><td class=\"column-4\">Art\u00edculos SCI<\/td><td class=\"column-5\">E. Alcala*, A. Martin, L. Martinez. D. Arribas. F. Dols y  V. Pons<\/td>\n<\/tr>\n<tr class=\"row-151\">\n\t<td class=\"column-1\">Can low-cost road vehicles positioning systems fulfil accuracy specifications of new ADAS applications?<\/td><td class=\"column-2\">The Journal of Navigation. Edita: Cambridge Univ Press<\/td><td class=\"column-3\">03\/03\/2011<\/td><td class=\"column-4\">Art\u00edculos SCI<\/td><td class=\"column-5\">Jim\u00e9nez, F., Naranjo, J. E., Garc\u00eda, F., Armingol, J. M.<\/td>\n<\/tr>\n<tr class=\"row-152\">\n\t<td class=\"column-1\">The endurance of the effects of the penalty point system in Spain three years after. Main influencing factors.<\/td><td class=\"column-2\">Accident Analysis and Prevention<\/td><td class=\"column-3\">03\/03\/2011<\/td><td class=\"column-4\">Art\u00edculos SCI<\/td><td class=\"column-5\">Francisco Aparicio, Blanca Arenas, Jos\u00e9 Manuel  Mira McWilliams, Javier P\u00e1ez Ayuso<\/td>\n<\/tr>\n<tr class=\"row-153\">\n\t<td class=\"column-1\">Defining the ergonomic parameters of the driver\u0092s seat in a competition single-seater<\/td><td class=\"column-2\">International Journal of Vehicle Design<\/td><td class=\"column-3\">02\/03\/2011<\/td><td class=\"column-4\">Art\u00edculos SCI<\/td><td class=\"column-5\">Javier S\u00e1nchez, Miguel A. \u00c1lvarez, Nuria Flores, Jos\u00e9 M\u00aa L\u00f3pez<\/td>\n<\/tr>\n<tr class=\"row-154\">\n\t<td class=\"column-1\">Limitations of positioning systems for developing digital maps and locating vehicles according to the specifications  of future driver assistance systems<\/td><td class=\"column-2\">IET Intelligent Transport Systems<\/td><td class=\"column-3\">01\/03\/2011<\/td><td class=\"column-4\">Art\u00edculos SCI<\/td><td class=\"column-5\">Jim\u00e9nez, F., Naranjo, J. E., Garc\u00eda, F., Zato, J. G., Armingol, J. M., de la Escalera, A., Apar\u00edcio, F.<\/td>\n<\/tr>\n<tr class=\"row-155\">\n\t<td class=\"column-1\">A straight methodology to include multibody dynamics in graduate and undergraduate subjects<\/td><td class=\"column-2\">Mechanism and Machine Theory<\/td><td class=\"column-3\">11\/02\/2011<\/td><td class=\"column-4\">Art\u00edculos SCI<\/td><td class=\"column-5\">\"J. Garc\u00eda de Jal\u00f3n  A. Callejo\"<\/td>\n<\/tr>\n<tr class=\"row-156\">\n\t<td class=\"column-1\">A novel application of Tuned liquid damper integrated in tank design for reduction of sloshing forces  within road containers<\/td><td class=\"column-2\">International Journal of Heavy Vehicle Systems<\/td><td class=\"column-3\">10\/02\/2011<\/td><td class=\"column-4\">Art\u00edculos SCI<\/td><td class=\"column-5\">A. Martin*, E. Alcala and F. Aparicio<\/td>\n<\/tr>\n<tr class=\"row-157\">\n\t<td class=\"column-1\">A qualitative assessment methodology of water tanks design of firefighting trucks with regard to sloshing behaviour. Part 2 Regulation evaluations International<\/td><td class=\"column-2\">International Journal of Heavy Vehicle Systems<\/td><td class=\"column-3\">10\/02\/2011<\/td><td class=\"column-4\">Art\u00edculos SCI<\/td><td class=\"column-5\">A. Martin*, E. Alcala and F. Aparicio<\/td>\n<\/tr>\n<tr class=\"row-158\">\n\t<td class=\"column-1\">A set of canonical problems in Sloshing. Part 0: experimental setup and data Processing<\/td><td class=\"column-2\">Ocean Engineering<\/td><td class=\"column-3\">10\/02\/2011<\/td><td class=\"column-4\">Art\u00edculos SCI<\/td><td class=\"column-5\">A. Souto-Iglesias; E. Botia-Vera, A. Mart\u00ed, F. P\u00e9rez-Arribas<\/td>\n<\/tr>\n<tr class=\"row-159\">\n\t<td class=\"column-1\">Modelizan el riesgo de muerte por atropellos<\/td><td class=\"column-2\">Canal UPM Y MADRID+D<\/td><td class=\"column-3\">17\/01\/2011<\/td><td class=\"column-4\">Art\u00edculos SCI<\/td><td class=\"column-5\">Badea, A., Furones, A., Paez, F. J., Gonzalez, C.<\/td>\n<\/tr>\n<tr class=\"row-160\">\n\t<td class=\"column-1\">On road bus emissions measurement and emision factors estimation in the city of Madrid<\/td><td class=\"column-2\">Enviromental Atmospheric<\/td><td class=\"column-3\">05\/01\/2011<\/td><td class=\"column-4\">Art\u00edculos SCI<\/td><td class=\"column-5\">Jos\u00e9 Mar\u00eda L\u00f3pez y otros.<\/td>\n<\/tr>\n<tr class=\"row-161\">\n\t<td class=\"column-1\">Laser Scanner como Sistema de Detecci\u00f3n de Entornos Viales<\/td><td class=\"column-2\">Revista Iberoamericana de Autom\u00e1tica e Inform\u00e1tica Industrial<\/td><td class=\"column-3\">03\/01\/2011<\/td><td class=\"column-4\">Art\u00edculos SCI<\/td><td class=\"column-5\">Garc\u00eda, F., Jim\u00e9nez, F., Naranjo, J. E., Aparicio, F., Zato, J. G., de la Escalera, A.<\/td>\n<\/tr>\n<tr class=\"row-162\">\n\t<td class=\"column-1\">Improvements in road geometry measurement using inertial measurement systems in datalog vehicles<\/td><td class=\"column-2\">Measurement<\/td><td class=\"column-3\">03\/01\/2011<\/td><td class=\"column-4\">Art\u00edculos SCI<\/td><td class=\"column-5\">Jim\u00e9nez, F.<\/td>\n<\/tr>\n<tr class=\"row-163\">\n\t<td class=\"column-1\">Evolution of the crashworthiness and aggressivity of the Spanish car fleet.<\/td><td class=\"column-2\">Accident Analysis and Prevention<\/td><td class=\"column-3\">01\/11\/2010<\/td><td class=\"column-4\">Art\u00edculos SCI<\/td><td class=\"column-5\">\"\u00c1lvaro G\u00f3mez M\u00e9ndez, Francisco Aparicio Izquierdo y Blanca Arenas Ram\u00edrez    \"<\/td>\n<\/tr>\n<tr class=\"row-164\">\n\t<td class=\"column-1\">Rollover stability of tank trucks, test and calculation requirements based on ECE 111 regulation<\/td><td class=\"column-2\">Int. J. Heavy Vehicle Systems<\/td><td class=\"column-3\">06\/10\/2010<\/td><td class=\"column-4\">Art\u00edculos SCI<\/td><td class=\"column-5\">A. Mart\u00edn*, D. Arribas, M.T. Vicente and  F. Aparicio<\/td>\n<\/tr>\n<tr class=\"row-165\">\n\t<td class=\"column-1\">MULTIVARIATE MODELLING OF PEDESTRIAN FATALITY RISK THROUGH ON THE SPOT ACCIDENT INVESTIGATION<\/td><td class=\"column-2\">International Journal of Automotive Technology<\/td><td class=\"column-3\">01\/10\/2010<\/td><td class=\"column-4\">Art\u00edculos SCI<\/td><td class=\"column-5\">Alexandro Badea, Arturo Furones, Francisco Javier P\u00e1ez, Camino Gonz\u00e1lez<\/td>\n<\/tr>\n<tr class=\"row-166\">\n\t<td class=\"column-1\">EL IMPULSO ECON\u00d3MICO DEL COCHE EL\u00c9CTRICO.- Impacto tecnol\u00f3gico de los veh\u00edculos h\u00edbridos y el\u00e9ctricos<\/td><td class=\"column-2\">GEOECONOM\u00cdA - INSTITUTO CHOISEUL<\/td><td class=\"column-3\">01\/10\/2010<\/td><td class=\"column-4\">Art\u00edculos SCI<\/td><td class=\"column-5\">Francisco APARICIO IZQUIERDO, Jos\u00e9 Mar\u00eda L\u00d3PEZ MART\u00cdNEZ<\/td>\n<\/tr>\n<tr class=\"row-167\">\n\t<td class=\"column-1\">Educational software program for teaching modal testing<\/td><td class=\"column-2\">Computer Applications in Engineering Education<\/td><td class=\"column-3\">01\/09\/2010<\/td><td class=\"column-4\">Art\u00edculos SCI<\/td><td class=\"column-5\">Jim\u00e9nez, F. y Huerta, C.<\/td>\n<\/tr>\n<tr class=\"row-168\">\n\t<td class=\"column-1\">En portada. M\u00e1s de 1500 vidas salvadas<\/td><td class=\"column-2\">Tr\u00e1fico y Seguridad vial N\u00ba 196<\/td><td class=\"column-3\">30\/06\/2010<\/td><td class=\"column-4\">Art\u00edculos SCI<\/td><td class=\"column-5\">\"Francisco Aparicio Izquierdo, Blanca Arenas Ram\u00edrez   \"<\/td>\n<\/tr>\n<tr class=\"row-169\">\n\t<td class=\"column-1\">En portada. Velocidad: pasiones que matan<\/td><td class=\"column-2\">Tr\u00e1fico y Seguridad vial  N\u00ba 202<\/td><td class=\"column-3\">15\/06\/2010<\/td><td class=\"column-4\">Art\u00edculos SCI<\/td><td class=\"column-5\">Aparicio F, Arenas B., Mira J. M.; Jim\u00e9nez F.<\/td>\n<\/tr>\n<tr class=\"row-170\">\n\t<td class=\"column-1\">Multidisciplinary practicals in satellite navigation systems in road vehicles for subjects taught in different Engineering Schools<\/td><td class=\"column-2\">International Journal of Engineering Education. Tempus Publications.<\/td><td class=\"column-3\">01\/06\/2010<\/td><td class=\"column-4\">Art\u00edculos SCI<\/td><td class=\"column-5\">Jim\u00e9nez, F. y Naranjo, J. E.<\/td>\n<\/tr>\n<tr class=\"row-171\">\n\t<td class=\"column-1\">Medici\u00f3n de velocidad de flujo libre en la red vial espa\u00f1ola<\/td><td class=\"column-2\">En profundidad desde el Observatorio N\u00ba 21<\/td><td class=\"column-3\">03\/05\/2010<\/td><td class=\"column-4\">Art\u00edculos SCI<\/td><td class=\"column-5\"><\/td>\n<\/tr>\n<tr class=\"row-172\">\n\t<td class=\"column-1\">Quasi-induced exposure: The choice of exposure metrics<\/td><td class=\"column-2\">Accident Analysis and Prevention<\/td><td class=\"column-3\">01\/03\/2010<\/td><td class=\"column-4\">Art\u00edculos SCI<\/td><td class=\"column-5\">\u00c1lvaro G\u00f3mez M\u00e9ndez; Francisco Aparicio Izquierdo<\/td>\n<\/tr>\n<tr class=\"row-173\">\n\t<td class=\"column-1\">Design of the patient care space inside an ICU vehicle or ambulance through an optimisation model<\/td><td class=\"column-2\">International Journal of Heavy Vehicle Systems<\/td><td class=\"column-3\">10\/01\/2010<\/td><td class=\"column-4\">Art\u00edculos SCI<\/td><td class=\"column-5\">Javier S\u00e1nchez, Jos\u00e9 M\u00aa L\u00f3pez, \u00c1lvaro Garc\u00eda, Miguel Ortega<\/td>\n<\/tr>\n<tr class=\"row-174\">\n\t<td class=\"column-1\">Modelo PLE para la optimizaci\u00f3n del layout de una ambulancia<\/td><td class=\"column-2\">BMC HEALTH SERVICES RESEARCH<\/td><td class=\"column-3\">01\/12\/2009<\/td><td class=\"column-4\">Art\u00edculos SCI<\/td><td class=\"column-5\">MIGUEL ANGEL ORTEGA MIER; FRANCISCO JAVIER SANCHEZ ALEJO; ALVARO GARCIA SANCHEZ<\/td>\n<\/tr>\n<tr class=\"row-175\">\n\t<td class=\"column-1\">Development and use of vehicle dynamics simulation software as support for Road Vehicles Theory teaching<\/td><td class=\"column-2\">Computer Applications in Engineering Education<\/td><td class=\"column-3\">01\/12\/2009<\/td><td class=\"column-4\">Art\u00edculos SCI<\/td><td class=\"column-5\">Aparicio, F., Jim\u00e9nez, F. y S\u00e1nchez, J<\/td>\n<\/tr>\n<tr class=\"row-176\">\n\t<td class=\"column-1\">Integrated use of PLM and life cycle energy analysis software in teaching automobile life cycles<\/td><td class=\"column-2\">International Journal of Engineering Education<\/td><td class=\"column-3\">15\/11\/2009<\/td><td class=\"column-4\">Art\u00edculos SCI<\/td><td class=\"column-5\">Javier S\u00e1nchez, Jos\u00e9 M\u00aa L\u00f3pez, Felipe Jim\u00e9nez, Alberto Mora<\/td>\n<\/tr>\n<tr class=\"row-177\">\n\t<td class=\"column-1\">SAFETY MANAGEMENT EVALUATION IN BUS AND COACH COMPANIES<\/td><td class=\"column-2\">TRANSPORT REVIEWS.  A Transnational Transdisciplinary Journal<\/td><td class=\"column-3\">02\/11\/2009<\/td><td class=\"column-4\">Art\u00edculos SCI<\/td><td class=\"column-5\">Francisco Aparicio, Yago Colodr\u00f3an Sesseman, Juan \u00c1ngel Terr\u00f3n Alonso<\/td>\n<\/tr>\n<tr class=\"row-178\">\n\t<td class=\"column-1\">Nuevos requerimientos de precisi\u00f3n en el posicionamiento de veh\u00edculos para aplicaciones ADAS<\/td><td class=\"column-2\">Dyna Ingenier\u00eda e Industria<\/td><td class=\"column-3\">01\/10\/2009<\/td><td class=\"column-4\">Art\u00edculos SCI<\/td><td class=\"column-5\">Jim\u00e9nez, F., Naranjo, J. E.<\/td>\n<\/tr>\n<tr class=\"row-179\">\n\t<td class=\"column-1\">Principales componentes de las emisiones gaseosas y consumo de combustibles de autobuses de servicio urbano de pasajeros: Aplicaci\u00f3n a la ciudad de  Madrid, Espa\u00f1a\u0094<\/td><td class=\"column-2\">Energ\u00edas Renovables y Medio Ambiente. Asociaci\u00f3n Argentina de Energ\u00edas Renovables y Ambiente<\/td><td class=\"column-3\">01\/07\/2009<\/td><td class=\"column-4\">Art\u00edculos SCI<\/td><td class=\"column-5\">Arenas, A., Argenti, P., Robin, J., Aparicio, F., L\u00f3pez, J. M., Jim\u00e9nez, F., Flores N.<\/td>\n<\/tr>\n<tr class=\"row-180\">\n\t<td class=\"column-1\">La contribuci\u00f3n de las TIC a la sostenibilidad del transporte en Espa\u00f1a. Capitulo: El veh\u00edculo y los sistemas basados en las TIC.<\/td><td class=\"column-2\">Real Academia de Ingenier\u00eda<\/td><td class=\"column-3\">01\/06\/2009<\/td><td class=\"column-4\">Art\u00edculos SCI<\/td><td class=\"column-5\">Jim\u00e9nez, F. (coordinador), Aparicio, F., Acebr\u00f3n, F., Garc\u00eda, A., L\u00f3pez, J. L., L\u00f3pez, J., Torroja, J.<\/td>\n<\/tr>\n<tr class=\"row-181\">\n\t<td class=\"column-1\">Measurement uncertainty determination and curve fitting algorithms for development of accurate digital maps for Advanced Driver Assistance Systems<\/td><td class=\"column-2\">Transportation Research Part C: Emerging Technologies<\/td><td class=\"column-3\">01\/06\/2009<\/td><td class=\"column-4\">Art\u00edculos SCI<\/td><td class=\"column-5\">Jim\u00e9nez, F., Aparicio, F., Estrada, G<\/td>\n<\/tr>\n<tr class=\"row-182\">\n\t<td class=\"column-1\">La contribuci\u00f3n del GN a la reducci\u00f3n de emisiones a la atmosfera en Espa\u00f1a<\/td><td class=\"column-2\">1\u00aa Ed 2009. GAS NATURAL. Colaboraci\u00f3n en CAP III<\/td><td class=\"column-3\">19\/05\/2009<\/td><td class=\"column-4\">Art\u00edculos SCI<\/td><td class=\"column-5\">JOSE MARIA LOPEZ<\/td>\n<\/tr>\n<tr class=\"row-183\">\n\t<td class=\"column-1\">SAE FORMULA PROJECT FOR DEVELOPING PERSONNAL SKILLS IN AUTOMOTIVE ENGINEERS<\/td><td class=\"column-2\">International Journal Engineering Education<\/td><td class=\"column-3\">19\/05\/2009<\/td><td class=\"column-4\">Art\u00edculos SCI<\/td><td class=\"column-5\">JAVIER SANCHEZ; FRANCISCO APARICIO; MIGUEL ANGEL ALVAREZ; FELIPE JIMNENEZ<\/td>\n<\/tr>\n<tr class=\"row-184\">\n\t<td class=\"column-1\">Analytical Matlab\/Simulink model of pyrotechnical gas generators for airbags<\/td><td class=\"column-2\">International Journal of Crashworthiness<\/td><td class=\"column-3\">19\/05\/2009<\/td><td class=\"column-4\">Art\u00edculos SCI<\/td><td class=\"column-5\">Alcal\u00e1, Enrique, Mart\u00ednez, Luis, Rodr\u00edguez, Carlos Joaqu\u00edn, L\u00f3pez, Alberto and Neira, Flor<\/td>\n<\/tr>\n<tr class=\"row-185\">\n\t<td class=\"column-1\">Avances en la seguridad pasiva de los veh\u00edculos para la protecci\u00f3n de peatones<\/td><td class=\"column-2\">Dyna Ingenier\u00eda e Industria<\/td><td class=\"column-3\">01\/05\/2009<\/td><td class=\"column-4\">Art\u00edculos SCI<\/td><td class=\"column-5\">Francisco Javier P\u00e1ez Ayuso, Manuel S\u00e1nchez Sanz, Fco. Javier S\u00e1nchez Alejo, Francisco Aparicio Izquierdo<\/td>\n<\/tr>\n<tr class=\"row-186\">\n\t<td class=\"column-1\">Comparison of GHG emissions from diesel, biodiesel and natural gas refuse trucks<\/td><td class=\"column-2\">Applied Energy<\/td><td class=\"column-3\">01\/05\/2009<\/td><td class=\"column-4\">Art\u00edculos SCI<\/td><td class=\"column-5\">Jos\u00e9 Ma L\u00f3pez *, \u00c1lvaro G\u00f3mez, Francisco Aparicio, Fco. Javier S\u00e1nchez<\/td>\n<\/tr>\n<tr class=\"row-187\">\n\t<td class=\"column-1\">GPS and inertial systems for high precision positioning on motorways<\/td><td class=\"column-2\">The Journal of Navigation<\/td><td class=\"column-3\">01\/03\/2009<\/td><td class=\"column-4\">Art\u00edculos SCI<\/td><td class=\"column-5\">Jose Eugenio Naranjo, Felipe Jim\u00e9nez, Francisco Aparicio, Jose Zato<\/td>\n<\/tr>\n<tr class=\"row-188\">\n\t<td class=\"column-1\">Comparaci\u00f3n de tecnolog\u00edas para la reducci\u00f3n de emisiones contaminantes en autobuses urbanos<\/td><td class=\"column-2\">Dyna Ingenier\u00eda e Industria<\/td><td class=\"column-3\">16\/02\/2009<\/td><td class=\"column-4\">Art\u00edculos SCI<\/td><td class=\"column-5\">Jim\u00e9nez, F., L\u00f3pez, J. M., Aparicio, F. y Flores, N.<\/td>\n<\/tr>\n<tr class=\"row-189\">\n\t<td class=\"column-1\">Transici\u00f3n de docencia presencial a no presencial o semipresencial en un escenario heterog\u00e9neo.<\/td><td class=\"column-2\">Revista de Educaci\u00f3n a Distancia<\/td><td class=\"column-3\">15\/01\/2009<\/td><td class=\"column-4\">Art\u00edculos SCI<\/td><td class=\"column-5\">FELIPE JIMENEZ ALONSO; CONSUELO FERNANDEZ JIMENEZ;<\/td>\n<\/tr>\n<tr class=\"row-190\">\n\t<td class=\"column-1\">On-road emissions from urban buses with SCR + Urea and EGR + DPF systems using diesel and biodiesel<\/td><td class=\"column-2\">Transportation Research Part D<\/td><td class=\"column-3\">01\/01\/2009<\/td><td class=\"column-4\">Art\u00edculos SCI<\/td><td class=\"column-5\">Jos\u00e9 Mar\u00eda L\u00f3pez *, Felipe Jim\u00e9nez, Francisco Aparicio, Nuria Flores<\/td>\n<\/tr>\n<tr class=\"row-191\">\n\t<td class=\"column-1\">The in?uence of heavy goods vehicle traf?c on accidents on different types of Spanish interurban roads<\/td><td class=\"column-2\">Accident Analysis and Prevention<\/td><td class=\"column-3\">01\/01\/2009<\/td><td class=\"column-4\">Art\u00edculos SCI<\/td><td class=\"column-5\">B. Arenas  Ram\u00edrez; F.  Aparicio Izquierdo; C. Gonz\u00e1lez Fern\u00e1ndez; A. G\u00f3mez M\u00e9ndez<\/td>\n<\/tr>\n<tr class=\"row-192\">\n\t<td class=\"column-1\">El lanzamiento de nuevos productos. Rentabilidad, competencia y patentes<\/td><td class=\"column-2\">REVISTA  DYNA<\/td><td class=\"column-3\">28\/11\/2008<\/td><td class=\"column-4\">Art\u00edculos SCI<\/td><td class=\"column-5\">Javier S\u00e1nchez Alejo; Jos\u00e9 M\u00aa L\u00f3pez Mart\u00ednez; Pablo Solana P\u00e9rez; Jorge Maldonado Alonso<\/td>\n<\/tr>\n<tr class=\"row-193\">\n\t<td class=\"column-1\">Estudio del comportamiento de neum\u00e1ticos recauchutados bajo condiciones estables de carga-velocidad en banco de pruebas<\/td><td class=\"column-2\">REVISTA  DYNA<\/td><td class=\"column-3\">06\/09\/2008<\/td><td class=\"column-4\">Art\u00edculos SCI<\/td><td class=\"column-5\">Jos\u00e9 M\u00aa L\u00f3pez Mart\u00ednez; Javier P\u00e1ez Ayuso; Javier S\u00e1nchez Alejo; Adolfo D\u00edaz-Carrasco Fern\u00e1ndez<\/td>\n<\/tr>\n<tr class=\"row-194\">\n\t<td class=\"column-1\">Dise\u00f1o interior del habit\u00e1culo asistencial de una UVI M\u00d3VIL, usando t\u00e9cnicas de optimizaci\u00f3n basadas en programaci\u00f3n lineal<\/td><td class=\"column-2\">REVISTA  DYNA<\/td><td class=\"column-3\">03\/09\/2008<\/td><td class=\"column-4\">Art\u00edculos SCI<\/td><td class=\"column-5\">Jos\u00e9 M\u00aa L\u00f3pez Mart\u00ednez; Javier P\u00e1ez Ayuso; Javier S\u00e1nchez Alejo; Adolfo D\u00edaz-Carrasco Fern\u00e1ndez<\/td>\n<\/tr>\n<tr class=\"row-195\">\n\t<td class=\"column-1\">Evaluation of in-vehicle dynamic speed assistance in Spain: algorithm and driver behaviour<\/td><td class=\"column-2\">IET Intelligent Transport Systems<\/td><td class=\"column-3\">02\/06\/2008<\/td><td class=\"column-4\">Art\u00edculos SCI<\/td><td class=\"column-5\">Jim\u00e9nez, F.; Aparicio, F.; P\u00e1ez, F. J.<\/td>\n<\/tr>\n<tr class=\"row-196\">\n\t<td class=\"column-1\">El futuro Espacio Ferroviario Europeo Integrado<\/td><td class=\"column-2\">Bolet\u00edn Informativo de la Asociaci\u00f3n de Ingenieros Industriales de Madrid<\/td><td class=\"column-3\">01\/05\/2008<\/td><td class=\"column-4\">Art\u00edculos SCI<\/td><td class=\"column-5\">Francisco Javier P\u00e1ez Ayuso; Francisco Aparicio Izquierdo<\/td>\n<\/tr>\n<tr class=\"row-197\">\n\t<td class=\"column-1\">A methodology for the choice of the initial conditions in the model updating of welded joints using the fuzzy finite element method<\/td><td class=\"column-2\">Computers &amp; Structures<\/td><td class=\"column-3\">01\/10\/2007<\/td><td class=\"column-4\">Art\u00edculos SCI<\/td><td class=\"column-5\">O. Ait-Salem Duque , A.R. Senin , A. Stenti , M. De Munck, F. Aparicio<\/td>\n<\/tr>\n<tr class=\"row-198\">\n\t<td class=\"column-1\">Twenty-five Years of Natural Coordinates<\/td><td class=\"column-2\">Multibody System Dynamics<\/td><td class=\"column-3\">01\/05\/2007<\/td><td class=\"column-4\">Art\u00edculos SCI<\/td><td class=\"column-5\">J. Garc\u00eda de Jal\u00f3n<\/td>\n<\/tr>\n<tr class=\"row-199\">\n\t<td class=\"column-1\">\u0093Theoretical and experimental analysis to determine the influence of the aging process of the shock-absorber on safety\u0094<\/td><td class=\"column-2\">International Journal of Vehicle Design<\/td><td class=\"column-3\">01\/11\/2006<\/td><td class=\"column-4\">Art\u00edculos SCI<\/td><td class=\"column-5\">Garc\u00eda, A., Jim\u00e9nez, F., P\u00e1ez, J. y Narv\u00e1ez, A<\/td>\n<\/tr>\n<tr class=\"row-200\">\n\t<td class=\"column-1\">Experimental evaluation of the wheelchair occupant protection under different impact conditions using commercial wheelchairs\u0094<\/td><td class=\"column-2\">Internacional Journal  of Crashworthiness.<\/td><td class=\"column-3\">01\/09\/2006<\/td><td class=\"column-4\">Art\u00edculos SCI<\/td><td class=\"column-5\">Rodr\u00edguez Sen\u00edn, A; Mart\u00ednez S\u00e1ez, L; Vicente Corral, T;<\/td>\n<\/tr>\n<tr class=\"row-201\">\n\t<td class=\"column-1\">\"\"\"Analysis of the driver's workplace in coaches related to passive safety\"\"\"<\/td><td class=\"column-2\">Internacional Journal of Vehicle Design<\/td><td class=\"column-3\">01\/05\/2006<\/td><td class=\"column-4\">Art\u00edculos SCI<\/td><td class=\"column-5\">Garc\u00eda, A; Mart\u00edn, A; P\u00e1ez, J.<\/td>\n<\/tr>\n<tr class=\"row-202\">\n\t<td class=\"column-1\">Impact of the use of safety belts on the structural requirements under rollover of coaches\u0094<\/td><td class=\"column-2\">Internacional Journal of Heavy vehicle systems<\/td><td class=\"column-3\">01\/03\/2006<\/td><td class=\"column-4\">Art\u00edculos SCI<\/td><td class=\"column-5\">Garc\u00eda Gracia, A; Vicente Corral, T; S\u00e1nchez Lozano, M:<\/td>\n<\/tr>\n<tr class=\"row-203\">\n\t<td class=\"column-1\">Driver responsibility assessment for quasi-induced exposure methods<\/td><td class=\"column-2\">Accident Analysis and Prevention<\/td><td class=\"column-3\"><\/td><td class=\"column-4\">Art\u00edculos SCI<\/td><td class=\"column-5\">Almudena Sanjurjo-de-No, Blanca Arenas-Ram\u00edrez, Jos\u00e9 Manuel Mira-McWilliams, Arturo Furones Crespo, Javier P\u00e1ez Ayuso, Francisco Aparicio-Izquierdo<\/td>\n<\/tr>\n<tr class=\"row-204\">\n\t<td class=\"column-1\">Analysis of traffic accidents in Ecuador involving long-distance buses<\/td><td class=\"column-2\">Journal of Environmental Research and Public Health.. Special Issue: Traffic Accident Control and Prevention<\/td><td class=\"column-3\"><\/td><td class=\"column-4\">Art\u00edculos SCI<\/td><td class=\"column-5\">Fabricio Espinoza*, Pa\u00fal Narvaez, Blanca Arenas, Jos\u00e9 Caraguay, Bryan Yanza, Francisco Aparicio<\/td>\n<\/tr>\n<tr class=\"row-205\">\n\t<td class=\"column-1\">Analysis of City Buses Seats Safety with Q Family Dummies<\/td><td class=\"column-2\">SIMPOSIO SEGVAUTO-TRIES-CM<\/td><td class=\"column-3\">17\/11\/2016<\/td><td class=\"column-4\">Otras publicaciones<\/td><td class=\"column-5\">Mart\u00ednez Luis; Garc\u00eda Antonio; Espantale\u00f3n Manuel; Vill\u00e9n Antonio<\/td>\n<\/tr>\n<tr class=\"row-206\">\n\t<td class=\"column-1\">THERMOPLASTIC BATTERY RACK CRASHWORTHINESS<\/td><td class=\"column-2\">SIMPOSIO SEGVAUTO-TRIES-CM<\/td><td class=\"column-3\">17\/11\/2016<\/td><td class=\"column-4\">Otras publicaciones<\/td><td class=\"column-5\">Mart\u00ednez Luis; Rivera Javier; Espantale\u00f3n Manuel; Garc\u00eda Antonio<\/td>\n<\/tr>\n<tr class=\"row-207\">\n\t<td class=\"column-1\">Finite element crash dummy models for train vehicles interior safety<\/td><td class=\"column-2\">SIMPOSIO SEGVAUTO-TRIES-CM<\/td><td class=\"column-3\">17\/11\/2016<\/td><td class=\"column-4\">Otras publicaciones<\/td><td class=\"column-5\">Mart\u00ednez Luis; Pel\u00e1ez Raquel; G\u00f3mez-Elvira Virginia; Garc\u00eda Antonio;  Ar\u00e9valo Diego<\/td>\n<\/tr>\n<tr class=\"row-208\">\n\t<td class=\"column-1\">1. Covariates selection for predicting collision and run-off crashes in Spanish interurban network using tree-based models<\/td><td class=\"column-2\">SIMPOSIO SEGVAUTO-TRIES-CM<\/td><td class=\"column-3\">17\/11\/2016<\/td><td class=\"column-4\">Otras publicaciones<\/td><td class=\"column-5\">\"Camino Gonzalez Fern\u00e1ndez (1),  Blanca Arenas Ram\u00edrez*,  (1) Laboratorio de Estad\u00edstica. ETSI Industriales, * Instituto Universitario de Investigaci\u00f3n del Autom\u00f3vil. Universidad Polit\u00e9cnica de Madrid (INSIA - UPM, Espa\u00f1a)  \"<\/td>\n<\/tr>\n<tr class=\"row-209\">\n\t<td class=\"column-1\">3. An estimation of the mobility of vehicles of the spanish fleet, from Periodic Motor Vehicle Inspection data by Decision Trees techniques<\/td><td class=\"column-2\">SIMPOSIO SEGVAUTO-TRIES-CM<\/td><td class=\"column-3\">17\/11\/2016<\/td><td class=\"column-4\">Otras publicaciones<\/td><td class=\"column-5\">Blanca Arenas Ram\u00edrez*,  Jos\u00e9 Mira McWilliams*, Francisco Javier P\u00e1ez Ayuso*, Arturo Furones Crespo*, Francisco Aparicio Izquierdo*.   * Instituto Universitario de Investigaci\u00f3n del Autom\u00f3vil. Universidad Polit\u00e9cnica de Madrid (INSIA - UPM, Espa\u00f1a)<\/td>\n<\/tr>\n<tr class=\"row-210\">\n\t<td class=\"column-1\">2. Applying decision trees and logistic regression for the analysis of the dependence of severity of crash collisions on concomitant factors<\/td><td class=\"column-2\">SIMPOSIO SEGVAUTO-TRIES-CM<\/td><td class=\"column-3\">17\/11\/2016<\/td><td class=\"column-4\">Otras publicaciones<\/td><td class=\"column-5\">Bahar Dadashova(#) , Karen Dixon(#), Blanca Arenas Ram\u00edrez*,  Jos\u00e9 Mira McWilliams*, Francisco Aparicio Izquierdo*. (#) Texas Transportation Institute (TTI, United States), * Instituto Universitario de Investigaci\u00f3n del Autom\u00f3vil. Universidad Polit\u00e9cnica<\/td>\n<\/tr>\n<tr class=\"row-211\">\n\t<td class=\"column-1\">Adapted Dummies to Analyse Passive Safety of People Affected by Osteogenesis Imperfecta<\/td><td class=\"column-2\">SIMPOSIO SEGVAUTO-TRIES-CM<\/td><td class=\"column-3\">17\/11\/2016<\/td><td class=\"column-4\">Otras publicaciones<\/td><td class=\"column-5\">de Loma-Ossorio Marta; Garc\u00eda Antonio; Espantale\u00f3n Manuel; Mart\u00ednez Luis<\/td>\n<\/tr>\n<tr class=\"row-212\">\n\t<td class=\"column-1\">Conocer el riesgo a partir de los  datos de las ITV<\/td><td class=\"column-2\">Tr\u00e1fico y Seguridad Vial N\u00ba 242<\/td><td class=\"column-3\">16\/11\/2017<\/td><td class=\"column-4\">Otras publicaciones<\/td><td class=\"column-5\">Blanca Arenas-Ram\u00edrez, Jos\u00e9 M. Mira-McWilliams, Francisco Aparicio-Izquierdo, Arturo Furones-Crespo, Javier P\u00e1ez Ayuso<\/td>\n<\/tr>\n<tr class=\"row-213\">\n\t<td class=\"column-1\">AUTOM\u00d3VIL Y MOVILIDAD HUMANA<\/td><td class=\"column-2\">ASEPA<\/td><td class=\"column-3\">15\/09\/2017<\/td><td class=\"column-4\">Otras publicaciones<\/td><td class=\"column-5\">Francisco Aparicio<\/td>\n<\/tr>\n<tr class=\"row-214\">\n\t<td class=\"column-1\">Un sistema mide las emisiones los autobuses urbanos a bordo<\/td><td class=\"column-2\">Canal UPM<\/td><td class=\"column-3\">15\/09\/2017<\/td><td class=\"column-4\">Otras publicaciones<\/td><td class=\"column-5\">Jos\u00e9 M. L\u00f3pez, Felipe Jim\u00e9nez, Francisco Javier P\u00e1ez, M. Nuria Flores, Blanca Arenas, Ang\u00e9lica N. Arenas, Francisco Aparicio<\/td>\n<\/tr>\n<tr class=\"row-215\">\n\t<td class=\"column-1\">Ellas + despistadas. ellos + arriesgados<\/td><td class=\"column-2\">Tr\u00e1fico y Seguridad vial  N\u00ba 241<\/td><td class=\"column-3\">13\/07\/2017<\/td><td class=\"column-4\">Otras publicaciones<\/td><td class=\"column-5\">Blanca Arenas Ramirez<\/td>\n<\/tr>\n<tr class=\"row-216\">\n\t<td class=\"column-1\">Las mujeres, conductoras m\u00e1s seguras al volante<\/td><td class=\"column-2\">Escuela Industriales-UPM<\/td><td class=\"column-3\">06\/06\/2017<\/td><td class=\"column-4\">Otras publicaciones<\/td><td class=\"column-5\">Blanca Arenas Ram\u00edrez<\/td>\n<\/tr>\n<tr class=\"row-217\">\n\t<td class=\"column-1\">MUJERES CONDUCTORAS EN ESPA\u00d1A. Implicaci\u00f3n en accidentes de tr\u00e1fico y comparaci\u00f3n con los conductores varones<\/td><td class=\"column-2\">Jornadas de presentaci\u00f3n de trabajos de Investigaci\u00f3n<\/td><td class=\"column-3\">29\/05\/2017<\/td><td class=\"column-4\">Otras publicaciones<\/td><td class=\"column-5\">Francisco Aparicio Izquierdo, Blanca Arenas Ram\u00edrez, Jos\u00e9 Manuel Mira McWilliams, Javier P\u00e1ez Ayuso , Arturo Furones Crespo<\/td>\n<\/tr>\n<tr class=\"row-218\">\n\t<td class=\"column-1\">DESARROLLO DE UNA METODOLOG\u00cdA PARA LA ESTIMACI\u00d3N DE LA MOVILIDAD ANUAL DEL PARQUE ESPA\u00d1OL DE AUTOBUSES ARTICULADOS<\/td><td class=\"column-2\">6\u00ba Encuentro con Investigadores Nacionales de Tr\u00e1fico, Movilidad y Seguridad Vial<\/td><td class=\"column-3\">18\/05\/2016<\/td><td class=\"column-4\">Otras publicaciones<\/td><td class=\"column-5\">Blanca Arenas, Jos\u00e9 Manuel Mira, Francisco Aparicio<\/td>\n<\/tr>\n<\/tbody>\n<\/table>\n <\/div><h3 class=\"collapseomatic\" id=\"id69f2c01c20a22\"  tabindex=\"0\" title=\"Congresos\"    >Congresos<\/h3><div id=\"target-id69f2c01c20a22\" class=\"collapseomatic_content\">\n<table id=\"tablepress-4-no-2\" class=\"tablepress tablepress-id-4\">\n<thead>\n<tr class=\"row-1\">\n\t<th class=\"column-1\">CONGRESO<\/th><th class=\"column-2\">Fecha<\/th><th class=\"column-3\">Tipo publicaci\u00f3n<\/th><th class=\"column-4\">Autores<\/th>\n<\/tr>\n<\/thead>\n<tbody class=\"row-striping row-hover\">\n<tr class=\"row-2\">\n\t<td class=\"column-1\">XIII Congreso de Ingenier\u00eda del Transporte (CIT2018)<\/td><td class=\"column-2\">30\/06\/2018<\/td><td class=\"column-3\">Ponencia congreso nacional<\/td><td class=\"column-4\">Blanca Arenas Ram\u00edrez, Jos\u00e9 Manuel Mira McWilliams, Arturo Furones Crespo, Javier P\u00e1ez Ayuso, Almudena Sanjurjo de No, Francisco Aparicio Izquierdo<\/td>\n<\/tr>\n<tr class=\"row-3\">\n\t<td class=\"column-1\">XIII Congreso de Ingenier\u00eda del Transporte (CIT2018)<\/td><td class=\"column-2\">30\/06\/2018<\/td><td class=\"column-3\">Ponencia congreso nacional<\/td><td class=\"column-4\">Almudena Sanjurjo de No, Blanca Arenas-Ram\u00edrez, Jos\u00e9 M. Mira-McWilliams, Francisco Aparicio-Izquierdo<\/td>\n<\/tr>\n<tr class=\"row-4\">\n\t<td class=\"column-1\">XIII Congreso de Ingenier\u00eda del Transporte (CIT2018)<\/td><td class=\"column-2\">30\/06\/2018<\/td><td class=\"column-3\">Ponencia congreso nacional<\/td><td class=\"column-4\">Eduardo Donnet, Alejandro Luy, Juan Francisco Jaurena, Roc\u00edo Magdalena, Blanca Arenas Ram\u00edrez, Francisco Aparicio Izquierdo<\/td>\n<\/tr>\n<tr class=\"row-5\">\n\t<td class=\"column-1\">Congreso de Ingenier\u00eda del Transporte (CIT2018)<\/td><td class=\"column-2\">30\/06\/2018<\/td><td class=\"column-3\">Ponencia congreso nacional<\/td><td class=\"column-4\">Fabricio Espinoza Molina, Paul Narv\u00e1ez Villa, Blanca Arenas Ram\u00edrez, Francisco Aparicio Izquierdo<\/td>\n<\/tr>\n<tr class=\"row-6\">\n\t<td class=\"column-1\">XIII Congreso de Ingenier\u00eda del Transporte (CIT2018)<\/td><td class=\"column-2\">30\/06\/2018<\/td><td class=\"column-3\">Ponencia congreso nacional<\/td><td class=\"column-4\">Ang\u00e9lica N. Arenas, Juan Robin, Ivan Rodr\u00edguez, Rub\u00e9n Tarcaya, Blanca Arenas Ram\u00edrez, Francisco Aparicio Izquierdo<\/td>\n<\/tr>\n<tr class=\"row-7\">\n\t<td class=\"column-1\">XIII Congreso de Ingenier\u00eda del Transporte (CIT2018)<\/td><td class=\"column-2\">30\/06\/2018<\/td><td class=\"column-3\">Ponencia congreso nacional<\/td><td class=\"column-4\">Giovani Pillajo, Blanca Arenas-Ram\u00edrez, Francisco Aparicio-Izquierdo<\/td>\n<\/tr>\n<tr class=\"row-8\">\n\t<td class=\"column-1\">International Research Summer School on Statistics for Data Science (S4D)<\/td><td class=\"column-2\">25\/05\/2018<\/td><td class=\"column-3\">Ponencia congreso internacional<\/td><td class=\"column-4\">Almudena Sanjurjo de No, Blanca Arenas-Ram\u00edrez, Jos\u00e9 M. Mira-McWilliams, Francisco Aparicio-Izquierdo<\/td>\n<\/tr>\n<tr class=\"row-9\">\n\t<td class=\"column-1\">TRB 2018. ID. 18-01932<\/td><td class=\"column-2\">10\/01\/2018<\/td><td class=\"column-3\">Ponencia Congreso Internacional<\/td><td class=\"column-4\">Almudena Sanjurjo de No, Blanca Arenas Ram\u00edrez, Jos\u00e9 Manuel Mira, Francisco Aparicio Izquierdo,  Arturo Furones Crespo, \u00d3scar Garrido Agenjo<\/td>\n<\/tr>\n<tr class=\"row-10\">\n\t<td class=\"column-1\">XIII-CIBIM. Lisboa<\/td><td class=\"column-2\">23\/10\/2017<\/td><td class=\"column-3\">Ponencia Congreso Internacional<\/td><td class=\"column-4\">Jorge Ruiz Porro, Gema Cereceda, Jos\u00e9 M. Mira McWilliams, Blanca Arenas Ram\u00edrez, Francisco Aparicio Izquierdo<\/td>\n<\/tr>\n<tr class=\"row-11\">\n\t<td class=\"column-1\">XIII-CIBIM. Lisboa<\/td><td class=\"column-2\">23\/10\/2017<\/td><td class=\"column-3\">Ponencia Congreso Internacional<\/td><td class=\"column-4\">V\u00edctor Pita Gonz\u00e1lez-Campos, Jos\u00e9 M. Mira McWilliams, Blanca Arenas Ram\u00edrez, Francisco Aparicio Izquierdo<\/td>\n<\/tr>\n<tr class=\"row-12\">\n\t<td class=\"column-1\">XXI CONGRESO NACIONAL DE INGENIER\u00cdA MEC\u00c1NICA<\/td><td class=\"column-2\">09\/11\/2016<\/td><td class=\"column-3\">Ponencia Congreso Nacional<\/td><td class=\"column-4\">\"Luis Mart\u00ednez S\u00e1ez; Marta de Loma-Ossorio Garc\u00eda; Antonio Garc\u00eda \u00c1lvarez; Manuel Espantale\u00f3n Ruiz; Christopher Rene Torres   San Miguel\"<\/td>\n<\/tr>\n<tr class=\"row-13\">\n\t<td class=\"column-1\">XXI CONGRESO NACIONAL DE INGENIER\u00cdA MEC\u00c1NICA<\/td><td class=\"column-2\">09\/11\/2016<\/td><td class=\"column-3\">Ponencia Congreso Nacional<\/td><td class=\"column-4\">Luis Mart\u00ednez S\u00e1ez; Raquel Pel\u00e1ez Bravo; Virginia G\u00f3mez-Elvira L\u00f3pez; Antonio Garc\u00eda \u00c1lvarez<\/td>\n<\/tr>\n<tr class=\"row-14\">\n\t<td class=\"column-1\">XXI CONGRESO NACIONAL DE INGENIER\u00cdA MEC\u00c1NICA<\/td><td class=\"column-2\">09\/11\/2016<\/td><td class=\"column-3\">Ponencia Congreso Nacional<\/td><td class=\"column-4\">Luis Mart\u00ednez S\u00e1ez; Javier Rivera Hoyos; Manuel Espantale\u00f3n Ruiz; Antonio Garc\u00eda \u00c1lvarez<\/td>\n<\/tr>\n<tr class=\"row-15\">\n\t<td class=\"column-1\">XXI CONGRESO NACIONAL DE INGENIER\u00cdA MEC\u00c1NICA<\/td><td class=\"column-2\">09\/11\/2016<\/td><td class=\"column-3\">Ponencia Congreso Nacional<\/td><td class=\"column-4\">Luis Mart\u00ednez S\u00e1ez; Antonio Garc\u00eda \u00c1lvarez; Manuel Espantale\u00f3n Ruiz; Enrique Alcal\u00e1 Fazio<\/td>\n<\/tr>\n<tr class=\"row-16\">\n\t<td class=\"column-1\">VI Reuni\u00f3n del Cap\u00edtulo Espa\u00f1ol de la Sociedad Europea de Biomec\u00e1nica<\/td><td class=\"column-2\">06\/10\/2016<\/td><td class=\"column-3\">Ponencia Congreso Nacional<\/td><td class=\"column-4\">de Loma-Ossorio Marta; Espantale\u00f3n Manuel; Larra\u00f1eta Rafael; Torres Christopher Rene; Mart\u00ednez Luis<\/td>\n<\/tr>\n<tr class=\"row-17\">\n\t<td class=\"column-1\">FISITA 2016<\/td><td class=\"column-2\">28\/09\/2016<\/td><td class=\"column-3\">Ponencia Congreso Internacional<\/td><td class=\"column-4\">P\u00e1ez, Francisco Javier; S\u00e1nchez, Samuel; Furones, Arturo; Mart\u00ednez, Francisco<\/td>\n<\/tr>\n<tr class=\"row-18\">\n\t<td class=\"column-1\">FISITA WORLD AUTOMOTIVE CONGRESS<\/td><td class=\"column-2\">26\/09\/2016<\/td><td class=\"column-3\">Ponencia Congreso Internacional<\/td><td class=\"column-4\">\"Enrique Alcal\u00e1   David Rinc\u00f3n  Arturo Furones  Angel Mart\u00edn\"<\/td>\n<\/tr>\n<tr class=\"row-19\">\n\t<td class=\"column-1\">2016 International IRCOBI Conference on THE BIOMECHANICS OF INJURY<\/td><td class=\"column-2\">14\/09\/2016<\/td><td class=\"column-3\">Ponencia Congreso Internacional<\/td><td class=\"column-4\">Mart\u00ednez Luis; Reed Matheu; Garc\u00eda Antonio; de Loma-Ossorio Marta; Torres CHristopher; Bueno Ana<\/td>\n<\/tr>\n<tr class=\"row-20\">\n\t<td class=\"column-1\">TRB 2017<\/td><td class=\"column-2\">01\/08\/2016<\/td><td class=\"column-3\">Ponencia Congreso Internacional<\/td><td class=\"column-4\">Dadashova Bahar, Arenas Ram\u00edrez Blanca, Gonz\u00e1lez Fern\u00e1ndez Camino, Aparicio Izquierdo Francisco<\/td>\n<\/tr>\n<tr class=\"row-21\">\n\t<td class=\"column-1\">TRB 2017<\/td><td class=\"column-2\">01\/08\/2016<\/td><td class=\"column-3\">Ponencia Congreso Internacional<\/td><td class=\"column-4\">Dadashova Bahar, Arenas Ram\u00edrez Blanca, Mira Mc Williams Jos\u00e9 M, Aparicio Izquierdo Francisco<\/td>\n<\/tr>\n<tr class=\"row-22\">\n\t<td class=\"column-1\">10th International Conference on Computational and Financial Econometrics (CFE 2016) &amp; 9th International Conference of the ERCIM WG on Computational and Methodological Statistics (CMStatistics 2016),<\/td><td class=\"column-2\">30\/07\/2016<\/td><td class=\"column-3\">Ponencia Congreso Internacional<\/td><td class=\"column-4\">\"Bahar Dadashova(#) , Karen Dixon(#), Blanca Arenas Ram\u00edrez*,  Jos\u00e9 Mira McWilliams*, Francisco Aparicio Izquierdo*. (#) Texas Transportation Institute (TTI, United States), * Instituto Universitario de Investigaci\u00f3n del Autom\u00f3vil. Universidad Polit\u00e9cnica<\/td>\n<\/tr>\n<tr class=\"row-23\">\n\t<td class=\"column-1\">CIT 2016<\/td><td class=\"column-2\">07\/07\/2016<\/td><td class=\"column-3\">Ponencia Congreso Nacional<\/td><td class=\"column-4\">Enrique Alcal\u00e1 Fazio, Nuria Alvarez Fern\u00e1ndez<\/td>\n<\/tr>\n<tr class=\"row-24\">\n\t<td class=\"column-1\">CIT 2016<\/td><td class=\"column-2\">07\/07\/2016<\/td><td class=\"column-3\">Ponencia Congreso Nacional<\/td><td class=\"column-4\">\"Beatriz Valles Fernandez   \u00c1ngel Luis Martin L\u00f3pez  Enrique Alcal\u00e1 Fazio \"<\/td>\n<\/tr>\n<tr class=\"row-25\">\n\t<td class=\"column-1\">Congreso de Ingenier\u00eda del Transporte CIT 2016<\/td><td class=\"column-2\">08\/06\/2016<\/td><td class=\"column-3\">Ponencia Congreso Nacional<\/td><td class=\"column-4\">\"Francisco Mart\u00ednez, Javier P\u00e1ez, Arturo Furones, Samuel S\u00e1nchez   \"<\/td>\n<\/tr>\n<tr class=\"row-26\">\n\t<td class=\"column-1\">Trnsportation Research Arena 2016<\/td><td class=\"column-2\">19\/04\/2016<\/td><td class=\"column-3\">Ponencia Congreso Internacional<\/td><td class=\"column-4\">Mart\u00ednez Luis; Garc\u00eda Antonio.<\/td>\n<\/tr>\n<tr class=\"row-27\">\n\t<td class=\"column-1\">ESPA\u00d1A 2006-2015. LA D\u00c9CADA  PRODIGIOSA DE LA SEGURIDAD VIAL<\/td><td class=\"column-2\">03\/02\/2016<\/td><td class=\"column-3\">Ponencia Congreso Nacional<\/td><td class=\"column-4\">Mart\u00ednez Luis<\/td>\n<\/tr>\n<tr class=\"row-28\">\n\t<td class=\"column-1\">CIT 2016. XII Congreso de Ingenier\u00eda del Transporte<\/td><td class=\"column-2\">12\/10\/2015<\/td><td class=\"column-3\">Ponencia Congreso Nacional<\/td><td class=\"column-4\">Dadashova Bahar,  Arenas Ram\u00edrez Blanca , Gonz\u00e1lez Fern\u00e1ndez Camino, Aparicio Izquierdo Francisco<\/td>\n<\/tr>\n<tr class=\"row-29\">\n\t<td class=\"column-1\">CIT 2016. XII Congreso de Ingenier\u00eda del Transporte<\/td><td class=\"column-2\">12\/10\/2015<\/td><td class=\"column-3\">Ponencia Congreso Nacional<\/td><td class=\"column-4\">Ruiz Porro Jorge,  Mira Mc Williams Jose M., Arenas Ram\u00edrez Blanca , L\u00f3pez Mart\u00ednez Jos\u00e9 M. , Aparicio Izquierdo Francisco<\/td>\n<\/tr>\n<tr class=\"row-30\">\n\t<td class=\"column-1\">CIT 2016. XII Congreso de Ingenier\u00eda del Transporte<\/td><td class=\"column-2\">12\/10\/2015<\/td><td class=\"column-3\">Ponencia Congreso Nacional<\/td><td class=\"column-4\">Mira Mc Williams Jose M., Arenas Ramirez Blanca, Gonz\u00e1lez Fern\u00e1ndez Camino, Furones Crespo Arturo, P\u00e1ez Ayuso  Javier,  Aparicio Izquierdo Francisco<\/td>\n<\/tr>\n<tr class=\"row-31\">\n\t<td class=\"column-1\">CIT 2016. XII Congreso de Ingenier\u00eda del Transporte<\/td><td class=\"column-2\">10\/10\/2015<\/td><td class=\"column-3\">Ponencia Congreso Nacional<\/td><td class=\"column-4\">Espinoza Fabricio, Arenas Ram\u00edrez Blanca, Aparicio Izquierdo Francisco<\/td>\n<\/tr>\n<tr class=\"row-32\">\n\t<td class=\"column-1\">22nd World Congress and Exhibition on Intelligent Transport Systems and Services.<\/td><td class=\"column-2\">05\/10\/2015<\/td><td class=\"column-3\">Ponencia Congreso Internacional<\/td><td class=\"column-4\">Jim\u00e9nez, F., Amarillo, J. C., Serradilla, F., Naranjo, J. E., G\u00f3mez, O., D\u00edaz, A.<\/td>\n<\/tr>\n<tr class=\"row-33\">\n\t<td class=\"column-1\">18th International IEEE Conference on Intelligent Transportation Systems - ITSC 2015<\/td><td class=\"column-2\">15\/09\/2015<\/td><td class=\"column-3\">Ponencia Congreso Internacional<\/td><td class=\"column-4\">Jim\u00e9nez, F., Amarillo, J. C., Naranjo, J. E., Serradilla, F., D\u00edaz, A.<\/td>\n<\/tr>\n<tr class=\"row-34\">\n\t<td class=\"column-1\">18th International IEEE Conference on Intelligent Transportation Systems - ITSC 2015<\/td><td class=\"column-2\">15\/09\/2015<\/td><td class=\"column-3\">Ponencia Congreso Internacional<\/td><td class=\"column-4\">Anaya, J. J., Talavera, E., Gim\u00e9nez, D., G\u00f3mez, N., Jim\u00e9nez. F., Naranjo, J. E.<\/td>\n<\/tr>\n<tr class=\"row-35\">\n\t<td class=\"column-1\">XII CIBIM 2015.  Congreso Iberoamericano de Ingenier\u00eda Mec\u00e1nica<\/td><td class=\"column-2\">09\/09\/2015<\/td><td class=\"column-3\">Ponencia Congreso Internacional<\/td><td class=\"column-4\">\"Blanca Arenas-Ram\u00edrez   Carmen Garc\u00eda  Miguel Angel Alvarez  Francisco Javier P\u00e1ez  Francisco Aparicio-Izquierdo\"<\/td>\n<\/tr>\n<tr class=\"row-36\">\n\t<td class=\"column-1\">24th International Technical Conference on the Enhanced Safety of Vehicles, At Gothenburg, Sweden,<\/td><td class=\"column-2\">07\/07\/2015<\/td><td class=\"column-3\">Ponencia Congreso Internacional<\/td><td class=\"column-4\">Luis Martinez \u00b7 Antonio Garc\u00eda \u00b7 Manuel Espantale\u00f3n \u00b7 Enrique Alcal\u00e1 Juan Dols<\/td>\n<\/tr>\n<tr class=\"row-37\">\n\t<td class=\"column-1\">2015 ECCOMAS Thematic Conference on Multibody Dynamics<\/td><td class=\"column-2\">29\/06\/2015<\/td><td class=\"column-3\">Ponencia Congreso Internacional<\/td><td class=\"column-4\">Mar\u00eda D. Guti\u00e9rrez-L\u00f3pez; Jos\u00e9 L. Bueno-L\u00f3pez; Javier Garc\u00eda de Jal\u00f3n<\/td>\n<\/tr>\n<tr class=\"row-38\">\n\t<td class=\"column-1\">2015 ECCOMAS Thematic Conference on Multibody Dynamics<\/td><td class=\"column-2\">29\/06\/2015<\/td><td class=\"column-3\">Ponencia Congreso Internacional<\/td><td class=\"column-4\">Yongjun Pan; Jos\u00e9 Luis Ric\u00f3n; Mar\u00eda D. Guti\u00e9rrez-L\u00f3pez; Javier Garc\u00eda de Jal\u00f3n<\/td>\n<\/tr>\n<tr class=\"row-39\">\n\t<td class=\"column-1\">2015 ECCOMAS Thematic Conference on Multibody Dynamics<\/td><td class=\"column-2\">29\/06\/2015<\/td><td class=\"column-3\">Ponencia Congreso Internacional<\/td><td class=\"column-4\">A. Callejo; T. Uchida; J. Garc\u00eda de Jal\u00f3n; J. McPhee<\/td>\n<\/tr>\n<tr class=\"row-40\">\n\t<td class=\"column-1\">2015 ECCOMAS Thematic Conference on Multibody Dynamics<\/td><td class=\"column-2\">29\/06\/2015<\/td><td class=\"column-3\">Ponencia Congreso Internacional<\/td><td class=\"column-4\">A. Callejo; D. Dopico; C. Sandu; J. Garc\u00eda de Jal\u00f3n<\/td>\n<\/tr>\n<tr class=\"row-41\">\n\t<td class=\"column-1\">ESV 24<\/td><td class=\"column-2\">10\/06\/2015<\/td><td class=\"column-3\">Ponencia Congreso Internacional<\/td><td class=\"column-4\">Francisco Javier P\u00e1ez Ayuso, Arturo Furones Crespo, Alexandro Badea Romero<\/td>\n<\/tr>\n<tr class=\"row-42\">\n\t<td class=\"column-1\">XV Congreso Espa\u00f1ol de Sistemas Inteligentes de Transporte<\/td><td class=\"column-2\">14\/04\/2015<\/td><td class=\"column-3\">Ponencia Congreso Nacional<\/td><td class=\"column-4\">Anaya, J. J., Talavera, E., Jim\u00e9nez, D., Jim\u00e9nez, F., Naranjo, J. E.<\/td>\n<\/tr>\n<tr class=\"row-43\">\n\t<td class=\"column-1\">ERCIM 2014-7th International Conference of the ERCIM WG on Computational and Methodological Statistics-- CFE 2014-8th International Conference on Computational and Financial Econometrics .<\/td><td class=\"column-2\">06\/12\/2014<\/td><td class=\"column-3\">Ponencia Congreso Internacional<\/td><td class=\"column-4\">Bahar Dadashova, Blanca Arenas, Jos\u00e9 Mira, Francisco Aparicio<\/td>\n<\/tr>\n<tr class=\"row-44\">\n\t<td class=\"column-1\">IV CISEV-2014-Congreso Internacional de Seguridad Vial<\/td><td class=\"column-2\">02\/10\/2014<\/td><td class=\"column-3\">Ponencia Congreso Internacional<\/td><td class=\"column-4\">Blanca Arenas Ram\u00edrez, Javier P\u00e1ez Ayuso, Arturo Furones Crespo y Francisco Aparicio Izquierdo<\/td>\n<\/tr>\n<tr class=\"row-45\">\n\t<td class=\"column-1\">CIT 2014.  XI Congreso de Ingenier\u00eda del Transporte<\/td><td class=\"column-2\">30\/09\/2014<\/td><td class=\"column-3\">Ponencia Congreso Nacional<\/td><td class=\"column-4\">Blanca Arenas, Jos\u00e9 Manuel Mira, Camino Gonz\u00e1lez, Francisco Aparicio<\/td>\n<\/tr>\n<tr class=\"row-46\">\n\t<td class=\"column-1\">XX CONGRESO NACIONAL DE INGENIER\u00cdA MEC\u00c1NICA. M\u00e1laga, 24-26 septiembre, 2014<\/td><td class=\"column-2\">25\/09\/2014<\/td><td class=\"column-3\">Ponencia Congreso Nacional<\/td><td class=\"column-4\">E. Alcal\u00e1 Fazio, D. Arribas Mantelli, A. L. Mart\u00edn L\u00f3pez, B. Valles Fern\u00e1ndez, H. Olabegogascoetxea<\/td>\n<\/tr>\n<tr class=\"row-47\">\n\t<td class=\"column-1\">XX CONGRESO NACIONAL DE INGENIER\u00cdA MEC\u00c1NICA<\/td><td class=\"column-2\">25\/09\/2014<\/td><td class=\"column-3\">Ponencia Congreso Nacional<\/td><td class=\"column-4\">Beatriz Valles; D. de la Torre Mart\u00edn; Angel Mart\u00edn; E. Alcala<\/td>\n<\/tr>\n<tr class=\"row-48\">\n\t<td class=\"column-1\">XX Congreso Nacional de Ingenier\u00eda Mec\u00e1nica<\/td><td class=\"column-2\">24\/09\/2014<\/td><td class=\"column-3\">Ponencia Congreso Nacional<\/td><td class=\"column-4\">Jim\u00e9nez, F., Naranjo, J. E., G\u00f3mez, O.<\/td>\n<\/tr>\n<tr class=\"row-49\">\n\t<td class=\"column-1\">YPIC 2014 \u0095 Young welding Professionals International Conference \u0095 17th \u0096 20th September, 2014, Budapest, Hungary<\/td><td class=\"column-2\">18\/09\/2014<\/td><td class=\"column-3\">Ponencia Congreso Internacional<\/td><td class=\"column-4\">Jes\u00fas \u00c1ngel P\u00e9rez Fern\u00e1ndez, Sam Coppieters, Enrique Alcal\u00e1 Fazio<\/td>\n<\/tr>\n<tr class=\"row-50\">\n\t<td class=\"column-1\">10th European Congress and Exhibition on Intelligent Transport Systems and Services.<\/td><td class=\"column-2\">16\/06\/2014<\/td><td class=\"column-3\">Ponencia Congreso Internacional<\/td><td class=\"column-4\">Jim\u00e9nez, F., Naranjo, J. E.<\/td>\n<\/tr>\n<tr class=\"row-51\">\n\t<td class=\"column-1\">CIT 2014.  XI Congreso de Ingenier\u00eda del Transporte<\/td><td class=\"column-2\">11\/06\/2014<\/td><td class=\"column-3\">Ponencia Congreso Nacional<\/td><td class=\"column-4\">Bahar Dadashova, Jos\u00e9 M. Mira McWilliams, Blanca Arenas Ram\u00edrez, Francisco Aparicio Izquierdo<\/td>\n<\/tr>\n<tr class=\"row-52\">\n\t<td class=\"column-1\">XI Congreso de Ingenier\u00eda del Transporte (CIT 2014)<\/td><td class=\"column-2\">10\/06\/2014<\/td><td class=\"column-3\">Ponencia Congreso Nacional<\/td><td class=\"column-4\">Francisco Javier P\u00e1ez Ayuso; Arturo Furones Crespo; Francisco Aparicio<\/td>\n<\/tr>\n<tr class=\"row-53\">\n\t<td class=\"column-1\">XI Congreso de Ingenier\u00eda del Transporte (CIT 2014)<\/td><td class=\"column-2\">10\/06\/2014<\/td><td class=\"column-3\">Ponencia Congreso Nacional<\/td><td class=\"column-4\">Francisco Javier P\u00e1ez Ayuso; Arturo Furones Crespo; Francisco Aparicio Izquierdo; Enrique Alcal\u00e1 Fazio<\/td>\n<\/tr>\n<tr class=\"row-54\">\n\t<td class=\"column-1\">CIT 2014<\/td><td class=\"column-2\">10\/06\/2014<\/td><td class=\"column-3\">Ponencia Congreso Nacional<\/td><td class=\"column-4\">Hugo Malon, Angel Martin, Pablo Luque, Daniel Mantaras, Luis Tello, Marco Carrera, Enrique Alcala and Luis Castejon-<\/td>\n<\/tr>\n<tr class=\"row-55\">\n\t<td class=\"column-1\">CIT 2014<\/td><td class=\"column-2\">10\/06\/2014<\/td><td class=\"column-3\">Ponencia Congreso Nacional<\/td><td class=\"column-4\">Beatriz Valles, David de La Torre, Angel Luis Martin and Enrique Alcala Fazio-<\/td>\n<\/tr>\n<tr class=\"row-56\">\n\t<td class=\"column-1\">CIT 2014<\/td><td class=\"column-2\">10\/06\/2014<\/td><td class=\"column-3\">Ponencia Congreso Nacional<\/td><td class=\"column-4\">Jesus Angel Perez Fernandez, Francisco Badea Romero and Daniel Arribas Mantelli-<\/td>\n<\/tr>\n<tr class=\"row-57\">\n\t<td class=\"column-1\">XI Congreso de Ingenier\u00eda del Transporte (CIT 2014)<\/td><td class=\"column-2\">09\/06\/2014<\/td><td class=\"column-3\">Ponencia Congreso Nacional<\/td><td class=\"column-4\">Guti\u00e9rrez-L\u00f3pez, Mar\u00eda D.; Garc\u00eda de Jal\u00f3n, Javier<\/td>\n<\/tr>\n<tr class=\"row-58\">\n\t<td class=\"column-1\">XI Congreso de Ingenier\u00eda del Transporte. CIT 2014. Santander. 09-11\/06\/2014<\/td><td class=\"column-2\">09\/06\/2014<\/td><td class=\"column-3\">Ponencia Congreso Nacional<\/td><td class=\"column-4\">Felipe Jimenez Alonso (UPM), Alfonso Roman de Andres (UPM), Francisco Serradilla Garcia (UPM), Jose Eugenio Naranjo Hernandez (UPM), Jose Maria Lopez Martinez (UPM)<\/td>\n<\/tr>\n<tr class=\"row-59\">\n\t<td class=\"column-1\">CIT 2014.  XI Congreso de Ingenier\u00eda del Transporte<\/td><td class=\"column-2\">09\/06\/2014<\/td><td class=\"column-3\">Ponencia Congreso Nacional<\/td><td class=\"column-4\">Jos\u00e9 Manuel Mira, Camino Gonz\u00e1lez, Blanca Arenas, Claudia S\u00e1enz<\/td>\n<\/tr>\n<tr class=\"row-60\">\n\t<td class=\"column-1\">FISITA 2014 World Automotive Congress<\/td><td class=\"column-2\">05\/06\/2014<\/td><td class=\"column-3\">Ponencia Congreso Internacional<\/td><td class=\"column-4\">Francisco Javier P\u00e1ez Ayuso; Arturo Furones; Alexandro Badea<\/td>\n<\/tr>\n<tr class=\"row-61\">\n\t<td class=\"column-1\">FISITA 2014 World Automotive Congress<\/td><td class=\"column-2\">02\/06\/2014<\/td><td class=\"column-3\">Ponencia Congreso Internacional<\/td><td class=\"column-4\">Guti\u00e9rrez-L\u00f3pez, Mar\u00eda D.; Garc\u00eda de Jal\u00f3n, Javier<\/td>\n<\/tr>\n<tr class=\"row-62\">\n\t<td class=\"column-1\">FISITA 2014<\/td><td class=\"column-2\">02\/06\/2014<\/td><td class=\"column-3\">Ponencia Congreso Internacional<\/td><td class=\"column-4\">Jim\u00e9nez, F.; Naranjo, J. E.; G\u00f3mez, O.<\/td>\n<\/tr>\n<tr class=\"row-63\">\n\t<td class=\"column-1\">FISITA 2014<\/td><td class=\"column-2\">01\/06\/2014<\/td><td class=\"column-3\">Ponencia Congreso Internacional<\/td><td class=\"column-4\">Jim\u00e9nez, F., Naranjo, J. E., G\u00f3mez, O., Anaya, J. J.<\/td>\n<\/tr>\n<tr class=\"row-64\">\n\t<td class=\"column-1\">TRA2014 Transport Research Arena 2014.  Par\u00eds. Francia<\/td><td class=\"column-2\">15\/04\/2014<\/td><td class=\"column-3\">Ponencia Congreso Internacional<\/td><td class=\"column-4\">Bahar Dadashova, Jos\u00e9 M. Mira McWilliams, Blanca Arenas Ram\u00edrez, Francisco Aparicio Izquierdo<\/td>\n<\/tr>\n<tr class=\"row-65\">\n\t<td class=\"column-1\">TRA2014 Transport Research Arena 2014.  Par\u00eds. Francia<\/td><td class=\"column-2\">15\/04\/2014<\/td><td class=\"column-3\">Ponencia Congreso Internacional<\/td><td class=\"column-4\">Camino Gonz\u00e1lez Fern\u00e1ndez, Jos\u00e9 Manuel Mira McWilliams, Blanca Arenas Ram\u00edrez, Claudia S\u00e1enz Sag\u00e1stegui<\/td>\n<\/tr>\n<tr class=\"row-66\">\n\t<td class=\"column-1\">SIRAT 2014-2\u00ba Simposio de Reconstrucci\u00f3n de Accidentes de Tr\u00e1fico.<\/td><td class=\"column-2\">24\/02\/2014<\/td><td class=\"column-3\">Ponencia Congreso Nacional<\/td><td class=\"column-4\">Francisco Aparicio Izquierdo, Blanca Arenas Ram\u00edrez, Javier P\u00e1ez Ayuso, Arturo Furones Crespo<\/td>\n<\/tr>\n<tr class=\"row-67\">\n\t<td class=\"column-1\">CIBIM 11-XI Congreso Iberoamericano de Ingenier\u00eda Mec\u00e1nica<\/td><td class=\"column-2\">11\/11\/2013<\/td><td class=\"column-3\">Ponencia Congreso Internacional<\/td><td class=\"column-4\">J. Garc\u00eda de Jal\u00f3n<\/td>\n<\/tr>\n<tr class=\"row-68\">\n\t<td class=\"column-1\">27TH ELECTRIC VEHICLE SYMPOSIUM (EVS27)<\/td><td class=\"column-2\">01\/09\/2013<\/td><td class=\"column-3\">Ponencia Congreso Internacional<\/td><td class=\"column-4\">Resino, D., L\u00f3pez, J. M., Loboguerrero, C, Delgado, JJ.<\/td>\n<\/tr>\n<tr class=\"row-69\">\n\t<td class=\"column-1\">ASME IDETC\/CIE 2013, Portland<\/td><td class=\"column-2\">04\/08\/2013<\/td><td class=\"column-3\">Ponencia Congreso Internacional<\/td><td class=\"column-4\">M. D. Guti\u00e9rrez L\u00f3pez; J. Garc\u00eda de Jal\u00f3n<\/td>\n<\/tr>\n<tr class=\"row-70\">\n\t<td class=\"column-1\">Multibody Dynamics 2013, ECCOMAS Thematic Conference, Croatia<\/td><td class=\"column-2\">01\/07\/2013<\/td><td class=\"column-3\">Ponencia Congreso Internacional<\/td><td class=\"column-4\">M. D. Guti\u00e9rrez-L\u00f3pez; J. Garc\u00eda de Jal\u00f3n<\/td>\n<\/tr>\n<tr class=\"row-71\">\n\t<td class=\"column-1\">Multibody Dynamics 2013, ECCOMAS Thematic Conference, Croatia<\/td><td class=\"column-2\">01\/07\/2013<\/td><td class=\"column-3\">Ponencia Congreso Internacional<\/td><td class=\"column-4\">A. Callejo; J. Garc\u00eda de Jal\u00f3n; P. Luque; D. \u00c1lvarez<\/td>\n<\/tr>\n<tr class=\"row-72\">\n\t<td class=\"column-1\">Congreso de M\u00e9todos Num\u00e9ricos en Ingenier\u00eda<\/td><td class=\"column-2\">25\/06\/2013<\/td><td class=\"column-3\">Ponencia Congreso Internacional<\/td><td class=\"column-4\">J. Garc\u00eda de Jal\u00f3n<\/td>\n<\/tr>\n<tr class=\"row-73\">\n\t<td class=\"column-1\">23 International Technical Conference on the Enhanced Safety of Vehicles (ESV)<\/td><td class=\"column-2\">27\/05\/2013<\/td><td class=\"column-3\">Ponencia Congreso Internacional<\/td><td class=\"column-4\">Francisco Javier P\u00e1ez Ayuso; Arturo Furones Crespo<\/td>\n<\/tr>\n<tr class=\"row-74\">\n\t<td class=\"column-1\">23rd International Technical Conference on the Enhanced Safety of Vehicles. ESV 2013.<\/td><td class=\"column-2\">01\/05\/2013<\/td><td class=\"column-3\">Ponencia Congreso Internacional<\/td><td class=\"column-4\">Lemmen, P.; Been, B.; Carroll, J.; Hynd, D.; Davidsson, J.; Mart\u00ednez, L.; Garc\u00eda, A.; Vezin, P.; Eggers, A.<\/td>\n<\/tr>\n<tr class=\"row-75\">\n\t<td class=\"column-1\">FISITA 2012<\/td><td class=\"column-2\">27\/11\/2012<\/td><td class=\"column-3\">Ponencia Congreso Internacional<\/td><td class=\"column-4\">Francisco Javier P\u00e1ez Ayuso; Arturo Furones; Francisco Aparicio Izquierdo; Blanca Arenas<\/td>\n<\/tr>\n<tr class=\"row-76\">\n\t<td class=\"column-1\">XIX CONGRESO NACIONAL DE INGENIER\u00cdA MEC\u00c1NICA<\/td><td class=\"column-2\">18\/11\/2012<\/td><td class=\"column-3\">Ponencia Congreso Nacional<\/td><td class=\"column-4\">R. Lagunilla S\u00e1nchez (1), D. Arribas Mantelli (1), B. Vall\u00e9s Fern\u00e1ndez (1), E. Alcal\u00e1 Fazio (1)<\/td>\n<\/tr>\n<tr class=\"row-77\">\n\t<td class=\"column-1\">XIX Congreso Nacional de Ingenier\u00eda Mec\u00e1nica. Castell\u00f3n, 14 \u0096 16 de Noviembre de 2012<\/td><td class=\"column-2\">15\/11\/2012<\/td><td class=\"column-3\">Ponencia Congreso Nacional<\/td><td class=\"column-4\">Jim\u00e9nez, F., G\u00f3mez, O., Naranjo, J. E.<\/td>\n<\/tr>\n<tr class=\"row-78\">\n\t<td class=\"column-1\">XIX Congreso Nacional de Ingenier\u00eda Mec\u00e1nica. Castell\u00f3n, 14 \u0096 16 de Noviembre de 2012<\/td><td class=\"column-2\">15\/11\/2012<\/td><td class=\"column-3\">Ponencia Congreso Nacional<\/td><td class=\"column-4\">Jim\u00e9nez, F., G\u00f3mez, O., Apar\u00edcio, F.<\/td>\n<\/tr>\n<tr class=\"row-79\">\n\t<td class=\"column-1\">XIX CONGRESO NACIONAL DE INGENIER\u00cdA MEC\u00c1NICA<\/td><td class=\"column-2\">15\/11\/2012<\/td><td class=\"column-3\">Ponencia Congreso Nacional<\/td><td class=\"column-4\">F. Badea Romero, E. Alcal\u00e1 Fazio, J. P\u00e9rez Fern\u00e1ndez, A. Martin L\u00f3pez<\/td>\n<\/tr>\n<tr class=\"row-80\">\n\t<td class=\"column-1\">XIX CONGRESO NACIONAL DE INGENIER\u00cdA MEC\u00c1NICA<\/td><td class=\"column-2\">15\/11\/2012<\/td><td class=\"column-3\">Ponencia Congreso Nacional<\/td><td class=\"column-4\">J.A. P\u00e9rez Fern\u00e1ndez, F. Badea Romero, A. Mart\u00edn L\u00f3pez, D. Arribas Mantelli<\/td>\n<\/tr>\n<tr class=\"row-81\">\n\t<td class=\"column-1\">19th World Congress and Exhibition on Intelligent Transport Systems and Services. Viena (Austria), 22-26 Octubre 2012<\/td><td class=\"column-2\">25\/10\/2012<\/td><td class=\"column-3\">Ponencia Congreso Internacional<\/td><td class=\"column-4\">Jim\u00e9nez, F., Huerta, J., Mart\u00edn-Redondo, A.<\/td>\n<\/tr>\n<tr class=\"row-82\">\n\t<td class=\"column-1\">I Congreso de la Ingenier\u00eda Industrial<\/td><td class=\"column-2\">24\/10\/2012<\/td><td class=\"column-3\">Ponencia Congreso Nacional<\/td><td class=\"column-4\">Francisco Javier P\u00e1ez Ayuso<\/td>\n<\/tr>\n<tr class=\"row-83\">\n\t<td class=\"column-1\">15th International IEEE Conference on Intelligent Transportation Systems - ITSC 2012; Anchorage (EEUU), 16-19 Septiembre 2012<\/td><td class=\"column-2\">17\/09\/2012<\/td><td class=\"column-3\">Ponencia Congreso Internacional<\/td><td class=\"column-4\">Naranjo, J. E., Talavera, E., Anaya, J. J., Jim\u00e9nez, F., Zato, J. G., G\u00f3mez, N.<\/td>\n<\/tr>\n<tr class=\"row-84\">\n\t<td class=\"column-1\">2012 IEEE International Conference on Multisensor Fusion and Integration for Intelligent Systems (MFI); Hamburgo (Alemania), 13-15 Septiembre 2012<\/td><td class=\"column-2\">14\/09\/2012<\/td><td class=\"column-3\">Ponencia Congreso Internacional<\/td><td class=\"column-4\">Garc\u00eda, F., de la Escalera A., Armingol, J. M., Jim\u00e9nez, F.<\/td>\n<\/tr>\n<tr class=\"row-85\">\n\t<td class=\"column-1\">X Congreso de Ingenier\u00eda del Transporte 2012; Granada, 20 - 22 junio 2012<\/td><td class=\"column-2\">21\/06\/2012<\/td><td class=\"column-3\">Ponencia Congreso Nacional<\/td><td class=\"column-4\">Aguilar, H., L\u00f3pez, J. M., Jim\u00e9nez, F., Resino, D., Flores, N.<\/td>\n<\/tr>\n<tr class=\"row-86\">\n\t<td class=\"column-1\">X Congreso de Ingenier\u00eda del Transporte 2012; Granada, 20 - 22 junio 2012<\/td><td class=\"column-2\">21\/06\/2012<\/td><td class=\"column-3\">Ponencia Congreso Nacional<\/td><td class=\"column-4\">Jim\u00e9nez, F., Rom\u00e1n, A., L\u00f3pez, J. M., G\u00f3mez, O., P\u00e1ez, F. J., Aparicio, F.<\/td>\n<\/tr>\n<tr class=\"row-87\">\n\t<td class=\"column-1\">CIT 2012. X Congeso de Ingenier\u00eda del transporte.<\/td><td class=\"column-2\">21\/06\/2012<\/td><td class=\"column-3\">Ponencia Congreso Nacional<\/td><td class=\"column-4\">Arribas Mantelli, D.; Badea Romero, F. M.; P\u00e9rez Fern\u00e1ndez, J. A.<\/td>\n<\/tr>\n<tr class=\"row-88\">\n\t<td class=\"column-1\">CIT 2012. X Congeso de Ingenier\u00eda del transporte.<\/td><td class=\"column-2\">21\/06\/2012<\/td><td class=\"column-3\">Ponencia Congreso Nacional<\/td><td class=\"column-4\">\"D\u00f1a. Beatriz Valles Fern\u00e1ndez.  D\u00f1a. Roc\u00edo Grimaldi pastoril.  D. Alvaro Carrasco Casals.\"<\/td>\n<\/tr>\n<tr class=\"row-89\">\n\t<td class=\"column-1\">CIT 2012. X Congeso de Ingenier\u00eda del transporte.<\/td><td class=\"column-2\">20\/06\/2012<\/td><td class=\"column-3\">Ponencia Congreso Nacional<\/td><td class=\"column-4\">Arturo Furones Crespo, Francisco Javier P\u00e1ez Ayuso, Alexandro Badea Romero, Blanca Arenas, Francisco Aparicio Izquierdo<\/td>\n<\/tr>\n<tr class=\"row-90\">\n\t<td class=\"column-1\">CIT 2012. X Congeso de Ingenier\u00eda del transporte.<\/td><td class=\"column-2\">20\/06\/2012<\/td><td class=\"column-3\">Ponencia Congreso Nacional<\/td><td class=\"column-4\">\"Elisa Gallego Tellechea, Blanca Arenas Ram\u00edrez, Jos\u00e9 M. Mira McWilliams, Francisco Aparicio Izquierdo      \"<\/td>\n<\/tr>\n<tr class=\"row-91\">\n\t<td class=\"column-1\">CIT 2012. X Congeso de Ingenier\u00eda del transporte.<\/td><td class=\"column-2\">20\/06\/2012<\/td><td class=\"column-3\">Ponencia Congreso Nacional<\/td><td class=\"column-4\">\"Bahar Dadashova, Jos\u00e9 M. Mira McWilliams, Blanca Arenas Ram\u00edrez, Francisco Aparicio Izquierdo  \"<\/td>\n<\/tr>\n<tr class=\"row-92\">\n\t<td class=\"column-1\">CIT 2012. X Congeso de Ingenier\u00eda del transporte.<\/td><td class=\"column-2\">20\/06\/2012<\/td><td class=\"column-3\">Ponencia Congreso Nacional<\/td><td class=\"column-4\">\"Jos\u00e9 M. Mira McWilliams, Blanca Arenas Ram\u00edrez, Francisco Jim\u00e9nez Ruiz, Francisco Aparicio Izquierdo      \"<\/td>\n<\/tr>\n<tr class=\"row-93\">\n\t<td class=\"column-1\">CIT 2012. X Congeso de Ingenier\u00eda del transporte.<\/td><td class=\"column-2\">05\/06\/2012<\/td><td class=\"column-3\">Ponencia Congreso Nacional<\/td><td class=\"column-4\">\"Thais Rangel, Jos\u00e9 M. Vassallo, Blanca Arenas Ram\u00edrez  \"<\/td>\n<\/tr>\n<tr class=\"row-94\">\n\t<td class=\"column-1\">2nd Joint International Conference on Multibody System Dynamics (IMSD)<\/td><td class=\"column-2\">29\/05\/2012<\/td><td class=\"column-3\">Ponencia Congreso Internacional<\/td><td class=\"column-4\">\"M. D. Guti\u00e9rrez-L\u00f3pez  A. Callejo  J. Garc\u00eda de Jal\u00f3n\"<\/td>\n<\/tr>\n<tr class=\"row-95\">\n\t<td class=\"column-1\">2nd Joint International Conference on Multibody System Dynamics (IMSD)<\/td><td class=\"column-2\">29\/05\/2012<\/td><td class=\"column-3\">Ponencia Congreso Internacional<\/td><td class=\"column-4\">\"T. Uchida  A. Callejo  J. Garc\u00eda de Jal\u00f3n  J. McPhee\"<\/td>\n<\/tr>\n<tr class=\"row-96\">\n\t<td class=\"column-1\">FISITA 2012<\/td><td class=\"column-2\">01\/05\/2012<\/td><td class=\"column-3\">Ponencia Congreso Internacional<\/td><td class=\"column-4\">Juan Antonio Garc\u00eda, Jos\u00e9 Mar\u00eda L\u00f3pez, , Julio Lumbreras, Blanca Arenas<\/td>\n<\/tr>\n<tr class=\"row-97\">\n\t<td class=\"column-1\">CIT 2012. X Congeso de Ingenier\u00eda del transporte.<\/td><td class=\"column-2\">01\/05\/2012<\/td><td class=\"column-3\">Ponencia Congreso Nacional<\/td><td class=\"column-4\">Nuria Flores, Jos\u00e9 Mar\u00eda L\u00f3pez, Julio Lumbreras, Juan Antonio Garc\u00eda<\/td>\n<\/tr>\n<tr class=\"row-98\">\n\t<td class=\"column-1\">X Congreso Espa\u00f1ol de Sistemas Inteligentes de Transporte. Madrid, 24 al 26 de Abril de 2012<\/td><td class=\"column-2\">25\/04\/2012<\/td><td class=\"column-3\">Ponencia Congreso Nacional<\/td><td class=\"column-4\">Jim\u00e9nez, F., Huerta, J., Mart\u00edn-Moreno A.<\/td>\n<\/tr>\n<tr class=\"row-99\">\n\t<td class=\"column-1\">TRA2012-Transport Research Arena-Europe 2012.<\/td><td class=\"column-2\">23\/04\/2012<\/td><td class=\"column-3\">Ponencia Congreso Internacional<\/td><td class=\"column-4\">Dadashova B., Mira J. M., Arenas B., Aparicio F.<\/td>\n<\/tr>\n<tr class=\"row-100\">\n\t<td class=\"column-1\">SIAT 2012<\/td><td class=\"column-2\">01\/03\/2012<\/td><td class=\"column-3\">Ponencia Congreso Nacional<\/td><td class=\"column-4\">Francisco Javier P\u00e1ez Ayuso<\/td>\n<\/tr>\n<tr class=\"row-101\">\n\t<td class=\"column-1\">SEIO 2012<\/td><td class=\"column-2\">16\/01\/2012<\/td><td class=\"column-3\">Ponencia Congreso Nacional<\/td><td class=\"column-4\">\"Elisa Gallego Tellechea, Blanca Arenas Ram\u00edrez;, Jos\u00e9 Mira McWilliams, Francisco Javier P\u00e1ez Ayuso, Francisco Aparicio Izquierdo      \"<\/td>\n<\/tr>\n<tr class=\"row-102\">\n\t<td class=\"column-1\">SEIO 2012<\/td><td class=\"column-2\">16\/01\/2012<\/td><td class=\"column-3\">Ponencia Congreso Nacional<\/td><td class=\"column-4\">Bahar Dadashova, Blanca Arenas Ram\u00edrex, Jos\u00e9 Manuel Mira McWilliams<\/td>\n<\/tr>\n<tr class=\"row-103\">\n\t<td class=\"column-1\">FISITA 2012<\/td><td class=\"column-2\">15\/01\/2012<\/td><td class=\"column-3\">Ponencia Congreso Internacional<\/td><td class=\"column-4\">\"Hansel Aguilar Morales; Jos\u00e9 Mar\u00eda L\u00f3pez;Daniel Resino Zamora; Felipe Jim\u00e9nez Alonso  \"<\/td>\n<\/tr>\n<tr class=\"row-104\">\n\t<td class=\"column-1\">FISITA 2012 World Automotive Congress<\/td><td class=\"column-2\">23\/12\/2011<\/td><td class=\"column-3\">Ponencia Congreso Internacional<\/td><td class=\"column-4\">E. Alcal\u00e1; A. L. Mart\u00edn; J. M. L\u00f3pez; R. Lagunilla; A. Barreiro.<\/td>\n<\/tr>\n<tr class=\"row-105\">\n\t<td class=\"column-1\">PROTECTION OF CHILDREN IN CARS<\/td><td class=\"column-2\">01\/12\/2011<\/td><td class=\"column-3\">Ponencia Congreso Internacional<\/td><td class=\"column-4\">\"Luis Mart\u00ednez  Antonio Garc\u00eda  Manuel Espantale\u00f3n\"<\/td>\n<\/tr>\n<tr class=\"row-106\">\n\t<td class=\"column-1\">18th World Congress and Exhibition on Intelligent Transport Systems and Services.<\/td><td class=\"column-2\">16\/10\/2011<\/td><td class=\"column-3\">Ponencia Congreso Internacional<\/td><td class=\"column-4\">Jim\u00e9nez, F., L\u00f3pez-Covarrubias, J. L., Cabrera, W., Tapia, S., Aparicio, F.<\/td>\n<\/tr>\n<tr class=\"row-107\">\n\t<td class=\"column-1\">18th World Congress and Exhibition on Intelligent Transport Systems and Services.<\/td><td class=\"column-2\">16\/10\/2011<\/td><td class=\"column-3\">Ponencia Congreso Internacional<\/td><td class=\"column-4\">Jim\u00e9nez, F., Garc\u00eda-Menacho, L., Naranjo, J. E.<\/td>\n<\/tr>\n<tr class=\"row-108\">\n\t<td class=\"column-1\">14th International IEEE Conference on Intelligent Transportation Systems - ITSC 2011<\/td><td class=\"column-2\">05\/10\/2011<\/td><td class=\"column-3\">Ponencia Congreso Internacional<\/td><td class=\"column-4\">Naranjo, J. E., Zato, J. G., Redondo, L., Oliva, M., Jim\u00e9nez, F., G\u00f3mez, N.<\/td>\n<\/tr>\n<tr class=\"row-109\">\n\t<td class=\"column-1\">REES 2011-Research in Engineering Education Symposium 2011<\/td><td class=\"column-2\">04\/10\/2011<\/td><td class=\"column-3\">Ponencia Congreso Internacional<\/td><td class=\"column-4\">Francisco Aparicio, Blanca Arenas, Felipe Jim\u00e9nez, Enrique Alcal\u00e1<\/td>\n<\/tr>\n<tr class=\"row-110\">\n\t<td class=\"column-1\">PAEE2011<\/td><td class=\"column-2\">02\/10\/2011<\/td><td class=\"column-3\">Ponencia Congreso Internacional<\/td><td class=\"column-4\">Javier P\u00e1ez, Carmen Garc\u00eda, Miguel Angel \u00c1lvarez, Juan Jose Herrero and Francisco Aparicio<\/td>\n<\/tr>\n<tr class=\"row-111\">\n\t<td class=\"column-1\">RSS 2011-3rd Internation Conference on Road Safety and Simulation<\/td><td class=\"column-2\">14\/09\/2011<\/td><td class=\"column-3\">Ponencia Congreso Internacional<\/td><td class=\"column-4\">Thais Rangel, Jos\u00e9 Manuel Vassallo, Blanca Arenas<\/td>\n<\/tr>\n<tr class=\"row-112\">\n\t<td class=\"column-1\">ASME IDETC\/CIE 2011, Washington D.C.<\/td><td class=\"column-2\">30\/08\/2011<\/td><td class=\"column-3\">Ponencia Congreso Internacional<\/td><td class=\"column-4\">\"J. Garc\u00eda de Jal\u00f3n  A. Callejo  A. F. Hidalgo  M. D. Guti\u00e9rrez\"<\/td>\n<\/tr>\n<tr class=\"row-113\">\n\t<td class=\"column-1\">ASME IDETC\/CIE 2011, Washington D.C.<\/td><td class=\"column-2\">30\/08\/2011<\/td><td class=\"column-3\">Ponencia Congreso Internacional<\/td><td class=\"column-4\">\"A. Callejo  J. Garc\u00eda de Jal\u00f3n\"<\/td>\n<\/tr>\n<tr class=\"row-114\">\n\t<td class=\"column-1\">Multibody Dynamics 2011, ECCOMAS Thematic Conference, Brussels<\/td><td class=\"column-2\">04\/07\/2011<\/td><td class=\"column-3\">Ponencia Congreso Internacional<\/td><td class=\"column-4\">\"A. F. Hidalgo  J. Garc\u00eda de Jal\u00f3n  S. Tapia\"<\/td>\n<\/tr>\n<tr class=\"row-115\">\n\t<td class=\"column-1\">Multibody Dynamics 2011, ECCOMAS Thematic Conference, Brussels<\/td><td class=\"column-2\">04\/07\/2011<\/td><td class=\"column-3\">Ponencia Congreso Internacional<\/td><td class=\"column-4\">\"F. J. Funes  J. Garc\u00eda de Jal\u00f3n\"<\/td>\n<\/tr>\n<tr class=\"row-116\">\n\t<td class=\"column-1\">Multibody Dynamics 2011, ECCOMAS Thematic Conference, Brussels<\/td><td class=\"column-2\">01\/07\/2011<\/td><td class=\"column-3\">Ponencia Congreso Internacional<\/td><td class=\"column-4\">\"A. Callejo  J. Garc\u00eda de Jal\u00f3n\"<\/td>\n<\/tr>\n<tr class=\"row-117\">\n\t<td class=\"column-1\">ICCS16 - 16th International Conference on Composite Structures<\/td><td class=\"column-2\">30\/06\/2011<\/td><td class=\"column-3\">Ponencia Congreso Internacional<\/td><td class=\"column-4\">\"E. Alcal\u00e1; R. Grimaldi; A. L. Martin; F. Badea   \"<\/td>\n<\/tr>\n<tr class=\"row-118\">\n\t<td class=\"column-1\">13th EAEC European Automotive Congress. Fecha de inicio y de fin: Desde el d\u00eda 14 jun 2011 (09:00) hasta el d\u00eda 16 jun 2011 (20:00)<\/td><td class=\"column-2\">15\/06\/2011<\/td><td class=\"column-3\">Ponencia Congreso Internacional<\/td><td class=\"column-4\">Jim\u00e9nez, F., S\u00e1nchez, J. J., G\u00f3mez, O.<\/td>\n<\/tr>\n<tr class=\"row-119\">\n\t<td class=\"column-1\">13th EAEC European Automotive Congress<\/td><td class=\"column-2\">15\/06\/2011<\/td><td class=\"column-3\">Ponencia Congreso Internacional<\/td><td class=\"column-4\">Jim\u00e9nez, F., Tapia, S., Granados, M. J., Tapia, A., S\u00e1nchez, E., Romero, V.<\/td>\n<\/tr>\n<tr class=\"row-120\">\n\t<td class=\"column-1\">13th EAEC European Automotive Congress<\/td><td class=\"column-2\">15\/06\/2011<\/td><td class=\"column-3\">Ponencia Congreso Internacional<\/td><td class=\"column-4\">Jim\u00e9nez, F., Furones, A., Aguilar, M., del Pozo, V., Aparicio, F.<\/td>\n<\/tr>\n<tr class=\"row-121\">\n\t<td class=\"column-1\">13th EAEC European Automotive Congress. Format: CD-ROM. Publisher: STA, June 2011. Language: English.<\/td><td class=\"column-2\">15\/06\/2011<\/td><td class=\"column-3\">Ponencia Congreso Internacional<\/td><td class=\"column-4\">Alcal\u00e1, Enrique; Mart\u00edn, Angel Luis; Valles, Beatriz; Martinez, Luis; Dols, Juan Francisco; Pons, Vicente; Terr\u00f3n, Juan Angel;<\/td>\n<\/tr>\n<tr class=\"row-122\">\n\t<td class=\"column-1\">EAEC 2011 Topic: E. Safety and Human Factors \u0096 E3.PMR Safety \/EAEC 13 (June 2011). Format: CD-ROM. Publisher: STA, June 2011. Language: English.<\/td><td class=\"column-2\">15\/06\/2011<\/td><td class=\"column-3\">Ponencia Congreso Internacional<\/td><td class=\"column-4\">Vicente Pons, Juan F.Dols, Enrique Alcal\u00e1, Beatriz Valles, \u00c1ngel L Mart\u00edn<\/td>\n<\/tr>\n<tr class=\"row-123\">\n\t<td class=\"column-1\">ESV2011<\/td><td class=\"column-2\">13\/06\/2011<\/td><td class=\"column-3\">Ponencia Congreso Internacional<\/td><td class=\"column-4\">\"Francisco Javier P\u00e1ez Ayuso, Arturo Furones Crespo, Alexandro Badea Romero, Enrique Alcal\u00e1 Fazio, Francisco Aparicio Izquierdo  \"<\/td>\n<\/tr>\n<tr class=\"row-124\">\n\t<td class=\"column-1\">ESV 2011<\/td><td class=\"column-2\">13\/06\/2011<\/td><td class=\"column-3\">Ponencia Congreso Internacional<\/td><td class=\"column-4\">\"Luis Mart\u00ednez  Antonio Garc\u00eda  Enrique Alcal\u00e1  Manuel Espantale\u00f3n\"<\/td>\n<\/tr>\n<tr class=\"row-125\">\n\t<td class=\"column-1\">Urban Transport Congress 2011. 17th International Conference<\/td><td class=\"column-2\">06\/06\/2011<\/td><td class=\"column-3\">Ponencia Congreso Internacional<\/td><td class=\"column-4\">\"J.M. L\u00f3pez, N. Flores, J. Lumbreras, R. Villamar  The proceedings of Urban Transport XVII, 736pp (Print ISBN: 978-1-84564-520-5; Online ISSN: 1746-4498) are \"<\/td>\n<\/tr>\n<tr class=\"row-126\">\n\t<td class=\"column-1\">8th European Congress and Exhibition on Intelligent Transport Systems and Services.<\/td><td class=\"column-2\">06\/06\/2011<\/td><td class=\"column-3\">Ponencia Congreso Internacional<\/td><td class=\"column-4\">Jim\u00e9nez, F., Cabrera, W., Tapia, S., Aparicio, F.<\/td>\n<\/tr>\n<tr class=\"row-127\">\n\t<td class=\"column-1\">X CIBIM 2011. Congreso Iberoamericano de Ingenier\u00eda Mec\u00e1nica<\/td><td class=\"column-2\">03\/06\/2011<\/td><td class=\"column-3\">Ponencia Congreso Internacional<\/td><td class=\"column-4\">\"Blanca Arenas Ram\u00edrez, Felipe Jim\u00e9nez Alonso, Javier P\u00e1ez Ayuso, Enrique Alcal\u00e1 Fazio, Arturo Furones, Jos\u00e9 Mira, Francisco Aparicio Izquierdo      \"<\/td>\n<\/tr>\n<tr class=\"row-128\">\n\t<td class=\"column-1\">XI Congreso Espa\u00f1ol de Sistemas Inteligentes de Transporte. Del 5 al 7 de abril de 2011 , tuvo lugar en Barcelona la und\u00e9cima edici\u00f3n del Congreso Espa\u00f1ol sobre Sistemas Inteligentes de Transporte.<\/td><td class=\"column-2\">05\/05\/2011<\/td><td class=\"column-3\">Ponencia Congreso Nacional<\/td><td class=\"column-4\">Jim\u00e9nez, F., L\u00f3pez-Covarruvias, J. L., Cabrera, W., Tapia, S., L\u00f3pez, J. M., Aparicio, F.<\/td>\n<\/tr>\n<tr class=\"row-129\">\n\t<td class=\"column-1\">INTED 2011-International Technology, Education and Development Conference<\/td><td class=\"column-2\">07\/03\/2011<\/td><td class=\"column-3\">Ponencia Congreso Internacional<\/td><td class=\"column-4\">Francisco Aparicio, Blanca Arenas, Felipe Jimenez y Enrique Alcal\u00e1<\/td>\n<\/tr>\n<tr class=\"row-130\">\n\t<td class=\"column-1\">TRB2011-90th Annual meeting Transportation Research Board<\/td><td class=\"column-2\">07\/01\/2011<\/td><td class=\"column-3\">Ponencia Congreso Internacional<\/td><td class=\"column-4\">Thais Rangel ; Jos\u00e9 Manuel Vasallo; Blanca Arenas<\/td>\n<\/tr>\n<tr class=\"row-131\">\n\t<td class=\"column-1\">XVIII Congreso Nacional de Ingenier\u00eda Mec\u00e1nica, Ciudad Real<\/td><td class=\"column-2\">03\/11\/2010<\/td><td class=\"column-3\">Ponencia Congreso Nacional<\/td><td class=\"column-4\">\"A. Callejo  J. Garc\u00eda de Jal\u00f3n  A. F. Hidalgo\"<\/td>\n<\/tr>\n<tr class=\"row-132\">\n\t<td class=\"column-1\">17th World Congress and Exhibition on Intelligent Transport Systems and Services.<\/td><td class=\"column-2\">20\/10\/2010<\/td><td class=\"column-3\">Ponencia Congreso Internacional<\/td><td class=\"column-4\">Garc\u00eda, F., Jim\u00e9nez, F., Naranjo, J. E., Armingol, J. M., de la Escalera, A., Apar\u00edcio, F.<\/td>\n<\/tr>\n<tr class=\"row-133\">\n\t<td class=\"column-1\">17th World Congress and Exhibition on Intelligent Transport Systems and Services.<\/td><td class=\"column-2\">20\/10\/2010<\/td><td class=\"column-3\">Ponencia Congreso Internacional<\/td><td class=\"column-4\">Naranjo, J. E., Jim\u00e9nez, F., Garc\u00eda, F., Armingol, J. M., Zato, J. G., Quero, A<\/td>\n<\/tr>\n<tr class=\"row-134\">\n\t<td class=\"column-1\">XVIII CONGRESO NACIONAL DE INGENIER\u00cdA MEC\u00c1NICA. Ciudad Real. (3, 4 y 5 de noviembre de 2010)<\/td><td class=\"column-2\">04\/10\/2010<\/td><td class=\"column-3\">Ponencia Congreso Nacional<\/td><td class=\"column-4\">E. ALCALA, A. MARTIN, D. ARRIBAS, F. APARICIO<\/td>\n<\/tr>\n<tr class=\"row-135\">\n\t<td class=\"column-1\">XVIII Congreso Nacional de Ingenier\u00eda Mec\u00e1nica. Ciudad Real.  (3, 4 y 5 de noviembre de 2010)<\/td><td class=\"column-2\">04\/10\/2010<\/td><td class=\"column-3\">Ponencia Congreso Nacional<\/td><td class=\"column-4\">E. ALCAL\u00c1, B. VALLES, A. L. MART\u00cdN, J. CEPEDA<\/td>\n<\/tr>\n<tr class=\"row-136\">\n\t<td class=\"column-1\">XVIII Congreso Nacional de Ingenier\u00eda Mec\u00e1nica. Ciudad Real.  (3, 4 y 5 de noviembre de 2010)<\/td><td class=\"column-2\">04\/10\/2010<\/td><td class=\"column-3\">Ponencia Congreso Nacional<\/td><td class=\"column-4\">E. ALCAL\u00c1, D. ARRIBAS, R. GRIMALDI, R. LAGUNILLA<\/td>\n<\/tr>\n<tr class=\"row-137\">\n\t<td class=\"column-1\">XVIII Congreso Nacional de Ingenier\u00eda Mec\u00e1nica. Ciudad Real.  (3, 4 y 5 de noviembre de 2010)<\/td><td class=\"column-2\">04\/10\/2010<\/td><td class=\"column-3\">Ponencia Congreso Nacional<\/td><td class=\"column-4\">F.M. Badea, E. Alcala, R. Grimaldi, A. Ogando, F. Aparicio.<\/td>\n<\/tr>\n<tr class=\"row-138\">\n\t<td class=\"column-1\">XVIII Congreso Nacional de Ingenier\u00eda Mec\u00e1nica. Ciudad Real.  (3, 4 y 5 de noviembre de 2010)<\/td><td class=\"column-2\">04\/10\/2010<\/td><td class=\"column-3\">Ponencia Congreso Nacional<\/td><td class=\"column-4\">R. Grimaldi, Enrique Alcala, A. Martin, F. Aparicio<\/td>\n<\/tr>\n<tr class=\"row-139\">\n\t<td class=\"column-1\">XVIII Congreso Nacional de Ingenier\u00eda Mec\u00e1nica. Ciudad Real.  (3, 4 y 5 de noviembre de 2010)<\/td><td class=\"column-2\">04\/10\/2010<\/td><td class=\"column-3\">Ponencia Congreso Nacional<\/td><td class=\"column-4\">\u00c1ngel Mart\u00edn L\u00f3pez, Daniel Arribas, Enrique Alcala, F. Aparicio<\/td>\n<\/tr>\n<tr class=\"row-140\">\n\t<td class=\"column-1\">13th International IEEE Annual Conference on Intelligent Transportation Systems. Madeira.<\/td><td class=\"column-2\">20\/09\/2010<\/td><td class=\"column-3\">Ponencia Congreso Internacional<\/td><td class=\"column-4\">Naranjo, J. E., Jim\u00e9nez, F., Serradilla, F. J., Zato, J. G.<\/td>\n<\/tr>\n<tr class=\"row-141\">\n\t<td class=\"column-1\">5th Asian Conference on Multibody Dynamics 2010, Kyoto<\/td><td class=\"column-2\">23\/08\/2010<\/td><td class=\"column-3\">Ponencia Congreso Internacional<\/td><td class=\"column-4\">\"J. Garc\u00eda de Jal\u00f3n  A. Callejo\"<\/td>\n<\/tr>\n<tr class=\"row-142\">\n\t<td class=\"column-1\">CIT 2010<\/td><td class=\"column-2\">08\/07\/2010<\/td><td class=\"column-3\">Ponencia Congreso Nacional<\/td><td class=\"column-4\">Francisco Javier P\u00e1ez Ayuso, Arturo Furones Crespo, Alexandro Badea Romero, Francisco Aparicio Izquierdo<\/td>\n<\/tr>\n<tr class=\"row-143\">\n\t<td class=\"column-1\">CIT 2010<\/td><td class=\"column-2\">08\/07\/2010<\/td><td class=\"column-3\">Ponencia Congreso Nacional<\/td><td class=\"column-4\">Arturo Furones Crespo, Francisco Javier P\u00e1ez Ayuso, Alexandro Badea Romero, Francisco Aparicio Izquierdo<\/td>\n<\/tr>\n<tr class=\"row-144\">\n\t<td class=\"column-1\">CIT 2010<\/td><td class=\"column-2\">08\/07\/2010<\/td><td class=\"column-3\">Ponencia Congreso Nacional<\/td><td class=\"column-4\">Luis Mart\u00ednez S\u00e1ez; Antonio Garc\u00eda \u00c1lvarez<\/td>\n<\/tr>\n<tr class=\"row-145\">\n\t<td class=\"column-1\">CIT 2010<\/td><td class=\"column-2\">08\/07\/2010<\/td><td class=\"column-3\">Ponencia Congreso Nacional<\/td><td class=\"column-4\">\"M. Macchi  A. Mart\u00edn  J. Garc\u00eda de Jal\u00f3n\"<\/td>\n<\/tr>\n<tr class=\"row-146\">\n\t<td class=\"column-1\">CIT 2010<\/td><td class=\"column-2\">08\/07\/2010<\/td><td class=\"column-3\">Ponencia Congreso Nacional<\/td><td class=\"column-4\">Huerta, J., Jim\u00e9nez, F., Rubio, S., Mart\u00edn-Moreno, A.<\/td>\n<\/tr>\n<tr class=\"row-147\">\n\t<td class=\"column-1\">CIT 2010<\/td><td class=\"column-2\">08\/07\/2010<\/td><td class=\"column-3\">Ponencia Congreso Nacional<\/td><td class=\"column-4\">Enrique Alcal\u00e1; Francisco Aparicio; D\u00f1a. Roc\u00edo Grimaldi; D. Angel Mart\u00edn<\/td>\n<\/tr>\n<tr class=\"row-148\">\n\t<td class=\"column-1\">CIT 2010<\/td><td class=\"column-2\">08\/07\/2010<\/td><td class=\"column-3\">Ponencia Congreso Nacional<\/td><td class=\"column-4\">Roc\u00edo Grimaldi Pastoril; Enrique Alcal\u00e1 Fazio<\/td>\n<\/tr>\n<tr class=\"row-149\">\n\t<td class=\"column-1\">CIT 2010<\/td><td class=\"column-2\">07\/07\/2010<\/td><td class=\"column-3\">Ponencia Congreso Nacional<\/td><td class=\"column-4\">Luis Mart\u00ednez S\u00e1ez; Antonio Garc\u00eda \u00c1lvarez<\/td>\n<\/tr>\n<tr class=\"row-150\">\n\t<td class=\"column-1\">CIT 2010<\/td><td class=\"column-2\">07\/07\/2010<\/td><td class=\"column-3\">Ponencia Congreso Nacional<\/td><td class=\"column-4\">Jos\u00e9 Mar\u00eda L\u00f3pz Mart\u00ednez; Nuria Flores Holgado; Julio Lumbreras; Rosal\u00eda Villimar; Cristina Pascual<\/td>\n<\/tr>\n<tr class=\"row-151\">\n\t<td class=\"column-1\">CIT 2010<\/td><td class=\"column-2\">07\/07\/2010<\/td><td class=\"column-3\">Ponencia Congreso Nacional<\/td><td class=\"column-4\">Jos\u00e9 Mar\u00eda L\u00f3pez Mart\u00ednez; Juan Antonio Garc\u00eda S\u00e1nchez; Francisco Javier S\u00e1nchez Alejo; Nuria Flores Holgado<\/td>\n<\/tr>\n<tr class=\"row-152\">\n\t<td class=\"column-1\">CIT 2010<\/td><td class=\"column-2\">07\/07\/2010<\/td><td class=\"column-3\">Ponencia Congreso Nacional<\/td><td class=\"column-4\">Arenas, A., Argenti, P., L\u00f3pez, J. M., Jim\u00e9nez, F., P\u00e1ez, J., Aparicio, F.<\/td>\n<\/tr>\n<tr class=\"row-153\">\n\t<td class=\"column-1\">CIT 2010<\/td><td class=\"column-2\">07\/07\/2010<\/td><td class=\"column-3\">Ponencia Congreso Nacional<\/td><td class=\"column-4\">\"A. F. Hidalgo  A. Callejo  J. Garc\u00eda de Jal\u00f3n   \"<\/td>\n<\/tr>\n<tr class=\"row-154\">\n\t<td class=\"column-1\">CIT 2010<\/td><td class=\"column-2\">07\/07\/2010<\/td><td class=\"column-3\">Ponencia Congreso Nacional<\/td><td class=\"column-4\">Cobos, P., Jim\u00e9nez, F., S\u00e1nchez, F. J., \u00c1lvarez, M. A.<\/td>\n<\/tr>\n<tr class=\"row-155\">\n\t<td class=\"column-1\">CIT 2010<\/td><td class=\"column-2\">07\/07\/2010<\/td><td class=\"column-3\">Ponencia Congreso Nacional<\/td><td class=\"column-4\">Jim\u00e9nez, F., Naranjo, J. E., Apar\u00edcio, F., Zato, J. G., Ariza, M.<\/td>\n<\/tr>\n<tr class=\"row-156\">\n\t<td class=\"column-1\">CIT 2010<\/td><td class=\"column-2\">07\/07\/2010<\/td><td class=\"column-3\">Ponencia Congreso Nacional<\/td><td class=\"column-4\">Cobos, P. Jim\u00e9nez, F., L\u00f3pez, J. M., S\u00e1nchez, F. J.<\/td>\n<\/tr>\n<tr class=\"row-157\">\n\t<td class=\"column-1\">CIT 2010<\/td><td class=\"column-2\">07\/07\/2010<\/td><td class=\"column-3\">Ponencia Congreso Nacional<\/td><td class=\"column-4\">6. Enrique Alcal\u00e1; Francisco Aparicio; Angel Mart\u00edn; Beatriz Valles Fern\u00e1ndez; Juan Fco. Dols; Juan Angel Terr\u00f3n<\/td>\n<\/tr>\n<tr class=\"row-158\">\n\t<td class=\"column-1\">CIT 2010. IX Congreso de Ingenier\u00eda del Transporte.<\/td><td class=\"column-2\">07\/07\/2010<\/td><td class=\"column-3\">Ponencia Congreso Nacional<\/td><td class=\"column-4\">\"Jos\u00e9 Manuel Mira Mc Williams(1); Francisco Aparicio Izquierdo(1); Blanca Arenas Ram\u00edrez(1); Francisco Jim\u00e9nez Ruiz(1)  M\u00aa Anuncia Ocampo Sanchez(2); Pilar Zori Bertol\u00edn(2)  Jos\u00e9 A. Bartolom\u00e9 Marcos(2); (1) INSIA, (2) DGT  \"<\/td>\n<\/tr>\n<tr class=\"row-159\">\n\t<td class=\"column-1\">CIT 2010. IX Congreso de Ingenier\u00eda del Transporte.<\/td><td class=\"column-2\">07\/07\/2010<\/td><td class=\"column-3\">Ponencia Congreso Nacional<\/td><td class=\"column-4\">Aparicio Izquierdo Francisco; Arenas Ram\u00edrez Blanca; Mira Mc Williams Jos\u00e9 Manuel, P\u00e1ez Ayuso J.<\/td>\n<\/tr>\n<tr class=\"row-160\">\n\t<td class=\"column-1\">CIT 2010. IX Congreso de Ingenier\u00eda del Transporte.<\/td><td class=\"column-2\">07\/07\/2010<\/td><td class=\"column-3\">Ponencia Congreso Nacional<\/td><td class=\"column-4\">\"Thais Rangel (1), Jos\u00e9 Manuel Vassallo (1), Blanca Arenas (2),  Pablo P\u00e9rez de Villar (3)  (1) TRANSYT, (2) INSIA, (3) MFOM\"<\/td>\n<\/tr>\n<tr class=\"row-161\">\n\t<td class=\"column-1\">CIT 2010. IX Congreso de Ingenier\u00eda del Transporte.<\/td><td class=\"column-2\">07\/07\/2010<\/td><td class=\"column-3\">Ponencia Congreso Nacional<\/td><td class=\"column-4\">\"\u00c1lvaro G\u00f3mez M\u00e9ndez; Francisco Aparicio Izquierdo      \"<\/td>\n<\/tr>\n<tr class=\"row-162\">\n\t<td class=\"column-1\">CIT 2010. IX Congreso de Ingenier\u00eda del Transporte.<\/td><td class=\"column-2\">07\/07\/2010<\/td><td class=\"column-3\">Ponencia Congreso Nacional<\/td><td class=\"column-4\">\"Blanca Arenas Ram\u00edrez; Francisco Aparicio Izquierdo; Camino Gonz\u00e1lez Fern\u00e1ndez  \"<\/td>\n<\/tr>\n<tr class=\"row-163\">\n\t<td class=\"column-1\">Congreso Internacional de Docencia Universitaria e Innovaci\u00f3n 2010. Barcelona, 30 junio - 2 julio 2010<\/td><td class=\"column-2\">01\/07\/2010<\/td><td class=\"column-3\">Ponencia Congreso Internacional<\/td><td class=\"column-4\">Jim\u00e9nez, F., Naranjo, J. E., Serradilla, F.<\/td>\n<\/tr>\n<tr class=\"row-164\">\n\t<td class=\"column-1\">FISITA 2010 World automotive Congress<\/td><td class=\"column-2\">16\/06\/2010<\/td><td class=\"column-3\">Ponencia Congreso Internacional<\/td><td class=\"column-4\">\"Francisco Aparicio Izquierdo, Blanca Arenas Ram\u00edrez,   Camino Gonz\u00e1lez Fern\u00e1ndez, Jos\u00e9 Manuel Mira Mc Williams.\"<\/td>\n<\/tr>\n<tr class=\"row-165\">\n\t<td class=\"column-1\">FISITA 2010. Budapest, 31 mayo-4 junio 2010<\/td><td class=\"column-2\">01\/06\/2010<\/td><td class=\"column-3\">Ponencia Congreso Internacional<\/td><td class=\"column-4\">Jim\u00e9nez, F., Mart\u00edn, C., G\u00f3mez, O., Aparicio, F.<\/td>\n<\/tr>\n<tr class=\"row-166\">\n\t<td class=\"column-1\">FISITA 2010.World automotive Congress<\/td><td class=\"column-2\">31\/05\/2010<\/td><td class=\"column-3\">Ponencia Congreso Internacional<\/td><td class=\"column-4\">Alcal\u00e1, Enrique, Mart\u00edn, Angel, Grimaldi, Rocio.<\/td>\n<\/tr>\n<tr class=\"row-167\">\n\t<td class=\"column-1\">FISITA 2010 World automotive Congress<\/td><td class=\"column-2\">30\/05\/2010<\/td><td class=\"column-3\">Ponencia Congreso Internacional<\/td><td class=\"column-4\">P\u00e1ez Ayuso, Francisco Javier; Furones Crespo, Arturo; Badea Romero, Alexandro; Aparicio Izquierdo, Francisco<\/td>\n<\/tr>\n<tr class=\"row-168\">\n\t<td class=\"column-1\">FISITA 2010 World automotive Congress<\/td><td class=\"column-2\">30\/05\/2010<\/td><td class=\"column-3\">Ponencia Congreso Internacional<\/td><td class=\"column-4\">\"Jos\u00e9 Mar\u00eda L\u00f3pez, Felipe Jim\u00e9nez; Francisco Aparicio; Nuria Flores; Javier P\u00e1ez; Santiago Tapia   \"<\/td>\n<\/tr>\n<tr class=\"row-169\">\n\t<td class=\"column-1\">FISITA 2010 World Automotive Congress, Budapest<\/td><td class=\"column-2\">30\/05\/2010<\/td><td class=\"column-3\">Ponencia Congreso Internacional<\/td><td class=\"column-4\">\"J. Garc\u00eda de Jal\u00f3n  A. Callejo  A. F. Hidalgo  S. Tapia\"<\/td>\n<\/tr>\n<tr class=\"row-170\">\n\t<td class=\"column-1\">The 1st Joint International Conference on Multibody System Dynamics, Lappeenranta, Finland<\/td><td class=\"column-2\">25\/05\/2010<\/td><td class=\"column-3\">Ponencia Congreso Internacional<\/td><td class=\"column-4\">\"A. Callejo  S. Tapia  J. Garc\u00eda de Jal\u00f3n\"<\/td>\n<\/tr>\n<tr class=\"row-171\">\n\t<td class=\"column-1\">The 1st Joint International Conference on Multibody System Dynamics, Lappeenranta, Finland<\/td><td class=\"column-2\">25\/05\/2010<\/td><td class=\"column-3\">Ponencia Congreso Internacional<\/td><td class=\"column-4\">\"A. F. Hidalgo  A. Callejo  J. Garc\u00eda de Jal\u00f3n\"<\/td>\n<\/tr>\n<tr class=\"row-172\">\n\t<td class=\"column-1\">X Congreso Espa\u00f1ol de Sistemas Inteligentes de Transporte. Madrid, 11 al 13 de Mayo de 2010<\/td><td class=\"column-2\">12\/05\/2010<\/td><td class=\"column-3\">Ponencia Congreso Nacional<\/td><td class=\"column-4\">Jim\u00e9nez, F., Tapia, S., Cabrera, W., L\u00f3pez, J. M., Mart\u00edn, A., Aparicio, F.<\/td>\n<\/tr>\n<tr class=\"row-173\">\n\t<td class=\"column-1\">IEEE EDUCON 2010<\/td><td class=\"column-2\">16\/03\/2010<\/td><td class=\"column-3\">Ponencia Congreso Internacional<\/td><td class=\"column-4\">Javier S\u00e1nchez, Francisco Aparicio, Miguel A. \u00c1lvarez, Ernest Galindo<\/td>\n<\/tr>\n<tr class=\"row-174\">\n\t<td class=\"column-1\">WCTR2010-12th World Conference on Transport Research -Lisboa<\/td><td class=\"column-2\">01\/02\/2010<\/td><td class=\"column-3\">Ponencia Congreso Internacional<\/td><td class=\"column-4\">\"Rangel, Thais: (TRANSyT),   Vasallo Jos\u00e9 Manuel (TRANSYT)  Arenas, Blanca (INSIA)   P\u00e9rez de Villar, Pablo (MFOM)  \"<\/td>\n<\/tr>\n<tr class=\"row-175\">\n\t<td class=\"column-1\">CIBIM9-IX Congreso Iberoamericano de Ingenier\u00eda Mec\u00e1nica.<\/td><td class=\"column-2\">17\/11\/2009<\/td><td class=\"column-3\">Ponencia Congreso Internacional<\/td><td class=\"column-4\">Garc\u00eda, A.; Mart\u00ednez, L.<\/td>\n<\/tr>\n<tr class=\"row-176\">\n\t<td class=\"column-1\">CIBIM9-9th Congreso Iberoamericano de Ingenier\u00eda Mec\u00e1nica, Las Palmas de Gran Canarias, Espa\u00f1a<\/td><td class=\"column-2\">17\/11\/2009<\/td><td class=\"column-3\">Ponencia Congreso Internacional<\/td><td class=\"column-4\">L\u00f3pez Mart\u00ednez J.M, Aparicio Izquierdo F, Flores Holgado N, Jim\u00e9nez Alonso F.<\/td>\n<\/tr>\n<tr class=\"row-177\">\n\t<td class=\"column-1\">CIBIM9-IX Congreso Iberoamericano de Ingenier\u00eda Mec\u00e1nica Lugar y fecha: Las Palmas de Gran Canaria, 17 \u0096 20 de Noviembre de 2009<\/td><td class=\"column-2\">17\/11\/2009<\/td><td class=\"column-3\">Ponencia Congreso Internacional<\/td><td class=\"column-4\">Jim\u00e9nez, F., Aparicio, F., Mart\u00edn, C., G\u00f3mez, O.<\/td>\n<\/tr>\n<tr class=\"row-178\">\n\t<td class=\"column-1\">CIBIM9-9\u00ba Congreso Iberoamericano de Ingenier\u00eda Mec\u00e1nica. Las Palmas de Gran Canaria, 17 \u0096 20 de Noviembre de 2009<\/td><td class=\"column-2\">18\/10\/2009<\/td><td class=\"column-3\">Ponencia Congreso Internacional<\/td><td class=\"column-4\">E. Alcal\u00e1, A. Mart\u00edn, R. Grimaldi. T. Vicente.<\/td>\n<\/tr>\n<tr class=\"row-179\">\n\t<td class=\"column-1\">16th World Congress and Exhibition on Intelligent Transport Systems and Services. Lugar y fecha: Estocolmo (Suecia), 21 al 25 de Septiembre de 2009<\/td><td class=\"column-2\">21\/09\/2009<\/td><td class=\"column-3\">Ponencia Congreso Internacional<\/td><td class=\"column-4\">Garc\u00eda, F., Jim\u00e9nez, F., Naranjo, J. E., Zato, J. G., Aparicio, F., Armingol, J. M., de la Escalera, A.<\/td>\n<\/tr>\n<tr class=\"row-180\">\n\t<td class=\"column-1\">16th World Congress and Exhibition on Intelligent Transport Systems and Services. Lugar y fecha: Estocolmo (Suecia), 21 al 25 de Septiembre de 2009<\/td><td class=\"column-2\">21\/09\/2009<\/td><td class=\"column-3\">Ponencia Congreso Internacional<\/td><td class=\"column-4\">Jim\u00e9nez, F., Naranjo, J. E., Garc\u00eda, F., Aparicio, F., Zato, J. G., Armingol, J. M., de la Escalera, A.<\/td>\n<\/tr>\n<tr class=\"row-181\">\n\t<td class=\"column-1\">ASME 2009 International Design Engineering Technical Conferences &amp; Computers and Information<\/td><td class=\"column-2\">31\/08\/2009<\/td><td class=\"column-3\">Ponencia Congreso Internacional<\/td><td class=\"column-4\">\"J. Garc\u00eda de Jal\u00f3n  A. F. Hidalgo  A. Callejo\"<\/td>\n<\/tr>\n<tr class=\"row-182\">\n\t<td class=\"column-1\">Multibody Dynamics 2009, ECCOMAS Thematic Conference, Warsaw<\/td><td class=\"column-2\">29\/06\/2009<\/td><td class=\"column-3\">Ponencia Congreso Internacional<\/td><td class=\"column-4\">\"F. J. Funes  J. Garc\u00eda de Jal\u00f3n\"<\/td>\n<\/tr>\n<tr class=\"row-183\">\n\t<td class=\"column-1\">Multibody Dynamics 2009, ECCOMAS Thematic Conference, Warsaw<\/td><td class=\"column-2\">29\/06\/2009<\/td><td class=\"column-3\">Ponencia Congreso Internacional<\/td><td class=\"column-4\">\"A. Callejo  E. Elipe  M. Macchi  R. Bravo\"<\/td>\n<\/tr>\n<tr class=\"row-184\">\n\t<td class=\"column-1\">ESV 2009<\/td><td class=\"column-2\">24\/06\/2009<\/td><td class=\"column-3\">Ponencia Congreso Internacional<\/td><td class=\"column-4\">\"Luis Mart\u00ednez, Teresa Vicente, Antonio Garc\u00eda, Enrique Alcal\u00e1,  Francisco Aparicio\"<\/td>\n<\/tr>\n<tr class=\"row-185\">\n\t<td class=\"column-1\">ESV 2009<\/td><td class=\"column-2\">24\/06\/2009<\/td><td class=\"column-3\">Ponencia Congreso Internacional<\/td><td class=\"column-4\">\"Andre Eggers, Britta Schnottale, Bernard Been, Kees Waagmeester; David Hynd, Jolyon Carroll; Luis Mart\u00ednez  \"<\/td>\n<\/tr>\n<tr class=\"row-186\">\n\t<td class=\"column-1\">Urban Transport (22-24 DE JUNIO) BOLONIA ITALIA<\/td><td class=\"column-2\">22\/06\/2009<\/td><td class=\"column-3\">Ponencia Congreso Internacional<\/td><td class=\"column-4\">\"JULIO LUMBRERAS MARTIN; JOSE MARIA LOPEZ MARTINEZ;   ENCARNACION RODRIGUEZ HURTADO  \"<\/td>\n<\/tr>\n<tr class=\"row-187\">\n\t<td class=\"column-1\">ESV 2009<\/td><td class=\"column-2\">15\/06\/2009<\/td><td class=\"column-3\">Ponencia Congreso Internacional<\/td><td class=\"column-4\">Jos\u00e9 Manuel Barrios, Andr\u00e9s Aparicio, Arturo D\u00e1vila, Juan Luis de Miguel, Sara Modrego Ana Olona, Alexandro Badea, Arturo Furones, Francisco Javier P\u00e1ez, Jos\u00e9 Mar\u00eda Mart\u00edn<\/td>\n<\/tr>\n<tr class=\"row-188\">\n\t<td class=\"column-1\">IX Congreso Nacional de Sistemas Inteligentes de Transporte. ITS Espa\u00f1a. Andorra.<\/td><td class=\"column-2\">02\/06\/2009<\/td><td class=\"column-3\">Ponencia Congreso Nacional<\/td><td class=\"column-4\">Jim\u00e9nez, F.<\/td>\n<\/tr>\n<tr class=\"row-189\">\n\t<td class=\"column-1\">SEIO 2009-Actas de XXXI Congreso Nacional de la Sociedad de Estad\u00edstica e Investigaci\u00f3n Operativa<\/td><td class=\"column-2\">19\/05\/2009<\/td><td class=\"column-3\">Ponencia Congreso Nacional<\/td><td class=\"column-4\">Blanca Arenas Ram\u00edrez ; Francisco Aparicio Izquierdo; Camino Gonz\u00e1lez Fern\u00e1ndez<\/td>\n<\/tr>\n<tr class=\"row-190\">\n\t<td class=\"column-1\">ISF2009-29th Annual International Symposium on Forecasting<\/td><td class=\"column-2\">27\/02\/2009<\/td><td class=\"column-3\">Ponencia Congreso Internacional<\/td><td class=\"column-4\">\"Francisco Aparicio Izquierdo, Blanca Arenas Ram\u00edrez, Camino Gonz\u00e1lez Fern\u00e1ndez, Jos\u00e9 Manuel Mira Mc Williams.      \"<\/td>\n<\/tr>\n<tr class=\"row-191\">\n\t<td class=\"column-1\">3rd CESSA Conference. Prospects for a European Hydrogen Economy<\/td><td class=\"column-2\">21\/10\/2008<\/td><td class=\"column-3\">Ponencia Congreso Internacional<\/td><td class=\"column-4\">Jos\u00e9 Mar\u00eda L\u00f3pez<\/td>\n<\/tr>\n<tr class=\"row-192\">\n\t<td class=\"column-1\">VIII Congreso espa\u00f1ol Sistemas Inteligentes de Transporte<\/td><td class=\"column-2\">10\/10\/2008<\/td><td class=\"column-3\">Ponencia Congreso Nacional<\/td><td class=\"column-4\">Felipe Jim\u00e9nez Alonso, David Ortega Abad, Juan Antonio Alonso Navales, Antonio Ib\u00e1\u00f1ez Costa<\/td>\n<\/tr>\n<tr class=\"row-193\">\n\t<td class=\"column-1\">Internacional IRCOBI  Conference  on THE BIOMECHANICS OF INJURY.BERNA. SUIZA1<\/td><td class=\"column-2\">17\/09\/2008<\/td><td class=\"column-3\">Ponencia Congreso Internacional<\/td><td class=\"column-4\">Luis Mart\u00ednez S\u00e1ez. Luis Jes\u00fas Guerra Casanova. Biomec\u00e1nica. Sabine Compigne. Toyota Motor Europe.<\/td>\n<\/tr>\n<tr class=\"row-194\">\n\t<td class=\"column-1\">FISITA 2008. World Automotive Congress. Munich.<\/td><td class=\"column-2\">14\/09\/2008<\/td><td class=\"column-3\">Ponencia Congreso Internacional<\/td><td class=\"column-4\">Jos\u00e9 M\u00aa L\u00f3pez, Felipe Jim\u00e9nez, Francisco Aparicio, Nuria Flores<\/td>\n<\/tr>\n<tr class=\"row-195\">\n\t<td class=\"column-1\">FISITA 2008. World Automotive Congress. Munich.<\/td><td class=\"column-2\">14\/09\/2008<\/td><td class=\"column-3\">Ponencia Congreso Internacional<\/td><td class=\"column-4\">Vicente Corral, M\u00aa Teresa; Aparicio Izquierdo, Francisco; Valles Fern\u00e1ndez, Beatriz; Mart\u00edn L\u00f3pez, \u00c1ngel<\/td>\n<\/tr>\n<tr class=\"row-196\">\n\t<td class=\"column-1\">FISITA 2008. World Automotive Congress.Munich<\/td><td class=\"column-2\">14\/09\/2008<\/td><td class=\"column-3\">Ponencia Congreso Internacional<\/td><td class=\"column-4\">Aparicio, Francisco; Bernardos, Eva; Arenas, Blanca; G\u00f3mez, \u00c1lvaro; Enrique Chac\u00f3n.<\/td>\n<\/tr>\n<tr class=\"row-197\">\n\t<td class=\"column-1\">1st International Conference on Automobile Sustainable<\/td><td class=\"column-2\">01\/09\/2008<\/td><td class=\"column-3\">Ponencia Congreso Internacional<\/td><td class=\"column-4\">Jos\u00e9 Mar\u00eda L\u00f3pez<\/td>\n<\/tr>\n<tr class=\"row-198\">\n\t<td class=\"column-1\">VIII Congreso Nacional De Ingenier\u00eda Del Transporte.<\/td><td class=\"column-2\">02\/07\/2008<\/td><td class=\"column-3\">Ponencia Congreso Nacional<\/td><td class=\"column-4\">Yago Colodr\u00f3n SesemannFrancisco Aparicio Izquierdo;<\/td>\n<\/tr>\n<tr class=\"row-199\">\n\t<td class=\"column-1\">CIT2008-VIII Congreso Nacional De Ingenier\u00eda Del Transporte.<\/td><td class=\"column-2\">02\/07\/2008<\/td><td class=\"column-3\">Ponencia Congreso Nacional<\/td><td class=\"column-4\">Blanca Arenas Ram\u00edrez ; Francisco Aparicio Izquierdo; Camino Gonz\u00e1lez Fern\u00e1ndez<\/td>\n<\/tr>\n<tr class=\"row-200\">\n\t<td class=\"column-1\">CIT2008-VIII Congreso Nacional De Ingenier\u00eda Del Transporte.<\/td><td class=\"column-2\">02\/07\/2008<\/td><td class=\"column-3\">Ponencia Congreso Nacional<\/td><td class=\"column-4\">Blanca Arenas; Francisco Aparicio ; \u00c1lvaro G\u00f3mez ; Javier P\u00e1ez ; Camino Gonz\u00e1lez ; Jos\u00e9 Mira ; Arturo Furones<\/td>\n<\/tr>\n<tr class=\"row-201\">\n\t<td class=\"column-1\">CIT2008-VIII Congreso Nacional De Ingenier\u00eda Del Transporte.<\/td><td class=\"column-2\">02\/07\/2008<\/td><td class=\"column-3\">Ponencia Congreso Nacional<\/td><td class=\"column-4\">Francisco Aparicio Izquierdo; Blanca Arenas Ram\u00edrez; \u00c1lvaro G\u00f3mez  M\u00e9ndez;  Eva Bernardos Rodr\u00edguez<\/td>\n<\/tr>\n<tr class=\"row-202\">\n\t<td class=\"column-1\">CIT2008-VIII Congreso Nacional De Ingenier\u00eda Del Transporte.<\/td><td class=\"column-2\">02\/07\/2008<\/td><td class=\"column-3\">Ponencia Congreso Nacional<\/td><td class=\"column-4\">Eva Bernardos Rodr\u00edguez ; Francisco Aparicio Izquierdo; \u00c1lvaro G\u00f3mez  M\u00e9ndez; Blanca Arenas Ram\u00edrez; Javier P\u00e1ez Ayuso<\/td>\n<\/tr>\n<tr class=\"row-203\">\n\t<td class=\"column-1\">9th Highway And Urban Environment Symposium. Madrid.<\/td><td class=\"column-2\">09\/06\/2008<\/td><td class=\"column-3\">Ponencia Congreso Internacional<\/td><td class=\"column-4\">Jos\u00e9 M\u00aa L\u00f3pez Mart\u00ednez, Nuria Flores Holgado, Felipe Jim\u00e9nez Alonso Francisco Aparicio Izquierdo<\/td>\n<\/tr>\n<tr class=\"row-204\">\n\t<td class=\"column-1\">I CISEV-Congreso Internacional de Seguridad Vial<\/td><td class=\"column-2\">31\/05\/2008<\/td><td class=\"column-3\">Ponencia Congreso Internacional<\/td><td class=\"column-4\">Blanca Arenas Ram\u00edrez. , Francisco Aparicio Izquierdo., Camino Gonz\u00e1lez  Fern\u00e1ndez<\/td>\n<\/tr>\n<tr class=\"row-205\">\n\t<td class=\"column-1\">CISEV1-I Congreso Internacional de Seguridad Vial<\/td><td class=\"column-2\">28\/05\/2008<\/td><td class=\"column-3\">Ponencia Congreso Internacional<\/td><td class=\"column-4\">Luis Mart\u00ednez S\u00e1ez. Antonio Garc\u00eda \u00c1lvarez.  Luis Jes\u00fas Guerra Casanova.<\/td>\n<\/tr>\n<tr class=\"row-206\">\n\t<td class=\"column-1\">CISEV1-I Congreso Internacional de Seguridad Vial<\/td><td class=\"column-2\">28\/05\/2008<\/td><td class=\"column-3\">Ponencia Congreso Internacional<\/td><td class=\"column-4\">M\u00aa Teresa Vicente Corral, \u00c1ngel Mart\u00edn L\u00f3pez, Roc\u00edo Grimaldi Pastoril, Francisco Aparicio Izquierdo*<\/td>\n<\/tr>\n<tr class=\"row-207\">\n\t<td class=\"column-1\">I CISEV-Congreso Internacional de Seguridad Vial<\/td><td class=\"column-2\">28\/05\/2008<\/td><td class=\"column-3\">Ponencia Congreso Internacional<\/td><td class=\"column-4\">Francisco Aparicio Izquierdo, Eva Bernardos Rodr\u00edguez, Blanca Arenas Ram\u00edrez, Javier P\u00e1ez Ayuso.<\/td>\n<\/tr>\n<tr class=\"row-208\">\n\t<td class=\"column-1\">XVII Congreso de ingenier\u00eda mec\u00e1nica<\/td><td class=\"column-2\">14\/02\/2008<\/td><td class=\"column-3\">Ponencia Congreso Nacional<\/td><td class=\"column-4\">S\u00e1nchez, J., L\u00f3pez, J. M.,  Jim\u00e9nez, F., Vicente, T., \u00c1lvarez, M. A. y Vila, J.<\/td>\n<\/tr>\n<tr class=\"row-209\">\n\t<td class=\"column-1\">XVII Congreso Nacional de Ingenier\u00eda Mec\u00e1nica<\/td><td class=\"column-2\">14\/02\/2008<\/td><td class=\"column-3\">Ponencia Congreso Nacional<\/td><td class=\"column-4\">\"J. Garc\u00eda de Jal\u00f3n  M. Gonz\u00e1lez  J. Infante  S. Serna   \"<\/td>\n<\/tr>\n<tr class=\"row-210\">\n\t<td class=\"column-1\">XVII Congreso Nacional de Ingenier\u00eda Mec\u00e1nica<\/td><td class=\"column-2\">14\/02\/2008<\/td><td class=\"column-3\">Ponencia Congreso Nacional<\/td><td class=\"column-4\">\"D. G\u00f3mez  J. Garc\u00eda de Jal\u00f3n   \"<\/td>\n<\/tr>\n<tr class=\"row-211\">\n\t<td class=\"column-1\">XVII Congreso Nacional de Ingenier\u00eda Mec\u00e1nica<\/td><td class=\"column-2\">14\/02\/2008<\/td><td class=\"column-3\">Ponencia Congreso Nacional<\/td><td class=\"column-4\">\"I. Barbed  D. G\u00f3mez  J. Garc\u00eda de Jal\u00f3n    \"<\/td>\n<\/tr>\n<tr class=\"row-212\">\n\t<td class=\"column-1\">XVII Congreso de ingenier\u00eda mec\u00e1nica<\/td><td class=\"column-2\">14\/02\/2008<\/td><td class=\"column-3\">Ponencia Congreso Nacional<\/td><td class=\"column-4\">Jim\u00e9nez, F., L\u00f3pez, J. M., S\u00e1nchez, J., y Cobos, P.<\/td>\n<\/tr>\n<tr class=\"row-213\">\n\t<td class=\"column-1\">CNIM<\/td><td class=\"column-2\">14\/02\/2008<\/td><td class=\"column-3\">Ponencia Congreso Nacional<\/td><td class=\"column-4\">Daniel Arribas, \u00c1ngel Mart\u00edn<\/td>\n<\/tr>\n<tr class=\"row-214\">\n\t<td class=\"column-1\">Congreso Iberoamericano Ingenier\u00eda Mec\u00e1nica.  Cuzco, Per\u00fa<\/td><td class=\"column-2\">25\/10\/2007<\/td><td class=\"column-3\">Ponencia Congreso Internacional<\/td><td class=\"column-4\">Mart\u00ednez, L.; Guerra, L. J.; Ferichola, G.; Garc\u00eda, A.<\/td>\n<\/tr>\n<tr class=\"row-215\">\n\t<td class=\"column-1\">Congreso Iberoamericano Ingenier\u00eda Mec\u00e1nica.  Cuzco, Per\u00fa<\/td><td class=\"column-2\">25\/10\/2007<\/td><td class=\"column-3\">Ponencia Congreso Internacional<\/td><td class=\"column-4\">L\u00f3pez Mart\u00ednez J.M; G\u00f3mez M\u00e9ndez A; Aparicio Izquierdo F; S\u00e1nchez Alejo J; Flores Holgado N.<\/td>\n<\/tr>\n<tr class=\"row-216\">\n\t<td class=\"column-1\">Congreso Iberoamericano Ingenier\u00eda Mec\u00e1nica.  Cuzco, Per\u00fa<\/td><td class=\"column-2\">25\/10\/2007<\/td><td class=\"column-3\">Ponencia Congreso Internacional<\/td><td class=\"column-4\">Ing. Gustavo Jos\u00e9 Cazzola, Dr. Francisco Aparicio Izquierdo, Teresa Vicente Corral<\/td>\n<\/tr>\n<tr class=\"row-217\">\n\t<td class=\"column-1\">Congreso Iberoamericano Ingenier\u00eda Mec\u00e1nica.  Cuzco, Per\u00fa<\/td><td class=\"column-2\">25\/10\/2007<\/td><td class=\"column-3\">Ponencia Congreso Internacional<\/td><td class=\"column-4\">Valles Fern\u00e1ndez, B.; Vicente Corral, M. T.; Mart\u00edn L\u00f3pez, A. L.; Aparicio Izquierdo, F.<\/td>\n<\/tr>\n<tr class=\"row-218\">\n\t<td class=\"column-1\">XI Congreso internacional de ingenier\u00eda de proyectos.  Lugo, Espa\u00f1a.<\/td><td class=\"column-2\">27\/09\/2007<\/td><td class=\"column-3\">Ponencia Congreso Internacional<\/td><td class=\"column-4\">F.J. S\u00e1nchez Alejo, I. Ortiz Marcos, J. Ordieres Mer\u00e9, J.M. L\u00f3pez Mart\u00ednez<\/td>\n<\/tr>\n<tr class=\"row-219\">\n\t<td class=\"column-1\">SEIO 2007- XXX Congreso Nacional de Estad\u00edstica e Investigaci\u00f3n Operativa.  Valladolid.<\/td><td class=\"column-2\">27\/09\/2007<\/td><td class=\"column-3\">Ponencia Congreso Nacional<\/td><td class=\"column-4\">Blanca Arenas, Francisco Aparicio, Camino Gonz\u00e1lez, Alvaro G\u00f3mez<\/td>\n<\/tr>\n<tr class=\"row-220\">\n\t<td class=\"column-1\">International IRCOBI Conference On The Biomechanics Of Injury IRCOBI 2007. Maastricht, Holanda.<\/td><td class=\"column-2\">20\/09\/2007<\/td><td class=\"column-3\">Ponencia Congreso Internacional<\/td><td class=\"column-4\">J. Mordaka, S. Kleiven, M. van Schijndel-de Nooij, R. de Lange, L. Guerra Casanova, E. Carter, H. von Holst<\/td>\n<\/tr>\n<tr class=\"row-221\">\n\t<td class=\"column-1\">International IRCOBI Conference On The Biomechanics Of Injury IRCOBI 2007. Maastricht, Holanda.<\/td><td class=\"column-2\">20\/09\/2007<\/td><td class=\"column-3\">Ponencia Congreso Internacional<\/td><td class=\"column-4\">\"L. Mart\u00ednez, L. Guerra,    G. Ferichola, A. Garc\u00eda,\"<\/td>\n<\/tr>\n<tr class=\"row-222\">\n\t<td class=\"column-1\">20th International Technical Conference on the Enhanced Safety of Vehicles ESV 2007. Lyon, France<\/td><td class=\"column-2\">20\/09\/2007<\/td><td class=\"column-3\">Ponencia Congreso Internacional<\/td><td class=\"column-4\">Luis Martinez, Luis Guerra y otros<\/td>\n<\/tr>\n<tr class=\"row-223\">\n\t<td class=\"column-1\">20th International Technical Conference on the Enhanced Safety of Vehicles ESV 2007. Lyon, France<\/td><td class=\"column-2\">20\/09\/2007<\/td><td class=\"column-3\">Ponencia Congreso Internacional<\/td><td class=\"column-4\">Luis Martinez, Luis Guerra, Gustavo Ferichola, Antonio Garcia<\/td>\n<\/tr>\n<tr class=\"row-224\">\n\t<td class=\"column-1\">ASME MSNDC 2007<\/td><td class=\"column-2\">07\/09\/2007<\/td><td class=\"column-3\">Ponencia Congreso Internacional<\/td><td class=\"column-4\">J. Garc\u00eda de Jal\u00f3n<\/td>\n<\/tr>\n<tr class=\"row-225\">\n\t<td class=\"column-1\">20th International Technical Conference on the Enhanced Safety of Vehicles ESV 2007. Lyon, France<\/td><td class=\"column-2\">20\/06\/2007<\/td><td class=\"column-3\">Ponencia Congreso Internacional<\/td><td class=\"column-4\">Luis Martinez, Gustavo Ferichola, y otros.<\/td>\n<\/tr>\n<tr class=\"row-226\">\n\t<td class=\"column-1\">20th International Technical Conference on the Enhanced Safety of Vehicles ESV 2007. Lyon, France<\/td><td class=\"column-2\">20\/06\/2007<\/td><td class=\"column-3\">Ponencia Congreso Internacional<\/td><td class=\"column-4\">CE Neal-Sturgess, E. Carter, R. Hardy, R. Cuerden, L. Guerra, J. Yang<\/td>\n<\/tr>\n<tr class=\"row-227\">\n\t<td class=\"column-1\">ESV 2007<\/td><td class=\"column-2\">19\/06\/2007<\/td><td class=\"column-3\">Ponencia Congreso Internacional<\/td><td class=\"column-4\">Dietmar Otte, Raimondo Sferco, Giancarlo Della Valle, Matteo Giunti, Boudewijn Hoogvelt, Patrick Magnusson, Javier Paez, INSIA, Spain<\/td>\n<\/tr>\n<tr class=\"row-228\">\n\t<td class=\"column-1\">FISITA 2006<\/td><td class=\"column-2\">25\/10\/2006<\/td><td class=\"column-3\">Ponencia Congreso Internacional<\/td><td class=\"column-4\">P\u00e1ez, J., Aparicio, F., Jim\u00e9nez, F. y Moreno, F<\/td>\n<\/tr>\n<tr class=\"row-229\">\n\t<td class=\"column-1\">2nd Expert Symposium on Accident Research<\/td><td class=\"column-2\">01\/09\/2006<\/td><td class=\"column-3\">Ponencia Congreso Internacional<\/td><td class=\"column-4\">\"Lenard, James; Morris, Andrew; Tomasch, Ernst; Nehmzow, Joachim; Otte, Dietmar; Cant, Lindsay; Maddak, Mouloud; Vallet, Gilles; Ebbinger, Henrik; Barnes, Jo; de Vries, Ydo;   Van Kampen, Boudewijn; Paez, Javier; Welsh, Ruth\"<\/td>\n<\/tr>\n<tr class=\"row-230\">\n\t<td class=\"column-1\">CIT 2006-VII Congreso de Ingenier\u00eda del Transporte. Ciudad Real, 14-16 de junio de 2006.<\/td><td class=\"column-2\">15\/06\/2006<\/td><td class=\"column-3\">Ponencia Congreso Nacional<\/td><td class=\"column-4\">Arenas, B.; Aparicio, F.; G\u00f3mez, A.; S\u00e1nchez, M.J.; Gonz\u00e1lez, C.; Bernardos, E.<\/td>\n<\/tr>\n<tr class=\"row-231\">\n\t<td class=\"column-1\">SEIO 2006-XXIX Congreso Nacional de Estad\u00edstica e Investigaci\u00f3n Operativa.  Tenerife, 15-19 de mayo de 2006.<\/td><td class=\"column-2\">20\/05\/2006<\/td><td class=\"column-3\">Ponencia Congreso Nacional<\/td><td class=\"column-4\">Arenas, B.; Aparicio, F.; Gonz\u00e1lez, C.; S\u00e1nchez, M.J.; G\u00f3mez, A.; P\u00e1ez, F.J.; Bernardos, E.<\/td>\n<\/tr>\n<tr class=\"row-232\">\n\t<td class=\"column-1\">XIV Congreso Iberoamericano de Ingenier\u00eda Mec\u00e1nica - CIBIM 2019<\/td><td class=\"column-2\"><\/td><td class=\"column-3\">Ponencia congreso internacional<\/td><td class=\"column-4\">Blanca Arenas Ram\u00edrez, Eduardo Donnet, Fabricio Espinoza Molina, Ang\u00e9lica Arenas, Francisco Aparicio Izquierdo<\/td>\n<\/tr>\n<tr class=\"row-233\">\n\t<td class=\"column-1\">Congreso Iberoamericano de Ingenier\u00eda Mec\u00e1nica. CIBIM 2019<\/td><td class=\"column-2\"><\/td><td class=\"column-3\">Ponencia congreso internacional<\/td><td class=\"column-4\">Blanca Arenas Ram\u00edrez, Gustavo Cazzola, Paul Narv\u00e1ez, Ang\u00e9lica Arenas, Pablo Argenti, Alejandro Luy, Juan Jaurena, Francisco Aparicio Izquierdo<\/td>\n<\/tr>\n<tr class=\"row-234\">\n\t<td class=\"column-1\">Tra2020. Rethinking Transport<\/td><td class=\"column-2\"><\/td><td class=\"column-3\">Ponencia congreso internacional<\/td><td class=\"column-4\">Almudena Sanjurjo-de-No, Jos\u00e9 Manuel Mira-McWilliams, Blanca Arenas-Ram\u00edrez, Francisco Aparicio-Izquierdo<\/td>\n<\/tr>\n<tr class=\"row-235\">\n\t<td class=\"column-1\">TRA2020. Rethinking Transport<\/td><td class=\"column-2\"><\/td><td class=\"column-3\">Ponencia congreso internacional<\/td><td class=\"column-4\">Blanca Arenas-Ram\u00edrez, Almudena Sanjurjo-de-No, Jos\u00e9 Manuel Mira-McWilliams, Francisco Aparicio-Izquierdo<\/td>\n<\/tr>\n<tr class=\"row-236\">\n\t<td class=\"column-1\">2do CONGRESO sobre MEDIOS de TRANSPORTES y sus TECNOLOG\u00cdAS APLICADAS.<\/td><td class=\"column-2\"><\/td><td class=\"column-3\">Ponencia congreso internacional<\/td><td class=\"column-4\">Almudena Sanjurjo-de-No, Blanca Arenas-Ram\u00edrez, Jos\u00e9 Manuel Mira-McWilliams, Arturo Furones Crespo, Javier P\u00e1ez Ayuso, Francisco Aparicio-Izquierdo<\/td>\n<\/tr>\n<tr class=\"row-237\">\n\t<td class=\"column-1\">2do CONGRESO sobre MEDIOS de TRANSPORTES y sus TECNOLOG\u00cdAS APLICADAS.<\/td><td class=\"column-2\"><\/td><td class=\"column-3\">Ponencia congreso internacional<\/td><td class=\"column-4\">Edinalva Gomes Bastos, V\u00edctor Pita Gonz\u00e1lez-Campos , Blanca Arenas-Ram\u00edrez, Jos\u00e9 M. Mira, Francisco Aparicio-Izquierdo<\/td>\n<\/tr>\n<tr class=\"row-238\">\n\t<td class=\"column-1\">XIII Congreso de Ingenier\u00eda del Transporte (CIT2018)<\/td><td class=\"column-2\"><\/td><td class=\"column-3\">Ponencia congreso nacional<\/td><td class=\"column-4\">Blanca Arenas Ram\u00edrez, Jos\u00e9 Manuel Mira McWilliams, Arturo Furones Crespo, Javier P\u00e1ez Ayuso, Almudena Sanjurjo de No, Francisco Aparicio Izquierdo.<\/td>\n<\/tr>\n<\/tbody>\n<\/table>\n <\/div><h3 class=\"collapseomatic\" id=\"id69f2c01c2604f\"  tabindex=\"0\" title=\"Otros\"    >Otros<\/h3><div id=\"target-id69f2c01c2604f\" class=\"collapseomatic_content\"> \n<table id=\"tablepress-5-no-2\" class=\"tablepress tablepress-id-5\">\n<thead>\n<tr class=\"row-1\">\n\t<th class=\"column-1\">T\u00edtulo<\/th><th class=\"column-2\">Nombre de la revista<\/th><th class=\"column-3\">Fecha<\/th><th class=\"column-4\">Tipo publicaci\u00f3n<\/th><th class=\"column-5\">Autores<\/th>\n<\/tr>\n<\/thead>\n<tbody class=\"row-striping row-hover\">\n<tr class=\"row-2\">\n\t<td class=\"column-1\">Ingenier\u00eda del Transporte<\/td><td class=\"column-2\">CIE-DOSSAT<\/td><td class=\"column-3\">01\/07\/2008<\/td><td class=\"column-4\">Libros completos<\/td><td class=\"column-5\">\"Francisco Aparicio; Blanca Arenas; Alvaro G\u00f3mez;   Felipe Jimenez; Jos\u00e9 Mar\u00eda L\u00f3pez; Luis Mart\u00ednez; Javier P\u00e1ez  \"<\/td>\n<\/tr>\n<tr class=\"row-3\">\n\t<td class=\"column-1\">Contribuci\u00f3n de la energ\u00eda el\u00e9ctrica en la mejora de las prestaciones de los motores de combusti\u00f3n interna<\/td><td class=\"column-2\">MONOGRAF\u00cdA 3 .- ASEPA.- Los Motores de Combusti\u00f3n Interna en la Movilidad Sostenible del Futuro<\/td><td class=\"column-3\">01\/05\/2013<\/td><td class=\"column-4\">Cap\u00edtulos de libro<\/td><td class=\"column-5\">Jos\u00e9 Mar\u00eda L\u00f3pez y otros<\/td>\n<\/tr>\n<tr class=\"row-4\">\n\t<td class=\"column-1\">Desarrollo y puesta en marcha de un banco de pruebas para configuraciones h\u00edbridas y el\u00e9ctricas. Aplicaci\u00f3n al tren de tracci\u00f3n h\u00edbrido serie de un autob\u00fas urbano.<\/td><td class=\"column-2\">I JORNADA SOBRE VEH\u00cdCULOS Y TRANSPORTES:I+D+I EN LA UPM<\/td><td class=\"column-3\">19\/09\/2013<\/td><td class=\"column-4\">Cap\u00edtulos de libro<\/td><td class=\"column-5\">Daniel Resino Zamora; Jos\u00e9 Mar\u00eda L\u00f3pez Mart\u00ednez; Davinia Rom\u00e1n Conde; Nuria Flores Holgado<\/td>\n<\/tr>\n<tr class=\"row-5\">\n\t<td class=\"column-1\">El medio ambiente y el autom\u00f3vil. El reto del veh\u00edculo autom\u00f3vil frente a la reducci\u00f3n global del CO2<\/td><td class=\"column-2\">CIE-DOSSAT<\/td><td class=\"column-3\">01\/07\/2007<\/td><td class=\"column-4\">Libros completos<\/td><td class=\"column-5\">Jos\u00e9 Mar\u00eda L\u00f3pez Mart\u00ednez<\/td>\n<\/tr>\n<tr class=\"row-6\">\n\t<td class=\"column-1\">Herramienta integral para el c\u00e1lculo de emisiones atmosf\u00e9ricas del transporte por carretera<\/td><td class=\"column-2\">Publicaciones ETSII-UPM<\/td><td class=\"column-3\">01\/06\/2008<\/td><td class=\"column-4\">Libros completos<\/td><td class=\"column-5\">Julio Lumbreras; Encarnaci\u00f3n Rodr\u00edguez; Jos\u00e9 Mar\u00eda L\u00f3pez; Alberto Guijarro; Rosal\u00eda Villimar; Javier P\u00e9rez<\/td>\n<\/tr>\n<tr class=\"row-7\">\n\t<td class=\"column-1\">VEH\u00cdCULOS ELECTRICOS E HIBRIDOS<\/td><td class=\"column-2\">ED ASEPA<\/td><td class=\"column-3\">01\/06\/2009<\/td><td class=\"column-4\">Libros completos<\/td><td class=\"column-5\">JOSE MAR\u00cdA L\u00d3PEZ<\/td>\n<\/tr>\n<tr class=\"row-8\">\n\t<td class=\"column-1\">La movilidad sostenible y accesible en el patrimonio cultural<\/td><td class=\"column-2\">Monograf\u00eda<\/td><td class=\"column-3\">15\/12\/2011<\/td><td class=\"column-4\">Libros completos<\/td><td class=\"column-5\">Jose Mar\u00eda L\u00f3pez \/ Joaquin Ib\u00e1\u00f1ez Montoya \/ Graziella Trovato \/ ENRIQUE ALCAL\u00c1 FAZIO \/ \u00c1NGEL L. MART\u00cdN L\u00d3PEZ \/ JAVIER GARC\u00cdA BEN\u00cdTEZ \/ ZELTIA GONZ\u00c1LEZ BLANCO \/ MARILIA PALHARES MACHADO \/ FLAVIO DE LEMOS CARSALADE \/ FELIPE JIM\u00c9NEZ \/ DANIEL RESINO ZAMORA \/<\/td>\n<\/tr>\n<tr class=\"row-9\">\n\t<td class=\"column-1\">Los Motores de Combusti\u00f3n Interna en la Movilidad Sostenible del Futuro. CAP\u00cdTULO:   \u0093Contribuci\u00f3n de la energ\u00eda el\u00e9ctrica en la mejora de las prestaciones de los motores de combusti\u00f3n interna\u0094<\/td><td class=\"column-2\">MONOGRAFIA ASEPA<\/td><td class=\"column-3\">01\/07\/2013<\/td><td class=\"column-4\">Libros completos<\/td><td class=\"column-5\">Varios, COORDINADOR: Jes\u00fas Casanova Kindelan<\/td>\n<\/tr>\n<tr class=\"row-10\">\n\t<td class=\"column-1\">Determinaci\u00f3n de la huella de carbono del transporte de mercanc\u00edas de largo recorrido<\/td><td class=\"column-2\">I JORNADA SOBRE VEH\u00cdCULOS Y TRANSPORTES:I+D+I EN LA UPM<\/td><td class=\"column-3\">19\/09\/2013<\/td><td class=\"column-4\">Libros completos<\/td><td class=\"column-5\">M\u00aa Teresa Hern\u00e1ndez Antol\u00edn; Juan Antonio Garc\u00eda S\u00e1nchez; Jos\u00e9 M\u00aa L\u00f3pez Mart\u00ednez; Paloma D\u00edaz Fern\u00e1ndez- Zapata; Francisco Aparicio Izquierdo<\/td>\n<\/tr>\n<tr class=\"row-11\">\n\t<td class=\"column-1\">VEH\u00cdCULOS H\u00cdBRIDOS Y EL\u00c9CTRICOS. DISE\u00d1O DEL TREN PROPULSOR<\/td><td class=\"column-2\">fgupm<\/td><td class=\"column-3\">10\/02\/2015<\/td><td class=\"column-4\">Libros completos<\/td><td class=\"column-5\">Jos\u00e9 Mar\u00eda L\u00f3pez Mart\u00ednez<\/td>\n<\/tr>\n<tr class=\"row-12\">\n\t<td class=\"column-1\">C\u00f3digo de buenas pr\u00e1cticas para la utilizaci\u00f3n de carritos de ni\u00f1os en veh\u00edculos de transporte p\u00fablico<\/td><td class=\"column-2\">Ed. UPV<\/td><td class=\"column-3\">01\/03\/2012<\/td><td class=\"column-4\">Libros completos<\/td><td class=\"column-5\">J. Dols, F. Aparicio, E. Alcala, V. Pons. Luis Mart\u00ednez, Angel Martin; B. VAlles.<\/td>\n<\/tr>\n<tr class=\"row-13\">\n\t<td class=\"column-1\">ESTUDIO DE LA VIDA FRENTE A FATIGA DE SEMIRREMOLQUES. BANCO DE ENSAYO Y SIMULACI\u00d3N POR ORDENADOR<\/td><td class=\"column-2\">DYNA<\/td><td class=\"column-3\">01\/01\/2016<\/td><td class=\"column-4\">Libros completos<\/td><td class=\"column-5\">\"Marco Carrera Alegre   Luis Castej\u00f3n Herrer  Hugo Mal\u00f3n Litago  David Valladares Hernando  Carlos Mart\u00edn Lafuente  Javier Garc\u00eda de Jal\u00f3n  Enrique Alcal\u00e1  Pablo Luque  Daniel \u00c1lvarez Mantaras\"<\/td>\n<\/tr>\n<tr class=\"row-14\">\n\t<td class=\"column-1\">Desarrollo y aplicaci\u00f3n de una metodolog\u00eda integrada para el estudio de los accidentes de tr\u00e1fico con implicaci\u00f3n de furgonetas<\/td><td class=\"column-2\">Universidad Polit\u00e9cnica de Madrid Publicaciones<\/td><td class=\"column-3\">01\/06\/2012<\/td><td class=\"column-4\">Libros completos<\/td><td class=\"column-5\">Francisco Aparicio, Blanca Arenas y Otros<\/td>\n<\/tr>\n<tr class=\"row-15\">\n\t<td class=\"column-1\">MUJERES CONDUCTORAS EN ESPA\u00d1A. Implicaci\u00f3n en accidentes de tr\u00e1fico y comparaci\u00f3n con los conductores varones<\/td><td class=\"column-2\">Servicio de Publicaciones de la ETSI Industriales<\/td><td class=\"column-3\">23\/05\/2017<\/td><td class=\"column-4\">Libros completos<\/td><td class=\"column-5\">Francisco Aparicio Izquierdo, Blanca Arenas Ram\u00edrez, Jos\u00e9 Manuel Mira McWilliams, Javier P\u00e1ez Ayuso , Arturo Furones Crespo<\/td>\n<\/tr>\n<tr class=\"row-16\">\n\t<td class=\"column-1\">Terceras Jornadas Universitarias sobre Innovaci\u00f3n y Retos en Automoci\u00f3n INNOVAUTO III<\/td><td class=\"column-2\">F.G.U.P.M., Secci\u00f3n de Publicaciones, E.T.S. Ingenieros Industriales<\/td><td class=\"column-3\">15\/10\/2017<\/td><td class=\"column-4\">Libros completos<\/td><td class=\"column-5\">Ed, Blanca Arenas Ram\u00edrez<\/td>\n<\/tr>\n<\/tbody>\n<\/table>\n <\/div>Monograf\u00edas INNOVAUTO<\/p>","protected":false},"author":1,"featured_media":0,"parent":0,"menu_order":0,"comment_status":"closed","ping_status":"closed","template":"","meta":{"_et_pb_use_builder":"on","_et_pb_old_content":"","_et_gb_content_width":"","_monsterinsights_skip_tracking":false,"_monsterinsights_sitenote_active":false,"_monsterinsights_sitenote_note":"","_monsterinsights_sitenote_category":0,"footnotes":""},"class_list":["post-16844","page","type-page","status-publish","hentry"],"yoast_head":"<!-- This site is optimized with the Yoast SEO plugin v27.5 - https:\/\/yoast.com\/product\/yoast-seo-wordpress\/ -->\n<title>PUBLICACIONES - Instituto Universitario de Investigaci\u00f3n del Autom\u00f3vil Francisco Aparicio Izquierdo<\/title>\n<meta name=\"robots\" content=\"index, follow, max-snippet:-1, max-image-preview:large, max-video-preview:-1\" \/>\n<link rel=\"canonical\" href=\"https:\/\/insia-upm.es\/en\/lineas-de-investigacion-2\/\" \/>\n<meta property=\"og:locale\" content=\"en_GB\" \/>\n<meta property=\"og:type\" content=\"article\" \/>\n<meta property=\"og:title\" content=\"PUBLICACIONES - Instituto Universitario de Investigaci\u00f3n del Autom\u00f3vil Francisco Aparicio Izquierdo\" \/>\n<meta property=\"og:description\" content=\"PUBLICACIONes PUBLICACIONES Monograf\u00edas INNOVAUTO\" \/>\n<meta property=\"og:url\" content=\"https:\/\/insia-upm.es\/en\/lineas-de-investigacion-2\/\" \/>\n<meta property=\"og:site_name\" content=\"Instituto Universitario de Investigaci\u00f3n del Autom\u00f3vil Francisco Aparicio Izquierdo\" \/>\n<meta property=\"article:modified_time\" content=\"2025-04-24T10:33:24+00:00\" \/>\n<meta name=\"twitter:card\" content=\"summary_large_image\" \/>\n<meta name=\"twitter:site\" content=\"@INSIAUPM\" \/>\n<meta name=\"twitter:label1\" content=\"Estimated reading time\" \/>\n\t<meta name=\"twitter:data1\" content=\"63 minutes\" \/>\n<script type=\"application\/ld+json\" class=\"yoast-schema-graph\">{\"@context\":\"https:\\\/\\\/schema.org\",\"@graph\":[{\"@type\":\"WebPage\",\"@id\":\"https:\\\/\\\/insia-upm.es\\\/lineas-de-investigacion-2\\\/\",\"url\":\"https:\\\/\\\/insia-upm.es\\\/lineas-de-investigacion-2\\\/\",\"name\":\"PUBLICACIONES - Instituto Universitario de Investigaci\u00f3n del Autom\u00f3vil Francisco Aparicio Izquierdo\",\"isPartOf\":{\"@id\":\"https:\\\/\\\/insia-upm.es\\\/#website\"},\"datePublished\":\"2021-11-16T12:07:06+00:00\",\"dateModified\":\"2025-04-24T10:33:24+00:00\",\"breadcrumb\":{\"@id\":\"https:\\\/\\\/insia-upm.es\\\/lineas-de-investigacion-2\\\/#breadcrumb\"},\"inLanguage\":\"en-GB\",\"potentialAction\":[{\"@type\":\"ReadAction\",\"target\":[\"https:\\\/\\\/insia-upm.es\\\/lineas-de-investigacion-2\\\/\"]}]},{\"@type\":\"BreadcrumbList\",\"@id\":\"https:\\\/\\\/insia-upm.es\\\/lineas-de-investigacion-2\\\/#breadcrumb\",\"itemListElement\":[{\"@type\":\"ListItem\",\"position\":1,\"name\":\"Portada\",\"item\":\"https:\\\/\\\/insia-upm.es\\\/\"},{\"@type\":\"ListItem\",\"position\":2,\"name\":\"PUBLICACIONES\"}]},{\"@type\":\"WebSite\",\"@id\":\"https:\\\/\\\/insia-upm.es\\\/#website\",\"url\":\"https:\\\/\\\/insia-upm.es\\\/\",\"name\":\"Instituto Universitario de Investigaci\u00f3n del Autom\u00f3vil Francisco Aparicio Izquierdo\",\"description\":\"Instituto de Investigaci\u00f3n del Autom\u00f3vil Francisco Aparicio Izquierdo\",\"publisher\":{\"@id\":\"https:\\\/\\\/insia-upm.es\\\/#organization\"},\"potentialAction\":[{\"@type\":\"SearchAction\",\"target\":{\"@type\":\"EntryPoint\",\"urlTemplate\":\"https:\\\/\\\/insia-upm.es\\\/?s={search_term_string}\"},\"query-input\":{\"@type\":\"PropertyValueSpecification\",\"valueRequired\":true,\"valueName\":\"search_term_string\"}}],\"inLanguage\":\"en-GB\"},{\"@type\":\"Organization\",\"@id\":\"https:\\\/\\\/insia-upm.es\\\/#organization\",\"name\":\"UPM-INSIA\",\"url\":\"https:\\\/\\\/insia-upm.es\\\/\",\"logo\":{\"@type\":\"ImageObject\",\"inLanguage\":\"en-GB\",\"@id\":\"https:\\\/\\\/insia-upm.es\\\/#\\\/schema\\\/logo\\\/image\\\/\",\"url\":\"https:\\\/\\\/insia-upm.es\\\/wp-content\\\/uploads\\\/2021\\\/12\\\/logo-insia-low-e1412177316550.png\",\"contentUrl\":\"https:\\\/\\\/insia-upm.es\\\/wp-content\\\/uploads\\\/2021\\\/12\\\/logo-insia-low-e1412177316550.png\",\"width\":50,\"height\":71,\"caption\":\"UPM-INSIA\"},\"image\":{\"@id\":\"https:\\\/\\\/insia-upm.es\\\/#\\\/schema\\\/logo\\\/image\\\/\"},\"sameAs\":[\"https:\\\/\\\/x.com\\\/INSIAUPM\",\"https:\\\/\\\/www.instagram.com\\\/insia.upm\\\/\",\"https:\\\/\\\/www.linkedin.com\\\/in\\\/insia-instituto-universitario-investigaci\u00f3n-9088635a\\\/\",\"https:\\\/\\\/www.youtube.com\\\/user\\\/gestionidi\"]}]}<\/script>\n<!-- \/ Yoast SEO plugin. -->","yoast_head_json":{"title":"PUBLICACIONES - Instituto Universitario de Investigaci\u00f3n del Autom\u00f3vil Francisco Aparicio Izquierdo","robots":{"index":"index","follow":"follow","max-snippet":"max-snippet:-1","max-image-preview":"max-image-preview:large","max-video-preview":"max-video-preview:-1"},"canonical":"https:\/\/insia-upm.es\/en\/lineas-de-investigacion-2\/","og_locale":"en_GB","og_type":"article","og_title":"PUBLICACIONES - Instituto Universitario de Investigaci\u00f3n del Autom\u00f3vil Francisco Aparicio Izquierdo","og_description":"PUBLICACIONes PUBLICACIONES Monograf\u00edas INNOVAUTO","og_url":"https:\/\/insia-upm.es\/en\/lineas-de-investigacion-2\/","og_site_name":"Instituto Universitario de Investigaci\u00f3n del Autom\u00f3vil Francisco Aparicio Izquierdo","article_modified_time":"2025-04-24T10:33:24+00:00","twitter_card":"summary_large_image","twitter_site":"@INSIAUPM","twitter_misc":{"Estimated reading time":"63 minutes"},"schema":{"@context":"https:\/\/schema.org","@graph":[{"@type":"WebPage","@id":"https:\/\/insia-upm.es\/lineas-de-investigacion-2\/","url":"https:\/\/insia-upm.es\/lineas-de-investigacion-2\/","name":"PUBLICACIONES - Instituto Universitario de Investigaci\u00f3n del Autom\u00f3vil Francisco Aparicio Izquierdo","isPartOf":{"@id":"https:\/\/insia-upm.es\/#website"},"datePublished":"2021-11-16T12:07:06+00:00","dateModified":"2025-04-24T10:33:24+00:00","breadcrumb":{"@id":"https:\/\/insia-upm.es\/lineas-de-investigacion-2\/#breadcrumb"},"inLanguage":"en-GB","potentialAction":[{"@type":"ReadAction","target":["https:\/\/insia-upm.es\/lineas-de-investigacion-2\/"]}]},{"@type":"BreadcrumbList","@id":"https:\/\/insia-upm.es\/lineas-de-investigacion-2\/#breadcrumb","itemListElement":[{"@type":"ListItem","position":1,"name":"Portada","item":"https:\/\/insia-upm.es\/"},{"@type":"ListItem","position":2,"name":"PUBLICACIONES"}]},{"@type":"WebSite","@id":"https:\/\/insia-upm.es\/#website","url":"https:\/\/insia-upm.es\/","name":"Instituto Universitario de Investigaci\u00f3n del Autom\u00f3vil Francisco Aparicio Izquierdo","description":"Instituto de Investigaci\u00f3n del Autom\u00f3vil Francisco Aparicio Izquierdo","publisher":{"@id":"https:\/\/insia-upm.es\/#organization"},"potentialAction":[{"@type":"SearchAction","target":{"@type":"EntryPoint","urlTemplate":"https:\/\/insia-upm.es\/?s={search_term_string}"},"query-input":{"@type":"PropertyValueSpecification","valueRequired":true,"valueName":"search_term_string"}}],"inLanguage":"en-GB"},{"@type":"Organization","@id":"https:\/\/insia-upm.es\/#organization","name":"UPM-INSIA","url":"https:\/\/insia-upm.es\/","logo":{"@type":"ImageObject","inLanguage":"en-GB","@id":"https:\/\/insia-upm.es\/#\/schema\/logo\/image\/","url":"https:\/\/insia-upm.es\/wp-content\/uploads\/2021\/12\/logo-insia-low-e1412177316550.png","contentUrl":"https:\/\/insia-upm.es\/wp-content\/uploads\/2021\/12\/logo-insia-low-e1412177316550.png","width":50,"height":71,"caption":"UPM-INSIA"},"image":{"@id":"https:\/\/insia-upm.es\/#\/schema\/logo\/image\/"},"sameAs":["https:\/\/x.com\/INSIAUPM","https:\/\/www.instagram.com\/insia.upm\/","https:\/\/www.linkedin.com\/in\/insia-instituto-universitario-investigaci\u00f3n-9088635a\/","https:\/\/www.youtube.com\/user\/gestionidi"]}]}},"_links":{"self":[{"href":"https:\/\/insia-upm.es\/en\/wp-json\/wp\/v2\/pages\/16844","targetHints":{"allow":["GET"]}}],"collection":[{"href":"https:\/\/insia-upm.es\/en\/wp-json\/wp\/v2\/pages"}],"about":[{"href":"https:\/\/insia-upm.es\/en\/wp-json\/wp\/v2\/types\/page"}],"author":[{"embeddable":true,"href":"https:\/\/insia-upm.es\/en\/wp-json\/wp\/v2\/users\/1"}],"replies":[{"embeddable":true,"href":"https:\/\/insia-upm.es\/en\/wp-json\/wp\/v2\/comments?post=16844"}],"version-history":[{"count":58,"href":"https:\/\/insia-upm.es\/en\/wp-json\/wp\/v2\/pages\/16844\/revisions"}],"predecessor-version":[{"id":19455,"href":"https:\/\/insia-upm.es\/en\/wp-json\/wp\/v2\/pages\/16844\/revisions\/19455"}],"wp:attachment":[{"href":"https:\/\/insia-upm.es\/en\/wp-json\/wp\/v2\/media?parent=16844"}],"curies":[{"name":"wp","href":"https:\/\/api.w.org\/{rel}","templated":true}]}}