{"version":"1.0","provider_name":"Instituto Universitario de Investigaci\u00f3n del Autom\u00f3vil Francisco Aparicio Izquierdo","provider_url":"https:\/\/insia-upm.es\/en","author_name":"desarrollo","author_url":"https:\/\/insia-upm.es\/en\/author\/desarrollo\/","title":"Firma de convenio de colaboraci\u00f3n - Instituto Universitario de Investigaci\u00f3n del Autom\u00f3vil Francisco Aparicio Izquierdo","type":"rich","width":600,"height":338,"html":"<blockquote class=\"wp-embedded-content\" data-secret=\"fdtRv6jhM5\"><a href=\"https:\/\/insia-upm.es\/en\/firma-de-convenio-de-colaboracion\/\">Firma de convenio de colaboraci\u00f3n<\/a><\/blockquote><iframe sandbox=\"allow-scripts\" security=\"restricted\" src=\"https:\/\/insia-upm.es\/en\/firma-de-convenio-de-colaboracion\/embed\/#?secret=fdtRv6jhM5\" width=\"600\" height=\"338\" title=\"&#8220;Firma de convenio de colaboraci\u00f3n&#8221; &#8212; Instituto Universitario de Investigaci\u00f3n del Autom\u00f3vil Francisco Aparicio Izquierdo\" data-secret=\"fdtRv6jhM5\" frameborder=\"0\" marginwidth=\"0\" marginheight=\"0\" scrolling=\"no\" class=\"wp-embedded-content\"><\/iframe><script type=\"text\/javascript\">\n\/* <![CDATA[ *\/\n\/*! This file is auto-generated *\/\n!function(d,l){\"use strict\";l.querySelector&&d.addEventListener&&\"undefined\"!=typeof URL&&(d.wp=d.wp||{},d.wp.receiveEmbedMessage||(d.wp.receiveEmbedMessage=function(e){var t=e.data;if((t||t.secret||t.message||t.value)&&!\/[^a-zA-Z0-9]\/.test(t.secret)){for(var s,r,n,a=l.querySelectorAll('iframe[data-secret=\"'+t.secret+'\"]'),o=l.querySelectorAll('blockquote[data-secret=\"'+t.secret+'\"]'),c=new RegExp(\"^https?:$\",\"i\"),i=0;i<o.length;i++)o[i].style.display=\"none\";for(i=0;i<a.length;i++)s=a[i],e.source===s.contentWindow&&(s.removeAttribute(\"style\"),\"height\"===t.message?(1e3<(r=parseInt(t.value,10))?r=1e3:~~r<200&&(r=200),s.height=r):\"link\"===t.message&&(r=new URL(s.getAttribute(\"src\")),n=new URL(t.value),c.test(n.protocol))&&n.host===r.host&&l.activeElement===s&&(d.top.location.href=t.value))}},d.addEventListener(\"message\",d.wp.receiveEmbedMessage,!1),l.addEventListener(\"DOMContentLoaded\",function(){for(var e,t,s=l.querySelectorAll(\"iframe.wp-embedded-content\"),r=0;r<s.length;r++)(t=(e=s[r]).getAttribute(\"data-secret\"))||(t=Math.random().toString(36).substring(2,12),e.src+=\"#?secret=\"+t,e.setAttribute(\"data-secret\",t)),e.contentWindow.postMessage({message:\"ready\",secret:t},\"*\")},!1)))}(window,document);\n\/\/# sourceURL=https:\/\/insia-upm.es\/wp-includes\/js\/wp-embed.min.js\n\/* ]]> *\/\n<\/script>","description":"El pasado d\u00eda 6 de octubre, Jos\u00e9 Mar\u00eda L\u00f3pez Director del INSIA, firm\u00f3 \u00a0el convenio de colaboraci\u00f3n entre la Fiscal\u00eda General del Estado, el INSIA, FEDER, AMOI, AHUCE y Fundaci\u00f3n MAPFRE, sobre personas afectadas por osteog\u00e9nesis imperfecta y otras enfermedades raras como usuarios de las v\u00edas p\u00fablicas: aspectos t\u00e9cnicos, cient\u00edficos y jur\u00eddicos en el marco [&hellip;]","thumbnail_url":"https:\/\/insia-upm.es\/wp-content\/uploads\/2015\/10\/IMG-20151020-WA0001-1024x576.jpg"}